{"id":35710,"date":"2023-03-08T09:59:51","date_gmt":"2023-03-08T14:59:51","guid":{"rendered":"https:\/\/staging.bluuglass.com\/opportunities\/"},"modified":"2025-01-22T13:43:32","modified_gmt":"2025-01-22T18:43:32","slug":"opportunities","status":"publish","type":"page","link":"https:\/\/bluuglass.com\/en\/opportunities\/","title":{"rendered":"Opportunities"},"content":{"rendered":"\t\t<div data-elementor-type=\"wp-page\" data-elementor-id=\"35710\" class=\"elementor elementor-35710 elementor-23008\" data-elementor-post-type=\"page\">\n\t\t\t\t<div class=\"elementor-element elementor-element-8cc6fb1 e-flex e-con-boxed e-con e-parent\" data-id=\"8cc6fb1\" data-element_type=\"container\" data-e-type=\"container\">\n\t\t\t\t\t<div class=\"e-con-inner\">\n\t\t<div class=\"elementor-element elementor-element-bc7e534 e-con-full e-flex e-con e-child\" data-id=\"bc7e534\" data-element_type=\"container\" data-e-type=\"container\">\n\t\t\t\t<div class=\"elementor-element elementor-element-da51f19 elementor-widget elementor-widget-heading\" data-id=\"da51f19\" data-element_type=\"widget\" data-e-type=\"widget\" data-widget_type=\"heading.default\">\n\t\t\t\t<div class=\"elementor-widget-container\">\n\t\t\t\t\t<h2 class=\"elementor-heading-title elementor-size-default\">Opportunities<\/h2>\t\t\t\t<\/div>\n\t\t\t\t<\/div>\n\t\t\t\t<div class=\"elementor-element elementor-element-baae5f1 elementor-widget elementor-widget-WpResidence_Items_List_card_v5\" data-id=\"baae5f1\" data-element_type=\"widget\" data-e-type=\"widget\" data-widget_type=\"WpResidence_Items_List_card_v5.default\">\n\t\t\t\t<div class=\"elementor-widget-container\">\n\t\t\t\t\t<div id=\"wpestate_sh_anime_642\" class=\"wpresidence_shortcode_listings_wrapper wpestate_anime wpestate_latest_listings_sh bottom-estate_property \" data-type=\"estate_property\" data-category_ids=\"\" data-action_ids=\"\" data-city_ids=\"\" data-area_ids=\"\" data-state_ids=\"\" data-status_ids=\"\" data-features_ids=\"\" data-number=\"50\" data-row-number=\"3\" data-card-version=\"4\" data-align=\"vertical\" data-show_featured_only=\"no\" data-random_pick=\"no\" data-featured_first=\"no\" data-sort-by=\"0\" data-display-grid=\"no\" data-agent-id=\"\" data-page=\"1\"><h2 class=\"shortcode_title\">Derni\u00e8res opportunit\u00e9s<\/h2><div class=\"items_shortcode_wrapper row\">\n<div class=\"col-lg-4 col-12 col-sm-6 col-md-6   listing_wrapper  property_unit_type4\"\n    data-org=\"4\"\n    data-main-modal=\"https:\/\/bluuglass.com\/wp-content\/uploads\/2026\/02\/IMG_1084-HDR-835x467.jpg\"\n    data-modal-title=\"Strategic commercial building with an operating optical store\"\n    data-modal-link=\"https:\/\/bluuglass.com\/en\/proprietes\/strategic-commercial-building-with-an-operating-optical-store\/\"\n    data-listid=\"36612\">\n\n    <div class=\"property_listing property_unit_type4 \"\n         data-link=\"\">\n\n                    <div class=\"listing-unit-img-wrapper\">\n                <div class=\"featured_gradient\"><\/div>\n                    <div id=\"property_unit_carousel_69f566cc91a31\" class=\"carousel property_unit_carousel slide\" data-bs-interval=\"false\">\n        <div class=\"carousel-inner\">\n           \n            <div class=\"carousel-item active\">\n                <a href=\"https:\/\/bluuglass.com\/en\/proprietes\/strategic-commercial-building-with-an-operating-optical-store\/\" target=\"_self\">\n                    <img decoding=\"async\" width=\"525px\" height=\"328px\" src=\"https:\/\/bluuglass.com\/wp-content\/uploads\/2026\/02\/IMG_1084-HDR-525x328.jpg\" alt=\"Strategic commercial building with an operating optical store\" class=\"d-block w-100 img-fluid\" loading=\"lazy\" \/>\n                <\/a>\n            <\/div>        <\/div>\n                    <button class=\"carousel-control-prev\" type=\"button\" data-bs-target=\"#property_unit_carousel_69f566cc91a31\" data-bs-slide=\"prev\">\n                <span class=\"carousel-control-prev-icon\" aria-hidden=\"true\"><\/span>\n                <span class=\"visually-hidden\">Previous<\/span>\n            <\/button>\n            <button class=\"carousel-control-next\" type=\"button\" data-bs-target=\"#property_unit_carousel_69f566cc91a31\" data-bs-slide=\"next\">\n                <span class=\"carousel-control-next-icon\" aria-hidden=\"true\"><\/span>\n                <span class=\"visually-hidden\">Next<\/span>\n            <\/button>\n            <\/div>\n    <div class=\"tag-wrapper\">\n    <div class=\"status-wrapper\">\n    <div class=\"action_tag_wrapper For sale\">For sale<\/div><\/div>\n<\/div>\n<div class=\"listing_actions\">\n                    <div class=\"share_unit\">\n            <a href=\"https:\/\/www.facebook.com\/sharer.php?u=https:\/\/bluuglass.com\/en\/proprietes\/strategic-commercial-building-with-an-operating-optical-store\/&#038;t=Strategic+commercial+building+with+an+operating+optical+store\" target=\"_blank\" rel=\"noreferrer\" class=\"social_facebook\"><\/a>\n            <a href=\"https:\/\/twitter.com\/intent\/tweet?text=Strategic+commercial+building+with+an+operating+optical+store+https%3A%2F%2Fbluuglass.com%2Fen%2Fproprietes%2Fstrategic-commercial-building-with-an-operating-optical-store%2F\" class=\"social_tweet\" rel=\"noreferrer\" target=\"_blank\"><\/a>\n            <a href=\"https:\/\/pinterest.com\/pin\/create\/button\/?url=https:\/\/bluuglass.com\/en\/proprietes\/strategic-commercial-building-with-an-operating-optical-store\/&#038;media=https:\/\/bluuglass.com\/wp-content\/uploads\/2026\/02\/IMG_1084-HDR-scaled.jpg&#038;description=Strategic+commercial+building+with+an+operating+optical+store\" target=\"_blank\" rel=\"noreferrer\" class=\"social_pinterest\"><\/a>\n            <a href=\"https:\/\/wa.me\/?text=Strategic%20commercial%20building%20with%20an%20operating%20optical%20store%20https:\/\/bluuglass.com\/en\/proprietes\/strategic-commercial-building-with-an-operating-optical-store\/\" class=\"social_whatsup\" rel=\"noreferrer\" target=\"_blank\"><\/a>\n            <a href=\"mailto:?s&#117;b&#106;&#101;&#99;t&#61;Strat&#101;&#103;&#105;c&#43;co&#109;&#109;&#101;&#114;c&#105;al+&#98;u&#105;&#108;&#100;&#105;&#110;&#103;+w&#105;&#116;h&#43;a&#110;+o&#112;&#101;&#114;a&#116;ing+o&#112;tica&#108;&#43;s&#116;&#111;&#114;&#101;&a&#109;p;&#98;&#111;&#100;y=h&#116;tps%3&#65;%2F%&#50;Fb&#108;&#117;&#117;&#103;la&#115;&#115;&#46;&#99;om&#37;2Fen%&#50;F&#112;&#114;o&#112;&#114;&#105;e&#116;es%&#50;&#70;&#115;&#116;r&#97;&#116;e&#103;ic-&#99;omme&#114;c&#105;al&#45;bui&#108;d&#105;n&#103;-&#119;&#105;&#116;&#104;&#45;&#97;n-&#111;perating&#45;&#111;&#112;&#116;ica&#108;-&#115;&#116;&#111;&#114;&#101;&#37;&#50;F\" data-action=\"share email\" class=\"social_email\"><\/a>\n        <\/div>\n                <span class=\"share_list\" data-bs-toggle=\"tooltip\" title=\"share\"><\/span>\n    \n            <span class=\"icon-fav icon-fav-off\" \n            data-bs-toggle=\"tooltip\" \n            title=\"add to favorites\" \n            data-postid=\"36612\">\n        <\/span>\n    \n            <span class=\"compare-action\" \n            data-bs-toggle=\"tooltip\"\n            title=\"compare\" \n            data-pimage=\"https:\/\/bluuglass.com\/wp-content\/uploads\/2026\/02\/IMG_1084-HDR-143x83.jpg\" \n            data-pid=\"36612\">\n        <\/span>\n    <\/div>\n            <\/div>\n\n            <div class=\"property-unit-information-wrapper\">\n                <h4>\n  <a href=\"https:\/\/bluuglass.com\/en\/proprietes\/strategic-commercial-building-with-an-operating-optical-store\/\" >Strategic commercial building with an operat...<\/a>\n<\/h4><div class=\"property_listing_details\">\n    <\/div>\n    <div class=\"listing_details the_list_view\">\n        Located at 96 Cur\u00e9-Labelle Boulevard in Sainte-Th\u00e9r\u00e8se, this commercial property benefits from a pri <a href=\"https:\/\/bluuglass.com\/en\/proprietes\/strategic-commercial-building-with-an-operating-optical-store\/\" class=\"unit_more_x\"> ...<\/a>    <\/div>\n            <\/div>\n            <\/div>\n<\/div>\n<div class=\"col-lg-4 col-12 col-sm-6 col-md-6   listing_wrapper  property_unit_type4\"\n    data-org=\"4\"\n    data-main-modal=\"\"\n    data-modal-title=\"Commercial building in the heart of downtown Drummondville\"\n    data-modal-link=\"https:\/\/bluuglass.com\/en\/proprietes\/commercial-building-in-the-heart-of-downtown-drummondville\/\"\n    data-listid=\"36606\">\n\n    <div class=\"property_listing property_unit_type4 \"\n         data-link=\"\">\n\n                    <div class=\"listing-unit-img-wrapper\">\n                <div class=\"featured_gradient\"><\/div>\n                    <div id=\"property_unit_carousel_69f566cc923bf\" class=\"carousel property_unit_carousel slide\" data-bs-interval=\"false\">\n        <div class=\"carousel-inner\">\n           \n            <div class=\"carousel-item active\">\n                <a href=\"https:\/\/bluuglass.com\/en\/proprietes\/commercial-building-in-the-heart-of-downtown-drummondville\/\" target=\"_self\">\n                    <img decoding=\"async\" width=\"1px\" height=\"1px\" src=\"https:\/\/bluuglass.com\/wp-content\/uploads\/2026\/02\/IMG_1406-HDR.jpg\" alt=\"Commercial building in the heart of downtown Drummondville\" class=\"d-block w-100 img-fluid\" loading=\"lazy\" \/>\n                <\/a>\n            <\/div>        <\/div>\n                    <button class=\"carousel-control-prev\" type=\"button\" data-bs-target=\"#property_unit_carousel_69f566cc923bf\" data-bs-slide=\"prev\">\n                <span class=\"carousel-control-prev-icon\" aria-hidden=\"true\"><\/span>\n                <span class=\"visually-hidden\">Previous<\/span>\n            <\/button>\n            <button class=\"carousel-control-next\" type=\"button\" data-bs-target=\"#property_unit_carousel_69f566cc923bf\" data-bs-slide=\"next\">\n                <span class=\"carousel-control-next-icon\" aria-hidden=\"true\"><\/span>\n                <span class=\"visually-hidden\">Next<\/span>\n            <\/button>\n            <\/div>\n    <div class=\"tag-wrapper\">\n    <div class=\"status-wrapper\">\n    <div class=\"action_tag_wrapper For sale\">For sale<\/div><\/div>\n<\/div>\n<div class=\"listing_actions\">\n                    <div class=\"share_unit\">\n            <a href=\"https:\/\/www.facebook.com\/sharer.php?u=https:\/\/bluuglass.com\/en\/proprietes\/commercial-building-in-the-heart-of-downtown-drummondville\/&#038;t=Commercial+building+in+the+heart+of+downtown+Drummondville\" target=\"_blank\" rel=\"noreferrer\" class=\"social_facebook\"><\/a>\n            <a href=\"https:\/\/twitter.com\/intent\/tweet?text=Commercial+building+in+the+heart+of+downtown+Drummondville+https%3A%2F%2Fbluuglass.com%2Fen%2Fproprietes%2Fcommercial-building-in-the-heart-of-downtown-drummondville%2F\" class=\"social_tweet\" rel=\"noreferrer\" target=\"_blank\"><\/a>\n            <a href=\"https:\/\/pinterest.com\/pin\/create\/button\/?url=https:\/\/bluuglass.com\/en\/proprietes\/commercial-building-in-the-heart-of-downtown-drummondville\/&#038;media=https:\/\/bluuglass.com\/wp-content\/uploads\/2026\/02\/IMG_1406-HDR.jpg&#038;description=Commercial+building+in+the+heart+of+downtown+Drummondville\" target=\"_blank\" rel=\"noreferrer\" class=\"social_pinterest\"><\/a>\n            <a href=\"https:\/\/wa.me\/?text=Commercial%20building%20in%20the%20heart%20of%20downtown%20Drummondville%20https:\/\/bluuglass.com\/en\/proprietes\/commercial-building-in-the-heart-of-downtown-drummondville\/\" class=\"social_whatsup\" rel=\"noreferrer\" target=\"_blank\"><\/a>\n            <a href=\"mailto:?&#115;ub&#106;ec&#116;&#61;&#67;om&#109;e&#114;&#99;&#105;&#97;l+&#98;&#117;&#105;l&#100;in&#103;&#43;i&#110;&#43;&#116;he+he&#97;&#114;t+&#111;&#102;&#43;&#100;&#111;w&#110;&#116;o&#119;n+D&#114;u&#109;m&#111;n&#100;vi&#108;le&&#97;&#109;p;b&#111;&#100;y&#61;&#104;&#116;t&#112;s&#37;&#51;&#65;%&#50;&#70;&#37;&#50;Fb&#108;&#117;&#117;&#103;&#108;as&#115;.c&#111;&#109;&#37;2Fe&#110;%&#50;F&#112;r&#111;&#112;&#114;&#105;e&#116;e&#115;%2&#70;co&#109;m&#101;&#114;&#99;&#105;al&#45;&#98;&#117;i&#108;di&#110;&#103;-i&#110;&#45;t&#104;&#101;-&#104;&#101;a&#114;&#116;&#45;&#111;f&#45;do&#119;ntow&#110;&#45;&#100;&#114;umm&#111;n&#100;&#118;il&#108;&#101;%&#50;F\" data-action=\"share email\" class=\"social_email\"><\/a>\n        <\/div>\n                <span class=\"share_list\" data-bs-toggle=\"tooltip\" title=\"share\"><\/span>\n    \n            <span class=\"icon-fav icon-fav-off\" \n            data-bs-toggle=\"tooltip\" \n            title=\"add to favorites\" \n            data-postid=\"36606\">\n        <\/span>\n    \n            <span class=\"compare-action\" \n            data-bs-toggle=\"tooltip\"\n            title=\"compare\" \n            data-pimage=\"\" \n            data-pid=\"36606\">\n        <\/span>\n    <\/div>\n            <\/div>\n\n            <div class=\"property-unit-information-wrapper\">\n                <h4>\n  <a href=\"https:\/\/bluuglass.com\/en\/proprietes\/commercial-building-in-the-heart-of-downtown-drummondville\/\" >Commercial building in the heart of downtown...<\/a>\n<\/h4><div class=\"property_listing_details\">\n    <\/div>\n    <div class=\"listing_details the_list_view\">\n        High-quality commercial building ideally located at the corner of Saint-Georges and Lindsay streets, <a href=\"https:\/\/bluuglass.com\/en\/proprietes\/commercial-building-in-the-heart-of-downtown-drummondville\/\" class=\"unit_more_x\"> ...<\/a>    <\/div>\n            <\/div>\n            <\/div>\n<\/div>\n<div class=\"col-lg-4 col-12 col-sm-6 col-md-6   listing_wrapper  property_unit_type4\"\n    data-org=\"4\"\n    data-main-modal=\"https:\/\/bluuglass.com\/wp-content\/uploads\/2026\/01\/pexels-tima-miroshnichenko-6235231-1-835x467.jpg\"\n    data-modal-title=\"Veterinary clinic with building \u2013 located in Estrie\"\n    data-modal-link=\"https:\/\/bluuglass.com\/en\/proprietes\/veterinary-clinic-with-building-located-in-estrie\/\"\n    data-listid=\"36576\">\n\n    <div class=\"property_listing property_unit_type4 \"\n         data-link=\"\">\n\n                    <div class=\"listing-unit-img-wrapper\">\n                <div class=\"featured_gradient\"><\/div>\n                    <div id=\"property_unit_carousel_69f566cc92a79\" class=\"carousel property_unit_carousel slide\" data-bs-interval=\"false\">\n        <div class=\"carousel-inner\">\n           \n            <div class=\"carousel-item active\">\n                <a href=\"https:\/\/bluuglass.com\/en\/proprietes\/veterinary-clinic-with-building-located-in-estrie\/\" target=\"_self\">\n                    <img decoding=\"async\" width=\"525px\" height=\"328px\" src=\"https:\/\/bluuglass.com\/wp-content\/uploads\/2026\/01\/pexels-tima-miroshnichenko-6235231-1-525x328.jpg\" alt=\"Veterinary clinic with building \u2013 located in Estrie\" class=\"d-block w-100 img-fluid\" loading=\"lazy\" \/>\n                <\/a>\n            <\/div>        <\/div>\n                    <button class=\"carousel-control-prev\" type=\"button\" data-bs-target=\"#property_unit_carousel_69f566cc92a79\" data-bs-slide=\"prev\">\n                <span class=\"carousel-control-prev-icon\" aria-hidden=\"true\"><\/span>\n                <span class=\"visually-hidden\">Previous<\/span>\n            <\/button>\n            <button class=\"carousel-control-next\" type=\"button\" data-bs-target=\"#property_unit_carousel_69f566cc92a79\" data-bs-slide=\"next\">\n                <span class=\"carousel-control-next-icon\" aria-hidden=\"true\"><\/span>\n                <span class=\"visually-hidden\">Next<\/span>\n            <\/button>\n            <\/div>\n    <div class=\"tag-wrapper\">\n    <div class=\"status-wrapper\">\n    <div class=\"action_tag_wrapper For sale\">For sale<\/div><\/div>\n<\/div>\n<div class=\"listing_actions\">\n                    <div class=\"share_unit\">\n            <a href=\"https:\/\/www.facebook.com\/sharer.php?u=https:\/\/bluuglass.com\/en\/proprietes\/veterinary-clinic-with-building-located-in-estrie\/&#038;t=Veterinary+clinic+with+building+%E2%80%93+located+in+Estrie\" target=\"_blank\" rel=\"noreferrer\" class=\"social_facebook\"><\/a>\n            <a href=\"https:\/\/twitter.com\/intent\/tweet?text=Veterinary+clinic+with+building+%E2%80%93+located+in+Estrie+https%3A%2F%2Fbluuglass.com%2Fen%2Fproprietes%2Fveterinary-clinic-with-building-located-in-estrie%2F\" class=\"social_tweet\" rel=\"noreferrer\" target=\"_blank\"><\/a>\n            <a href=\"https:\/\/pinterest.com\/pin\/create\/button\/?url=https:\/\/bluuglass.com\/en\/proprietes\/veterinary-clinic-with-building-located-in-estrie\/&#038;media=https:\/\/bluuglass.com\/wp-content\/uploads\/2026\/01\/pexels-tima-miroshnichenko-6235231-1.jpg&#038;description=Veterinary+clinic+with+building+%E2%80%93+located+in+Estrie\" target=\"_blank\" rel=\"noreferrer\" class=\"social_pinterest\"><\/a>\n            <a href=\"https:\/\/wa.me\/?text=Veterinary%20clinic%20with%20building%20\u2013%20located%20in%20Estrie%20https:\/\/bluuglass.com\/en\/proprietes\/veterinary-clinic-with-building-located-in-estrie\/\" class=\"social_whatsup\" rel=\"noreferrer\" target=\"_blank\"><\/a>\n            <a href=\"mailto:?su&#98;&#106;&#101;ct&#61;&#86;&#101;&#116;eri&#110;ary&#43;cl&#105;&#110;&#105;&#99;+wi&#116;&#104;+b&#117;&#105;&#108;d&#105;ng&#43;%&#69;&#50;%8&#48;%9&#51;&#43;l&#111;c&#97;&#116;&#101;&#100;+i&#110;&#43;&#69;stri&#101;&#38;&#97;m&#112;&#59;&#98;&#111;&#100;&#121;&#61;&#104;ttp&#115;%3&#65;%2&#70;%&#50;&#70;bluugl&#97;&#115;&#115;.&#99;o&#109;%&#50;&#70;en&#37;&#50;F&#112;&#114;o&#112;&#114;&#105;&#101;&#116;&#101;s&#37;2&#70;ve&#116;&#101;&#114;&#105;&#110;ar&#121;-c&#108;in&#105;c-w&#105;t&#104;&#45;&#98;&#117;&#105;l&#100;&#105;&#110;&#103;&#45;&#108;ocate&#100;&#45;&#105;&#110;-estr&#105;&#101;&#37;2F\" data-action=\"share email\" class=\"social_email\"><\/a>\n        <\/div>\n                <span class=\"share_list\" data-bs-toggle=\"tooltip\" title=\"share\"><\/span>\n    \n            <span class=\"icon-fav icon-fav-off\" \n            data-bs-toggle=\"tooltip\" \n            title=\"add to favorites\" \n            data-postid=\"36576\">\n        <\/span>\n    \n            <span class=\"compare-action\" \n            data-bs-toggle=\"tooltip\"\n            title=\"compare\" \n            data-pimage=\"https:\/\/bluuglass.com\/wp-content\/uploads\/2026\/01\/pexels-tima-miroshnichenko-6235231-1-143x83.jpg\" \n            data-pid=\"36576\">\n        <\/span>\n    <\/div>\n            <\/div>\n\n            <div class=\"property-unit-information-wrapper\">\n                <h4>\n  <a href=\"https:\/\/bluuglass.com\/en\/proprietes\/veterinary-clinic-with-building-located-in-estrie\/\" >Veterinary clinic with building \u2013 located in...<\/a>\n<\/h4><div class=\"property_listing_details\">\n    <\/div>\n    <div class=\"listing_details the_list_view\">\n        Founded in 1988 and fully renovated in 2016, this small-animal veterinary clinic is a well-establish <a href=\"https:\/\/bluuglass.com\/en\/proprietes\/veterinary-clinic-with-building-located-in-estrie\/\" class=\"unit_more_x\"> ...<\/a>    <\/div>\n            <\/div>\n            <\/div>\n<\/div>\n<div class=\"col-lg-4 col-12 col-sm-6 col-md-6   listing_wrapper  property_unit_type4\"\n    data-org=\"4\"\n    data-main-modal=\"https:\/\/bluuglass.com\/wp-content\/uploads\/2025\/06\/IMG_5073-Avec-accentuation-Bruit-835x467.jpg\"\n    data-modal-title=\"Commercial property for sale in Old Montreal\"\n    data-modal-link=\"https:\/\/bluuglass.com\/en\/proprietes\/commercial-property-for-sale-in-old-montreal\/\"\n    data-listid=\"36563\">\n\n    <div class=\"property_listing property_unit_type4 \"\n         data-link=\"\">\n\n                    <div class=\"listing-unit-img-wrapper\">\n                <div class=\"featured_gradient\"><\/div>\n                    <div id=\"property_unit_carousel_69f566cc93083\" class=\"carousel property_unit_carousel slide\" data-bs-interval=\"false\">\n        <div class=\"carousel-inner\">\n           \n            <div class=\"carousel-item active\">\n                <a href=\"https:\/\/bluuglass.com\/en\/proprietes\/commercial-property-for-sale-in-old-montreal\/\" target=\"_self\">\n                    <img decoding=\"async\" width=\"525px\" height=\"328px\" src=\"https:\/\/bluuglass.com\/wp-content\/uploads\/2025\/06\/IMG_5073-Avec-accentuation-Bruit-525x328.jpg\" alt=\"Commercial property for sale in Old Montreal\" class=\"d-block w-100 img-fluid\" loading=\"lazy\" \/>\n                <\/a>\n            <\/div>        <\/div>\n                    <button class=\"carousel-control-prev\" type=\"button\" data-bs-target=\"#property_unit_carousel_69f566cc93083\" data-bs-slide=\"prev\">\n                <span class=\"carousel-control-prev-icon\" aria-hidden=\"true\"><\/span>\n                <span class=\"visually-hidden\">Previous<\/span>\n            <\/button>\n            <button class=\"carousel-control-next\" type=\"button\" data-bs-target=\"#property_unit_carousel_69f566cc93083\" data-bs-slide=\"next\">\n                <span class=\"carousel-control-next-icon\" aria-hidden=\"true\"><\/span>\n                <span class=\"visually-hidden\">Next<\/span>\n            <\/button>\n            <\/div>\n    <div class=\"tag-wrapper\">\n    <div class=\"status-wrapper\">\n    <div class=\"action_tag_wrapper For sale\">For sale<\/div><\/div>\n<\/div>\n<div class=\"listing_actions\">\n                    <div class=\"share_unit\">\n            <a href=\"https:\/\/www.facebook.com\/sharer.php?u=https:\/\/bluuglass.com\/en\/proprietes\/commercial-property-for-sale-in-old-montreal\/&#038;t=Commercial+property+for+sale+in+Old+Montreal\" target=\"_blank\" rel=\"noreferrer\" class=\"social_facebook\"><\/a>\n            <a href=\"https:\/\/twitter.com\/intent\/tweet?text=Commercial+property+for+sale+in+Old+Montreal+https%3A%2F%2Fbluuglass.com%2Fen%2Fproprietes%2Fcommercial-property-for-sale-in-old-montreal%2F\" class=\"social_tweet\" rel=\"noreferrer\" target=\"_blank\"><\/a>\n            <a href=\"https:\/\/pinterest.com\/pin\/create\/button\/?url=https:\/\/bluuglass.com\/en\/proprietes\/commercial-property-for-sale-in-old-montreal\/&#038;media=https:\/\/bluuglass.com\/wp-content\/uploads\/2025\/06\/IMG_5073-Avec-accentuation-Bruit-scaled.jpg&#038;description=Commercial+property+for+sale+in+Old+Montreal\" target=\"_blank\" rel=\"noreferrer\" class=\"social_pinterest\"><\/a>\n            <a href=\"https:\/\/wa.me\/?text=Commercial%20property%20for%20sale%20in%20Old%20Montreal%20https:\/\/bluuglass.com\/en\/proprietes\/commercial-property-for-sale-in-old-montreal\/\" class=\"social_whatsup\" rel=\"noreferrer\" target=\"_blank\"><\/a>\n            <a href=\"mailto:?&#115;ubj&#101;&#99;t=C&#111;mme&#114;&#99;&#105;al&#43;p&#114;&#111;&#112;erty+&#102;&#111;&#114;&#43;&#115;&#97;l&#101;&#43;&#105;n+&#79;l&#100;&#43;&#77;o&#110;tr&#101;&#97;l&&#97;&#109;p&#59;bo&#100;&#121;=h&#116;&#116;&#112;&#115;&#37;&#51;&#65;%2F&#37;&#50;Fb&#108;u&#117;&#103;l&#97;&#115;s&#46;&#99;om&#37;2&#70;e&#110;&#37;2&#70;pr&#111;&#112;&#114;i&#101;&#116;es%2&#70;c&#111;m&#109;e&#114;&#99;&#105;&#97;&#108;&#45;&#112;&#114;o&#112;&#101;rt&#121;-&#102;or&#45;s&#97;l&#101;&#45;&#105;&#110;-o&#108;&#100;-&#109;on&#116;rea&#108;&#37;&#50;&#70;\" data-action=\"share email\" class=\"social_email\"><\/a>\n        <\/div>\n                <span class=\"share_list\" data-bs-toggle=\"tooltip\" title=\"share\"><\/span>\n    \n            <span class=\"icon-fav icon-fav-off\" \n            data-bs-toggle=\"tooltip\" \n            title=\"add to favorites\" \n            data-postid=\"36563\">\n        <\/span>\n    \n            <span class=\"compare-action\" \n            data-bs-toggle=\"tooltip\"\n            title=\"compare\" \n            data-pimage=\"https:\/\/bluuglass.com\/wp-content\/uploads\/2025\/06\/IMG_5073-Avec-accentuation-Bruit-143x83.jpg\" \n            data-pid=\"36563\">\n        <\/span>\n    <\/div>\n            <\/div>\n\n            <div class=\"property-unit-information-wrapper\">\n                <h4>\n  <a href=\"https:\/\/bluuglass.com\/en\/proprietes\/commercial-property-for-sale-in-old-montreal\/\" >Commercial property for sale in Old Montreal<\/a>\n<\/h4><div class=\"property_listing_details\">\n    <\/div>\n    <div class=\"listing_details the_list_view\">\n        Located in the heart of Old Montreal, 368-372 Saint-Paul Street West offers a rare opportunity to ac <a href=\"https:\/\/bluuglass.com\/en\/proprietes\/commercial-property-for-sale-in-old-montreal\/\" class=\"unit_more_x\"> ...<\/a>    <\/div>\n            <\/div>\n            <\/div>\n<\/div>\n<div class=\"col-lg-4 col-12 col-sm-6 col-md-6   listing_wrapper  property_unit_type4\"\n    data-org=\"4\"\n    data-main-modal=\"https:\/\/bluuglass.com\/wp-content\/uploads\/2026\/01\/Mangal-Toronto-Cover-835x467.png\"\n    data-modal-title=\"Well-established restaurant in Saint-L\u00e9onard\"\n    data-modal-link=\"https:\/\/bluuglass.com\/en\/proprietes\/well-established-restaurant-in-saint-leonard\/\"\n    data-listid=\"36559\">\n\n    <div class=\"property_listing property_unit_type4 \"\n         data-link=\"\">\n\n                    <div class=\"listing-unit-img-wrapper\">\n                <div class=\"featured_gradient\"><\/div>\n                    <div id=\"property_unit_carousel_69f566cc95af6\" class=\"carousel property_unit_carousel slide\" data-bs-interval=\"false\">\n        <div class=\"carousel-inner\">\n           \n            <div class=\"carousel-item active\">\n                <a href=\"https:\/\/bluuglass.com\/en\/proprietes\/well-established-restaurant-in-saint-leonard\/\" target=\"_self\">\n                    <img decoding=\"async\" width=\"525px\" height=\"328px\" src=\"https:\/\/bluuglass.com\/wp-content\/uploads\/2026\/01\/Mangal-Toronto-Cover-525x328.png\" alt=\"Well-established restaurant in Saint-L\u00e9onard\" class=\"d-block w-100 img-fluid\" loading=\"lazy\" \/>\n                <\/a>\n            <\/div>        <\/div>\n                    <button class=\"carousel-control-prev\" type=\"button\" data-bs-target=\"#property_unit_carousel_69f566cc95af6\" data-bs-slide=\"prev\">\n                <span class=\"carousel-control-prev-icon\" aria-hidden=\"true\"><\/span>\n                <span class=\"visually-hidden\">Previous<\/span>\n            <\/button>\n            <button class=\"carousel-control-next\" type=\"button\" data-bs-target=\"#property_unit_carousel_69f566cc95af6\" data-bs-slide=\"next\">\n                <span class=\"carousel-control-next-icon\" aria-hidden=\"true\"><\/span>\n                <span class=\"visually-hidden\">Next<\/span>\n            <\/button>\n            <\/div>\n    <div class=\"tag-wrapper\">\n    <div class=\"status-wrapper\">\n    <div class=\"action_tag_wrapper For sale\">For sale<\/div><\/div>\n<\/div>\n<div class=\"listing_actions\">\n                    <div class=\"share_unit\">\n            <a href=\"https:\/\/www.facebook.com\/sharer.php?u=https:\/\/bluuglass.com\/en\/proprietes\/well-established-restaurant-in-saint-leonard\/&#038;t=Well-established+restaurant+in+Saint-L%C3%A9onard\" target=\"_blank\" rel=\"noreferrer\" class=\"social_facebook\"><\/a>\n            <a href=\"https:\/\/twitter.com\/intent\/tweet?text=Well-established+restaurant+in+Saint-L%C3%A9onard+https%3A%2F%2Fbluuglass.com%2Fen%2Fproprietes%2Fwell-established-restaurant-in-saint-leonard%2F\" class=\"social_tweet\" rel=\"noreferrer\" target=\"_blank\"><\/a>\n            <a href=\"https:\/\/pinterest.com\/pin\/create\/button\/?url=https:\/\/bluuglass.com\/en\/proprietes\/well-established-restaurant-in-saint-leonard\/&#038;media=https:\/\/bluuglass.com\/wp-content\/uploads\/2026\/01\/Mangal-Toronto-Cover.png&#038;description=Well-established+restaurant+in+Saint-L%C3%A9onard\" target=\"_blank\" rel=\"noreferrer\" class=\"social_pinterest\"><\/a>\n            <a href=\"https:\/\/wa.me\/?text=Well-established%20restaurant%20in%20Saint-L\u00e9onard%20https:\/\/bluuglass.com\/en\/proprietes\/well-established-restaurant-in-saint-leonard\/\" class=\"social_whatsup\" rel=\"noreferrer\" target=\"_blank\"><\/a>\n            <a href=\"mailto:?subj&#101;ct=Wel&#108;&#45;es&#116;&#97;blished&#43;re&#115;tau&#114;a&#110;t&#43;&#105;n&#43;&#83;&#97;&#105;n&#116;-L%&#67;3&#37;&#65;&#57;&#111;&#110;a&#114;&#100;&#38;a&#109;&#112;;bo&#100;y=&#104;t&#116;ps%&#51;&#65;&#37;&#50;F&#37;2F&#98;l&#117;ug&#108;as&#115;.&#99;&#111;&#109;%&#50;&#70;en&#37;&#50;&#70;pr&#111;p&#114;iet&#101;s&#37;2&#70;&#119;&#101;&#108;&#108;-&#101;&#115;t&#97;blish&#101;&#100;&#45;&#114;est&#97;&#117;&#114;ant&#45;&#105;n-s&#97;&#105;&#110;t&#45;&#108;&#101;o&#110;a&#114;&#100;&#37;2F\" data-action=\"share email\" class=\"social_email\"><\/a>\n        <\/div>\n                <span class=\"share_list\" data-bs-toggle=\"tooltip\" title=\"share\"><\/span>\n    \n            <span class=\"icon-fav icon-fav-off\" \n            data-bs-toggle=\"tooltip\" \n            title=\"add to favorites\" \n            data-postid=\"36559\">\n        <\/span>\n    \n            <span class=\"compare-action\" \n            data-bs-toggle=\"tooltip\"\n            title=\"compare\" \n            data-pimage=\"https:\/\/bluuglass.com\/wp-content\/uploads\/2026\/01\/Mangal-Toronto-Cover-143x83.png\" \n            data-pid=\"36559\">\n        <\/span>\n    <\/div>\n            <\/div>\n\n            <div class=\"property-unit-information-wrapper\">\n                <h4>\n  <a href=\"https:\/\/bluuglass.com\/en\/proprietes\/well-established-restaurant-in-saint-leonard\/\" >Well-established restaurant in Saint-L\u00e9onard<\/a>\n<\/h4><div class=\"property_listing_details\">\n    <\/div>\n    <div class=\"listing_details the_list_view\">\n        A well-established restaurant benefiting from a large space of over 3,800 sq. ft., featuring a spaci <a href=\"https:\/\/bluuglass.com\/en\/proprietes\/well-established-restaurant-in-saint-leonard\/\" class=\"unit_more_x\"> ...<\/a>    <\/div>\n            <\/div>\n            <\/div>\n<\/div>\n<div class=\"col-lg-4 col-12 col-sm-6 col-md-6   listing_wrapper  property_unit_type4\"\n    data-org=\"4\"\n    data-main-modal=\"https:\/\/bluuglass.com\/wp-content\/uploads\/2025\/12\/an-elegant-table-with-white-tablecloth-and-a-vase-2024-12-13-08-38-15-utc-835x467.jpg\"\n    data-modal-title=\"Restaurant in the heart of Old Montr\u00e9al\"\n    data-modal-link=\"https:\/\/bluuglass.com\/en\/proprietes\/restaurant-in-the-heart-of-old-montreal\/\"\n    data-listid=\"36546\">\n\n    <div class=\"property_listing property_unit_type4 \"\n         data-link=\"\">\n\n                    <div class=\"listing-unit-img-wrapper\">\n                <div class=\"featured_gradient\"><\/div>\n                    <div id=\"property_unit_carousel_69f566cc980ad\" class=\"carousel property_unit_carousel slide\" data-bs-interval=\"false\">\n        <div class=\"carousel-inner\">\n           \n            <div class=\"carousel-item active\">\n                <a href=\"https:\/\/bluuglass.com\/en\/proprietes\/restaurant-in-the-heart-of-old-montreal\/\" target=\"_self\">\n                    <img decoding=\"async\" width=\"525px\" height=\"328px\" src=\"https:\/\/bluuglass.com\/wp-content\/uploads\/2025\/12\/an-elegant-table-with-white-tablecloth-and-a-vase-2024-12-13-08-38-15-utc-525x328.jpg\" alt=\"Restaurant in the heart of Old Montr\u00e9al\" class=\"d-block w-100 img-fluid\" loading=\"lazy\" \/>\n                <\/a>\n            <\/div>        <\/div>\n                    <button class=\"carousel-control-prev\" type=\"button\" data-bs-target=\"#property_unit_carousel_69f566cc980ad\" data-bs-slide=\"prev\">\n                <span class=\"carousel-control-prev-icon\" aria-hidden=\"true\"><\/span>\n                <span class=\"visually-hidden\">Previous<\/span>\n            <\/button>\n            <button class=\"carousel-control-next\" type=\"button\" data-bs-target=\"#property_unit_carousel_69f566cc980ad\" data-bs-slide=\"next\">\n                <span class=\"carousel-control-next-icon\" aria-hidden=\"true\"><\/span>\n                <span class=\"visually-hidden\">Next<\/span>\n            <\/button>\n            <\/div>\n    <div class=\"tag-wrapper\">\n    <div class=\"status-wrapper\">\n    <div class=\"action_tag_wrapper For sale\">For sale<\/div><\/div>\n<\/div>\n<div class=\"listing_actions\">\n                    <div class=\"share_unit\">\n            <a href=\"https:\/\/www.facebook.com\/sharer.php?u=https:\/\/bluuglass.com\/en\/proprietes\/restaurant-in-the-heart-of-old-montreal\/&#038;t=Restaurant+in+the+heart+of+Old+Montr%C3%A9al\" target=\"_blank\" rel=\"noreferrer\" class=\"social_facebook\"><\/a>\n            <a href=\"https:\/\/twitter.com\/intent\/tweet?text=Restaurant+in+the+heart+of+Old+Montr%C3%A9al+https%3A%2F%2Fbluuglass.com%2Fen%2Fproprietes%2Frestaurant-in-the-heart-of-old-montreal%2F\" class=\"social_tweet\" rel=\"noreferrer\" target=\"_blank\"><\/a>\n            <a href=\"https:\/\/pinterest.com\/pin\/create\/button\/?url=https:\/\/bluuglass.com\/en\/proprietes\/restaurant-in-the-heart-of-old-montreal\/&#038;media=https:\/\/bluuglass.com\/wp-content\/uploads\/2025\/12\/an-elegant-table-with-white-tablecloth-and-a-vase-2024-12-13-08-38-15-utc-scaled.jpg&#038;description=Restaurant+in+the+heart+of+Old+Montr%C3%A9al\" target=\"_blank\" rel=\"noreferrer\" class=\"social_pinterest\"><\/a>\n            <a href=\"https:\/\/wa.me\/?text=Restaurant%20in%20the%20heart%20of%20Old%20Montr\u00e9al%20https:\/\/bluuglass.com\/en\/proprietes\/restaurant-in-the-heart-of-old-montreal\/\" class=\"social_whatsup\" rel=\"noreferrer\" target=\"_blank\"><\/a>\n            <a href=\"mailto:?&#115;&#117;&#98;j&#101;&#99;t=&#82;es&#116;aura&#110;t+in+&#116;&#104;&#101;+&#104;ea&#114;t&#43;&#111;f&#43;O&#108;d+&#77;o&#110;&#116;&#114;%C3%&#65;9al&a&#109;p&#59;&#98;o&#100;y=&#104;t&#116;p&#115;&#37;&#51;A%2F%2F&#98;luu&#103;&#108;a&#115;&#115;&#46;&#99;o&#109;&#37;2&#70;en%2F&#112;&#114;o&#112;r&#105;&#101;&#116;e&#115;&#37;&#50;&#70;&#114;&#101;&#115;&#116;&#97;&#117;ra&#110;&#116;&#45;i&#110;&#45;&#116;h&#101;&#45;&#104;&#101;art&#45;&#111;&#102;&#45;o&#108;&#100;-mo&#110;tr&#101;&#97;l&#37;2F\" data-action=\"share email\" class=\"social_email\"><\/a>\n        <\/div>\n                <span class=\"share_list\" data-bs-toggle=\"tooltip\" title=\"share\"><\/span>\n    \n            <span class=\"icon-fav icon-fav-off\" \n            data-bs-toggle=\"tooltip\" \n            title=\"add to favorites\" \n            data-postid=\"36546\">\n        <\/span>\n    \n            <span class=\"compare-action\" \n            data-bs-toggle=\"tooltip\"\n            title=\"compare\" \n            data-pimage=\"https:\/\/bluuglass.com\/wp-content\/uploads\/2025\/12\/an-elegant-table-with-white-tablecloth-and-a-vase-2024-12-13-08-38-15-utc-143x83.jpg\" \n            data-pid=\"36546\">\n        <\/span>\n    <\/div>\n            <\/div>\n\n            <div class=\"property-unit-information-wrapper\">\n                <h4>\n  <a href=\"https:\/\/bluuglass.com\/en\/proprietes\/restaurant-in-the-heart-of-old-montreal\/\" >Restaurant in the heart of Old Montr\u00e9al<\/a>\n<\/h4><div class=\"property_listing_details\">\n    <\/div>\n    <div class=\"listing_details the_list_view\">\n        Located in one of Montr\u00e9al\u2019s most sought-after areas, this 97-seat restaurant offers an elegant and  <a href=\"https:\/\/bluuglass.com\/en\/proprietes\/restaurant-in-the-heart-of-old-montreal\/\" class=\"unit_more_x\"> ...<\/a>    <\/div>\n            <\/div>\n            <\/div>\n<\/div>\n<div class=\"col-lg-4 col-12 col-sm-6 col-md-6   listing_wrapper  property_unit_type4\"\n    data-org=\"4\"\n    data-main-modal=\"https:\/\/bluuglass.com\/wp-content\/uploads\/2025\/11\/VENDU-SOLD-835x467.png\"\n    data-modal-title=\"Tzatzi-qui Restaurant\"\n    data-modal-link=\"https:\/\/bluuglass.com\/en\/proprietes\/tzatzi-qui-restaurant\/\"\n    data-listid=\"36509\">\n\n    <div class=\"property_listing property_unit_type4 \"\n         data-link=\"\">\n\n                    <div class=\"listing-unit-img-wrapper\">\n                <div class=\"featured_gradient\"><\/div>\n                    <div id=\"property_unit_carousel_69f566cc9aa69\" class=\"carousel property_unit_carousel slide\" data-bs-interval=\"false\">\n        <div class=\"carousel-inner\">\n           \n            <div class=\"carousel-item active\">\n                <a href=\"https:\/\/bluuglass.com\/en\/proprietes\/tzatzi-qui-restaurant\/\" target=\"_self\">\n                    <img decoding=\"async\" width=\"525px\" height=\"328px\" src=\"https:\/\/bluuglass.com\/wp-content\/uploads\/2025\/11\/VENDU-SOLD-525x328.png\" alt=\"Tzatzi-qui Restaurant\" class=\"d-block w-100 img-fluid\" loading=\"lazy\" \/>\n                <\/a>\n            <\/div>        <\/div>\n                    <button class=\"carousel-control-prev\" type=\"button\" data-bs-target=\"#property_unit_carousel_69f566cc9aa69\" data-bs-slide=\"prev\">\n                <span class=\"carousel-control-prev-icon\" aria-hidden=\"true\"><\/span>\n                <span class=\"visually-hidden\">Previous<\/span>\n            <\/button>\n            <button class=\"carousel-control-next\" type=\"button\" data-bs-target=\"#property_unit_carousel_69f566cc9aa69\" data-bs-slide=\"next\">\n                <span class=\"carousel-control-next-icon\" aria-hidden=\"true\"><\/span>\n                <span class=\"visually-hidden\">Next<\/span>\n            <\/button>\n            <\/div>\n    <div class=\"tag-wrapper\">\n    <div class=\"status-wrapper\">\n    <div class=\"action_tag_wrapper Sold\">Sold<\/div><\/div>\n<\/div>\n<div class=\"listing_actions\">\n                    <div class=\"share_unit\">\n            <a href=\"https:\/\/www.facebook.com\/sharer.php?u=https:\/\/bluuglass.com\/en\/proprietes\/tzatzi-qui-restaurant\/&#038;t=Tzatzi-qui+Restaurant\" target=\"_blank\" rel=\"noreferrer\" class=\"social_facebook\"><\/a>\n            <a href=\"https:\/\/twitter.com\/intent\/tweet?text=Tzatzi-qui+Restaurant+https%3A%2F%2Fbluuglass.com%2Fen%2Fproprietes%2Ftzatzi-qui-restaurant%2F\" class=\"social_tweet\" rel=\"noreferrer\" target=\"_blank\"><\/a>\n            <a href=\"https:\/\/pinterest.com\/pin\/create\/button\/?url=https:\/\/bluuglass.com\/en\/proprietes\/tzatzi-qui-restaurant\/&#038;media=https:\/\/bluuglass.com\/wp-content\/uploads\/2025\/11\/VENDU-SOLD-scaled.png&#038;description=Tzatzi-qui+Restaurant\" target=\"_blank\" rel=\"noreferrer\" class=\"social_pinterest\"><\/a>\n            <a href=\"https:\/\/wa.me\/?text=Tzatzi-qui%20Restaurant%20https:\/\/bluuglass.com\/en\/proprietes\/tzatzi-qui-restaurant\/\" class=\"social_whatsup\" rel=\"noreferrer\" target=\"_blank\"><\/a>\n            <a href=\"mailto:?su&#98;j&#101;c&#116;&#61;&#84;&#122;&#97;tz&#105;-qu&#105;&#43;R&#101;sta&#117;&#114;&#97;nt&#38;a&#109;&#112;;&#98;ody&#61;&#104;ttps%3A%2F%2&#70;&#98;&#108;u&#117;gla&#115;s.&#99;&#111;m&#37;2&#70;e&#110;&#37;2Fp&#114;&#111;&#112;rie&#116;e&#115;%&#50;F&#116;&#122;&#97;&#116;zi&#45;&#113;u&#105;-&#114;esta&#117;&#114;&#97;n&#116;%2F\" data-action=\"share email\" class=\"social_email\"><\/a>\n        <\/div>\n                <span class=\"share_list\" data-bs-toggle=\"tooltip\" title=\"share\"><\/span>\n    \n            <span class=\"icon-fav icon-fav-off\" \n            data-bs-toggle=\"tooltip\" \n            title=\"add to favorites\" \n            data-postid=\"36509\">\n        <\/span>\n    \n            <span class=\"compare-action\" \n            data-bs-toggle=\"tooltip\"\n            title=\"compare\" \n            data-pimage=\"https:\/\/bluuglass.com\/wp-content\/uploads\/2025\/11\/VENDU-SOLD-143x83.png\" \n            data-pid=\"36509\">\n        <\/span>\n    <\/div>\n            <\/div>\n\n            <div class=\"property-unit-information-wrapper\">\n                <h4>\n  <a href=\"https:\/\/bluuglass.com\/en\/proprietes\/tzatzi-qui-restaurant\/\" >Tzatzi-qui Restaurant<\/a>\n<\/h4><div class=\"property_listing_details\">\n    <\/div>\n    <div class=\"listing_details the_list_view\">\n        This beautifully appointed restaurant is located in the heart of the Old Port at 351 Place d\u2019Youvill <a href=\"https:\/\/bluuglass.com\/en\/proprietes\/tzatzi-qui-restaurant\/\" class=\"unit_more_x\"> ...<\/a>    <\/div>\n            <\/div>\n            <\/div>\n<\/div>\n<div class=\"col-lg-4 col-12 col-sm-6 col-md-6   listing_wrapper  property_unit_type4\"\n    data-org=\"4\"\n    data-main-modal=\"https:\/\/bluuglass.com\/wp-content\/uploads\/2025\/11\/IMG_9829-HDR-835x467.jpg\"\n    data-modal-title=\"Exceptional restaurant located in Old Montreal\"\n    data-modal-link=\"https:\/\/bluuglass.com\/en\/proprietes\/exceptional-restaurant-located-in-old-montreal\/\"\n    data-listid=\"36502\">\n\n    <div class=\"property_listing property_unit_type4 \"\n         data-link=\"\">\n\n                    <div class=\"listing-unit-img-wrapper\">\n                <div class=\"featured_gradient\"><\/div>\n                    <div id=\"property_unit_carousel_69f566cc9d7e6\" class=\"carousel property_unit_carousel slide\" data-bs-interval=\"false\">\n        <div class=\"carousel-inner\">\n           \n            <div class=\"carousel-item active\">\n                <a href=\"https:\/\/bluuglass.com\/en\/proprietes\/exceptional-restaurant-located-in-old-montreal\/\" target=\"_self\">\n                    <img decoding=\"async\" width=\"525px\" height=\"328px\" src=\"https:\/\/bluuglass.com\/wp-content\/uploads\/2025\/11\/IMG_9829-HDR-525x328.jpg\" alt=\"Exceptional restaurant located in Old Montreal\" class=\"d-block w-100 img-fluid\" loading=\"lazy\" \/>\n                <\/a>\n            <\/div>        <\/div>\n                    <button class=\"carousel-control-prev\" type=\"button\" data-bs-target=\"#property_unit_carousel_69f566cc9d7e6\" data-bs-slide=\"prev\">\n                <span class=\"carousel-control-prev-icon\" aria-hidden=\"true\"><\/span>\n                <span class=\"visually-hidden\">Previous<\/span>\n            <\/button>\n            <button class=\"carousel-control-next\" type=\"button\" data-bs-target=\"#property_unit_carousel_69f566cc9d7e6\" data-bs-slide=\"next\">\n                <span class=\"carousel-control-next-icon\" aria-hidden=\"true\"><\/span>\n                <span class=\"visually-hidden\">Next<\/span>\n            <\/button>\n            <\/div>\n    <div class=\"tag-wrapper\">\n    <div class=\"status-wrapper\">\n    <div class=\"action_tag_wrapper For sale\">For sale<\/div><\/div>\n<\/div>\n<div class=\"listing_actions\">\n                    <div class=\"share_unit\">\n            <a href=\"https:\/\/www.facebook.com\/sharer.php?u=https:\/\/bluuglass.com\/en\/proprietes\/exceptional-restaurant-located-in-old-montreal\/&#038;t=Exceptional+restaurant+located+in+Old+Montreal\" target=\"_blank\" rel=\"noreferrer\" class=\"social_facebook\"><\/a>\n            <a href=\"https:\/\/twitter.com\/intent\/tweet?text=Exceptional+restaurant+located+in+Old+Montreal+https%3A%2F%2Fbluuglass.com%2Fen%2Fproprietes%2Fexceptional-restaurant-located-in-old-montreal%2F\" class=\"social_tweet\" rel=\"noreferrer\" target=\"_blank\"><\/a>\n            <a href=\"https:\/\/pinterest.com\/pin\/create\/button\/?url=https:\/\/bluuglass.com\/en\/proprietes\/exceptional-restaurant-located-in-old-montreal\/&#038;media=https:\/\/bluuglass.com\/wp-content\/uploads\/2025\/11\/IMG_9829-HDR-scaled.jpg&#038;description=Exceptional+restaurant+located+in+Old+Montreal\" target=\"_blank\" rel=\"noreferrer\" class=\"social_pinterest\"><\/a>\n            <a href=\"https:\/\/wa.me\/?text=Exceptional%20restaurant%20located%20in%20Old%20Montreal%20https:\/\/bluuglass.com\/en\/proprietes\/exceptional-restaurant-located-in-old-montreal\/\" class=\"social_whatsup\" rel=\"noreferrer\" target=\"_blank\"><\/a>\n            <a href=\"mailto:?s&#117;b&#106;&#101;&#99;&#116;=&#69;xce&#112;&#116;&#105;&#111;&#110;al+&#114;e&#115;&#116;au&#114;&#97;nt&#43;locate&#100;+i&#110;+O&#108;&#100;&#43;&#77;o&#110;tr&#101;al&#38;&#97;&#109;p&#59;bod&#121;&#61;htt&#112;&#115;%3&#65;%&#50;F%2F&#98;lu&#117;g&#108;ass&#46;&#99;o&#109;%&#50;&#70;en%2F&#112;&#114;op&#114;&#105;et&#101;s&#37;2&#70;e&#120;c&#101;ptio&#110;a&#108;-&#114;&#101;s&#116;a&#117;&#114;&#97;&#110;t-&#108;&#111;c&#97;te&#100;&#45;in&#45;&#111;l&#100;&#45;&#109;&#111;nt&#114;eal%&#50;F\" data-action=\"share email\" class=\"social_email\"><\/a>\n        <\/div>\n                <span class=\"share_list\" data-bs-toggle=\"tooltip\" title=\"share\"><\/span>\n    \n            <span class=\"icon-fav icon-fav-off\" \n            data-bs-toggle=\"tooltip\" \n            title=\"add to favorites\" \n            data-postid=\"36502\">\n        <\/span>\n    \n            <span class=\"compare-action\" \n            data-bs-toggle=\"tooltip\"\n            title=\"compare\" \n            data-pimage=\"https:\/\/bluuglass.com\/wp-content\/uploads\/2025\/11\/IMG_9829-HDR-143x83.jpg\" \n            data-pid=\"36502\">\n        <\/span>\n    <\/div>\n            <\/div>\n\n            <div class=\"property-unit-information-wrapper\">\n                <h4>\n  <a href=\"https:\/\/bluuglass.com\/en\/proprietes\/exceptional-restaurant-located-in-old-montreal\/\" >Exceptional restaurant located in Old Montre...<\/a>\n<\/h4><div class=\"property_listing_details\">\n    <\/div>\n    <div class=\"listing_details the_list_view\">\n        Located in the heart of Old Montreal at 351 Place Royale, Seasalt is an exceptional restaurant and b <a href=\"https:\/\/bluuglass.com\/en\/proprietes\/exceptional-restaurant-located-in-old-montreal\/\" class=\"unit_more_x\"> ...<\/a>    <\/div>\n            <\/div>\n            <\/div>\n<\/div>\n<div class=\"col-lg-4 col-12 col-sm-6 col-md-6   listing_wrapper  property_unit_type4\"\n    data-org=\"4\"\n    data-main-modal=\"https:\/\/bluuglass.com\/wp-content\/uploads\/2025\/10\/iStock-1141603522-1-1-835x467.jpg\"\n    data-modal-title=\"Commercial flat roofing company\"\n    data-modal-link=\"https:\/\/bluuglass.com\/en\/proprietes\/commercial-flat-roofing-company\/\"\n    data-listid=\"36489\">\n\n    <div class=\"property_listing property_unit_type4 \"\n         data-link=\"\">\n\n                    <div class=\"listing-unit-img-wrapper\">\n                <div class=\"featured_gradient\"><\/div>\n                    <div id=\"property_unit_carousel_69f566cc9de3b\" class=\"carousel property_unit_carousel slide\" data-bs-interval=\"false\">\n        <div class=\"carousel-inner\">\n           \n            <div class=\"carousel-item active\">\n                <a href=\"https:\/\/bluuglass.com\/en\/proprietes\/commercial-flat-roofing-company\/\" target=\"_self\">\n                    <img decoding=\"async\" width=\"525px\" height=\"328px\" src=\"https:\/\/bluuglass.com\/wp-content\/uploads\/2025\/10\/iStock-1141603522-1-1-525x328.jpg\" alt=\"Commercial flat roofing company\" class=\"d-block w-100 img-fluid\" loading=\"lazy\" \/>\n                <\/a>\n            <\/div>        <\/div>\n                    <button class=\"carousel-control-prev\" type=\"button\" data-bs-target=\"#property_unit_carousel_69f566cc9de3b\" data-bs-slide=\"prev\">\n                <span class=\"carousel-control-prev-icon\" aria-hidden=\"true\"><\/span>\n                <span class=\"visually-hidden\">Previous<\/span>\n            <\/button>\n            <button class=\"carousel-control-next\" type=\"button\" data-bs-target=\"#property_unit_carousel_69f566cc9de3b\" data-bs-slide=\"next\">\n                <span class=\"carousel-control-next-icon\" aria-hidden=\"true\"><\/span>\n                <span class=\"visually-hidden\">Next<\/span>\n            <\/button>\n            <\/div>\n    <div class=\"tag-wrapper\">\n    <div class=\"status-wrapper\">\n    <div class=\"action_tag_wrapper For sale\">For sale<\/div><\/div>\n<\/div>\n<div class=\"listing_actions\">\n                    <div class=\"share_unit\">\n            <a href=\"https:\/\/www.facebook.com\/sharer.php?u=https:\/\/bluuglass.com\/en\/proprietes\/commercial-flat-roofing-company\/&#038;t=Commercial+flat+roofing+company\" target=\"_blank\" rel=\"noreferrer\" class=\"social_facebook\"><\/a>\n            <a href=\"https:\/\/twitter.com\/intent\/tweet?text=Commercial+flat+roofing+company+https%3A%2F%2Fbluuglass.com%2Fen%2Fproprietes%2Fcommercial-flat-roofing-company%2F\" class=\"social_tweet\" rel=\"noreferrer\" target=\"_blank\"><\/a>\n            <a href=\"https:\/\/pinterest.com\/pin\/create\/button\/?url=https:\/\/bluuglass.com\/en\/proprietes\/commercial-flat-roofing-company\/&#038;media=https:\/\/bluuglass.com\/wp-content\/uploads\/2025\/10\/iStock-1141603522-1-1.jpg&#038;description=Commercial+flat+roofing+company\" target=\"_blank\" rel=\"noreferrer\" class=\"social_pinterest\"><\/a>\n            <a href=\"https:\/\/wa.me\/?text=Commercial%20flat%20roofing%20company%20https:\/\/bluuglass.com\/en\/proprietes\/commercial-flat-roofing-company\/\" class=\"social_whatsup\" rel=\"noreferrer\" target=\"_blank\"><\/a>\n            <a href=\"mailto:?s&#117;b&#106;ec&#116;=&#67;om&#109;er&#99;ial+f&#108;&#97;t+&#114;&#111;&#111;f&#105;n&#103;+&#99;o&#109;pa&#110;&#121;&#38;&#97;mp;&#98;od&#121;&#61;&#104;&#116;t&#112;s&#37;&#51;&#65;&#37;&#50;F&#37;2&#70;b&#108;&#117;ugl&#97;ss.&#99;om&#37;&#50;Fe&#110;%2Fpr&#111;&#112;r&#105;&#101;t&#101;&#115;&#37;&#50;&#70;commerci&#97;&#108;-fl&#97;&#116;-ro&#111;&#102;&#105;ng-&#99;ompa&#110;&#121;&#37;2F\" data-action=\"share email\" class=\"social_email\"><\/a>\n        <\/div>\n                <span class=\"share_list\" data-bs-toggle=\"tooltip\" title=\"share\"><\/span>\n    \n            <span class=\"icon-fav icon-fav-off\" \n            data-bs-toggle=\"tooltip\" \n            title=\"add to favorites\" \n            data-postid=\"36489\">\n        <\/span>\n    \n            <span class=\"compare-action\" \n            data-bs-toggle=\"tooltip\"\n            title=\"compare\" \n            data-pimage=\"https:\/\/bluuglass.com\/wp-content\/uploads\/2025\/10\/iStock-1141603522-1-1-143x83.jpg\" \n            data-pid=\"36489\">\n        <\/span>\n    <\/div>\n            <\/div>\n\n            <div class=\"property-unit-information-wrapper\">\n                <h4>\n  <a href=\"https:\/\/bluuglass.com\/en\/proprietes\/commercial-flat-roofing-company\/\" >Commercial flat roofing company<\/a>\n<\/h4><div class=\"property_listing_details\">\n    <\/div>\n    <div class=\"listing_details the_list_view\">\n        Established company specializing in the construction, restoration, and maintenance of flat roofs, re <a href=\"https:\/\/bluuglass.com\/en\/proprietes\/commercial-flat-roofing-company\/\" class=\"unit_more_x\"> ...<\/a>    <\/div>\n            <\/div>\n            <\/div>\n<\/div>\n<div class=\"col-lg-4 col-12 col-sm-6 col-md-6   listing_wrapper  property_unit_type4\"\n    data-org=\"4\"\n    data-main-modal=\"https:\/\/bluuglass.com\/wp-content\/uploads\/2025\/10\/david-goldman-27G8PF-fjrs-unsplash-1-835x467.jpg\"\n    data-modal-title=\"Award-winning craft distillery Mont\u00e9r\u00e9gie region\"\n    data-modal-link=\"https:\/\/bluuglass.com\/en\/proprietes\/award-winning-craft-distillery-monteregie-region\/\"\n    data-listid=\"36485\">\n\n    <div class=\"property_listing property_unit_type4 \"\n         data-link=\"\">\n\n                    <div class=\"listing-unit-img-wrapper\">\n                <div class=\"featured_gradient\"><\/div>\n                    <div id=\"property_unit_carousel_69f566cc9e61e\" class=\"carousel property_unit_carousel slide\" data-bs-interval=\"false\">\n        <div class=\"carousel-inner\">\n           \n            <div class=\"carousel-item active\">\n                <a href=\"https:\/\/bluuglass.com\/en\/proprietes\/award-winning-craft-distillery-monteregie-region\/\" target=\"_self\">\n                    <img decoding=\"async\" width=\"525px\" height=\"328px\" src=\"https:\/\/bluuglass.com\/wp-content\/uploads\/2025\/10\/david-goldman-27G8PF-fjrs-unsplash-1-525x328.jpg\" alt=\"Award-winning craft distillery Mont\u00e9r\u00e9gie region\" class=\"d-block w-100 img-fluid\" loading=\"lazy\" \/>\n                <\/a>\n            <\/div>        <\/div>\n                    <button class=\"carousel-control-prev\" type=\"button\" data-bs-target=\"#property_unit_carousel_69f566cc9e61e\" data-bs-slide=\"prev\">\n                <span class=\"carousel-control-prev-icon\" aria-hidden=\"true\"><\/span>\n                <span class=\"visually-hidden\">Previous<\/span>\n            <\/button>\n            <button class=\"carousel-control-next\" type=\"button\" data-bs-target=\"#property_unit_carousel_69f566cc9e61e\" data-bs-slide=\"next\">\n                <span class=\"carousel-control-next-icon\" aria-hidden=\"true\"><\/span>\n                <span class=\"visually-hidden\">Next<\/span>\n            <\/button>\n            <\/div>\n    <div class=\"tag-wrapper\">\n    <div class=\"status-wrapper\">\n    <div class=\"action_tag_wrapper For sale\">For sale<\/div><\/div>\n<\/div>\n<div class=\"listing_actions\">\n                    <div class=\"share_unit\">\n            <a href=\"https:\/\/www.facebook.com\/sharer.php?u=https:\/\/bluuglass.com\/en\/proprietes\/award-winning-craft-distillery-monteregie-region\/&#038;t=Award-winning+craft+distillery+Mont%C3%A9r%C3%A9gie+region\" target=\"_blank\" rel=\"noreferrer\" class=\"social_facebook\"><\/a>\n            <a href=\"https:\/\/twitter.com\/intent\/tweet?text=Award-winning+craft+distillery+Mont%C3%A9r%C3%A9gie+region+https%3A%2F%2Fbluuglass.com%2Fen%2Fproprietes%2Faward-winning-craft-distillery-monteregie-region%2F\" class=\"social_tweet\" rel=\"noreferrer\" target=\"_blank\"><\/a>\n            <a href=\"https:\/\/pinterest.com\/pin\/create\/button\/?url=https:\/\/bluuglass.com\/en\/proprietes\/award-winning-craft-distillery-monteregie-region\/&#038;media=https:\/\/bluuglass.com\/wp-content\/uploads\/2025\/10\/david-goldman-27G8PF-fjrs-unsplash-1.jpg&#038;description=Award-winning+craft+distillery+Mont%C3%A9r%C3%A9gie+region\" target=\"_blank\" rel=\"noreferrer\" class=\"social_pinterest\"><\/a>\n            <a href=\"https:\/\/wa.me\/?text=Award-winning%20craft%20distillery%20Mont\u00e9r\u00e9gie%20region%20https:\/\/bluuglass.com\/en\/proprietes\/award-winning-craft-distillery-monteregie-region\/\" class=\"social_whatsup\" rel=\"noreferrer\" target=\"_blank\"><\/a>\n            <a href=\"mailto:?s&#117;&#98;&#106;&#101;&#99;t=&#65;wa&#114;d-&#119;&#105;&#110;&#110;&#105;ng&#43;cr&#97;&#102;&#116;+&#100;&#105;s&#116;&#105;&#108;&#108;&#101;r&#121;+&#77;&#111;&#110;&#116;%C&#51;&#37;A&#57;r&#37;&#67;3&#37;A9&#103;&#105;e+&#114;&#101;g&#105;&#111;&#110;&#38;amp;b&#111;&#100;y=https%&#51;A&#37;2&#70;%&#50;F&#98;&#108;&#117;&#117;&#103;l&#97;ss&#46;co&#109;%&#50;&#70;en%&#50;&#70;p&#114;&#111;&#112;&#114;&#105;&#101;t&#101;&#115;%&#50;&#70;awar&#100;&#45;wi&#110;n&#105;n&#103;&#45;c&#114;a&#102;t&#45;&#100;isti&#108;&#108;&#101;&#114;&#121;-&#109;ontereg&#105;&#101;&#45;re&#103;&#105;&#111;&#110;%&#50;&#70;\" data-action=\"share email\" class=\"social_email\"><\/a>\n        <\/div>\n                <span class=\"share_list\" data-bs-toggle=\"tooltip\" title=\"share\"><\/span>\n    \n            <span class=\"icon-fav icon-fav-off\" \n            data-bs-toggle=\"tooltip\" \n            title=\"add to favorites\" \n            data-postid=\"36485\">\n        <\/span>\n    \n            <span class=\"compare-action\" \n            data-bs-toggle=\"tooltip\"\n            title=\"compare\" \n            data-pimage=\"https:\/\/bluuglass.com\/wp-content\/uploads\/2025\/10\/david-goldman-27G8PF-fjrs-unsplash-1-143x83.jpg\" \n            data-pid=\"36485\">\n        <\/span>\n    <\/div>\n            <\/div>\n\n            <div class=\"property-unit-information-wrapper\">\n                <h4>\n  <a href=\"https:\/\/bluuglass.com\/en\/proprietes\/award-winning-craft-distillery-monteregie-region\/\" >Award-winning craft distillery Mont\u00e9r\u00e9gie re...<\/a>\n<\/h4><div class=\"property_listing_details\">\n    <\/div>\n    <div class=\"listing_details the_list_view\">\n        A distillery renowned for the exceptional quality of its spirits. This Qu\u00e9bec microdistillery stands <a href=\"https:\/\/bluuglass.com\/en\/proprietes\/award-winning-craft-distillery-monteregie-region\/\" class=\"unit_more_x\"> ...<\/a>    <\/div>\n            <\/div>\n            <\/div>\n<\/div>\n<div class=\"col-lg-4 col-12 col-sm-6 col-md-6   listing_wrapper  property_unit_type4\"\n    data-org=\"4\"\n    data-main-modal=\"https:\/\/bluuglass.com\/wp-content\/uploads\/2025\/10\/Entreprise-a-vendre-1-835x467.jpg\"\n    data-modal-title=\"Technical Clothing Manufacturing Workshop\"\n    data-modal-link=\"https:\/\/bluuglass.com\/en\/proprietes\/technical-clothing-manufacturing-workshop\/\"\n    data-listid=\"36477\">\n\n    <div class=\"property_listing property_unit_type4 \"\n         data-link=\"\">\n\n                    <div class=\"listing-unit-img-wrapper\">\n                <div class=\"featured_gradient\"><\/div>\n                    <div id=\"property_unit_carousel_69f566cc9edbe\" class=\"carousel property_unit_carousel slide\" data-bs-interval=\"false\">\n        <div class=\"carousel-inner\">\n           \n            <div class=\"carousel-item active\">\n                <a href=\"https:\/\/bluuglass.com\/en\/proprietes\/technical-clothing-manufacturing-workshop\/\" target=\"_self\">\n                    <img decoding=\"async\" width=\"525px\" height=\"328px\" src=\"https:\/\/bluuglass.com\/wp-content\/uploads\/2025\/10\/Entreprise-a-vendre-1-525x328.jpg\" alt=\"Technical Clothing Manufacturing Workshop\" class=\"d-block w-100 img-fluid\" loading=\"lazy\" \/>\n                <\/a>\n            <\/div>        <\/div>\n                    <button class=\"carousel-control-prev\" type=\"button\" data-bs-target=\"#property_unit_carousel_69f566cc9edbe\" data-bs-slide=\"prev\">\n                <span class=\"carousel-control-prev-icon\" aria-hidden=\"true\"><\/span>\n                <span class=\"visually-hidden\">Previous<\/span>\n            <\/button>\n            <button class=\"carousel-control-next\" type=\"button\" data-bs-target=\"#property_unit_carousel_69f566cc9edbe\" data-bs-slide=\"next\">\n                <span class=\"carousel-control-next-icon\" aria-hidden=\"true\"><\/span>\n                <span class=\"visually-hidden\">Next<\/span>\n            <\/button>\n            <\/div>\n    <div class=\"tag-wrapper\">\n    <div class=\"status-wrapper\">\n    <div class=\"action_tag_wrapper For sale\">For sale<\/div><\/div>\n<\/div>\n<div class=\"listing_actions\">\n                    <div class=\"share_unit\">\n            <a href=\"https:\/\/www.facebook.com\/sharer.php?u=https:\/\/bluuglass.com\/en\/proprietes\/technical-clothing-manufacturing-workshop\/&#038;t=Technical+Clothing+Manufacturing+Workshop\" target=\"_blank\" rel=\"noreferrer\" class=\"social_facebook\"><\/a>\n            <a href=\"https:\/\/twitter.com\/intent\/tweet?text=Technical+Clothing+Manufacturing+Workshop+https%3A%2F%2Fbluuglass.com%2Fen%2Fproprietes%2Ftechnical-clothing-manufacturing-workshop%2F\" class=\"social_tweet\" rel=\"noreferrer\" target=\"_blank\"><\/a>\n            <a href=\"https:\/\/pinterest.com\/pin\/create\/button\/?url=https:\/\/bluuglass.com\/en\/proprietes\/technical-clothing-manufacturing-workshop\/&#038;media=https:\/\/bluuglass.com\/wp-content\/uploads\/2025\/10\/Entreprise-a-vendre-1.jpg&#038;description=Technical+Clothing+Manufacturing+Workshop\" target=\"_blank\" rel=\"noreferrer\" class=\"social_pinterest\"><\/a>\n            <a href=\"https:\/\/wa.me\/?text=Technical%20Clothing%20Manufacturing%20Workshop%20https:\/\/bluuglass.com\/en\/proprietes\/technical-clothing-manufacturing-workshop\/\" class=\"social_whatsup\" rel=\"noreferrer\" target=\"_blank\"><\/a>\n            <a href=\"mailto:?su&#98;&#106;e&#99;t=&#84;&#101;&#99;&#104;nica&#108;+Cl&#111;&#116;&#104;in&#103;+M&#97;&#110;uf&#97;ct&#117;&#114;&#105;&#110;&#103;&#43;&#87;&#111;r&#107;s&#104;&#111;p&#38;amp&#59;&#98;od&#121;=&#104;&#116;t&#112;s&#37;3A%&#50;&#70;&#37;&#50;Fbluu&#103;&#108;&#97;s&#115;&#46;c&#111;&#109;%2&#70;&#101;n&#37;2&#70;&#112;&#114;&#111;pr&#105;e&#116;es&#37;2F&#116;ech&#110;&#105;ca&#108;&#45;&#99;&#108;&#111;thi&#110;g-ma&#110;ufa&#99;tu&#114;in&#103;-w&#111;&#114;&#107;&#115;h&#111;p&#37;&#50;F\" data-action=\"share email\" class=\"social_email\"><\/a>\n        <\/div>\n                <span class=\"share_list\" data-bs-toggle=\"tooltip\" title=\"share\"><\/span>\n    \n            <span class=\"icon-fav icon-fav-off\" \n            data-bs-toggle=\"tooltip\" \n            title=\"add to favorites\" \n            data-postid=\"36477\">\n        <\/span>\n    \n            <span class=\"compare-action\" \n            data-bs-toggle=\"tooltip\"\n            title=\"compare\" \n            data-pimage=\"https:\/\/bluuglass.com\/wp-content\/uploads\/2025\/10\/Entreprise-a-vendre-1-143x83.jpg\" \n            data-pid=\"36477\">\n        <\/span>\n    <\/div>\n            <\/div>\n\n            <div class=\"property-unit-information-wrapper\">\n                <h4>\n  <a href=\"https:\/\/bluuglass.com\/en\/proprietes\/technical-clothing-manufacturing-workshop\/\" >Technical Clothing Manufacturing Workshop<\/a>\n<\/h4><div class=\"property_listing_details\">\n    <\/div>\n    <div class=\"listing_details the_list_view\">\n        About the Company Family-owned and well-established for nearly 30 years, this company specializes in <a href=\"https:\/\/bluuglass.com\/en\/proprietes\/technical-clothing-manufacturing-workshop\/\" class=\"unit_more_x\"> ...<\/a>    <\/div>\n            <\/div>\n            <\/div>\n<\/div>\n<div class=\"col-lg-4 col-12 col-sm-6 col-md-6   listing_wrapper  property_unit_type4\"\n    data-org=\"4\"\n    data-main-modal=\"https:\/\/bluuglass.com\/wp-content\/uploads\/2025\/09\/Bistro-a-vendre-1-835x467.jpg\"\n    data-modal-title=\"Bistronomic Restaurant \u2013 Exceptional profitability Laval\"\n    data-modal-link=\"https:\/\/bluuglass.com\/en\/proprietes\/bistronomic-restaurant-exceptional-profitability-laval\/\"\n    data-listid=\"36475\">\n\n    <div class=\"property_listing property_unit_type4 \"\n         data-link=\"\">\n\n                    <div class=\"listing-unit-img-wrapper\">\n                <div class=\"featured_gradient\"><\/div>\n                    <div id=\"property_unit_carousel_69f566cc9f3df\" class=\"carousel property_unit_carousel slide\" data-bs-interval=\"false\">\n        <div class=\"carousel-inner\">\n           \n            <div class=\"carousel-item active\">\n                <a href=\"https:\/\/bluuglass.com\/en\/proprietes\/bistronomic-restaurant-exceptional-profitability-laval\/\" target=\"_self\">\n                    <img decoding=\"async\" width=\"525px\" height=\"328px\" src=\"https:\/\/bluuglass.com\/wp-content\/uploads\/2025\/09\/Bistro-a-vendre-1-525x328.jpg\" alt=\"Bistronomic Restaurant \u2013 Exceptional profitability Laval\" class=\"d-block w-100 img-fluid\" loading=\"lazy\" \/>\n                <\/a>\n            <\/div>        <\/div>\n                    <button class=\"carousel-control-prev\" type=\"button\" data-bs-target=\"#property_unit_carousel_69f566cc9f3df\" data-bs-slide=\"prev\">\n                <span class=\"carousel-control-prev-icon\" aria-hidden=\"true\"><\/span>\n                <span class=\"visually-hidden\">Previous<\/span>\n            <\/button>\n            <button class=\"carousel-control-next\" type=\"button\" data-bs-target=\"#property_unit_carousel_69f566cc9f3df\" data-bs-slide=\"next\">\n                <span class=\"carousel-control-next-icon\" aria-hidden=\"true\"><\/span>\n                <span class=\"visually-hidden\">Next<\/span>\n            <\/button>\n            <\/div>\n    <div class=\"tag-wrapper\">\n    <div class=\"status-wrapper\">\n    <div class=\"action_tag_wrapper For sale\">For sale<\/div><\/div>\n<\/div>\n<div class=\"listing_actions\">\n                    <div class=\"share_unit\">\n            <a href=\"https:\/\/www.facebook.com\/sharer.php?u=https:\/\/bluuglass.com\/en\/proprietes\/bistronomic-restaurant-exceptional-profitability-laval\/&#038;t=Bistronomic+Restaurant+%E2%80%93+Exceptional+profitability+Laval\" target=\"_blank\" rel=\"noreferrer\" class=\"social_facebook\"><\/a>\n            <a href=\"https:\/\/twitter.com\/intent\/tweet?text=Bistronomic+Restaurant+%E2%80%93+Exceptional+profitability+Laval+https%3A%2F%2Fbluuglass.com%2Fen%2Fproprietes%2Fbistronomic-restaurant-exceptional-profitability-laval%2F\" class=\"social_tweet\" rel=\"noreferrer\" target=\"_blank\"><\/a>\n            <a href=\"https:\/\/pinterest.com\/pin\/create\/button\/?url=https:\/\/bluuglass.com\/en\/proprietes\/bistronomic-restaurant-exceptional-profitability-laval\/&#038;media=https:\/\/bluuglass.com\/wp-content\/uploads\/2025\/09\/Bistro-a-vendre-1.jpg&#038;description=Bistronomic+Restaurant+%E2%80%93+Exceptional+profitability+Laval\" target=\"_blank\" rel=\"noreferrer\" class=\"social_pinterest\"><\/a>\n            <a href=\"https:\/\/wa.me\/?text=Bistronomic%20Restaurant%20\u2013%20Exceptional%20profitability%20Laval%20https:\/\/bluuglass.com\/en\/proprietes\/bistronomic-restaurant-exceptional-profitability-laval\/\" class=\"social_whatsup\" rel=\"noreferrer\" target=\"_blank\"><\/a>\n            <a href=\"mailto:?&#115;u&#98;&#106;&#101;&#99;&#116;=Bist&#114;&#111;&#110;o&#109;ic&#43;&#82;es&#116;a&#117;&#114;an&#116;&#43;&#37;&#69;&#50;%&#56;&#48;&#37;&#57;3+E&#120;ce&#112;t&#105;&#111;n&#97;&#108;+pr&#111;&#102;&#105;&#116;a&#98;&#105;&#108;&#105;t&#121;&#43;L&#97;&#118;a&#108;&&#97;mp&#59;&#98;od&#121;&#61;ht&#116;ps&#37;&#51;&#65;&#37;2&#70;&#37;2&#70;b&#108;&#117;&#117;gla&#115;&#115;&#46;&#99;om%2&#70;&#101;&#110;%&#50;&#70;pro&#112;ri&#101;&#116;&#101;s%&#50;&#70;bis&#116;&#114;&#111;&#110;&#111;&#109;&#105;&#99;-&#114;esta&#117;&#114;&#97;&#110;t&#45;&#101;xc&#101;&#112;t&#105;o&#110;&#97;l-&#112;ro&#102;i&#116;abi&#108;it&#121;-&#108;&#97;v&#97;l&#37;&#50;&#70;\" data-action=\"share email\" class=\"social_email\"><\/a>\n        <\/div>\n                <span class=\"share_list\" data-bs-toggle=\"tooltip\" title=\"share\"><\/span>\n    \n            <span class=\"icon-fav icon-fav-off\" \n            data-bs-toggle=\"tooltip\" \n            title=\"add to favorites\" \n            data-postid=\"36475\">\n        <\/span>\n    \n            <span class=\"compare-action\" \n            data-bs-toggle=\"tooltip\"\n            title=\"compare\" \n            data-pimage=\"https:\/\/bluuglass.com\/wp-content\/uploads\/2025\/09\/Bistro-a-vendre-1-143x83.jpg\" \n            data-pid=\"36475\">\n        <\/span>\n    <\/div>\n            <\/div>\n\n            <div class=\"property-unit-information-wrapper\">\n                <h4>\n  <a href=\"https:\/\/bluuglass.com\/en\/proprietes\/bistronomic-restaurant-exceptional-profitability-laval\/\" >Bistronomic Restaurant \u2013 Exceptional profita...<\/a>\n<\/h4><div class=\"property_listing_details\">\n    <\/div>\n    <div class=\"listing_details the_list_view\">\n        Located in a high-demand area of Laval, this well-established bistro is known for its comforting cui <a href=\"https:\/\/bluuglass.com\/en\/proprietes\/bistronomic-restaurant-exceptional-profitability-laval\/\" class=\"unit_more_x\"> ...<\/a>    <\/div>\n            <\/div>\n            <\/div>\n<\/div>\n<div class=\"col-lg-4 col-12 col-sm-6 col-md-6   listing_wrapper  property_unit_type4\"\n    data-org=\"4\"\n    data-main-modal=\"\"\n    data-modal-title=\"Bistro in a Vibrant Montr\u00e9al Neighborhood\"\n    data-modal-link=\"https:\/\/bluuglass.com\/en\/proprietes\/bistro-in-a-vibrant-montreal-neighborhood\/\"\n    data-listid=\"36463\">\n\n    <div class=\"property_listing property_unit_type4 \"\n         data-link=\"\">\n\n                    <div class=\"listing-unit-img-wrapper\">\n                <div class=\"featured_gradient\"><\/div>\n                    <div id=\"property_unit_carousel_69f566cc9fd23\" class=\"carousel property_unit_carousel slide\" data-bs-interval=\"false\">\n        <div class=\"carousel-inner\">\n           \n            <div class=\"carousel-item active\">\n                <a href=\"https:\/\/bluuglass.com\/en\/proprietes\/bistro-in-a-vibrant-montreal-neighborhood\/\" target=\"_self\">\n                    <img decoding=\"async\" width=\"492px\" height=\"328px\" src=\"https:\/\/bluuglass.com\/wp-content\/uploads\/2025\/09\/Walter-vendu-scaled.png\" alt=\"Bistro in a Vibrant Montr\u00e9al Neighborhood\" class=\"d-block w-100 img-fluid\" loading=\"lazy\" \/>\n                <\/a>\n            <\/div><div class=\"carousel-item \">\n                <a href=\"https:\/\/bluuglass.com\/en\/proprietes\/bistro-in-a-vibrant-montreal-neighborhood\/\" target=\"_self\">\n                    <img decoding=\"async\" width=\"525px\" height=\"328px\" src=\"https:\/\/bluuglass.com\/wp-content\/uploads\/2025\/09\/Walter-1-525x328.jpg\" alt=\"Bistro in a Vibrant Montr\u00e9al Neighborhood\" class=\"d-block w-100 img-fluid\" loading=\"lazy\" \/>\n                <\/a>\n            <\/div>        <\/div>\n                    <button class=\"carousel-control-prev\" type=\"button\" data-bs-target=\"#property_unit_carousel_69f566cc9fd23\" data-bs-slide=\"prev\">\n                <span class=\"carousel-control-prev-icon\" aria-hidden=\"true\"><\/span>\n                <span class=\"visually-hidden\">Previous<\/span>\n            <\/button>\n            <button class=\"carousel-control-next\" type=\"button\" data-bs-target=\"#property_unit_carousel_69f566cc9fd23\" data-bs-slide=\"next\">\n                <span class=\"carousel-control-next-icon\" aria-hidden=\"true\"><\/span>\n                <span class=\"visually-hidden\">Next<\/span>\n            <\/button>\n            <\/div>\n    <div class=\"tag-wrapper\">\n    <div class=\"status-wrapper\">\n    <\/div>\n<\/div>\n<div class=\"listing_actions\">\n                    <div class=\"share_unit\">\n            <a href=\"https:\/\/www.facebook.com\/sharer.php?u=https:\/\/bluuglass.com\/en\/proprietes\/bistro-in-a-vibrant-montreal-neighborhood\/&#038;t=Bistro+in+a+Vibrant+Montr%C3%A9al+Neighborhood\" target=\"_blank\" rel=\"noreferrer\" class=\"social_facebook\"><\/a>\n            <a href=\"https:\/\/twitter.com\/intent\/tweet?text=Bistro+in+a+Vibrant+Montr%C3%A9al+Neighborhood+https%3A%2F%2Fbluuglass.com%2Fen%2Fproprietes%2Fbistro-in-a-vibrant-montreal-neighborhood%2F\" class=\"social_tweet\" rel=\"noreferrer\" target=\"_blank\"><\/a>\n            <a href=\"https:\/\/pinterest.com\/pin\/create\/button\/?url=https:\/\/bluuglass.com\/en\/proprietes\/bistro-in-a-vibrant-montreal-neighborhood\/&#038;media=https:\/\/bluuglass.com\/wp-content\/uploads\/2025\/09\/Walter-vendu-scaled.png&#038;description=Bistro+in+a+Vibrant+Montr%C3%A9al+Neighborhood\" target=\"_blank\" rel=\"noreferrer\" class=\"social_pinterest\"><\/a>\n            <a href=\"https:\/\/wa.me\/?text=Bistro%20in%20a%20Vibrant%20Montr\u00e9al%20Neighborhood%20https:\/\/bluuglass.com\/en\/proprietes\/bistro-in-a-vibrant-montreal-neighborhood\/\" class=\"social_whatsup\" rel=\"noreferrer\" target=\"_blank\"><\/a>\n            <a href=\"mailto:?&#115;u&#98;jec&#116;=&#66;&#105;&#115;&#116;r&#111;+in+a+V&#105;&#98;rant+M&#111;&#110;t&#114;%&#67;3%&#65;&#57;a&#108;&#43;N&#101;&#105;&#103;h&#98;orhoo&#100;&a&#109;&#112;&#59;body&#61;&#104;&#116;tps&#37;&#51;A%&#50;F%2&#70;b&#108;uuglas&#115;.&#99;om&#37;&#50;F&#101;n&#37;&#50;Fp&#114;&#111;&#112;&#114;ietes%&#50;&#70;b&#105;&#115;t&#114;&#111;&#45;&#105;n&#45;a-v&#105;&#98;&#114;&#97;n&#116;-m&#111;nt&#114;&#101;al-ne&#105;g&#104;&#98;&#111;rh&#111;&#111;&#100;&#37;2&#70;\" data-action=\"share email\" class=\"social_email\"><\/a>\n        <\/div>\n                <span class=\"share_list\" data-bs-toggle=\"tooltip\" title=\"share\"><\/span>\n    \n            <span class=\"icon-fav icon-fav-off\" \n            data-bs-toggle=\"tooltip\" \n            title=\"add to favorites\" \n            data-postid=\"36463\">\n        <\/span>\n    \n            <span class=\"compare-action\" \n            data-bs-toggle=\"tooltip\"\n            title=\"compare\" \n            data-pimage=\"https:\/\/bluuglass.com\/wp-content\/uploads\/2025\/09\/Walter-vendu-143x83.png\" \n            data-pid=\"36463\">\n        <\/span>\n    <\/div>\n            <\/div>\n\n            <div class=\"property-unit-information-wrapper\">\n                <h4>\n  <a href=\"https:\/\/bluuglass.com\/en\/proprietes\/bistro-in-a-vibrant-montreal-neighborhood\/\" >Bistro in a Vibrant Montr\u00e9al Neighborhood<\/a>\n<\/h4><div class=\"property_listing_details\">\n    <\/div>\n    <div class=\"listing_details the_list_view\">\n        Turnkey Bistro\/Restaurant for Sale in a Sought-After Montreal Neighborhood. This well-established bi <a href=\"https:\/\/bluuglass.com\/en\/proprietes\/bistro-in-a-vibrant-montreal-neighborhood\/\" class=\"unit_more_x\"> ...<\/a>    <\/div>\n            <\/div>\n            <\/div>\n<\/div>\n<div class=\"col-lg-4 col-12 col-sm-6 col-md-6   listing_wrapper  property_unit_type4\"\n    data-org=\"4\"\n    data-main-modal=\"https:\/\/bluuglass.com\/wp-content\/uploads\/2025\/08\/Guichet-Immobilier-1172-Kilmar-18-1-835x467.jpg\"\n    data-modal-title=\"High-end rental chalet estate with private lake in the Laurentides\"\n    data-modal-link=\"https:\/\/bluuglass.com\/en\/proprietes\/high-end-rental-chalet-estate-with-private-lake-in-the-laurentides\/\"\n    data-listid=\"36451\">\n\n    <div class=\"property_listing property_unit_type4 \"\n         data-link=\"\">\n\n                    <div class=\"listing-unit-img-wrapper\">\n                <div class=\"featured_gradient\"><\/div>\n                    <div id=\"property_unit_carousel_69f566cca05ad\" class=\"carousel property_unit_carousel slide\" data-bs-interval=\"false\">\n        <div class=\"carousel-inner\">\n           \n            <div class=\"carousel-item active\">\n                <a href=\"https:\/\/bluuglass.com\/en\/proprietes\/high-end-rental-chalet-estate-with-private-lake-in-the-laurentides\/\" target=\"_self\">\n                    <img decoding=\"async\" width=\"525px\" height=\"328px\" src=\"https:\/\/bluuglass.com\/wp-content\/uploads\/2025\/08\/Guichet-Immobilier-1172-Kilmar-18-1-525x328.jpg\" alt=\"High-end rental chalet estate with private lake in the Laurentides\" class=\"d-block w-100 img-fluid\" loading=\"lazy\" \/>\n                <\/a>\n            <\/div>        <\/div>\n                    <button class=\"carousel-control-prev\" type=\"button\" data-bs-target=\"#property_unit_carousel_69f566cca05ad\" data-bs-slide=\"prev\">\n                <span class=\"carousel-control-prev-icon\" aria-hidden=\"true\"><\/span>\n                <span class=\"visually-hidden\">Previous<\/span>\n            <\/button>\n            <button class=\"carousel-control-next\" type=\"button\" data-bs-target=\"#property_unit_carousel_69f566cca05ad\" data-bs-slide=\"next\">\n                <span class=\"carousel-control-next-icon\" aria-hidden=\"true\"><\/span>\n                <span class=\"visually-hidden\">Next<\/span>\n            <\/button>\n            <\/div>\n    <div class=\"tag-wrapper\">\n    <div class=\"status-wrapper\">\n    <div class=\"action_tag_wrapper For sale\">For sale<\/div><\/div>\n<\/div>\n<div class=\"listing_actions\">\n                    <div class=\"share_unit\">\n            <a href=\"https:\/\/www.facebook.com\/sharer.php?u=https:\/\/bluuglass.com\/en\/proprietes\/high-end-rental-chalet-estate-with-private-lake-in-the-laurentides\/&#038;t=High-end+rental+chalet+estate+with+private+lake+in+the+Laurentides\" target=\"_blank\" rel=\"noreferrer\" class=\"social_facebook\"><\/a>\n            <a href=\"https:\/\/twitter.com\/intent\/tweet?text=High-end+rental+chalet+estate+with+private+lake+in+the+Laurentides+https%3A%2F%2Fbluuglass.com%2Fen%2Fproprietes%2Fhigh-end-rental-chalet-estate-with-private-lake-in-the-laurentides%2F\" class=\"social_tweet\" rel=\"noreferrer\" target=\"_blank\"><\/a>\n            <a href=\"https:\/\/pinterest.com\/pin\/create\/button\/?url=https:\/\/bluuglass.com\/en\/proprietes\/high-end-rental-chalet-estate-with-private-lake-in-the-laurentides\/&#038;media=https:\/\/bluuglass.com\/wp-content\/uploads\/2025\/08\/Guichet-Immobilier-1172-Kilmar-18-1.jpg&#038;description=High-end+rental+chalet+estate+with+private+lake+in+the+Laurentides\" target=\"_blank\" rel=\"noreferrer\" class=\"social_pinterest\"><\/a>\n            <a href=\"https:\/\/wa.me\/?text=High-end%20rental%20chalet%20estate%20with%20private%20lake%20in%20the%20Laurentides%20https:\/\/bluuglass.com\/en\/proprietes\/high-end-rental-chalet-estate-with-private-lake-in-the-laurentides\/\" class=\"social_whatsup\" rel=\"noreferrer\" target=\"_blank\"><\/a>\n            <a href=\"mailto:?s&#117;bje&#99;t=&#72;ig&#104;&#45;e&#110;&#100;+&#114;&#101;&#110;&#116;a&#108;&#43;cha&#108;&#101;t+&#101;st&#97;&#116;e+&#119;it&#104;+pr&#105;&#118;at&#101;+&#108;&#97;k&#101;+&#105;&#110;+&#116;&#104;e+&#76;&#97;ur&#101;&#110;t&#105;&#100;&#101;s&&#97;m&#112;;b&#111;&#100;y=h&#116;&#116;p&#115;%&#51;&#65;&#37;&#50;F&#37;2F&#98;&#108;uug&#108;&#97;ss.co&#109;&#37;2Fe&#110;&#37;2Fpr&#111;priet&#101;s%&#50;&#70;high&#45;&#101;n&#100;&#45;&#114;e&#110;&#116;&#97;l&#45;&#99;h&#97;&#108;&#101;&#116;-e&#115;tat&#101;&#45;w&#105;&#116;h-&#112;&#114;&#105;&#118;at&#101;&#45;&#108;a&#107;e-in&#45;t&#104;e&#45;&#108;&#97;&#117;&#114;en&#116;&#105;d&#101;s&#37;2F\" data-action=\"share email\" class=\"social_email\"><\/a>\n        <\/div>\n                <span class=\"share_list\" data-bs-toggle=\"tooltip\" title=\"share\"><\/span>\n    \n            <span class=\"icon-fav icon-fav-off\" \n            data-bs-toggle=\"tooltip\" \n            title=\"add to favorites\" \n            data-postid=\"36451\">\n        <\/span>\n    \n            <span class=\"compare-action\" \n            data-bs-toggle=\"tooltip\"\n            title=\"compare\" \n            data-pimage=\"https:\/\/bluuglass.com\/wp-content\/uploads\/2025\/08\/Guichet-Immobilier-1172-Kilmar-18-1-143x83.jpg\" \n            data-pid=\"36451\">\n        <\/span>\n    <\/div>\n            <\/div>\n\n            <div class=\"property-unit-information-wrapper\">\n                <h4>\n  <a href=\"https:\/\/bluuglass.com\/en\/proprietes\/high-end-rental-chalet-estate-with-private-lake-in-the-laurentides\/\" >High-end rental chalet estate with private l...<\/a>\n<\/h4><div class=\"property_listing_details\">\n    <\/div>\n    <div class=\"listing_details the_list_view\">\n        Exceptional estate for sale in the Laurentians! Just an hour from Montreal and Ottawa, this estate o <a href=\"https:\/\/bluuglass.com\/en\/proprietes\/high-end-rental-chalet-estate-with-private-lake-in-the-laurentides\/\" class=\"unit_more_x\"> ...<\/a>    <\/div>\n            <\/div>\n            <\/div>\n<\/div>\n<div class=\"col-lg-4 col-12 col-sm-6 col-md-6   listing_wrapper  property_unit_type4\"\n    data-org=\"4\"\n    data-main-modal=\"https:\/\/bluuglass.com\/wp-content\/uploads\/2025\/07\/IMG_6340-835x467.jpg\"\n    data-modal-title=\"Restaurant located on Mont-Royal Avenue\"\n    data-modal-link=\"https:\/\/bluuglass.com\/en\/proprietes\/restaurant-located-on-mont-royal-avenue\/\"\n    data-listid=\"36435\">\n\n    <div class=\"property_listing property_unit_type4 \"\n         data-link=\"\">\n\n                    <div class=\"listing-unit-img-wrapper\">\n                <div class=\"featured_gradient\"><\/div>\n                    <div id=\"property_unit_carousel_69f566cca2c2b\" class=\"carousel property_unit_carousel slide\" data-bs-interval=\"false\">\n        <div class=\"carousel-inner\">\n           \n            <div class=\"carousel-item active\">\n                <a href=\"https:\/\/bluuglass.com\/en\/proprietes\/restaurant-located-on-mont-royal-avenue\/\" target=\"_self\">\n                    <img decoding=\"async\" width=\"525px\" height=\"328px\" src=\"https:\/\/bluuglass.com\/wp-content\/uploads\/2025\/07\/IMG_6340-525x328.jpg\" alt=\"Restaurant located on Mont-Royal Avenue\" class=\"d-block w-100 img-fluid\" loading=\"lazy\" \/>\n                <\/a>\n            <\/div>        <\/div>\n                    <button class=\"carousel-control-prev\" type=\"button\" data-bs-target=\"#property_unit_carousel_69f566cca2c2b\" data-bs-slide=\"prev\">\n                <span class=\"carousel-control-prev-icon\" aria-hidden=\"true\"><\/span>\n                <span class=\"visually-hidden\">Previous<\/span>\n            <\/button>\n            <button class=\"carousel-control-next\" type=\"button\" data-bs-target=\"#property_unit_carousel_69f566cca2c2b\" data-bs-slide=\"next\">\n                <span class=\"carousel-control-next-icon\" aria-hidden=\"true\"><\/span>\n                <span class=\"visually-hidden\">Next<\/span>\n            <\/button>\n            <\/div>\n    <div class=\"tag-wrapper\">\n    <div class=\"status-wrapper\">\n    <div class=\"action_tag_wrapper For sale\">For sale<\/div><\/div>\n<\/div>\n<div class=\"listing_actions\">\n                    <div class=\"share_unit\">\n            <a href=\"https:\/\/www.facebook.com\/sharer.php?u=https:\/\/bluuglass.com\/en\/proprietes\/restaurant-located-on-mont-royal-avenue\/&#038;t=Restaurant+located+on+Mont-Royal+Avenue\" target=\"_blank\" rel=\"noreferrer\" class=\"social_facebook\"><\/a>\n            <a href=\"https:\/\/twitter.com\/intent\/tweet?text=Restaurant+located+on+Mont-Royal+Avenue+https%3A%2F%2Fbluuglass.com%2Fen%2Fproprietes%2Frestaurant-located-on-mont-royal-avenue%2F\" class=\"social_tweet\" rel=\"noreferrer\" target=\"_blank\"><\/a>\n            <a href=\"https:\/\/pinterest.com\/pin\/create\/button\/?url=https:\/\/bluuglass.com\/en\/proprietes\/restaurant-located-on-mont-royal-avenue\/&#038;media=https:\/\/bluuglass.com\/wp-content\/uploads\/2025\/07\/IMG_6340-scaled.jpg&#038;description=Restaurant+located+on+Mont-Royal+Avenue\" target=\"_blank\" rel=\"noreferrer\" class=\"social_pinterest\"><\/a>\n            <a href=\"https:\/\/wa.me\/?text=Restaurant%20located%20on%20Mont-Royal%20Avenue%20https:\/\/bluuglass.com\/en\/proprietes\/restaurant-located-on-mont-royal-avenue\/\" class=\"social_whatsup\" rel=\"noreferrer\" target=\"_blank\"><\/a>\n            <a href=\"mailto:?s&#117;b&#106;&#101;c&#116;&#61;&#82;e&#115;t&#97;&#117;&#114;&#97;nt+l&#111;c&#97;ted&#43;o&#110;+Mont&#45;Ro&#121;&#97;l+&#65;ve&#110;&#117;e&#38;&#97;&#109;p&#59;&#98;o&#100;&#121;&#61;&#104;&#116;&#116;p&#115;&#37;3&#65;&#37;&#50;&#70;%&#50;&#70;bl&#117;&#117;g&#108;&#97;&#115;s.c&#111;m%2Fen%&#50;F&#112;r&#111;&#112;&#114;&#105;&#101;&#116;es&#37;&#50;Fres&#116;aur&#97;&#110;t&#45;&#108;&#111;c&#97;t&#101;d&#45;o&#110;-m&#111;nt-roya&#108;&#45;ave&#110;u&#101;&#37;2&#70;\" data-action=\"share email\" class=\"social_email\"><\/a>\n        <\/div>\n                <span class=\"share_list\" data-bs-toggle=\"tooltip\" title=\"share\"><\/span>\n    \n            <span class=\"icon-fav icon-fav-off\" \n            data-bs-toggle=\"tooltip\" \n            title=\"add to favorites\" \n            data-postid=\"36435\">\n        <\/span>\n    \n            <span class=\"compare-action\" \n            data-bs-toggle=\"tooltip\"\n            title=\"compare\" \n            data-pimage=\"https:\/\/bluuglass.com\/wp-content\/uploads\/2025\/07\/IMG_6340-143x83.jpg\" \n            data-pid=\"36435\">\n        <\/span>\n    <\/div>\n            <\/div>\n\n            <div class=\"property-unit-information-wrapper\">\n                <h4>\n  <a href=\"https:\/\/bluuglass.com\/en\/proprietes\/restaurant-located-on-mont-royal-avenue\/\" >Restaurant located on Mont-Royal Avenue<\/a>\n<\/h4><div class=\"property_listing_details\">\n    <\/div>\n    <div class=\"listing_details the_list_view\">\n        Located on Mont-Royal Avenue, this business benefits from high natural foot traffic and a loyal cust <a href=\"https:\/\/bluuglass.com\/en\/proprietes\/restaurant-located-on-mont-royal-avenue\/\" class=\"unit_more_x\"> ...<\/a>    <\/div>\n            <\/div>\n            <\/div>\n<\/div>\n<div class=\"col-lg-4 col-12 col-sm-6 col-md-6   listing_wrapper  property_unit_type4\"\n    data-org=\"4\"\n    data-main-modal=\"https:\/\/bluuglass.com\/wp-content\/uploads\/2025\/07\/pexels-anthony-rahayel-125801377-835x467.png\"\n    data-modal-title=\"Artisanal Italian Bakery + Building in Montreal\"\n    data-modal-link=\"https:\/\/bluuglass.com\/en\/proprietes\/artisanal-italian-bakery-building-in-montreal\/\"\n    data-listid=\"36410\">\n\n    <div class=\"property_listing property_unit_type4 \"\n         data-link=\"\">\n\n                    <div class=\"listing-unit-img-wrapper\">\n                <div class=\"featured_gradient\"><\/div>\n                    <div id=\"property_unit_carousel_69f566cca3102\" class=\"carousel property_unit_carousel slide\" data-bs-interval=\"false\">\n        <div class=\"carousel-inner\">\n           \n            <div class=\"carousel-item active\">\n                <a href=\"https:\/\/bluuglass.com\/en\/proprietes\/artisanal-italian-bakery-building-in-montreal\/\" target=\"_self\">\n                    <img decoding=\"async\" width=\"525px\" height=\"328px\" src=\"https:\/\/bluuglass.com\/wp-content\/uploads\/2025\/07\/pexels-anthony-rahayel-125801377-525x328.png\" alt=\"Artisanal Italian Bakery + Building in Montreal\" class=\"d-block w-100 img-fluid\" loading=\"lazy\" \/>\n                <\/a>\n            <\/div>        <\/div>\n                    <button class=\"carousel-control-prev\" type=\"button\" data-bs-target=\"#property_unit_carousel_69f566cca3102\" data-bs-slide=\"prev\">\n                <span class=\"carousel-control-prev-icon\" aria-hidden=\"true\"><\/span>\n                <span class=\"visually-hidden\">Previous<\/span>\n            <\/button>\n            <button class=\"carousel-control-next\" type=\"button\" data-bs-target=\"#property_unit_carousel_69f566cca3102\" data-bs-slide=\"next\">\n                <span class=\"carousel-control-next-icon\" aria-hidden=\"true\"><\/span>\n                <span class=\"visually-hidden\">Next<\/span>\n            <\/button>\n            <\/div>\n    <div class=\"tag-wrapper\">\n    <div class=\"status-wrapper\">\n    <div class=\"action_tag_wrapper For sale\">For sale<\/div><\/div>\n<\/div>\n<div class=\"listing_actions\">\n                    <div class=\"share_unit\">\n            <a href=\"https:\/\/www.facebook.com\/sharer.php?u=https:\/\/bluuglass.com\/en\/proprietes\/artisanal-italian-bakery-building-in-montreal\/&#038;t=Artisanal+Italian+Bakery+%2B+Building+in+Montreal\" target=\"_blank\" rel=\"noreferrer\" class=\"social_facebook\"><\/a>\n            <a href=\"https:\/\/twitter.com\/intent\/tweet?text=Artisanal+Italian+Bakery+%2B+Building+in+Montreal+https%3A%2F%2Fbluuglass.com%2Fen%2Fproprietes%2Fartisanal-italian-bakery-building-in-montreal%2F\" class=\"social_tweet\" rel=\"noreferrer\" target=\"_blank\"><\/a>\n            <a href=\"https:\/\/pinterest.com\/pin\/create\/button\/?url=https:\/\/bluuglass.com\/en\/proprietes\/artisanal-italian-bakery-building-in-montreal\/&#038;media=https:\/\/bluuglass.com\/wp-content\/uploads\/2025\/07\/pexels-anthony-rahayel-125801377.png&#038;description=Artisanal+Italian+Bakery+%2B+Building+in+Montreal\" target=\"_blank\" rel=\"noreferrer\" class=\"social_pinterest\"><\/a>\n            <a href=\"https:\/\/wa.me\/?text=Artisanal%20Italian%20Bakery%20+%20Building%20in%20Montreal%20https:\/\/bluuglass.com\/en\/proprietes\/artisanal-italian-bakery-building-in-montreal\/\" class=\"social_whatsup\" rel=\"noreferrer\" target=\"_blank\"><\/a>\n            <a href=\"mailto:?subje&#99;t&#61;&#65;&#114;&#116;&#105;&#115;a&#110;&#97;&#108;+I&#116;al&#105;&#97;&#110;&#43;&#66;&#97;&#107;&#101;ry&#43;&#37;&#50;&#66;+&#66;&#117;ilding+&#105;n+&#77;o&#110;&#116;r&#101;&#97;&#108;&#38;am&#112;;&#98;o&#100;&#121;=h&#116;&#116;&#112;s&#37;3&#65;&#37;&#50;&#70;%&#50;&#70;&#98;luu&#103;&#108;a&#115;s&#46;co&#109;&#37;2&#70;e&#110;%2&#70;&#112;&#114;o&#112;&#114;i&#101;t&#101;s%2Fa&#114;&#116;is&#97;nal&#45;&#105;ta&#108;ian&#45;&#98;akery-b&#117;&#105;&#108;di&#110;&#103;-in&#45;&#109;&#111;&#110;&#116;r&#101;a&#108;&#37;2&#70;\" data-action=\"share email\" class=\"social_email\"><\/a>\n        <\/div>\n                <span class=\"share_list\" data-bs-toggle=\"tooltip\" title=\"share\"><\/span>\n    \n            <span class=\"icon-fav icon-fav-off\" \n            data-bs-toggle=\"tooltip\" \n            title=\"add to favorites\" \n            data-postid=\"36410\">\n        <\/span>\n    \n            <span class=\"compare-action\" \n            data-bs-toggle=\"tooltip\"\n            title=\"compare\" \n            data-pimage=\"https:\/\/bluuglass.com\/wp-content\/uploads\/2025\/07\/pexels-anthony-rahayel-125801377-143x83.png\" \n            data-pid=\"36410\">\n        <\/span>\n    <\/div>\n            <\/div>\n\n            <div class=\"property-unit-information-wrapper\">\n                <h4>\n  <a href=\"https:\/\/bluuglass.com\/en\/proprietes\/artisanal-italian-bakery-building-in-montreal\/\" >Artisanal Italian Bakery + Building in Montr...<\/a>\n<\/h4><div class=\"property_listing_details\">\n    <\/div>\n    <div class=\"listing_details the_list_view\">\n        This bakery is an iconic artisanal business located in the heart of Little Italy in Montreal. This c <a href=\"https:\/\/bluuglass.com\/en\/proprietes\/artisanal-italian-bakery-building-in-montreal\/\" class=\"unit_more_x\"> ...<\/a>    <\/div>\n            <\/div>\n            <\/div>\n<\/div>\n<div class=\"col-lg-4 col-12 col-sm-6 col-md-6   listing_wrapper  property_unit_type4\"\n    data-org=\"4\"\n    data-main-modal=\"https:\/\/bluuglass.com\/wp-content\/uploads\/2025\/06\/LOUE-LEASED-835x467.png\"\n    data-modal-title=\"Commercial spaces for rent in old Montreal\"\n    data-modal-link=\"https:\/\/bluuglass.com\/en\/proprietes\/commercial-spaces-for-rent-in-old-montreal\/\"\n    data-listid=\"36328\">\n\n    <div class=\"property_listing property_unit_type4 \"\n         data-link=\"\">\n\n                    <div class=\"listing-unit-img-wrapper\">\n                <div class=\"featured_gradient\"><\/div>\n                    <div id=\"property_unit_carousel_69f566cca3802\" class=\"carousel property_unit_carousel slide\" data-bs-interval=\"false\">\n        <div class=\"carousel-inner\">\n           \n            <div class=\"carousel-item active\">\n                <a href=\"https:\/\/bluuglass.com\/en\/proprietes\/commercial-spaces-for-rent-in-old-montreal\/\" target=\"_self\">\n                    <img decoding=\"async\" width=\"525px\" height=\"328px\" src=\"https:\/\/bluuglass.com\/wp-content\/uploads\/2025\/06\/LOUE-LEASED-525x328.png\" alt=\"Commercial spaces for rent in old Montreal\" class=\"d-block w-100 img-fluid\" loading=\"lazy\" \/>\n                <\/a>\n            <\/div>        <\/div>\n                    <button class=\"carousel-control-prev\" type=\"button\" data-bs-target=\"#property_unit_carousel_69f566cca3802\" data-bs-slide=\"prev\">\n                <span class=\"carousel-control-prev-icon\" aria-hidden=\"true\"><\/span>\n                <span class=\"visually-hidden\">Previous<\/span>\n            <\/button>\n            <button class=\"carousel-control-next\" type=\"button\" data-bs-target=\"#property_unit_carousel_69f566cca3802\" data-bs-slide=\"next\">\n                <span class=\"carousel-control-next-icon\" aria-hidden=\"true\"><\/span>\n                <span class=\"visually-hidden\">Next<\/span>\n            <\/button>\n            <\/div>\n    <div class=\"tag-wrapper\">\n    <div class=\"status-wrapper\">\n    <div class=\"action_tag_wrapper Leased\">Leased<\/div><\/div>\n<\/div>\n<div class=\"listing_actions\">\n                    <div class=\"share_unit\">\n            <a href=\"https:\/\/www.facebook.com\/sharer.php?u=https:\/\/bluuglass.com\/en\/proprietes\/commercial-spaces-for-rent-in-old-montreal\/&#038;t=Commercial+spaces+for+rent+in+old+Montreal\" target=\"_blank\" rel=\"noreferrer\" class=\"social_facebook\"><\/a>\n            <a href=\"https:\/\/twitter.com\/intent\/tweet?text=Commercial+spaces+for+rent+in+old+Montreal+https%3A%2F%2Fbluuglass.com%2Fen%2Fproprietes%2Fcommercial-spaces-for-rent-in-old-montreal%2F\" class=\"social_tweet\" rel=\"noreferrer\" target=\"_blank\"><\/a>\n            <a href=\"https:\/\/pinterest.com\/pin\/create\/button\/?url=https:\/\/bluuglass.com\/en\/proprietes\/commercial-spaces-for-rent-in-old-montreal\/&#038;media=https:\/\/bluuglass.com\/wp-content\/uploads\/2025\/06\/LOUE-LEASED-scaled.png&#038;description=Commercial+spaces+for+rent+in+old+Montreal\" target=\"_blank\" rel=\"noreferrer\" class=\"social_pinterest\"><\/a>\n            <a href=\"https:\/\/wa.me\/?text=Commercial%20spaces%20for%20rent%20in%20old%20Montreal%20https:\/\/bluuglass.com\/en\/proprietes\/commercial-spaces-for-rent-in-old-montreal\/\" class=\"social_whatsup\" rel=\"noreferrer\" target=\"_blank\"><\/a>\n            <a href=\"mailto:?&#115;u&#98;j&#101;c&#116;=&#67;ommer&#99;i&#97;&#108;+s&#112;ac&#101;s+&#102;or+&#114;&#101;n&#116;&#43;&#105;&#110;&#43;ol&#100;&#43;&#77;o&#110;&#116;re&#97;l&#38;&#97;mp;b&#111;d&#121;=&#104;&#116;&#116;ps&#37;&#51;&#65;&#37;&#50;F%2&#70;blu&#117;g&#108;&#97;s&#115;.&#99;&#111;m%&#50;&#70;e&#110;%&#50;Fp&#114;o&#112;&#114;&#105;&#101;t&#101;s&#37;2F&#99;o&#109;&#109;e&#114;&#99;ia&#108;-s&#112;&#97;&#99;es&#45;f&#111;r&#45;r&#101;&#110;&#116;-i&#110;-&#111;&#108;&#100;&#45;mont&#114;&#101;a&#108;&#37;&#50;F\" data-action=\"share email\" class=\"social_email\"><\/a>\n        <\/div>\n                <span class=\"share_list\" data-bs-toggle=\"tooltip\" title=\"share\"><\/span>\n    \n            <span class=\"icon-fav icon-fav-off\" \n            data-bs-toggle=\"tooltip\" \n            title=\"add to favorites\" \n            data-postid=\"36328\">\n        <\/span>\n    \n            <span class=\"compare-action\" \n            data-bs-toggle=\"tooltip\"\n            title=\"compare\" \n            data-pimage=\"https:\/\/bluuglass.com\/wp-content\/uploads\/2025\/06\/LOUE-LEASED-143x83.png\" \n            data-pid=\"36328\">\n        <\/span>\n    <\/div>\n            <\/div>\n\n            <div class=\"property-unit-information-wrapper\">\n                <h4>\n  <a href=\"https:\/\/bluuglass.com\/en\/proprietes\/commercial-spaces-for-rent-in-old-montreal\/\" >Commercial spaces for rent in old Montreal<\/a>\n<\/h4><div class=\"property_listing_details\">\n    <\/div>\n    <div class=\"listing_details the_list_view\">\n        Located in Old Montreal, these spaces offer numerous leasing advantages for a business looking to es <a href=\"https:\/\/bluuglass.com\/en\/proprietes\/commercial-spaces-for-rent-in-old-montreal\/\" class=\"unit_more_x\"> ...<\/a>    <\/div>\n            <\/div>\n            <\/div>\n<\/div>\n<div class=\"col-lg-4 col-12 col-sm-6 col-md-6   listing_wrapper  property_unit_type4\"\n    data-org=\"4\"\n    data-main-modal=\"https:\/\/bluuglass.com\/wp-content\/uploads\/2025\/04\/IMG_4373-835x467.png\"\n    data-modal-title=\"Commercial Building in L\u00e9ry\"\n    data-modal-link=\"https:\/\/bluuglass.com\/en\/proprietes\/commercial-building-in-lery\/\"\n    data-listid=\"36272\">\n\n    <div class=\"property_listing property_unit_type4 \"\n         data-link=\"\">\n\n                    <div class=\"listing-unit-img-wrapper\">\n                <div class=\"featured_gradient\"><\/div>\n                    <div id=\"property_unit_carousel_69f566cca3ffa\" class=\"carousel property_unit_carousel slide\" data-bs-interval=\"false\">\n        <div class=\"carousel-inner\">\n           \n            <div class=\"carousel-item active\">\n                <a href=\"https:\/\/bluuglass.com\/en\/proprietes\/commercial-building-in-lery\/\" target=\"_self\">\n                    <img decoding=\"async\" width=\"525px\" height=\"328px\" src=\"https:\/\/bluuglass.com\/wp-content\/uploads\/2025\/04\/IMG_4373-525x328.png\" alt=\"Commercial Building in L\u00e9ry\" class=\"d-block w-100 img-fluid\" loading=\"lazy\" \/>\n                <\/a>\n            <\/div>        <\/div>\n                    <button class=\"carousel-control-prev\" type=\"button\" data-bs-target=\"#property_unit_carousel_69f566cca3ffa\" data-bs-slide=\"prev\">\n                <span class=\"carousel-control-prev-icon\" aria-hidden=\"true\"><\/span>\n                <span class=\"visually-hidden\">Previous<\/span>\n            <\/button>\n            <button class=\"carousel-control-next\" type=\"button\" data-bs-target=\"#property_unit_carousel_69f566cca3ffa\" data-bs-slide=\"next\">\n                <span class=\"carousel-control-next-icon\" aria-hidden=\"true\"><\/span>\n                <span class=\"visually-hidden\">Next<\/span>\n            <\/button>\n            <\/div>\n    <div class=\"tag-wrapper\">\n    <div class=\"status-wrapper\">\n    <div class=\"action_tag_wrapper For sale\">For sale<\/div><\/div>\n<\/div>\n<div class=\"listing_actions\">\n                    <div class=\"share_unit\">\n            <a href=\"https:\/\/www.facebook.com\/sharer.php?u=https:\/\/bluuglass.com\/en\/proprietes\/commercial-building-in-lery\/&#038;t=Commercial+Building+in+L%C3%A9ry\" target=\"_blank\" rel=\"noreferrer\" class=\"social_facebook\"><\/a>\n            <a href=\"https:\/\/twitter.com\/intent\/tweet?text=Commercial+Building+in+L%C3%A9ry+https%3A%2F%2Fbluuglass.com%2Fen%2Fproprietes%2Fcommercial-building-in-lery%2F\" class=\"social_tweet\" rel=\"noreferrer\" target=\"_blank\"><\/a>\n            <a href=\"https:\/\/pinterest.com\/pin\/create\/button\/?url=https:\/\/bluuglass.com\/en\/proprietes\/commercial-building-in-lery\/&#038;media=https:\/\/bluuglass.com\/wp-content\/uploads\/2025\/04\/IMG_4373-scaled.png&#038;description=Commercial+Building+in+L%C3%A9ry\" target=\"_blank\" rel=\"noreferrer\" class=\"social_pinterest\"><\/a>\n            <a href=\"https:\/\/wa.me\/?text=Commercial%20Building%20in%20L\u00e9ry%20https:\/\/bluuglass.com\/en\/proprietes\/commercial-building-in-lery\/\" class=\"social_whatsup\" rel=\"noreferrer\" target=\"_blank\"><\/a>\n            <a href=\"mailto:?&#115;&#117;b&#106;&#101;&#99;&#116;=C&#111;&#109;&#109;e&#114;cial&#43;B&#117;i&#108;d&#105;ng+&#105;&#110;&#43;L%C&#51;&#37;&#65;9ry&#38;&#97;mp&#59;bo&#100;y=&#104;&#116;t&#112;&#115;&#37;&#51;A%2F%&#50;Fb&#108;&#117;ugla&#115;s&#46;c&#111;m%2Fen%&#50;F&#112;&#114;op&#114;&#105;etes%&#50;Fcomm&#101;r&#99;&#105;al&#45;&#98;&#117;i&#108;d&#105;n&#103;&#45;&#105;&#110;&#45;ler&#121;&#37;&#50;F\" data-action=\"share email\" class=\"social_email\"><\/a>\n        <\/div>\n                <span class=\"share_list\" data-bs-toggle=\"tooltip\" title=\"share\"><\/span>\n    \n            <span class=\"icon-fav icon-fav-off\" \n            data-bs-toggle=\"tooltip\" \n            title=\"add to favorites\" \n            data-postid=\"36272\">\n        <\/span>\n    \n            <span class=\"compare-action\" \n            data-bs-toggle=\"tooltip\"\n            title=\"compare\" \n            data-pimage=\"https:\/\/bluuglass.com\/wp-content\/uploads\/2025\/04\/IMG_4373-143x83.png\" \n            data-pid=\"36272\">\n        <\/span>\n    <\/div>\n            <\/div>\n\n            <div class=\"property-unit-information-wrapper\">\n                <h4>\n  <a href=\"https:\/\/bluuglass.com\/en\/proprietes\/commercial-building-in-lery\/\" >Commercial Building in L\u00e9ry<\/a>\n<\/h4><div class=\"property_listing_details\">\n    <\/div>\n    <div class=\"listing_details the_list_view\">\n        Located in the heart of a mature residential neighborhood, near numerous multi-residential propertie <a href=\"https:\/\/bluuglass.com\/en\/proprietes\/commercial-building-in-lery\/\" class=\"unit_more_x\"> ...<\/a>    <\/div>\n            <\/div>\n            <\/div>\n<\/div>\n<div class=\"col-lg-4 col-12 col-sm-6 col-md-6   listing_wrapper  property_unit_type4\"\n    data-org=\"4\"\n    data-main-modal=\"https:\/\/bluuglass.com\/wp-content\/uploads\/2025\/04\/St-Jean-Picture-835x467.png\"\n    data-modal-title=\"Commercial Building in Saint-Jean-sur-Richelieu\"\n    data-modal-link=\"https:\/\/bluuglass.com\/en\/proprietes\/commercial-building-in-saint-jean-sur-richelieu\/\"\n    data-listid=\"36267\">\n\n    <div class=\"property_listing property_unit_type4 \"\n         data-link=\"\">\n\n                    <div class=\"listing-unit-img-wrapper\">\n                <div class=\"featured_gradient\"><\/div>\n                    <div id=\"property_unit_carousel_69f566cca490a\" class=\"carousel property_unit_carousel slide\" data-bs-interval=\"false\">\n        <div class=\"carousel-inner\">\n           \n            <div class=\"carousel-item active\">\n                <a href=\"https:\/\/bluuglass.com\/en\/proprietes\/commercial-building-in-saint-jean-sur-richelieu\/\" target=\"_self\">\n                    <img decoding=\"async\" width=\"525px\" height=\"328px\" src=\"https:\/\/bluuglass.com\/wp-content\/uploads\/2025\/04\/St-Jean-Picture-525x328.png\" alt=\"Commercial Building in Saint-Jean-sur-Richelieu\" class=\"d-block w-100 img-fluid\" loading=\"lazy\" \/>\n                <\/a>\n            <\/div>        <\/div>\n                    <button class=\"carousel-control-prev\" type=\"button\" data-bs-target=\"#property_unit_carousel_69f566cca490a\" data-bs-slide=\"prev\">\n                <span class=\"carousel-control-prev-icon\" aria-hidden=\"true\"><\/span>\n                <span class=\"visually-hidden\">Previous<\/span>\n            <\/button>\n            <button class=\"carousel-control-next\" type=\"button\" data-bs-target=\"#property_unit_carousel_69f566cca490a\" data-bs-slide=\"next\">\n                <span class=\"carousel-control-next-icon\" aria-hidden=\"true\"><\/span>\n                <span class=\"visually-hidden\">Next<\/span>\n            <\/button>\n            <\/div>\n    <div class=\"tag-wrapper\">\n    <div class=\"status-wrapper\">\n    <div class=\"action_tag_wrapper For sale\">For sale<\/div><\/div>\n<\/div>\n<div class=\"listing_actions\">\n                    <div class=\"share_unit\">\n            <a href=\"https:\/\/www.facebook.com\/sharer.php?u=https:\/\/bluuglass.com\/en\/proprietes\/commercial-building-in-saint-jean-sur-richelieu\/&#038;t=Commercial+Building+in+Saint-Jean-sur-Richelieu\" target=\"_blank\" rel=\"noreferrer\" class=\"social_facebook\"><\/a>\n            <a href=\"https:\/\/twitter.com\/intent\/tweet?text=Commercial+Building+in+Saint-Jean-sur-Richelieu+https%3A%2F%2Fbluuglass.com%2Fen%2Fproprietes%2Fcommercial-building-in-saint-jean-sur-richelieu%2F\" class=\"social_tweet\" rel=\"noreferrer\" target=\"_blank\"><\/a>\n            <a href=\"https:\/\/pinterest.com\/pin\/create\/button\/?url=https:\/\/bluuglass.com\/en\/proprietes\/commercial-building-in-saint-jean-sur-richelieu\/&#038;media=https:\/\/bluuglass.com\/wp-content\/uploads\/2025\/04\/St-Jean-Picture-scaled.png&#038;description=Commercial+Building+in+Saint-Jean-sur-Richelieu\" target=\"_blank\" rel=\"noreferrer\" class=\"social_pinterest\"><\/a>\n            <a href=\"https:\/\/wa.me\/?text=Commercial%20Building%20in%20Saint-Jean-sur-Richelieu%20https:\/\/bluuglass.com\/en\/proprietes\/commercial-building-in-saint-jean-sur-richelieu\/\" class=\"social_whatsup\" rel=\"noreferrer\" target=\"_blank\"><\/a>\n            <a href=\"mailto:?subj&#101;&#99;t&#61;&#67;omm&#101;&#114;c&#105;&#97;&#108;+Bui&#108;&#100;i&#110;g+i&#110;+&#83;aint-Jean&#45;s&#117;r&#45;Ri&#99;&#104;e&#108;&#105;&#101;u&&#97;&#109;p;&#98;&#111;&#100;&#121;=h&#116;t&#112;&#115;%&#51;A%2F&#37;2&#70;b&#108;&#117;ug&#108;as&#115;.c&#111;&#109;&#37;&#50;&#70;e&#110;&#37;2Fp&#114;&#111;pr&#105;&#101;&#116;&#101;s%&#50;&#70;co&#109;merc&#105;&#97;l-b&#117;&#105;&#108;di&#110;g&#45;i&#110;-sai&#110;t&#45;&#106;e&#97;n-&#115;&#117;&#114;-&#114;&#105;&#99;&#104;&#101;&#108;&#105;e&#117;%2F\" data-action=\"share email\" class=\"social_email\"><\/a>\n        <\/div>\n                <span class=\"share_list\" data-bs-toggle=\"tooltip\" title=\"share\"><\/span>\n    \n            <span class=\"icon-fav icon-fav-off\" \n            data-bs-toggle=\"tooltip\" \n            title=\"add to favorites\" \n            data-postid=\"36267\">\n        <\/span>\n    \n            <span class=\"compare-action\" \n            data-bs-toggle=\"tooltip\"\n            title=\"compare\" \n            data-pimage=\"https:\/\/bluuglass.com\/wp-content\/uploads\/2025\/04\/St-Jean-Picture-143x83.png\" \n            data-pid=\"36267\">\n        <\/span>\n    <\/div>\n            <\/div>\n\n            <div class=\"property-unit-information-wrapper\">\n                <h4>\n  <a href=\"https:\/\/bluuglass.com\/en\/proprietes\/commercial-building-in-saint-jean-sur-richelieu\/\" >Commercial Building in Saint-Jean-sur-Richel...<\/a>\n<\/h4><div class=\"property_listing_details\">\n    <\/div>\n    <div class=\"listing_details the_list_view\">\n        Discover this recent building in excellent condition, located in the heart of a densely populated re <a href=\"https:\/\/bluuglass.com\/en\/proprietes\/commercial-building-in-saint-jean-sur-richelieu\/\" class=\"unit_more_x\"> ...<\/a>    <\/div>\n            <\/div>\n            <\/div>\n<\/div>\n<div class=\"col-lg-4 col-12 col-sm-6 col-md-6   listing_wrapper  property_unit_type4\"\n    data-org=\"4\"\n    data-main-modal=\"https:\/\/bluuglass.com\/wp-content\/uploads\/2025\/04\/IMG_2034-vendu-1-835x467.png\"\n    data-modal-title=\"Two Gourmet Establishments and a Food Truck in Montreal\"\n    data-modal-link=\"https:\/\/bluuglass.com\/en\/proprietes\/two-gourmet-establishments-and-a-food-truck-in-montreal\/\"\n    data-listid=\"36244\">\n\n    <div class=\"property_listing property_unit_type4 \"\n         data-link=\"\">\n\n                    <div class=\"listing-unit-img-wrapper\">\n                <div class=\"featured_gradient\"><\/div>\n                    <div id=\"property_unit_carousel_69f566cca50fb\" class=\"carousel property_unit_carousel slide\" data-bs-interval=\"false\">\n        <div class=\"carousel-inner\">\n           \n            <div class=\"carousel-item active\">\n                <a href=\"https:\/\/bluuglass.com\/en\/proprietes\/two-gourmet-establishments-and-a-food-truck-in-montreal\/\" target=\"_self\">\n                    <img decoding=\"async\" width=\"525px\" height=\"328px\" src=\"https:\/\/bluuglass.com\/wp-content\/uploads\/2025\/04\/IMG_2034-vendu-1-525x328.png\" alt=\"Two Gourmet Establishments and a Food Truck in Montreal\" class=\"d-block w-100 img-fluid\" loading=\"lazy\" \/>\n                <\/a>\n            <\/div><div class=\"carousel-item \">\n                <a href=\"https:\/\/bluuglass.com\/en\/proprietes\/two-gourmet-establishments-and-a-food-truck-in-montreal\/\" target=\"_self\">\n                    <img decoding=\"async\" width=\"525px\" height=\"328px\" src=\"https:\/\/bluuglass.com\/wp-content\/uploads\/2025\/04\/IMG_2034-Copie-525x328.jpg\" alt=\"Two Gourmet Establishments and a Food Truck in Montreal\" class=\"d-block w-100 img-fluid\" loading=\"lazy\" \/>\n                <\/a>\n            <\/div>        <\/div>\n                    <button class=\"carousel-control-prev\" type=\"button\" data-bs-target=\"#property_unit_carousel_69f566cca50fb\" data-bs-slide=\"prev\">\n                <span class=\"carousel-control-prev-icon\" aria-hidden=\"true\"><\/span>\n                <span class=\"visually-hidden\">Previous<\/span>\n            <\/button>\n            <button class=\"carousel-control-next\" type=\"button\" data-bs-target=\"#property_unit_carousel_69f566cca50fb\" data-bs-slide=\"next\">\n                <span class=\"carousel-control-next-icon\" aria-hidden=\"true\"><\/span>\n                <span class=\"visually-hidden\">Next<\/span>\n            <\/button>\n            <\/div>\n    <div class=\"tag-wrapper\">\n    <div class=\"status-wrapper\">\n    <\/div>\n<\/div>\n<div class=\"listing_actions\">\n                    <div class=\"share_unit\">\n            <a href=\"https:\/\/www.facebook.com\/sharer.php?u=https:\/\/bluuglass.com\/en\/proprietes\/two-gourmet-establishments-and-a-food-truck-in-montreal\/&#038;t=Two+Gourmet+Establishments+and+a+Food+Truck+in+Montreal\" target=\"_blank\" rel=\"noreferrer\" class=\"social_facebook\"><\/a>\n            <a href=\"https:\/\/twitter.com\/intent\/tweet?text=Two+Gourmet+Establishments+and+a+Food+Truck+in+Montreal+https%3A%2F%2Fbluuglass.com%2Fen%2Fproprietes%2Ftwo-gourmet-establishments-and-a-food-truck-in-montreal%2F\" class=\"social_tweet\" rel=\"noreferrer\" target=\"_blank\"><\/a>\n            <a href=\"https:\/\/pinterest.com\/pin\/create\/button\/?url=https:\/\/bluuglass.com\/en\/proprietes\/two-gourmet-establishments-and-a-food-truck-in-montreal\/&#038;media=https:\/\/bluuglass.com\/wp-content\/uploads\/2025\/04\/IMG_2034-vendu-1-scaled.png&#038;description=Two+Gourmet+Establishments+and+a+Food+Truck+in+Montreal\" target=\"_blank\" rel=\"noreferrer\" class=\"social_pinterest\"><\/a>\n            <a href=\"https:\/\/wa.me\/?text=Two%20Gourmet%20Establishments%20and%20a%20Food%20Truck%20in%20Montreal%20https:\/\/bluuglass.com\/en\/proprietes\/two-gourmet-establishments-and-a-food-truck-in-montreal\/\" class=\"social_whatsup\" rel=\"noreferrer\" target=\"_blank\"><\/a>\n            <a href=\"mailto:?su&#98;&#106;&#101;&#99;t&#61;T&#119;o+Gou&#114;me&#116;+Esta&#98;l&#105;sh&#109;en&#116;s+&#97;nd&#43;&#97;&#43;F&#111;od+&#84;&#114;&#117;c&#107;&#43;&#105;n&#43;M&#111;&#110;&#116;&#114;eal&#38;&#97;&#109;p;b&#111;dy=htt&#112;&#115;&#37;3A&#37;&#50;F&#37;2&#70;b&#108;uug&#108;&#97;ss&#46;&#99;o&#109;%&#50;Fen%&#50;Fpro&#112;&#114;i&#101;tes&#37;&#50;Ft&#119;&#111;&#45;&#103;o&#117;&#114;&#109;e&#116;&#45;e&#115;&#116;a&#98;lis&#104;&#109;e&#110;t&#115;&#45;a&#110;&#100;&#45;&#97;&#45;f&#111;o&#100;&#45;&#116;&#114;&#117;&#99;k&#45;&#105;n-&#109;o&#110;&#116;r&#101;&#97;&#108;&#37;2&#70;\" data-action=\"share email\" class=\"social_email\"><\/a>\n        <\/div>\n                <span class=\"share_list\" data-bs-toggle=\"tooltip\" title=\"share\"><\/span>\n    \n            <span class=\"icon-fav icon-fav-off\" \n            data-bs-toggle=\"tooltip\" \n            title=\"add to favorites\" \n            data-postid=\"36244\">\n        <\/span>\n    \n            <span class=\"compare-action\" \n            data-bs-toggle=\"tooltip\"\n            title=\"compare\" \n            data-pimage=\"https:\/\/bluuglass.com\/wp-content\/uploads\/2025\/04\/IMG_2034-vendu-1-143x83.png\" \n            data-pid=\"36244\">\n        <\/span>\n    <\/div>\n            <\/div>\n\n            <div class=\"property-unit-information-wrapper\">\n                <h4>\n  <a href=\"https:\/\/bluuglass.com\/en\/proprietes\/two-gourmet-establishments-and-a-food-truck-in-montreal\/\" >Two Gourmet Establishments and a Food Truck ...<\/a>\n<\/h4><div class=\"property_listing_details\">\n    <\/div>\n    <div class=\"listing_details the_list_view\">\n        Well-Established Montreal Business for Sale \u2013 Famous for Offering the \u201cBest Churros &amp; Nougat in  <a href=\"https:\/\/bluuglass.com\/en\/proprietes\/two-gourmet-establishments-and-a-food-truck-in-montreal\/\" class=\"unit_more_x\"> ...<\/a>    <\/div>\n            <\/div>\n            <\/div>\n<\/div>\n<div class=\"col-lg-4 col-12 col-sm-6 col-md-6   listing_wrapper  property_unit_type4\"\n    data-org=\"4\"\n    data-main-modal=\"https:\/\/bluuglass.com\/wp-content\/uploads\/2025\/04\/pexels-hasan-huseyin-korkmaz-1913416231-30808559-1-835x467.jpg\"\n    data-modal-title=\"Dental Laboratory in Montreal\"\n    data-modal-link=\"https:\/\/bluuglass.com\/en\/proprietes\/dental-laboratory-in-montreal\/\"\n    data-listid=\"36240\">\n\n    <div class=\"property_listing property_unit_type4 \"\n         data-link=\"\">\n\n                    <div class=\"listing-unit-img-wrapper\">\n                <div class=\"featured_gradient\"><\/div>\n                    <div id=\"property_unit_carousel_69f566cca5b25\" class=\"carousel property_unit_carousel slide\" data-bs-interval=\"false\">\n        <div class=\"carousel-inner\">\n           \n            <div class=\"carousel-item active\">\n                <a href=\"https:\/\/bluuglass.com\/en\/proprietes\/dental-laboratory-in-montreal\/\" target=\"_self\">\n                    <img decoding=\"async\" width=\"525px\" height=\"328px\" src=\"https:\/\/bluuglass.com\/wp-content\/uploads\/2025\/04\/pexels-hasan-huseyin-korkmaz-1913416231-30808559-1-525x328.jpg\" alt=\"Dental Laboratory in Montreal\" class=\"d-block w-100 img-fluid\" loading=\"lazy\" \/>\n                <\/a>\n            <\/div>        <\/div>\n                    <button class=\"carousel-control-prev\" type=\"button\" data-bs-target=\"#property_unit_carousel_69f566cca5b25\" data-bs-slide=\"prev\">\n                <span class=\"carousel-control-prev-icon\" aria-hidden=\"true\"><\/span>\n                <span class=\"visually-hidden\">Previous<\/span>\n            <\/button>\n            <button class=\"carousel-control-next\" type=\"button\" data-bs-target=\"#property_unit_carousel_69f566cca5b25\" data-bs-slide=\"next\">\n                <span class=\"carousel-control-next-icon\" aria-hidden=\"true\"><\/span>\n                <span class=\"visually-hidden\">Next<\/span>\n            <\/button>\n            <\/div>\n    <div class=\"tag-wrapper\">\n    <div class=\"status-wrapper\">\n    <div class=\"action_tag_wrapper For sale\">For sale<\/div><\/div>\n<\/div>\n<div class=\"listing_actions\">\n                    <div class=\"share_unit\">\n            <a href=\"https:\/\/www.facebook.com\/sharer.php?u=https:\/\/bluuglass.com\/en\/proprietes\/dental-laboratory-in-montreal\/&#038;t=Dental+Laboratory+in+Montreal\" target=\"_blank\" rel=\"noreferrer\" class=\"social_facebook\"><\/a>\n            <a href=\"https:\/\/twitter.com\/intent\/tweet?text=Dental+Laboratory+in+Montreal+https%3A%2F%2Fbluuglass.com%2Fen%2Fproprietes%2Fdental-laboratory-in-montreal%2F\" class=\"social_tweet\" rel=\"noreferrer\" target=\"_blank\"><\/a>\n            <a href=\"https:\/\/pinterest.com\/pin\/create\/button\/?url=https:\/\/bluuglass.com\/en\/proprietes\/dental-laboratory-in-montreal\/&#038;media=https:\/\/bluuglass.com\/wp-content\/uploads\/2025\/04\/pexels-hasan-huseyin-korkmaz-1913416231-30808559-1.jpg&#038;description=Dental+Laboratory+in+Montreal\" target=\"_blank\" rel=\"noreferrer\" class=\"social_pinterest\"><\/a>\n            <a href=\"https:\/\/wa.me\/?text=Dental%20Laboratory%20in%20Montreal%20https:\/\/bluuglass.com\/en\/proprietes\/dental-laboratory-in-montreal\/\" class=\"social_whatsup\" rel=\"noreferrer\" target=\"_blank\"><\/a>\n            <a href=\"mailto:?&#115;ub&#106;ec&#116;&#61;&#68;&#101;&#110;&#116;al+&#76;a&#98;&#111;r&#97;&#116;o&#114;y&#43;&#105;&#110;+&#77;ontr&#101;&#97;&#108;&am&#112;&#59;b&#111;&#100;&#121;&#61;&#104;ttps%3A&#37;&#50;&#70;%&#50;Fb&#108;u&#117;&#103;l&#97;ss&#46;co&#109;&#37;&#50;Fen%2&#70;pro&#112;rie&#116;&#101;s%2&#70;&#100;ental-lab&#111;&#114;ato&#114;&#121;-&#105;&#110;-montr&#101;a&#108;&#37;&#50;F\" data-action=\"share email\" class=\"social_email\"><\/a>\n        <\/div>\n                <span class=\"share_list\" data-bs-toggle=\"tooltip\" title=\"share\"><\/span>\n    \n            <span class=\"icon-fav icon-fav-off\" \n            data-bs-toggle=\"tooltip\" \n            title=\"add to favorites\" \n            data-postid=\"36240\">\n        <\/span>\n    \n            <span class=\"compare-action\" \n            data-bs-toggle=\"tooltip\"\n            title=\"compare\" \n            data-pimage=\"https:\/\/bluuglass.com\/wp-content\/uploads\/2025\/04\/pexels-hasan-huseyin-korkmaz-1913416231-30808559-1-143x83.jpg\" \n            data-pid=\"36240\">\n        <\/span>\n    <\/div>\n            <\/div>\n\n            <div class=\"property-unit-information-wrapper\">\n                <h4>\n  <a href=\"https:\/\/bluuglass.com\/en\/proprietes\/dental-laboratory-in-montreal\/\" >Dental Laboratory in Montreal<\/a>\n<\/h4><div class=\"property_listing_details\">\n    <\/div>\n    <div class=\"listing_details the_list_view\">\n        Founded in 1996, this laboratory has over two decades of experience and expertise. The company has b <a href=\"https:\/\/bluuglass.com\/en\/proprietes\/dental-laboratory-in-montreal\/\" class=\"unit_more_x\"> ...<\/a>    <\/div>\n            <\/div>\n            <\/div>\n<\/div>\n<div class=\"col-lg-4 col-12 col-sm-6 col-md-6   listing_wrapper  property_unit_type4\"\n    data-org=\"4\"\n    data-main-modal=\"https:\/\/bluuglass.com\/wp-content\/uploads\/2025\/04\/getty-images-VYJUFNh6Mvk-unsplash-scaled-1-835x467.jpg\"\n    data-modal-title=\"Veterinary Clinic for Sale \u2013 South Shore of Montreal\"\n    data-modal-link=\"https:\/\/bluuglass.com\/en\/proprietes\/veterinary-clinic-for-sale-south-shore-of-montreal\/\"\n    data-listid=\"36230\">\n\n    <div class=\"property_listing property_unit_type4 \"\n         data-link=\"\">\n\n                    <div class=\"listing-unit-img-wrapper\">\n                <div class=\"featured_gradient\"><\/div>\n                    <div id=\"property_unit_carousel_69f566cca628a\" class=\"carousel property_unit_carousel slide\" data-bs-interval=\"false\">\n        <div class=\"carousel-inner\">\n           \n            <div class=\"carousel-item active\">\n                <a href=\"https:\/\/bluuglass.com\/en\/proprietes\/veterinary-clinic-for-sale-south-shore-of-montreal\/\" target=\"_self\">\n                    <img decoding=\"async\" width=\"525px\" height=\"328px\" src=\"https:\/\/bluuglass.com\/wp-content\/uploads\/2025\/04\/getty-images-VYJUFNh6Mvk-unsplash-scaled-1-525x328.jpg\" alt=\"Veterinary Clinic for Sale \u2013 South Shore of Montreal\" class=\"d-block w-100 img-fluid\" loading=\"lazy\" \/>\n                <\/a>\n            <\/div>        <\/div>\n                    <button class=\"carousel-control-prev\" type=\"button\" data-bs-target=\"#property_unit_carousel_69f566cca628a\" data-bs-slide=\"prev\">\n                <span class=\"carousel-control-prev-icon\" aria-hidden=\"true\"><\/span>\n                <span class=\"visually-hidden\">Previous<\/span>\n            <\/button>\n            <button class=\"carousel-control-next\" type=\"button\" data-bs-target=\"#property_unit_carousel_69f566cca628a\" data-bs-slide=\"next\">\n                <span class=\"carousel-control-next-icon\" aria-hidden=\"true\"><\/span>\n                <span class=\"visually-hidden\">Next<\/span>\n            <\/button>\n            <\/div>\n    <div class=\"tag-wrapper\">\n    <div class=\"status-wrapper\">\n    <div class=\"action_tag_wrapper For sale\">For sale<\/div><\/div>\n<\/div>\n<div class=\"listing_actions\">\n                    <div class=\"share_unit\">\n            <a href=\"https:\/\/www.facebook.com\/sharer.php?u=https:\/\/bluuglass.com\/en\/proprietes\/veterinary-clinic-for-sale-south-shore-of-montreal\/&#038;t=Veterinary+Clinic+for+Sale+%E2%80%93+South+Shore+of+Montreal\" target=\"_blank\" rel=\"noreferrer\" class=\"social_facebook\"><\/a>\n            <a href=\"https:\/\/twitter.com\/intent\/tweet?text=Veterinary+Clinic+for+Sale+%E2%80%93+South+Shore+of+Montreal+https%3A%2F%2Fbluuglass.com%2Fen%2Fproprietes%2Fveterinary-clinic-for-sale-south-shore-of-montreal%2F\" class=\"social_tweet\" rel=\"noreferrer\" target=\"_blank\"><\/a>\n            <a href=\"https:\/\/pinterest.com\/pin\/create\/button\/?url=https:\/\/bluuglass.com\/en\/proprietes\/veterinary-clinic-for-sale-south-shore-of-montreal\/&#038;media=https:\/\/bluuglass.com\/wp-content\/uploads\/2025\/04\/getty-images-VYJUFNh6Mvk-unsplash-scaled-1.jpg&#038;description=Veterinary+Clinic+for+Sale+%E2%80%93+South+Shore+of+Montreal\" target=\"_blank\" rel=\"noreferrer\" class=\"social_pinterest\"><\/a>\n            <a href=\"https:\/\/wa.me\/?text=Veterinary%20Clinic%20for%20Sale%20\u2013%20South%20Shore%20of%20Montreal%20https:\/\/bluuglass.com\/en\/proprietes\/veterinary-clinic-for-sale-south-shore-of-montreal\/\" class=\"social_whatsup\" rel=\"noreferrer\" target=\"_blank\"><\/a>\n            <a href=\"mailto:?su&#98;&#106;ect=V&#101;te&#114;i&#110;a&#114;y&#43;C&#108;i&#110;&#105;c+&#102;&#111;&#114;+&#83;&#97;l&#101;+%E&#50;&#37;&#56;&#48;%9&#51;+&#83;&#111;&#117;&#116;&#104;&#43;Sh&#111;re+&#111;f+Montrea&#108;&#38;a&#109;p;bo&#100;&#121;=&#104;ttps&#37;&#51;&#65;%2&#70;&#37;2F&#98;luug&#108;as&#115;&#46;&#99;&#111;&#109;&#37;2F&#101;n&#37;2Fpr&#111;pr&#105;&#101;&#116;e&#115;&#37;&#50;F&#118;&#101;t&#101;r&#105;n&#97;r&#121;-c&#108;i&#110;&#105;c&#45;for-&#115;&#97;&#108;&#101;-s&#111;&#117;t&#104;-&#115;&#104;or&#101;&#45;of&#45;mon&#116;&#114;&#101;a&#108;&#37;2F\" data-action=\"share email\" class=\"social_email\"><\/a>\n        <\/div>\n                <span class=\"share_list\" data-bs-toggle=\"tooltip\" title=\"share\"><\/span>\n    \n            <span class=\"icon-fav icon-fav-off\" \n            data-bs-toggle=\"tooltip\" \n            title=\"add to favorites\" \n            data-postid=\"36230\">\n        <\/span>\n    \n            <span class=\"compare-action\" \n            data-bs-toggle=\"tooltip\"\n            title=\"compare\" \n            data-pimage=\"https:\/\/bluuglass.com\/wp-content\/uploads\/2025\/04\/getty-images-VYJUFNh6Mvk-unsplash-scaled-1-143x83.jpg\" \n            data-pid=\"36230\">\n        <\/span>\n    <\/div>\n            <\/div>\n\n            <div class=\"property-unit-information-wrapper\">\n                <h4>\n  <a href=\"https:\/\/bluuglass.com\/en\/proprietes\/veterinary-clinic-for-sale-south-shore-of-montreal\/\" >Veterinary Clinic for Sale \u2013 South Shore of ...<\/a>\n<\/h4><div class=\"property_listing_details\">\n    <\/div>\n    <div class=\"listing_details the_list_view\">\n        This veterinary clinic offers a complete range of services for dogs and cats, including: General exa <a href=\"https:\/\/bluuglass.com\/en\/proprietes\/veterinary-clinic-for-sale-south-shore-of-montreal\/\" class=\"unit_more_x\"> ...<\/a>    <\/div>\n            <\/div>\n            <\/div>\n<\/div>\n<div class=\"col-lg-4 col-12 col-sm-6 col-md-6   listing_wrapper  property_unit_type4\"\n    data-org=\"4\"\n    data-main-modal=\"https:\/\/bluuglass.com\/wp-content\/uploads\/2025\/04\/Traiteur-a-vendre-1-835x467.jpg\"\n    data-modal-title=\"Catering Business for Sale with Two Locations \u2013 South Shore of Montreal\"\n    data-modal-link=\"https:\/\/bluuglass.com\/en\/proprietes\/catering-business-for-sale-with-two-locations-south-shore-of-montreal\/\"\n    data-listid=\"36226\">\n\n    <div class=\"property_listing property_unit_type4 \"\n         data-link=\"\">\n\n                    <div class=\"listing-unit-img-wrapper\">\n                <div class=\"featured_gradient\"><\/div>\n                    <div id=\"property_unit_carousel_69f566cca699a\" class=\"carousel property_unit_carousel slide\" data-bs-interval=\"false\">\n        <div class=\"carousel-inner\">\n           \n            <div class=\"carousel-item active\">\n                <a href=\"https:\/\/bluuglass.com\/en\/proprietes\/catering-business-for-sale-with-two-locations-south-shore-of-montreal\/\" target=\"_self\">\n                    <img decoding=\"async\" width=\"525px\" height=\"328px\" src=\"https:\/\/bluuglass.com\/wp-content\/uploads\/2025\/04\/Traiteur-a-vendre-1-525x328.jpg\" alt=\"Catering Business for Sale with Two Locations \u2013 South Shore of Montreal\" class=\"d-block w-100 img-fluid\" loading=\"lazy\" \/>\n                <\/a>\n            <\/div>        <\/div>\n                    <button class=\"carousel-control-prev\" type=\"button\" data-bs-target=\"#property_unit_carousel_69f566cca699a\" data-bs-slide=\"prev\">\n                <span class=\"carousel-control-prev-icon\" aria-hidden=\"true\"><\/span>\n                <span class=\"visually-hidden\">Previous<\/span>\n            <\/button>\n            <button class=\"carousel-control-next\" type=\"button\" data-bs-target=\"#property_unit_carousel_69f566cca699a\" data-bs-slide=\"next\">\n                <span class=\"carousel-control-next-icon\" aria-hidden=\"true\"><\/span>\n                <span class=\"visually-hidden\">Next<\/span>\n            <\/button>\n            <\/div>\n    <div class=\"tag-wrapper\">\n    <div class=\"status-wrapper\">\n    <div class=\"action_tag_wrapper For sale\">For sale<\/div><\/div>\n<\/div>\n<div class=\"listing_actions\">\n                    <div class=\"share_unit\">\n            <a href=\"https:\/\/www.facebook.com\/sharer.php?u=https:\/\/bluuglass.com\/en\/proprietes\/catering-business-for-sale-with-two-locations-south-shore-of-montreal\/&#038;t=Catering+Business+for+Sale+with+Two+Locations+%E2%80%93+South+Shore+of+Montreal\" target=\"_blank\" rel=\"noreferrer\" class=\"social_facebook\"><\/a>\n            <a href=\"https:\/\/twitter.com\/intent\/tweet?text=Catering+Business+for+Sale+with+Two+Locations+%E2%80%93+South+Shore+of+Montreal+https%3A%2F%2Fbluuglass.com%2Fen%2Fproprietes%2Fcatering-business-for-sale-with-two-locations-south-shore-of-montreal%2F\" class=\"social_tweet\" rel=\"noreferrer\" target=\"_blank\"><\/a>\n            <a href=\"https:\/\/pinterest.com\/pin\/create\/button\/?url=https:\/\/bluuglass.com\/en\/proprietes\/catering-business-for-sale-with-two-locations-south-shore-of-montreal\/&#038;media=https:\/\/bluuglass.com\/wp-content\/uploads\/2025\/04\/Traiteur-a-vendre-1.jpg&#038;description=Catering+Business+for+Sale+with+Two+Locations+%E2%80%93+South+Shore+of+Montreal\" target=\"_blank\" rel=\"noreferrer\" class=\"social_pinterest\"><\/a>\n            <a href=\"https:\/\/wa.me\/?text=Catering%20Business%20for%20Sale%20with%20Two%20Locations%20\u2013%20South%20Shore%20of%20Montreal%20https:\/\/bluuglass.com\/en\/proprietes\/catering-business-for-sale-with-two-locations-south-shore-of-montreal\/\" class=\"social_whatsup\" rel=\"noreferrer\" target=\"_blank\"><\/a>\n            <a href=\"mailto:?s&#117;&#98;&#106;ec&#116;&#61;&#67;&#97;&#116;eri&#110;&#103;&#43;Bu&#115;&#105;&#110;ess&#43;fo&#114;&#43;Sale+wi&#116;&#104;+&#84;&#119;o&#43;L&#111;&#99;&#97;t&#105;&#111;ns+&#37;&#69;&#50;%8&#48;&#37;&#57;3+&#83;&#111;ut&#104;+S&#104;&#111;r&#101;&#43;&#111;&#102;+&#77;on&#116;&#114;e&#97;l&am&#112;;b&#111;&#100;y=h&#116;&#116;&#112;s%&#51;A&#37;2&#70;%&#50;&#70;bluugl&#97;ss&#46;com&#37;&#50;&#70;en&#37;2Fp&#114;o&#112;&#114;iete&#115;%2&#70;cate&#114;&#105;ng&#45;b&#117;s&#105;&#110;&#101;&#115;&#115;-&#102;&#111;r&#45;&#115;ale&#45;&#119;&#105;t&#104;-&#116;w&#111;&#45;l&#111;catio&#110;&#115;-s&#111;&#117;&#116;&#104;-&#115;&#104;&#111;re-&#111;f-mon&#116;&#114;eal&#37;&#50;F\" data-action=\"share email\" class=\"social_email\"><\/a>\n        <\/div>\n                <span class=\"share_list\" data-bs-toggle=\"tooltip\" title=\"share\"><\/span>\n    \n            <span class=\"icon-fav icon-fav-off\" \n            data-bs-toggle=\"tooltip\" \n            title=\"add to favorites\" \n            data-postid=\"36226\">\n        <\/span>\n    \n            <span class=\"compare-action\" \n            data-bs-toggle=\"tooltip\"\n            title=\"compare\" \n            data-pimage=\"https:\/\/bluuglass.com\/wp-content\/uploads\/2025\/04\/Traiteur-a-vendre-1-143x83.jpg\" \n            data-pid=\"36226\">\n        <\/span>\n    <\/div>\n            <\/div>\n\n            <div class=\"property-unit-information-wrapper\">\n                <h4>\n  <a href=\"https:\/\/bluuglass.com\/en\/proprietes\/catering-business-for-sale-with-two-locations-south-shore-of-montreal\/\" >Catering Business for Sale with Two Location...<\/a>\n<\/h4><div class=\"property_listing_details\">\n    <\/div>\n    <div class=\"listing_details the_list_view\">\n        This catering company, located in Mont\u00e9r\u00e9gie, is for sale and specializes in the preparation of read <a href=\"https:\/\/bluuglass.com\/en\/proprietes\/catering-business-for-sale-with-two-locations-south-shore-of-montreal\/\" class=\"unit_more_x\"> ...<\/a>    <\/div>\n            <\/div>\n            <\/div>\n<\/div>\n<div class=\"col-lg-4 col-12 col-sm-6 col-md-6   listing_wrapper  property_unit_type4\"\n    data-org=\"4\"\n    data-main-modal=\"https:\/\/bluuglass.com\/wp-content\/uploads\/2025\/02\/toon-lambrechts-TpNA_02AzXY-unsplash-1-835x467.jpg\"\n    data-modal-title=\"Commercial cleaning in Quebec\"\n    data-modal-link=\"https:\/\/bluuglass.com\/en\/proprietes\/commercial-cleaning-in-quebec\/\"\n    data-listid=\"35874\">\n\n    <div class=\"property_listing property_unit_type4 \"\n         data-link=\"\">\n\n                    <div class=\"listing-unit-img-wrapper\">\n                <div class=\"featured_gradient\"><\/div>\n                    <div id=\"property_unit_carousel_69f566cca703a\" class=\"carousel property_unit_carousel slide\" data-bs-interval=\"false\">\n        <div class=\"carousel-inner\">\n           \n            <div class=\"carousel-item active\">\n                <a href=\"https:\/\/bluuglass.com\/en\/proprietes\/commercial-cleaning-in-quebec\/\" target=\"_self\">\n                    <img decoding=\"async\" width=\"525px\" height=\"328px\" src=\"https:\/\/bluuglass.com\/wp-content\/uploads\/2025\/02\/toon-lambrechts-TpNA_02AzXY-unsplash-1-525x328.jpg\" alt=\"Commercial cleaning in Quebec\" class=\"d-block w-100 img-fluid\" loading=\"lazy\" \/>\n                <\/a>\n            <\/div>        <\/div>\n                    <button class=\"carousel-control-prev\" type=\"button\" data-bs-target=\"#property_unit_carousel_69f566cca703a\" data-bs-slide=\"prev\">\n                <span class=\"carousel-control-prev-icon\" aria-hidden=\"true\"><\/span>\n                <span class=\"visually-hidden\">Previous<\/span>\n            <\/button>\n            <button class=\"carousel-control-next\" type=\"button\" data-bs-target=\"#property_unit_carousel_69f566cca703a\" data-bs-slide=\"next\">\n                <span class=\"carousel-control-next-icon\" aria-hidden=\"true\"><\/span>\n                <span class=\"visually-hidden\">Next<\/span>\n            <\/button>\n            <\/div>\n    <div class=\"tag-wrapper\">\n    <div class=\"status-wrapper\">\n    <\/div>\n<\/div>\n<div class=\"listing_actions\">\n                    <div class=\"share_unit\">\n            <a href=\"https:\/\/www.facebook.com\/sharer.php?u=https:\/\/bluuglass.com\/en\/proprietes\/commercial-cleaning-in-quebec\/&#038;t=Commercial+cleaning+in+Quebec\" target=\"_blank\" rel=\"noreferrer\" class=\"social_facebook\"><\/a>\n            <a href=\"https:\/\/twitter.com\/intent\/tweet?text=Commercial+cleaning+in+Quebec+https%3A%2F%2Fbluuglass.com%2Fen%2Fproprietes%2Fcommercial-cleaning-in-quebec%2F\" class=\"social_tweet\" rel=\"noreferrer\" target=\"_blank\"><\/a>\n            <a href=\"https:\/\/pinterest.com\/pin\/create\/button\/?url=https:\/\/bluuglass.com\/en\/proprietes\/commercial-cleaning-in-quebec\/&#038;media=https:\/\/bluuglass.com\/wp-content\/uploads\/2025\/02\/toon-lambrechts-TpNA_02AzXY-unsplash-1.jpg&#038;description=Commercial+cleaning+in+Quebec\" target=\"_blank\" rel=\"noreferrer\" class=\"social_pinterest\"><\/a>\n            <a href=\"https:\/\/wa.me\/?text=Commercial%20cleaning%20in%20Quebec%20https:\/\/bluuglass.com\/en\/proprietes\/commercial-cleaning-in-quebec\/\" class=\"social_whatsup\" rel=\"noreferrer\" target=\"_blank\"><\/a>\n            <a href=\"mailto:?subj&#101;ct=&#67;&#111;&#109;m&#101;&#114;ci&#97;l&#43;c&#108;&#101;&#97;n&#105;n&#103;&#43;in+&#81;u&#101;&#98;&#101;c&#38;a&#109;p;&#98;ody&#61;h&#116;&#116;p&#115;&#37;3&#65;%2&#70;%&#50;Fb&#108;u&#117;&#103;&#108;&#97;ss&#46;c&#111;&#109;%&#50;&#70;&#101;n&#37;&#50;F&#112;&#114;&#111;p&#114;&#105;&#101;t&#101;s&#37;&#50;F&#99;&#111;mmer&#99;&#105;a&#108;-c&#108;&#101;ani&#110;g-&#105;&#110;&#45;&#113;&#117;&#101;&#98;&#101;c%&#50;&#70;\" data-action=\"share email\" class=\"social_email\"><\/a>\n        <\/div>\n                <span class=\"share_list\" data-bs-toggle=\"tooltip\" title=\"share\"><\/span>\n    \n            <span class=\"icon-fav icon-fav-off\" \n            data-bs-toggle=\"tooltip\" \n            title=\"add to favorites\" \n            data-postid=\"35874\">\n        <\/span>\n    \n            <span class=\"compare-action\" \n            data-bs-toggle=\"tooltip\"\n            title=\"compare\" \n            data-pimage=\"https:\/\/bluuglass.com\/wp-content\/uploads\/2025\/02\/toon-lambrechts-TpNA_02AzXY-unsplash-1-143x83.jpg\" \n            data-pid=\"35874\">\n        <\/span>\n    <\/div>\n            <\/div>\n\n            <div class=\"property-unit-information-wrapper\">\n                <h4>\n  <a href=\"https:\/\/bluuglass.com\/en\/proprietes\/commercial-cleaning-in-quebec\/\" >Commercial cleaning in Quebec<\/a>\n<\/h4><div class=\"property_listing_details\">\n    <\/div>\n    <div class=\"listing_details the_list_view\">\n        Founded in Quebec, this company specializes in commercial cleaning and the maintenance of common are <a href=\"https:\/\/bluuglass.com\/en\/proprietes\/commercial-cleaning-in-quebec\/\" class=\"unit_more_x\"> ...<\/a>    <\/div>\n            <\/div>\n            <\/div>\n<\/div>\n<div class=\"col-lg-4 col-12 col-sm-6 col-md-6   listing_wrapper  property_unit_type4\"\n    data-org=\"4\"\n    data-main-modal=\"https:\/\/bluuglass.com\/wp-content\/uploads\/2025\/02\/VENDU-SOLD-TEMPLATE-835x467.png\"\n    data-modal-title=\"Turnkey Beauty Salon for Sale\"\n    data-modal-link=\"https:\/\/bluuglass.com\/en\/proprietes\/turnkey-beauty-salon-for-sale\/\"\n    data-listid=\"35821\">\n\n    <div class=\"property_listing property_unit_type4 \"\n         data-link=\"\">\n\n                    <div class=\"listing-unit-img-wrapper\">\n                <div class=\"featured_gradient\"><\/div>\n                    <div id=\"property_unit_carousel_69f566cca77c9\" class=\"carousel property_unit_carousel slide\" data-bs-interval=\"false\">\n        <div class=\"carousel-inner\">\n           \n            <div class=\"carousel-item active\">\n                <a href=\"https:\/\/bluuglass.com\/en\/proprietes\/turnkey-beauty-salon-for-sale\/\" target=\"_self\">\n                    <img decoding=\"async\" width=\"525px\" height=\"328px\" src=\"https:\/\/bluuglass.com\/wp-content\/uploads\/2025\/02\/VENDU-SOLD-TEMPLATE-525x328.png\" alt=\"Turnkey Beauty Salon for Sale\" class=\"d-block w-100 img-fluid\" loading=\"lazy\" \/>\n                <\/a>\n            <\/div><div class=\"carousel-item \">\n                <a href=\"https:\/\/bluuglass.com\/en\/proprietes\/turnkey-beauty-salon-for-sale\/\" target=\"_self\">\n                    <img decoding=\"async\" width=\"525px\" height=\"328px\" src=\"https:\/\/bluuglass.com\/wp-content\/uploads\/2025\/02\/image14-1-525x328.jpeg\" alt=\"Turnkey Beauty Salon for Sale\" class=\"d-block w-100 img-fluid\" loading=\"lazy\" \/>\n                <\/a>\n            <\/div>        <\/div>\n                    <button class=\"carousel-control-prev\" type=\"button\" data-bs-target=\"#property_unit_carousel_69f566cca77c9\" data-bs-slide=\"prev\">\n                <span class=\"carousel-control-prev-icon\" aria-hidden=\"true\"><\/span>\n                <span class=\"visually-hidden\">Previous<\/span>\n            <\/button>\n            <button class=\"carousel-control-next\" type=\"button\" data-bs-target=\"#property_unit_carousel_69f566cca77c9\" data-bs-slide=\"next\">\n                <span class=\"carousel-control-next-icon\" aria-hidden=\"true\"><\/span>\n                <span class=\"visually-hidden\">Next<\/span>\n            <\/button>\n            <\/div>\n    <div class=\"tag-wrapper\">\n    <div class=\"status-wrapper\">\n    <div class=\"action_tag_wrapper Sold\">Sold<\/div><\/div>\n<\/div>\n<div class=\"listing_actions\">\n                    <div class=\"share_unit\">\n            <a href=\"https:\/\/www.facebook.com\/sharer.php?u=https:\/\/bluuglass.com\/en\/proprietes\/turnkey-beauty-salon-for-sale\/&#038;t=Turnkey+Beauty+Salon+for+Sale\" target=\"_blank\" rel=\"noreferrer\" class=\"social_facebook\"><\/a>\n            <a href=\"https:\/\/twitter.com\/intent\/tweet?text=Turnkey+Beauty+Salon+for+Sale+https%3A%2F%2Fbluuglass.com%2Fen%2Fproprietes%2Fturnkey-beauty-salon-for-sale%2F\" class=\"social_tweet\" rel=\"noreferrer\" target=\"_blank\"><\/a>\n            <a href=\"https:\/\/pinterest.com\/pin\/create\/button\/?url=https:\/\/bluuglass.com\/en\/proprietes\/turnkey-beauty-salon-for-sale\/&#038;media=https:\/\/bluuglass.com\/wp-content\/uploads\/2025\/02\/VENDU-SOLD-TEMPLATE-scaled.png&#038;description=Turnkey+Beauty+Salon+for+Sale\" target=\"_blank\" rel=\"noreferrer\" class=\"social_pinterest\"><\/a>\n            <a href=\"https:\/\/wa.me\/?text=Turnkey%20Beauty%20Salon%20for%20Sale%20https:\/\/bluuglass.com\/en\/proprietes\/turnkey-beauty-salon-for-sale\/\" class=\"social_whatsup\" rel=\"noreferrer\" target=\"_blank\"><\/a>\n            <a href=\"mailto:?subj&#101;&#99;t=Tur&#110;ke&#121;+Be&#97;uty&#43;&#83;alo&#110;+f&#111;&#114;+S&#97;&#108;e&#38;&#97;&#109;p&#59;&#98;&#111;&#100;y&#61;h&#116;&#116;&#112;s&#37;&#51;A%&#50;F&#37;&#50;&#70;b&#108;uu&#103;&#108;&#97;ss.c&#111;m%2Fen&#37;&#50;&#70;p&#114;&#111;&#112;r&#105;e&#116;e&#115;&#37;&#50;Ftu&#114;&#110;&#107;e&#121;&#45;b&#101;&#97;ut&#121;&#45;sa&#108;&#111;n-for-sa&#108;&#101;%&#50;&#70;\" data-action=\"share email\" class=\"social_email\"><\/a>\n        <\/div>\n                <span class=\"share_list\" data-bs-toggle=\"tooltip\" title=\"share\"><\/span>\n    \n            <span class=\"icon-fav icon-fav-off\" \n            data-bs-toggle=\"tooltip\" \n            title=\"add to favorites\" \n            data-postid=\"35821\">\n        <\/span>\n    \n            <span class=\"compare-action\" \n            data-bs-toggle=\"tooltip\"\n            title=\"compare\" \n            data-pimage=\"https:\/\/bluuglass.com\/wp-content\/uploads\/2025\/02\/VENDU-SOLD-TEMPLATE-143x83.png\" \n            data-pid=\"35821\">\n        <\/span>\n    <\/div>\n            <\/div>\n\n            <div class=\"property-unit-information-wrapper\">\n                <h4>\n  <a href=\"https:\/\/bluuglass.com\/en\/proprietes\/turnkey-beauty-salon-for-sale\/\" >Turnkey Beauty Salon for Sale<\/a>\n<\/h4><div class=\"property_listing_details\">\n    <\/div>\n    <div class=\"listing_details the_list_view\">\n        Opportunity to acquire a complete beauty salon offering facial care, microdermabrasion, peels, resur <a href=\"https:\/\/bluuglass.com\/en\/proprietes\/turnkey-beauty-salon-for-sale\/\" class=\"unit_more_x\"> ...<\/a>    <\/div>\n            <\/div>\n            <\/div>\n<\/div>\n<div class=\"col-lg-4 col-12 col-sm-6 col-md-6   listing_wrapper  property_unit_type4\"\n    data-org=\"4\"\n    data-main-modal=\"https:\/\/bluuglass.com\/wp-content\/uploads\/2025\/02\/VENDU-SOLD-TEMPLATE-1-835x467.png\"\n    data-modal-title=\"Bakery, pastry, prepared meals Montreal\"\n    data-modal-link=\"https:\/\/bluuglass.com\/en\/proprietes\/bakery-pastry-prepared-meals-montreal\/\"\n    data-listid=\"35809\">\n\n    <div class=\"property_listing property_unit_type4 \"\n         data-link=\"\">\n\n                    <div class=\"listing-unit-img-wrapper\">\n                <div class=\"featured_gradient\"><\/div>\n                    <div id=\"property_unit_carousel_69f566cca80af\" class=\"carousel property_unit_carousel slide\" data-bs-interval=\"false\">\n        <div class=\"carousel-inner\">\n           \n            <div class=\"carousel-item active\">\n                <a href=\"https:\/\/bluuglass.com\/en\/proprietes\/bakery-pastry-prepared-meals-montreal\/\" target=\"_self\">\n                    <img decoding=\"async\" width=\"525px\" height=\"328px\" src=\"https:\/\/bluuglass.com\/wp-content\/uploads\/2025\/02\/VENDU-SOLD-TEMPLATE-1-525x328.png\" alt=\"Bakery, pastry, prepared meals Montreal\" class=\"d-block w-100 img-fluid\" loading=\"lazy\" \/>\n                <\/a>\n            <\/div><div class=\"carousel-item \">\n                <a href=\"https:\/\/bluuglass.com\/en\/proprietes\/bakery-pastry-prepared-meals-montreal\/\" target=\"_self\">\n                    <img decoding=\"async\" width=\"509px\" height=\"328px\" src=\"https:\/\/bluuglass.com\/wp-content\/uploads\/2025\/02\/Boulangerie-a-vendre-509x328.png\" alt=\"Bakery, pastry, prepared meals Montreal\" class=\"d-block w-100 img-fluid\" loading=\"lazy\" \/>\n                <\/a>\n            <\/div>        <\/div>\n                    <button class=\"carousel-control-prev\" type=\"button\" data-bs-target=\"#property_unit_carousel_69f566cca80af\" data-bs-slide=\"prev\">\n                <span class=\"carousel-control-prev-icon\" aria-hidden=\"true\"><\/span>\n                <span class=\"visually-hidden\">Previous<\/span>\n            <\/button>\n            <button class=\"carousel-control-next\" type=\"button\" data-bs-target=\"#property_unit_carousel_69f566cca80af\" data-bs-slide=\"next\">\n                <span class=\"carousel-control-next-icon\" aria-hidden=\"true\"><\/span>\n                <span class=\"visually-hidden\">Next<\/span>\n            <\/button>\n            <\/div>\n    <div class=\"tag-wrapper\">\n    <div class=\"status-wrapper\">\n    <div class=\"action_tag_wrapper Sold\">Sold<\/div><\/div>\n<\/div>\n<div class=\"listing_actions\">\n                    <div class=\"share_unit\">\n            <a href=\"https:\/\/www.facebook.com\/sharer.php?u=https:\/\/bluuglass.com\/en\/proprietes\/bakery-pastry-prepared-meals-montreal\/&#038;t=Bakery%2C+pastry%2C+prepared+meals+Montreal\" target=\"_blank\" rel=\"noreferrer\" class=\"social_facebook\"><\/a>\n            <a href=\"https:\/\/twitter.com\/intent\/tweet?text=Bakery%2C+pastry%2C+prepared+meals+Montreal+https%3A%2F%2Fbluuglass.com%2Fen%2Fproprietes%2Fbakery-pastry-prepared-meals-montreal%2F\" class=\"social_tweet\" rel=\"noreferrer\" target=\"_blank\"><\/a>\n            <a href=\"https:\/\/pinterest.com\/pin\/create\/button\/?url=https:\/\/bluuglass.com\/en\/proprietes\/bakery-pastry-prepared-meals-montreal\/&#038;media=https:\/\/bluuglass.com\/wp-content\/uploads\/2025\/02\/VENDU-SOLD-TEMPLATE-1-scaled.png&#038;description=Bakery%2C+pastry%2C+prepared+meals+Montreal\" target=\"_blank\" rel=\"noreferrer\" class=\"social_pinterest\"><\/a>\n            <a href=\"https:\/\/wa.me\/?text=Bakery,%20pastry,%20prepared%20meals%20Montreal%20https:\/\/bluuglass.com\/en\/proprietes\/bakery-pastry-prepared-meals-montreal\/\" class=\"social_whatsup\" rel=\"noreferrer\" target=\"_blank\"><\/a>\n            <a href=\"mailto:?&#115;u&#98;jec&#116;&#61;B&#97;ker&#121;&#37;2C+p&#97;&#115;&#116;&#114;y&#37;&#50;&#67;&#43;p&#114;ep&#97;&#114;&#101;d+m&#101;al&#115;&#43;&#77;&#111;n&#116;&#114;&#101;al&#38;amp;&#98;&#111;&#100;&#121;=&#104;t&#116;ps%&#51;A%2F&#37;2F&#98;&#108;u&#117;&#103;&#108;&#97;&#115;s&#46;com&#37;2&#70;e&#110;%&#50;F&#112;ro&#112;r&#105;&#101;&#116;es&#37;&#50;F&#98;ak&#101;r&#121;&#45;pas&#116;&#114;&#121;&#45;&#112;r&#101;p&#97;&#114;&#101;d&#45;&#109;&#101;&#97;ls-&#109;&#111;n&#116;&#114;&#101;a&#108;&#37;2&#70;\" data-action=\"share email\" class=\"social_email\"><\/a>\n        <\/div>\n                <span class=\"share_list\" data-bs-toggle=\"tooltip\" title=\"share\"><\/span>\n    \n            <span class=\"icon-fav icon-fav-off\" \n            data-bs-toggle=\"tooltip\" \n            title=\"add to favorites\" \n            data-postid=\"35809\">\n        <\/span>\n    \n            <span class=\"compare-action\" \n            data-bs-toggle=\"tooltip\"\n            title=\"compare\" \n            data-pimage=\"https:\/\/bluuglass.com\/wp-content\/uploads\/2025\/02\/VENDU-SOLD-TEMPLATE-1-143x83.png\" \n            data-pid=\"35809\">\n        <\/span>\n    <\/div>\n            <\/div>\n\n            <div class=\"property-unit-information-wrapper\">\n                <h4>\n  <a href=\"https:\/\/bluuglass.com\/en\/proprietes\/bakery-pastry-prepared-meals-montreal\/\" >Bakery, pastry, prepared meals Montreal<\/a>\n<\/h4><div class=\"property_listing_details\">\n    <\/div>\n    <div class=\"listing_details the_list_view\">\n        This French-style bakery and pastry shop is a company recognized for its varied offering of artisana <a href=\"https:\/\/bluuglass.com\/en\/proprietes\/bakery-pastry-prepared-meals-montreal\/\" class=\"unit_more_x\"> ...<\/a>    <\/div>\n            <\/div>\n            <\/div>\n<\/div>\n<div class=\"col-lg-4 col-12 col-sm-6 col-md-6   listing_wrapper  property_unit_type4\"\n    data-org=\"4\"\n    data-main-modal=\"https:\/\/bluuglass.com\/wp-content\/uploads\/2024\/11\/IMG_0003-835x467.png\"\n    data-modal-title=\"Commercial building in the former Molson bank\"\n    data-modal-link=\"https:\/\/bluuglass.com\/en\/proprietes\/commercial-building-in-the-former-molson-bank\/\"\n    data-listid=\"35508\">\n\n    <div class=\"property_listing property_unit_type4 \"\n         data-link=\"\">\n\n                    <div class=\"listing-unit-img-wrapper\">\n                <div class=\"featured_gradient\"><\/div>\n                    <div id=\"property_unit_carousel_69f566cca8a02\" class=\"carousel property_unit_carousel slide\" data-bs-interval=\"false\">\n        <div class=\"carousel-inner\">\n           \n            <div class=\"carousel-item active\">\n                <a href=\"https:\/\/bluuglass.com\/en\/proprietes\/commercial-building-in-the-former-molson-bank\/\" target=\"_self\">\n                    <img decoding=\"async\" width=\"525px\" height=\"328px\" src=\"https:\/\/bluuglass.com\/wp-content\/uploads\/2024\/11\/IMG_0003-525x328.png\" alt=\"Commercial building in the former Molson bank\" class=\"d-block w-100 img-fluid\" loading=\"lazy\" \/>\n                <\/a>\n            <\/div>        <\/div>\n                    <button class=\"carousel-control-prev\" type=\"button\" data-bs-target=\"#property_unit_carousel_69f566cca8a02\" data-bs-slide=\"prev\">\n                <span class=\"carousel-control-prev-icon\" aria-hidden=\"true\"><\/span>\n                <span class=\"visually-hidden\">Previous<\/span>\n            <\/button>\n            <button class=\"carousel-control-next\" type=\"button\" data-bs-target=\"#property_unit_carousel_69f566cca8a02\" data-bs-slide=\"next\">\n                <span class=\"carousel-control-next-icon\" aria-hidden=\"true\"><\/span>\n                <span class=\"visually-hidden\">Next<\/span>\n            <\/button>\n            <\/div>\n    <div class=\"tag-wrapper\">\n    <div class=\"status-wrapper\">\n    <div class=\"action_tag_wrapper For sale\">For sale<\/div><\/div>\n<\/div>\n<div class=\"listing_actions\">\n                    <div class=\"share_unit\">\n            <a href=\"https:\/\/www.facebook.com\/sharer.php?u=https:\/\/bluuglass.com\/en\/proprietes\/commercial-building-in-the-former-molson-bank\/&#038;t=Commercial+building+in+the+former+Molson+bank\" target=\"_blank\" rel=\"noreferrer\" class=\"social_facebook\"><\/a>\n            <a href=\"https:\/\/twitter.com\/intent\/tweet?text=Commercial+building+in+the+former+Molson+bank+https%3A%2F%2Fbluuglass.com%2Fen%2Fproprietes%2Fcommercial-building-in-the-former-molson-bank%2F\" class=\"social_tweet\" rel=\"noreferrer\" target=\"_blank\"><\/a>\n            <a href=\"https:\/\/pinterest.com\/pin\/create\/button\/?url=https:\/\/bluuglass.com\/en\/proprietes\/commercial-building-in-the-former-molson-bank\/&#038;media=https:\/\/bluuglass.com\/wp-content\/uploads\/2024\/11\/IMG_0003.png&#038;description=Commercial+building+in+the+former+Molson+bank\" target=\"_blank\" rel=\"noreferrer\" class=\"social_pinterest\"><\/a>\n            <a href=\"https:\/\/wa.me\/?text=Commercial%20building%20in%20the%20former%20Molson%20bank%20https:\/\/bluuglass.com\/en\/proprietes\/commercial-building-in-the-former-molson-bank\/\" class=\"social_whatsup\" rel=\"noreferrer\" target=\"_blank\"><\/a>\n            <a href=\"mailto:?&#115;ub&#106;&#101;&#99;&#116;&#61;C&#111;mm&#101;r&#99;&#105;&#97;l&#43;b&#117;&#105;&#108;d&#105;&#110;g&#43;i&#110;&#43;&#116;&#104;e&#43;f&#111;&#114;&#109;er&#43;&#77;&#111;&#108;&#115;on&#43;ba&#110;&#107;&a&#109;&#112;;&#98;&#111;&#100;&#121;=ht&#116;ps&#37;3A%&#50;&#70;&#37;&#50;Fbl&#117;ugl&#97;&#115;&#115;&#46;&#99;&#111;m&#37;&#50;&#70;&#101;&#110;%&#50;Fp&#114;op&#114;&#105;&#101;&#116;e&#115;&#37;2&#70;co&#109;&#109;&#101;&#114;ci&#97;l&#45;&#98;u&#105;ld&#105;ng&#45;i&#110;-&#116;&#104;e-&#102;or&#109;e&#114;&#45;mol&#115;&#111;n-bank%2&#70;\" data-action=\"share email\" class=\"social_email\"><\/a>\n        <\/div>\n                <span class=\"share_list\" data-bs-toggle=\"tooltip\" title=\"share\"><\/span>\n    \n            <span class=\"icon-fav icon-fav-off\" \n            data-bs-toggle=\"tooltip\" \n            title=\"add to favorites\" \n            data-postid=\"35508\">\n        <\/span>\n    \n            <span class=\"compare-action\" \n            data-bs-toggle=\"tooltip\"\n            title=\"compare\" \n            data-pimage=\"https:\/\/bluuglass.com\/wp-content\/uploads\/2024\/11\/IMG_0003-143x83.png\" \n            data-pid=\"35508\">\n        <\/span>\n    <\/div>\n            <\/div>\n\n            <div class=\"property-unit-information-wrapper\">\n                <h4>\n  <a href=\"https:\/\/bluuglass.com\/en\/proprietes\/commercial-building-in-the-former-molson-bank\/\" >Commercial building in the former Molson ban...<\/a>\n<\/h4><div class=\"property_listing_details\">\n    <\/div>\n    <div class=\"listing_details the_list_view\">\n        Recognized as the former Molson bank, the building boasts an impressive facade! It offers excellent  <a href=\"https:\/\/bluuglass.com\/en\/proprietes\/commercial-building-in-the-former-molson-bank\/\" class=\"unit_more_x\"> ...<\/a>    <\/div>\n            <\/div>\n            <\/div>\n<\/div>\n<div class=\"col-lg-4 col-12 col-sm-6 col-md-6   listing_wrapper  property_unit_type4\"\n    data-org=\"4\"\n    data-main-modal=\"https:\/\/bluuglass.com\/wp-content\/uploads\/2024\/10\/VENDU-SOLD-835x467.png\"\n    data-modal-title=\"Semi-commercial building\"\n    data-modal-link=\"https:\/\/bluuglass.com\/en\/proprietes\/semi-commercial-building\/\"\n    data-listid=\"35479\">\n\n    <div class=\"property_listing property_unit_type4 \"\n         data-link=\"\">\n\n                    <div class=\"listing-unit-img-wrapper\">\n                <div class=\"featured_gradient\"><\/div>\n                    <div id=\"property_unit_carousel_69f566ccaae74\" class=\"carousel property_unit_carousel slide\" data-bs-interval=\"false\">\n        <div class=\"carousel-inner\">\n           \n            <div class=\"carousel-item active\">\n                <a href=\"https:\/\/bluuglass.com\/en\/proprietes\/semi-commercial-building\/\" target=\"_self\">\n                    <img decoding=\"async\" width=\"525px\" height=\"328px\" src=\"https:\/\/bluuglass.com\/wp-content\/uploads\/2024\/10\/VENDU-SOLD-525x328.png\" alt=\"Semi-commercial building\" class=\"d-block w-100 img-fluid\" loading=\"lazy\" \/>\n                <\/a>\n            <\/div>        <\/div>\n                    <button class=\"carousel-control-prev\" type=\"button\" data-bs-target=\"#property_unit_carousel_69f566ccaae74\" data-bs-slide=\"prev\">\n                <span class=\"carousel-control-prev-icon\" aria-hidden=\"true\"><\/span>\n                <span class=\"visually-hidden\">Previous<\/span>\n            <\/button>\n            <button class=\"carousel-control-next\" type=\"button\" data-bs-target=\"#property_unit_carousel_69f566ccaae74\" data-bs-slide=\"next\">\n                <span class=\"carousel-control-next-icon\" aria-hidden=\"true\"><\/span>\n                <span class=\"visually-hidden\">Next<\/span>\n            <\/button>\n            <\/div>\n    <div class=\"tag-wrapper\">\n    <div class=\"status-wrapper\">\n    <div class=\"action_tag_wrapper Sold\">Sold<\/div><\/div>\n<\/div>\n<div class=\"listing_actions\">\n                    <div class=\"share_unit\">\n            <a href=\"https:\/\/www.facebook.com\/sharer.php?u=https:\/\/bluuglass.com\/en\/proprietes\/semi-commercial-building\/&#038;t=Semi-commercial+building\" target=\"_blank\" rel=\"noreferrer\" class=\"social_facebook\"><\/a>\n            <a href=\"https:\/\/twitter.com\/intent\/tweet?text=Semi-commercial+building+https%3A%2F%2Fbluuglass.com%2Fen%2Fproprietes%2Fsemi-commercial-building%2F\" class=\"social_tweet\" rel=\"noreferrer\" target=\"_blank\"><\/a>\n            <a href=\"https:\/\/pinterest.com\/pin\/create\/button\/?url=https:\/\/bluuglass.com\/en\/proprietes\/semi-commercial-building\/&#038;media=https:\/\/bluuglass.com\/wp-content\/uploads\/2024\/10\/VENDU-SOLD-scaled.png&#038;description=Semi-commercial+building\" target=\"_blank\" rel=\"noreferrer\" class=\"social_pinterest\"><\/a>\n            <a href=\"https:\/\/wa.me\/?text=Semi-commercial%20building%20https:\/\/bluuglass.com\/en\/proprietes\/semi-commercial-building\/\" class=\"social_whatsup\" rel=\"noreferrer\" target=\"_blank\"><\/a>\n            <a href=\"mailto:?s&#117;&#98;jec&#116;=&#83;&#101;mi-c&#111;&#109;&#109;&#101;&#114;&#99;&#105;&#97;l&#43;&#98;&#117;i&#108;&#100;ing&amp&#59;b&#111;&#100;&#121;&#61;h&#116;&#116;&#112;s%&#51;&#65;&#37;2F%&#50;&#70;&#98;&#108;uug&#108;&#97;&#115;&#115;.c&#111;m%2F&#101;&#110;%2Fpr&#111;&#112;ri&#101;&#116;es%2&#70;s&#101;&#109;&#105;-c&#111;&#109;&#109;erc&#105;&#97;l&#45;&#98;u&#105;ldin&#103;&#37;&#50;&#70;\" data-action=\"share email\" class=\"social_email\"><\/a>\n        <\/div>\n                <span class=\"share_list\" data-bs-toggle=\"tooltip\" title=\"share\"><\/span>\n    \n            <span class=\"icon-fav icon-fav-off\" \n            data-bs-toggle=\"tooltip\" \n            title=\"add to favorites\" \n            data-postid=\"35479\">\n        <\/span>\n    \n            <span class=\"compare-action\" \n            data-bs-toggle=\"tooltip\"\n            title=\"compare\" \n            data-pimage=\"https:\/\/bluuglass.com\/wp-content\/uploads\/2024\/10\/VENDU-SOLD-143x83.png\" \n            data-pid=\"35479\">\n        <\/span>\n    <\/div>\n            <\/div>\n\n            <div class=\"property-unit-information-wrapper\">\n                <h4>\n  <a href=\"https:\/\/bluuglass.com\/en\/proprietes\/semi-commercial-building\/\" >Semi-commercial building<\/a>\n<\/h4><div class=\"property_listing_details\">\n    <\/div>\n    <div class=\"listing_details the_list_view\">\n        Semi-commercial building very well located between Papineau and de Lorimier, featuring a commercial  <a href=\"https:\/\/bluuglass.com\/en\/proprietes\/semi-commercial-building\/\" class=\"unit_more_x\"> ...<\/a>    <\/div>\n            <\/div>\n            <\/div>\n<\/div>\n<div class=\"col-lg-4 col-12 col-sm-6 col-md-6   listing_wrapper  property_unit_type4\"\n    data-org=\"4\"\n    data-main-modal=\"https:\/\/bluuglass.com\/wp-content\/uploads\/2024\/10\/VENDU-SOLD-TEMPLATE-835x467.png\"\n    data-modal-title=\"Dynamic neighborhood grocery store\"\n    data-modal-link=\"https:\/\/bluuglass.com\/en\/proprietes\/dynamic-neighborhood-grocery-store\/\"\n    data-listid=\"35471\">\n\n    <div class=\"property_listing property_unit_type4 \"\n         data-link=\"\">\n\n                    <div class=\"listing-unit-img-wrapper\">\n                <div class=\"featured_gradient\"><\/div>\n                    <div id=\"property_unit_carousel_69f566ccab2d7\" class=\"carousel property_unit_carousel slide\" data-bs-interval=\"false\">\n        <div class=\"carousel-inner\">\n           \n            <div class=\"carousel-item active\">\n                <a href=\"https:\/\/bluuglass.com\/en\/proprietes\/dynamic-neighborhood-grocery-store\/\" target=\"_self\">\n                    <img decoding=\"async\" width=\"525px\" height=\"328px\" src=\"https:\/\/bluuglass.com\/wp-content\/uploads\/2024\/10\/VENDU-SOLD-TEMPLATE-525x328.png\" alt=\"Dynamic neighborhood grocery store\" class=\"d-block w-100 img-fluid\" loading=\"lazy\" \/>\n                <\/a>\n            <\/div><div class=\"carousel-item \">\n                <a href=\"https:\/\/bluuglass.com\/en\/proprietes\/dynamic-neighborhood-grocery-store\/\" target=\"_self\">\n                    <img decoding=\"async\" width=\"525px\" height=\"328px\" src=\"https:\/\/bluuglass.com\/wp-content\/uploads\/2024\/10\/1.1-525x328.jpg\" alt=\"Dynamic neighborhood grocery store\" class=\"d-block w-100 img-fluid\" loading=\"lazy\" \/>\n                <\/a>\n            <\/div>        <\/div>\n                    <button class=\"carousel-control-prev\" type=\"button\" data-bs-target=\"#property_unit_carousel_69f566ccab2d7\" data-bs-slide=\"prev\">\n                <span class=\"carousel-control-prev-icon\" aria-hidden=\"true\"><\/span>\n                <span class=\"visually-hidden\">Previous<\/span>\n            <\/button>\n            <button class=\"carousel-control-next\" type=\"button\" data-bs-target=\"#property_unit_carousel_69f566ccab2d7\" data-bs-slide=\"next\">\n                <span class=\"carousel-control-next-icon\" aria-hidden=\"true\"><\/span>\n                <span class=\"visually-hidden\">Next<\/span>\n            <\/button>\n            <\/div>\n    <div class=\"tag-wrapper\">\n    <div class=\"status-wrapper\">\n    <div class=\"action_tag_wrapper Sold\">Sold<\/div><\/div>\n<\/div>\n<div class=\"listing_actions\">\n                    <div class=\"share_unit\">\n            <a href=\"https:\/\/www.facebook.com\/sharer.php?u=https:\/\/bluuglass.com\/en\/proprietes\/dynamic-neighborhood-grocery-store\/&#038;t=Dynamic+neighborhood+grocery+store\" target=\"_blank\" rel=\"noreferrer\" class=\"social_facebook\"><\/a>\n            <a href=\"https:\/\/twitter.com\/intent\/tweet?text=Dynamic+neighborhood+grocery+store+https%3A%2F%2Fbluuglass.com%2Fen%2Fproprietes%2Fdynamic-neighborhood-grocery-store%2F\" class=\"social_tweet\" rel=\"noreferrer\" target=\"_blank\"><\/a>\n            <a href=\"https:\/\/pinterest.com\/pin\/create\/button\/?url=https:\/\/bluuglass.com\/en\/proprietes\/dynamic-neighborhood-grocery-store\/&#038;media=https:\/\/bluuglass.com\/wp-content\/uploads\/2024\/10\/VENDU-SOLD-TEMPLATE-scaled.png&#038;description=Dynamic+neighborhood+grocery+store\" target=\"_blank\" rel=\"noreferrer\" class=\"social_pinterest\"><\/a>\n            <a href=\"https:\/\/wa.me\/?text=Dynamic%20neighborhood%20grocery%20store%20https:\/\/bluuglass.com\/en\/proprietes\/dynamic-neighborhood-grocery-store\/\" class=\"social_whatsup\" rel=\"noreferrer\" target=\"_blank\"><\/a>\n            <a href=\"mailto:?&#115;ub&#106;&#101;&#99;&#116;&#61;&#68;ynam&#105;&#99;&#43;ne&#105;&#103;h&#98;or&#104;o&#111;&#100;&#43;gr&#111;c&#101;ry&#43;&#115;to&#114;&#101;&&#97;&#109;p&#59;b&#111;d&#121;&#61;ht&#116;p&#115;&#37;3&#65;%2&#70;%2&#70;bl&#117;&#117;g&#108;ass.&#99;om&#37;2F&#101;&#110;%&#50;F&#112;r&#111;p&#114;&#105;e&#116;e&#115;%2&#70;d&#121;namic-nei&#103;h&#98;&#111;rho&#111;d-&#103;r&#111;cer&#121;-s&#116;&#111;r&#101;%2&#70;\" data-action=\"share email\" class=\"social_email\"><\/a>\n        <\/div>\n                <span class=\"share_list\" data-bs-toggle=\"tooltip\" title=\"share\"><\/span>\n    \n            <span class=\"icon-fav icon-fav-off\" \n            data-bs-toggle=\"tooltip\" \n            title=\"add to favorites\" \n            data-postid=\"35471\">\n        <\/span>\n    \n            <span class=\"compare-action\" \n            data-bs-toggle=\"tooltip\"\n            title=\"compare\" \n            data-pimage=\"https:\/\/bluuglass.com\/wp-content\/uploads\/2024\/10\/VENDU-SOLD-TEMPLATE-143x83.png\" \n            data-pid=\"35471\">\n        <\/span>\n    <\/div>\n            <\/div>\n\n            <div class=\"property-unit-information-wrapper\">\n                <h4>\n  <a href=\"https:\/\/bluuglass.com\/en\/proprietes\/dynamic-neighborhood-grocery-store\/\" >Dynamic neighborhood grocery store<\/a>\n<\/h4><div class=\"property_listing_details\">\n    <\/div>\n    <div class=\"listing_details the_list_view\">\n        Les Emplettes is a neighborhood grocery store located in the heart of Montreal, which has quickly es <a href=\"https:\/\/bluuglass.com\/en\/proprietes\/dynamic-neighborhood-grocery-store\/\" class=\"unit_more_x\"> ...<\/a>    <\/div>\n            <\/div>\n            <\/div>\n<\/div>\n<div class=\"col-lg-4 col-12 col-sm-6 col-md-6   listing_wrapper  property_unit_type4\"\n    data-org=\"4\"\n    data-main-modal=\"https:\/\/bluuglass.com\/wp-content\/uploads\/2024\/10\/DSC_7605-835x467.png\"\n    data-modal-title=\"Seafood restaurant with bar license\"\n    data-modal-link=\"https:\/\/bluuglass.com\/en\/proprietes\/seafood-restaurant-with-bar-license\/\"\n    data-listid=\"35460\">\n\n    <div class=\"property_listing property_unit_type4 \"\n         data-link=\"\">\n\n                    <div class=\"listing-unit-img-wrapper\">\n                <div class=\"featured_gradient\"><\/div>\n                    <div id=\"property_unit_carousel_69f566ccaba33\" class=\"carousel property_unit_carousel slide\" data-bs-interval=\"false\">\n        <div class=\"carousel-inner\">\n           \n            <div class=\"carousel-item active\">\n                <a href=\"https:\/\/bluuglass.com\/en\/proprietes\/seafood-restaurant-with-bar-license\/\" target=\"_self\">\n                    <img decoding=\"async\" width=\"525px\" height=\"328px\" src=\"https:\/\/bluuglass.com\/wp-content\/uploads\/2024\/10\/DSC_7605-525x328.png\" alt=\"Seafood restaurant with bar license\" class=\"d-block w-100 img-fluid\" loading=\"lazy\" \/>\n                <\/a>\n            <\/div>        <\/div>\n                    <button class=\"carousel-control-prev\" type=\"button\" data-bs-target=\"#property_unit_carousel_69f566ccaba33\" data-bs-slide=\"prev\">\n                <span class=\"carousel-control-prev-icon\" aria-hidden=\"true\"><\/span>\n                <span class=\"visually-hidden\">Previous<\/span>\n            <\/button>\n            <button class=\"carousel-control-next\" type=\"button\" data-bs-target=\"#property_unit_carousel_69f566ccaba33\" data-bs-slide=\"next\">\n                <span class=\"carousel-control-next-icon\" aria-hidden=\"true\"><\/span>\n                <span class=\"visually-hidden\">Next<\/span>\n            <\/button>\n            <\/div>\n    <div class=\"tag-wrapper\">\n    <div class=\"status-wrapper\">\n    <div class=\"action_tag_wrapper For sale\">For sale<\/div><\/div>\n<\/div>\n<div class=\"listing_actions\">\n                    <div class=\"share_unit\">\n            <a href=\"https:\/\/www.facebook.com\/sharer.php?u=https:\/\/bluuglass.com\/en\/proprietes\/seafood-restaurant-with-bar-license\/&#038;t=Seafood+restaurant+with+bar+license\" target=\"_blank\" rel=\"noreferrer\" class=\"social_facebook\"><\/a>\n            <a href=\"https:\/\/twitter.com\/intent\/tweet?text=Seafood+restaurant+with+bar+license+https%3A%2F%2Fbluuglass.com%2Fen%2Fproprietes%2Fseafood-restaurant-with-bar-license%2F\" class=\"social_tweet\" rel=\"noreferrer\" target=\"_blank\"><\/a>\n            <a href=\"https:\/\/pinterest.com\/pin\/create\/button\/?url=https:\/\/bluuglass.com\/en\/proprietes\/seafood-restaurant-with-bar-license\/&#038;media=https:\/\/bluuglass.com\/wp-content\/uploads\/2024\/10\/DSC_7605.png&#038;description=Seafood+restaurant+with+bar+license\" target=\"_blank\" rel=\"noreferrer\" class=\"social_pinterest\"><\/a>\n            <a href=\"https:\/\/wa.me\/?text=Seafood%20restaurant%20with%20bar%20license%20https:\/\/bluuglass.com\/en\/proprietes\/seafood-restaurant-with-bar-license\/\" class=\"social_whatsup\" rel=\"noreferrer\" target=\"_blank\"><\/a>\n            <a href=\"mailto:?&#115;u&#98;&#106;&#101;ct=S&#101;afo&#111;&#100;&#43;r&#101;s&#116;a&#117;&#114;&#97;&#110;&#116;&#43;&#119;i&#116;&#104;+b&#97;r&#43;l&#105;c&#101;&#110;se&#38;amp;bo&#100;&#121;&#61;&#104;&#116;tps%3&#65;%&#50;F%&#50;Fbl&#117;u&#103;&#108;as&#115;.com&#37;&#50;F&#101;n%2F&#112;&#114;o&#112;r&#105;&#101;tes&#37;2&#70;se&#97;fo&#111;d-&#114;&#101;&#115;&#116;&#97;&#117;&#114;&#97;nt-&#119;i&#116;h&#45;bar-&#108;i&#99;&#101;&#110;&#115;e%&#50;F\" data-action=\"share email\" class=\"social_email\"><\/a>\n        <\/div>\n                <span class=\"share_list\" data-bs-toggle=\"tooltip\" title=\"share\"><\/span>\n    \n            <span class=\"icon-fav icon-fav-off\" \n            data-bs-toggle=\"tooltip\" \n            title=\"add to favorites\" \n            data-postid=\"35460\">\n        <\/span>\n    \n            <span class=\"compare-action\" \n            data-bs-toggle=\"tooltip\"\n            title=\"compare\" \n            data-pimage=\"https:\/\/bluuglass.com\/wp-content\/uploads\/2024\/10\/DSC_7605-143x83.png\" \n            data-pid=\"35460\">\n        <\/span>\n    <\/div>\n            <\/div>\n\n            <div class=\"property-unit-information-wrapper\">\n                <h4>\n  <a href=\"https:\/\/bluuglass.com\/en\/proprietes\/seafood-restaurant-with-bar-license\/\" >Seafood restaurant with bar license<\/a>\n<\/h4><div class=\"property_listing_details\">\n    <\/div>\n    <div class=\"listing_details the_list_view\">\n        Opportunity to acquire a restaurant with a bar license on a commercial street at the junction of sev <a href=\"https:\/\/bluuglass.com\/en\/proprietes\/seafood-restaurant-with-bar-license\/\" class=\"unit_more_x\"> ...<\/a>    <\/div>\n            <\/div>\n            <\/div>\n<\/div>\n<div class=\"col-lg-4 col-12 col-sm-6 col-md-6   listing_wrapper  property_unit_type4\"\n    data-org=\"4\"\n    data-main-modal=\"\"\n    data-modal-title=\"La Belle &#038; La B\u0153uf Restaurant\"\n    data-modal-link=\"https:\/\/bluuglass.com\/en\/proprietes\/la-belle-la-boeuf-restaurant\/\"\n    data-listid=\"35391\">\n\n    <div class=\"property_listing property_unit_type4 \"\n         data-link=\"\">\n\n                    <div class=\"listing-unit-img-wrapper\">\n                <div class=\"featured_gradient\"><\/div>\n                    <div id=\"property_unit_carousel_69f566ccac3d8\" class=\"carousel property_unit_carousel slide\" data-bs-interval=\"false\">\n        <div class=\"carousel-inner\">\n           \n            <div class=\"carousel-item active\">\n                <a href=\"https:\/\/bluuglass.com\/en\/proprietes\/la-belle-la-boeuf-restaurant\/\" target=\"_self\">\n                    <img decoding=\"async\" width=\"1px\" height=\"1px\" src=\"https:\/\/bluuglass.com\/wp-content\/uploads\/2024\/07\/VENDU-SOLD-TEMPLATE.png\" alt=\"La Belle &#038; La B\u0153uf Restaurant\" class=\"d-block w-100 img-fluid\" loading=\"lazy\" \/>\n                <\/a>\n            <\/div><div class=\"carousel-item \">\n                <a href=\"https:\/\/bluuglass.com\/en\/proprietes\/la-belle-la-boeuf-restaurant\/\" target=\"_self\">\n                    <img decoding=\"async\" width=\"525px\" height=\"328px\" src=\"https:\/\/bluuglass.com\/wp-content\/uploads\/2024\/07\/IMG_2819-HDR-525x328.jpg\" alt=\"La Belle &#038; La B\u0153uf Restaurant\" class=\"d-block w-100 img-fluid\" loading=\"lazy\" \/>\n                <\/a>\n            <\/div>        <\/div>\n                    <button class=\"carousel-control-prev\" type=\"button\" data-bs-target=\"#property_unit_carousel_69f566ccac3d8\" data-bs-slide=\"prev\">\n                <span class=\"carousel-control-prev-icon\" aria-hidden=\"true\"><\/span>\n                <span class=\"visually-hidden\">Previous<\/span>\n            <\/button>\n            <button class=\"carousel-control-next\" type=\"button\" data-bs-target=\"#property_unit_carousel_69f566ccac3d8\" data-bs-slide=\"next\">\n                <span class=\"carousel-control-next-icon\" aria-hidden=\"true\"><\/span>\n                <span class=\"visually-hidden\">Next<\/span>\n            <\/button>\n            <\/div>\n    <div class=\"tag-wrapper\">\n    <div class=\"status-wrapper\">\n    <div class=\"action_tag_wrapper Sold\">Sold<\/div><\/div>\n<\/div>\n<div class=\"listing_actions\">\n                    <div class=\"share_unit\">\n            <a href=\"https:\/\/www.facebook.com\/sharer.php?u=https:\/\/bluuglass.com\/en\/proprietes\/la-belle-la-boeuf-restaurant\/&#038;t=La+Belle+%26%23038%3B+La+B%C5%93uf+Restaurant\" target=\"_blank\" rel=\"noreferrer\" class=\"social_facebook\"><\/a>\n            <a href=\"https:\/\/twitter.com\/intent\/tweet?text=La+Belle+%26%23038%3B+La+B%C5%93uf+Restaurant+https%3A%2F%2Fbluuglass.com%2Fen%2Fproprietes%2Fla-belle-la-boeuf-restaurant%2F\" class=\"social_tweet\" rel=\"noreferrer\" target=\"_blank\"><\/a>\n            <a href=\"https:\/\/pinterest.com\/pin\/create\/button\/?url=https:\/\/bluuglass.com\/en\/proprietes\/la-belle-la-boeuf-restaurant\/&#038;media=https:\/\/bluuglass.com\/wp-content\/uploads\/2024\/07\/VENDU-SOLD-TEMPLATE.png&#038;description=La+Belle+%26%23038%3B+La+B%C5%93uf+Restaurant\" target=\"_blank\" rel=\"noreferrer\" class=\"social_pinterest\"><\/a>\n            <a href=\"https:\/\/wa.me\/?text=La%20Belle%20&#038;%20La%20B\u0153uf%20Restaurant%20https:\/\/bluuglass.com\/en\/proprietes\/la-belle-la-boeuf-restaurant\/\" class=\"social_whatsup\" rel=\"noreferrer\" target=\"_blank\"><\/a>\n            <a href=\"mailto:?subje&#99;&#116;=&#76;a+B&#101;ll&#101;&#43;&#37;&#50;&#54;&#37;2&#51;03&#56;%3B&#43;La+B&#37;C&#53;%93uf&#43;Res&#116;a&#117;r&#97;&#110;&#116;&#38;&#97;m&#112;;body=&#104;ttps&#37;&#51;&#65;%2F%2&#70;b&#108;&#117;u&#103;lass&#46;&#99;&#111;&#109;%&#50;&#70;&#101;&#110;%&#50;Fp&#114;oprie&#116;&#101;s&#37;2&#70;la&#45;&#98;&#101;l&#108;&#101;-&#108;a-&#98;o&#101;uf&#45;r&#101;s&#116;au&#114;&#97;&#110;t%2&#70;\" data-action=\"share email\" class=\"social_email\"><\/a>\n        <\/div>\n                <span class=\"share_list\" data-bs-toggle=\"tooltip\" title=\"share\"><\/span>\n    \n            <span class=\"icon-fav icon-fav-off\" \n            data-bs-toggle=\"tooltip\" \n            title=\"add to favorites\" \n            data-postid=\"35391\">\n        <\/span>\n    \n            <span class=\"compare-action\" \n            data-bs-toggle=\"tooltip\"\n            title=\"compare\" \n            data-pimage=\"\" \n            data-pid=\"35391\">\n        <\/span>\n    <\/div>\n            <\/div>\n\n            <div class=\"property-unit-information-wrapper\">\n                <h4>\n  <a href=\"https:\/\/bluuglass.com\/en\/proprietes\/la-belle-la-boeuf-restaurant\/\" >La Belle &#038; La B\u0153uf Restaurant<\/a>\n<\/h4><div class=\"property_listing_details\">\n    <\/div>\n    <div class=\"listing_details the_list_view\">\n        The restaurant located near Concordia University enjoys an excellent location on a very busy street, <a href=\"https:\/\/bluuglass.com\/en\/proprietes\/la-belle-la-boeuf-restaurant\/\" class=\"unit_more_x\"> ...<\/a>    <\/div>\n            <\/div>\n            <\/div>\n<\/div>\n<div class=\"col-lg-4 col-12 col-sm-6 col-md-6   listing_wrapper  property_unit_type4\"\n    data-org=\"4\"\n    data-main-modal=\"https:\/\/bluuglass.com\/wp-content\/uploads\/2023\/12\/IMG_6925-4-835x467.png\"\n    data-modal-title=\"Commercial\/industrial spaces for lease\"\n    data-modal-link=\"https:\/\/bluuglass.com\/en\/proprietes\/commercial-industrial-spaces-for-lease\/\"\n    data-listid=\"29086\">\n\n    <div class=\"property_listing property_unit_type4 \"\n         data-link=\"\">\n\n                    <div class=\"listing-unit-img-wrapper\">\n                <div class=\"featured_gradient\"><\/div>\n                    <div id=\"property_unit_carousel_69f566ccaeac9\" class=\"carousel property_unit_carousel slide\" data-bs-interval=\"false\">\n        <div class=\"carousel-inner\">\n           \n            <div class=\"carousel-item active\">\n                <a href=\"https:\/\/bluuglass.com\/en\/proprietes\/commercial-industrial-spaces-for-lease\/\" target=\"_self\">\n                    <img decoding=\"async\" width=\"525px\" height=\"328px\" src=\"https:\/\/bluuglass.com\/wp-content\/uploads\/2023\/12\/IMG_6925-4-525x328.png\" alt=\"Commercial\/industrial spaces for lease\" class=\"d-block w-100 img-fluid\" loading=\"lazy\" \/>\n                <\/a>\n            <\/div>        <\/div>\n                    <button class=\"carousel-control-prev\" type=\"button\" data-bs-target=\"#property_unit_carousel_69f566ccaeac9\" data-bs-slide=\"prev\">\n                <span class=\"carousel-control-prev-icon\" aria-hidden=\"true\"><\/span>\n                <span class=\"visually-hidden\">Previous<\/span>\n            <\/button>\n            <button class=\"carousel-control-next\" type=\"button\" data-bs-target=\"#property_unit_carousel_69f566ccaeac9\" data-bs-slide=\"next\">\n                <span class=\"carousel-control-next-icon\" aria-hidden=\"true\"><\/span>\n                <span class=\"visually-hidden\">Next<\/span>\n            <\/button>\n            <\/div>\n    <div class=\"tag-wrapper\">\n    <div class=\"status-wrapper\">\n    <div class=\"action_tag_wrapper For lease\">For lease<\/div><\/div>\n<\/div>\n<div class=\"listing_actions\">\n                    <div class=\"share_unit\">\n            <a href=\"https:\/\/www.facebook.com\/sharer.php?u=https:\/\/bluuglass.com\/en\/proprietes\/commercial-industrial-spaces-for-lease\/&#038;t=Commercial%2Findustrial+spaces+for+lease\" target=\"_blank\" rel=\"noreferrer\" class=\"social_facebook\"><\/a>\n            <a href=\"https:\/\/twitter.com\/intent\/tweet?text=Commercial%2Findustrial+spaces+for+lease+https%3A%2F%2Fbluuglass.com%2Fen%2Fproprietes%2Fcommercial-industrial-spaces-for-lease%2F\" class=\"social_tweet\" rel=\"noreferrer\" target=\"_blank\"><\/a>\n            <a href=\"https:\/\/pinterest.com\/pin\/create\/button\/?url=https:\/\/bluuglass.com\/en\/proprietes\/commercial-industrial-spaces-for-lease\/&#038;media=https:\/\/bluuglass.com\/wp-content\/uploads\/2023\/12\/IMG_6925-4.png&#038;description=Commercial%2Findustrial+spaces+for+lease\" target=\"_blank\" rel=\"noreferrer\" class=\"social_pinterest\"><\/a>\n            <a href=\"https:\/\/wa.me\/?text=Commercial\/industrial%20spaces%20for%20lease%20https:\/\/bluuglass.com\/en\/proprietes\/commercial-industrial-spaces-for-lease\/\" class=\"social_whatsup\" rel=\"noreferrer\" target=\"_blank\"><\/a>\n            <a href=\"mailto:?su&#98;ject=&#67;&#111;&#109;&#109;ercial%2F&#105;n&#100;ust&#114;ial+&#115;&#112;&#97;c&#101;&#115;+fo&#114;&#43;leas&#101;&#38;a&#109;p&#59;&#98;&#111;d&#121;&#61;&#104;ttps&#37;3A%2&#70;%2Fbluu&#103;&#108;a&#115;s&#46;&#99;&#111;m%&#50;&#70;&#101;n&#37;&#50;Fp&#114;&#111;&#112;ri&#101;&#116;&#101;&#115;%2&#70;c&#111;m&#109;e&#114;&#99;i&#97;l-i&#110;&#100;&#117;str&#105;al-s&#112;a&#99;e&#115;&#45;f&#111;r&#45;l&#101;ase&#37;&#50;&#70;\" data-action=\"share email\" class=\"social_email\"><\/a>\n        <\/div>\n                <span class=\"share_list\" data-bs-toggle=\"tooltip\" title=\"share\"><\/span>\n    \n            <span class=\"icon-fav icon-fav-off\" \n            data-bs-toggle=\"tooltip\" \n            title=\"add to favorites\" \n            data-postid=\"29086\">\n        <\/span>\n    \n            <span class=\"compare-action\" \n            data-bs-toggle=\"tooltip\"\n            title=\"compare\" \n            data-pimage=\"https:\/\/bluuglass.com\/wp-content\/uploads\/2023\/12\/IMG_6925-4-143x83.png\" \n            data-pid=\"29086\">\n        <\/span>\n    <\/div>\n            <\/div>\n\n            <div class=\"property-unit-information-wrapper\">\n                <h4>\n  <a href=\"https:\/\/bluuglass.com\/en\/proprietes\/commercial-industrial-spaces-for-lease\/\" >Commercial\/industrial spaces for lease<\/a>\n<\/h4><div class=\"property_listing_details\">\n    <\/div>\n    <div class=\"listing_details the_list_view\">\n        Take advantage of this opportunity to set up your business in a perfectly located commercial\/industr <a href=\"https:\/\/bluuglass.com\/en\/proprietes\/commercial-industrial-spaces-for-lease\/\" class=\"unit_more_x\"> ...<\/a>    <\/div>\n            <\/div>\n            <\/div>\n<\/div>\n<div class=\"col-lg-4 col-12 col-sm-6 col-md-6   listing_wrapper  property_unit_type4\"\n    data-org=\"4\"\n    data-main-modal=\"https:\/\/bluuglass.com\/wp-content\/uploads\/2023\/03\/2110-206_JC_Valleyfield_Appel-doffre_V1R2-scaled-1-835x467.jpg\"\n    data-modal-title=\"Commercial space for lease &#8211; Valleyfield\"\n    data-modal-link=\"https:\/\/bluuglass.com\/en\/proprietes\/commercial-space-for-lease-valleyfield\/\"\n    data-listid=\"23677\">\n\n    <div class=\"property_listing property_unit_type4 \"\n         data-link=\"\">\n\n                    <div class=\"listing-unit-img-wrapper\">\n                <div class=\"featured_gradient\"><\/div>\n                    <div id=\"property_unit_carousel_69f566ccaef23\" class=\"carousel property_unit_carousel slide\" data-bs-interval=\"false\">\n        <div class=\"carousel-inner\">\n           \n            <div class=\"carousel-item active\">\n                <a href=\"https:\/\/bluuglass.com\/en\/proprietes\/commercial-space-for-lease-valleyfield\/\" target=\"_self\">\n                    <img decoding=\"async\" width=\"525px\" height=\"328px\" src=\"https:\/\/bluuglass.com\/wp-content\/uploads\/2023\/03\/2110-206_JC_Valleyfield_Appel-doffre_V1R2-scaled-1-525x328.jpg\" alt=\"Commercial space for lease &#8211; Valleyfield\" class=\"d-block w-100 img-fluid\" loading=\"lazy\" \/>\n                <\/a>\n            <\/div>        <\/div>\n                    <button class=\"carousel-control-prev\" type=\"button\" data-bs-target=\"#property_unit_carousel_69f566ccaef23\" data-bs-slide=\"prev\">\n                <span class=\"carousel-control-prev-icon\" aria-hidden=\"true\"><\/span>\n                <span class=\"visually-hidden\">Previous<\/span>\n            <\/button>\n            <button class=\"carousel-control-next\" type=\"button\" data-bs-target=\"#property_unit_carousel_69f566ccaef23\" data-bs-slide=\"next\">\n                <span class=\"carousel-control-next-icon\" aria-hidden=\"true\"><\/span>\n                <span class=\"visually-hidden\">Next<\/span>\n            <\/button>\n            <\/div>\n    <div class=\"tag-wrapper\">\n    <div class=\"status-wrapper\">\n    <div class=\"action_tag_wrapper For lease\">For lease<\/div><\/div>\n<\/div>\n<div class=\"listing_actions\">\n                    <div class=\"share_unit\">\n            <a href=\"https:\/\/www.facebook.com\/sharer.php?u=https:\/\/bluuglass.com\/en\/proprietes\/commercial-space-for-lease-valleyfield\/&#038;t=Commercial+space+for+lease+%26%238211%3B+Valleyfield\" target=\"_blank\" rel=\"noreferrer\" class=\"social_facebook\"><\/a>\n            <a href=\"https:\/\/twitter.com\/intent\/tweet?text=Commercial+space+for+lease+%26%238211%3B+Valleyfield+https%3A%2F%2Fbluuglass.com%2Fen%2Fproprietes%2Fcommercial-space-for-lease-valleyfield%2F\" class=\"social_tweet\" rel=\"noreferrer\" target=\"_blank\"><\/a>\n            <a href=\"https:\/\/pinterest.com\/pin\/create\/button\/?url=https:\/\/bluuglass.com\/en\/proprietes\/commercial-space-for-lease-valleyfield\/&#038;media=https:\/\/bluuglass.com\/wp-content\/uploads\/2023\/03\/2110-206_JC_Valleyfield_Appel-doffre_V1R2-scaled-1.jpg&#038;description=Commercial+space+for+lease+%26%238211%3B+Valleyfield\" target=\"_blank\" rel=\"noreferrer\" class=\"social_pinterest\"><\/a>\n            <a href=\"https:\/\/wa.me\/?text=Commercial%20space%20for%20lease%20&#8211;%20Valleyfield%20https:\/\/bluuglass.com\/en\/proprietes\/commercial-space-for-lease-valleyfield\/\" class=\"social_whatsup\" rel=\"noreferrer\" target=\"_blank\"><\/a>\n            <a href=\"mailto:?&#115;u&#98;ject&#61;C&#111;m&#109;&#101;rcial+&#115;pace&#43;f&#111;&#114;&#43;&#108;&#101;ase&#43;&#37;&#50;&#54;%&#50;&#51;&#56;&#50;&#49;&#49;&#37;&#51;B+&#86;a&#108;&#108;eyfi&#101;ld&#38;&#97;&#109;&#112;;bo&#100;y=&#104;&#116;t&#112;&#115;&#37;3&#65;%&#50;F&#37;2Fb&#108;&#117;u&#103;&#108;&#97;&#115;s.com%&#50;Fe&#110;&#37;2F&#112;&#114;o&#112;&#114;ie&#116;e&#115;%&#50;&#70;&#99;omm&#101;&#114;&#99;&#105;&#97;l-&#115;&#112;a&#99;e-&#102;o&#114;-&#108;&#101;&#97;se&#45;&#118;a&#108;le&#121;&#102;i&#101;l&#100;%&#50;&#70;\" data-action=\"share email\" class=\"social_email\"><\/a>\n        <\/div>\n                <span class=\"share_list\" data-bs-toggle=\"tooltip\" title=\"share\"><\/span>\n    \n            <span class=\"icon-fav icon-fav-off\" \n            data-bs-toggle=\"tooltip\" \n            title=\"add to favorites\" \n            data-postid=\"23677\">\n        <\/span>\n    \n            <span class=\"compare-action\" \n            data-bs-toggle=\"tooltip\"\n            title=\"compare\" \n            data-pimage=\"https:\/\/bluuglass.com\/wp-content\/uploads\/2023\/03\/2110-206_JC_Valleyfield_Appel-doffre_V1R2-scaled-1-143x83.jpg\" \n            data-pid=\"23677\">\n        <\/span>\n    <\/div>\n            <\/div>\n\n            <div class=\"property-unit-information-wrapper\">\n                <h4>\n  <a href=\"https:\/\/bluuglass.com\/en\/proprietes\/commercial-space-for-lease-valleyfield\/\" >Commercial space for lease &#8211; Valleyfie...<\/a>\n<\/h4><div class=\"property_listing_details\">\n    <\/div>\n    <div class=\"listing_details the_list_view\">\n        Commercial spaces from 1500 sq. ft. to 10 000 sq. ft. very well located in downtown Valleyfield in f <a href=\"https:\/\/bluuglass.com\/en\/proprietes\/commercial-space-for-lease-valleyfield\/\" class=\"unit_more_x\"> ...<\/a>    <\/div>\n            <\/div>\n            <\/div>\n<\/div>\n<div class=\"col-lg-4 col-12 col-sm-6 col-md-6   listing_wrapper  property_unit_type4\"\n    data-org=\"4\"\n    data-main-modal=\"https:\/\/bluuglass.com\/wp-content\/uploads\/2023\/03\/Capture-835x467.jpg\"\n    data-modal-title=\"FOR RENT \/ COMMERCIAL OR OFFICE \/ ST-JEAN SUR RICHELIEU\"\n    data-modal-link=\"https:\/\/bluuglass.com\/en\/proprietes\/for-rent-commercial-or-office-st-jean-sur-richelieu\/\"\n    data-listid=\"23622\">\n\n    <div class=\"property_listing property_unit_type4 \"\n         data-link=\"\">\n\n                    <div class=\"listing-unit-img-wrapper\">\n                <div class=\"featured_gradient\"><\/div>\n                    <div id=\"property_unit_carousel_69f566ccaf58d\" class=\"carousel property_unit_carousel slide\" data-bs-interval=\"false\">\n        <div class=\"carousel-inner\">\n           \n            <div class=\"carousel-item active\">\n                <a href=\"https:\/\/bluuglass.com\/en\/proprietes\/for-rent-commercial-or-office-st-jean-sur-richelieu\/\" target=\"_self\">\n                    <img decoding=\"async\" width=\"525px\" height=\"328px\" src=\"https:\/\/bluuglass.com\/wp-content\/uploads\/2023\/03\/Capture-525x328.jpg\" alt=\"FOR RENT \/ COMMERCIAL OR OFFICE \/ ST-JEAN SUR RICHELIEU\" class=\"d-block w-100 img-fluid\" loading=\"lazy\" \/>\n                <\/a>\n            <\/div>        <\/div>\n                    <button class=\"carousel-control-prev\" type=\"button\" data-bs-target=\"#property_unit_carousel_69f566ccaf58d\" data-bs-slide=\"prev\">\n                <span class=\"carousel-control-prev-icon\" aria-hidden=\"true\"><\/span>\n                <span class=\"visually-hidden\">Previous<\/span>\n            <\/button>\n            <button class=\"carousel-control-next\" type=\"button\" data-bs-target=\"#property_unit_carousel_69f566ccaf58d\" data-bs-slide=\"next\">\n                <span class=\"carousel-control-next-icon\" aria-hidden=\"true\"><\/span>\n                <span class=\"visually-hidden\">Next<\/span>\n            <\/button>\n            <\/div>\n    <div class=\"tag-wrapper\">\n    <div class=\"status-wrapper\">\n    <div class=\"action_tag_wrapper For lease\">For lease<\/div><\/div>\n<\/div>\n<div class=\"listing_actions\">\n                    <div class=\"share_unit\">\n            <a href=\"https:\/\/www.facebook.com\/sharer.php?u=https:\/\/bluuglass.com\/en\/proprietes\/for-rent-commercial-or-office-st-jean-sur-richelieu\/&#038;t=FOR+RENT+%2F+COMMERCIAL+OR+OFFICE+%2F+ST-JEAN+SUR+RICHELIEU\" target=\"_blank\" rel=\"noreferrer\" class=\"social_facebook\"><\/a>\n            <a href=\"https:\/\/twitter.com\/intent\/tweet?text=FOR+RENT+%2F+COMMERCIAL+OR+OFFICE+%2F+ST-JEAN+SUR+RICHELIEU+https%3A%2F%2Fbluuglass.com%2Fen%2Fproprietes%2Ffor-rent-commercial-or-office-st-jean-sur-richelieu%2F\" class=\"social_tweet\" rel=\"noreferrer\" target=\"_blank\"><\/a>\n            <a href=\"https:\/\/pinterest.com\/pin\/create\/button\/?url=https:\/\/bluuglass.com\/en\/proprietes\/for-rent-commercial-or-office-st-jean-sur-richelieu\/&#038;media=https:\/\/bluuglass.com\/wp-content\/uploads\/2023\/03\/Capture.jpg&#038;description=FOR+RENT+%2F+COMMERCIAL+OR+OFFICE+%2F+ST-JEAN+SUR+RICHELIEU\" target=\"_blank\" rel=\"noreferrer\" class=\"social_pinterest\"><\/a>\n            <a href=\"https:\/\/wa.me\/?text=FOR%20RENT%20\/%20COMMERCIAL%20OR%20OFFICE%20\/%20ST-JEAN%20SUR%20RICHELIEU%20https:\/\/bluuglass.com\/en\/proprietes\/for-rent-commercial-or-office-st-jean-sur-richelieu\/\" class=\"social_whatsup\" rel=\"noreferrer\" target=\"_blank\"><\/a>\n            <a href=\"mailto:?su&#98;&#106;&#101;c&#116;=&#70;O&#82;&#43;&#82;EN&#84;&#43;%2F&#43;&#67;&#79;&#77;M&#69;&#82;C&#73;&#65;&#76;+&#79;&#82;+OFF&#73;C&#69;&#43;&#37;2&#70;&#43;ST-JEA&#78;+&#83;&#85;&#82;+R&#73;CHELIEU&#38;a&#109;p&#59;&#98;o&#100;&#121;=ht&#116;&#112;&#115;%&#51;&#65;%&#50;&#70;&#37;&#50;&#70;bluug&#108;a&#115;&#115;&#46;co&#109;&#37;&#50;F&#101;n%&#50;&#70;&#112;&#114;o&#112;&#114;i&#101;t&#101;s&#37;2Ff&#111;r-&#114;e&#110;&#116;-com&#109;&#101;r&#99;&#105;&#97;l&#45;&#111;r&#45;&#111;ffice-s&#116;-j&#101;&#97;n&#45;&#115;&#117;r&#45;&#114;&#105;&#99;h&#101;&#108;&#105;eu&#37;2&#70;\" data-action=\"share email\" class=\"social_email\"><\/a>\n        <\/div>\n                <span class=\"share_list\" data-bs-toggle=\"tooltip\" title=\"share\"><\/span>\n    \n            <span class=\"icon-fav icon-fav-off\" \n            data-bs-toggle=\"tooltip\" \n            title=\"add to favorites\" \n            data-postid=\"23622\">\n        <\/span>\n    \n            <span class=\"compare-action\" \n            data-bs-toggle=\"tooltip\"\n            title=\"compare\" \n            data-pimage=\"https:\/\/bluuglass.com\/wp-content\/uploads\/2023\/03\/Capture-143x83.jpg\" \n            data-pid=\"23622\">\n        <\/span>\n    <\/div>\n            <\/div>\n\n            <div class=\"property-unit-information-wrapper\">\n                <h4>\n  <a href=\"https:\/\/bluuglass.com\/en\/proprietes\/for-rent-commercial-or-office-st-jean-sur-richelieu\/\" >FOR RENT \/ COMMERCIAL OR OFFICE \/ ST-JEAN SU...<\/a>\n<\/h4><div class=\"property_listing_details\">\n    <\/div>\n    <div class=\"listing_details the_list_view\">\n        Space from 1434sqft to 7120sqft. Some premises can be combined. Quality building near IGA, Super C,  <a href=\"https:\/\/bluuglass.com\/en\/proprietes\/for-rent-commercial-or-office-st-jean-sur-richelieu\/\" class=\"unit_more_x\"> ...<\/a>    <\/div>\n            <\/div>\n            <\/div>\n<\/div>\n<div class=\"col-lg-4 col-12 col-sm-6 col-md-6   listing_wrapper  property_unit_type4\"\n    data-org=\"4\"\n    data-main-modal=\"https:\/\/bluuglass.com\/wp-content\/uploads\/2023\/03\/2018-03-25-1-Dufferin-Salaberry-de-Valleyfield-109-835x467.jpg\"\n    data-modal-title=\"COMMERCIAL SPACES FOR RENT | VALLEYFIELD\"\n    data-modal-link=\"https:\/\/bluuglass.com\/en\/proprietes\/commercial-spaces-for-rent-valleyfield\/\"\n    data-listid=\"23617\">\n\n    <div class=\"property_listing property_unit_type4 \"\n         data-link=\"\">\n\n                    <div class=\"listing-unit-img-wrapper\">\n                <div class=\"featured_gradient\"><\/div>\n                    <div id=\"property_unit_carousel_69f566ccafc4f\" class=\"carousel property_unit_carousel slide\" data-bs-interval=\"false\">\n        <div class=\"carousel-inner\">\n           \n            <div class=\"carousel-item active\">\n                <a href=\"https:\/\/bluuglass.com\/en\/proprietes\/commercial-spaces-for-rent-valleyfield\/\" target=\"_self\">\n                    <img decoding=\"async\" width=\"525px\" height=\"328px\" src=\"https:\/\/bluuglass.com\/wp-content\/uploads\/2023\/03\/2018-03-25-1-Dufferin-Salaberry-de-Valleyfield-109-525x328.jpg\" alt=\"COMMERCIAL SPACES FOR RENT | VALLEYFIELD\" class=\"d-block w-100 img-fluid\" loading=\"lazy\" \/>\n                <\/a>\n            <\/div><div class=\"carousel-item \">\n                <a href=\"https:\/\/bluuglass.com\/en\/proprietes\/commercial-spaces-for-rent-valleyfield\/\" target=\"_self\">\n                    <img decoding=\"async\" width=\"525px\" height=\"328px\" src=\"https:\/\/bluuglass.com\/wp-content\/uploads\/2023\/04\/2018-03-25-1-Dufferin-Salaberry-de-Valleyfield-109-525x328.jpg\" alt=\"COMMERCIAL SPACES FOR RENT | VALLEYFIELD\" class=\"d-block w-100 img-fluid\" loading=\"lazy\" \/>\n                <\/a>\n            <\/div>        <\/div>\n                    <button class=\"carousel-control-prev\" type=\"button\" data-bs-target=\"#property_unit_carousel_69f566ccafc4f\" data-bs-slide=\"prev\">\n                <span class=\"carousel-control-prev-icon\" aria-hidden=\"true\"><\/span>\n                <span class=\"visually-hidden\">Previous<\/span>\n            <\/button>\n            <button class=\"carousel-control-next\" type=\"button\" data-bs-target=\"#property_unit_carousel_69f566ccafc4f\" data-bs-slide=\"next\">\n                <span class=\"carousel-control-next-icon\" aria-hidden=\"true\"><\/span>\n                <span class=\"visually-hidden\">Next<\/span>\n            <\/button>\n            <\/div>\n    <div class=\"tag-wrapper\">\n    <div class=\"status-wrapper\">\n    <div class=\"action_tag_wrapper For lease\">For lease<\/div><\/div>\n<\/div>\n<div class=\"listing_actions\">\n                    <div class=\"share_unit\">\n            <a href=\"https:\/\/www.facebook.com\/sharer.php?u=https:\/\/bluuglass.com\/en\/proprietes\/commercial-spaces-for-rent-valleyfield\/&#038;t=COMMERCIAL+SPACES+FOR+RENT+%7C+VALLEYFIELD\" target=\"_blank\" rel=\"noreferrer\" class=\"social_facebook\"><\/a>\n            <a href=\"https:\/\/twitter.com\/intent\/tweet?text=COMMERCIAL+SPACES+FOR+RENT+%7C+VALLEYFIELD+https%3A%2F%2Fbluuglass.com%2Fen%2Fproprietes%2Fcommercial-spaces-for-rent-valleyfield%2F\" class=\"social_tweet\" rel=\"noreferrer\" target=\"_blank\"><\/a>\n            <a href=\"https:\/\/pinterest.com\/pin\/create\/button\/?url=https:\/\/bluuglass.com\/en\/proprietes\/commercial-spaces-for-rent-valleyfield\/&#038;media=https:\/\/bluuglass.com\/wp-content\/uploads\/2023\/03\/2018-03-25-1-Dufferin-Salaberry-de-Valleyfield-109.jpg&#038;description=COMMERCIAL+SPACES+FOR+RENT+%7C+VALLEYFIELD\" target=\"_blank\" rel=\"noreferrer\" class=\"social_pinterest\"><\/a>\n            <a href=\"https:\/\/wa.me\/?text=COMMERCIAL%20SPACES%20FOR%20RENT%20|%20VALLEYFIELD%20https:\/\/bluuglass.com\/en\/proprietes\/commercial-spaces-for-rent-valleyfield\/\" class=\"social_whatsup\" rel=\"noreferrer\" target=\"_blank\"><\/a>\n            <a href=\"mailto:?s&#117;bje&#99;&#116;&#61;C&#79;MMER&#67;I&#65;&#76;&#43;&#83;PACE&#83;&#43;F&#79;R&#43;R&#69;N&#84;+%&#55;C&#43;VA&#76;LE&#89;&#70;&#73;E&#76;&#68;&a&#109;&#112;;&#98;&#111;&#100;y=http&#115;%&#51;A%2&#70;%2&#70;bluugl&#97;ss.co&#109;&#37;&#50;&#70;e&#110;%&#50;&#70;&#112;&#114;&#111;&#112;rietes&#37;2Fcom&#109;&#101;&#114;&#99;&#105;&#97;&#108;&#45;&#115;p&#97;c&#101;&#115;-&#102;&#111;r-&#114;&#101;&#110;t&#45;valleyfiel&#100;%&#50;F\" data-action=\"share email\" class=\"social_email\"><\/a>\n        <\/div>\n                <span class=\"share_list\" data-bs-toggle=\"tooltip\" title=\"share\"><\/span>\n    \n            <span class=\"icon-fav icon-fav-off\" \n            data-bs-toggle=\"tooltip\" \n            title=\"add to favorites\" \n            data-postid=\"23617\">\n        <\/span>\n    \n            <span class=\"compare-action\" \n            data-bs-toggle=\"tooltip\"\n            title=\"compare\" \n            data-pimage=\"https:\/\/bluuglass.com\/wp-content\/uploads\/2023\/03\/2018-03-25-1-Dufferin-Salaberry-de-Valleyfield-109-143x83.jpg\" \n            data-pid=\"23617\">\n        <\/span>\n    <\/div>\n            <\/div>\n\n            <div class=\"property-unit-information-wrapper\">\n                <h4>\n  <a href=\"https:\/\/bluuglass.com\/en\/proprietes\/commercial-spaces-for-rent-valleyfield\/\" >COMMERCIAL SPACES FOR RENT | VALLEYFIELD<\/a>\n<\/h4><div class=\"property_listing_details\">\n    <\/div>\n    <div class=\"listing_details the_list_view\">\n        IN RECENT YEARS, THE CITY OF SALABERRY-DE VALLEYFIELD HAS EXPERIENCED EXCEPTIONAL ECONOMIC GROWTH. N <a href=\"https:\/\/bluuglass.com\/en\/proprietes\/commercial-spaces-for-rent-valleyfield\/\" class=\"unit_more_x\"> ...<\/a>    <\/div>\n            <\/div>\n            <\/div>\n<\/div>\n<div class=\"col-lg-4 col-12 col-sm-6 col-md-6   listing_wrapper  property_unit_type4\"\n    data-org=\"4\"\n    data-main-modal=\"https:\/\/bluuglass.com\/wp-content\/uploads\/2023\/04\/3-835x467.png\"\n    data-modal-title=\"Commercial for lease at Valleyfield\"\n    data-modal-link=\"https:\/\/bluuglass.com\/en\/proprietes\/commercial-for-lease-at-valleyfield\/\"\n    data-listid=\"23614\">\n\n    <div class=\"property_listing property_unit_type4 \"\n         data-link=\"\">\n\n                    <div class=\"listing-unit-img-wrapper\">\n                <div class=\"featured_gradient\"><\/div>\n                    <div id=\"property_unit_carousel_69f566ccb042f\" class=\"carousel property_unit_carousel slide\" data-bs-interval=\"false\">\n        <div class=\"carousel-inner\">\n           \n            <div class=\"carousel-item active\">\n                <a href=\"https:\/\/bluuglass.com\/en\/proprietes\/commercial-for-lease-at-valleyfield\/\" target=\"_self\">\n                    <img decoding=\"async\" width=\"525px\" height=\"328px\" src=\"https:\/\/bluuglass.com\/wp-content\/uploads\/2023\/04\/3-525x328.png\" alt=\"Commercial for lease at Valleyfield\" class=\"d-block w-100 img-fluid\" loading=\"lazy\" \/>\n                <\/a>\n            <\/div><div class=\"carousel-item \">\n                <a href=\"https:\/\/bluuglass.com\/en\/proprietes\/commercial-for-lease-at-valleyfield\/\" target=\"_self\">\n                    <img decoding=\"async\" width=\"525px\" height=\"328px\" src=\"https:\/\/bluuglass.com\/wp-content\/uploads\/2023\/04\/005-16606-tea-001-525x328.jpg\" alt=\"Commercial for lease at Valleyfield\" class=\"d-block w-100 img-fluid\" loading=\"lazy\" \/>\n                <\/a>\n            <\/div><div class=\"carousel-item \">\n                <a href=\"https:\/\/bluuglass.com\/en\/proprietes\/commercial-for-lease-at-valleyfield\/\" target=\"_self\">\n                    <img decoding=\"async\" width=\"525px\" height=\"328px\" src=\"https:\/\/bluuglass.com\/wp-content\/uploads\/2023\/03\/Pic-1-google-map-525x328.jpg\" alt=\"Commercial for lease at Valleyfield\" class=\"d-block w-100 img-fluid\" loading=\"lazy\" \/>\n                <\/a>\n            <\/div>        <\/div>\n                    <button class=\"carousel-control-prev\" type=\"button\" data-bs-target=\"#property_unit_carousel_69f566ccb042f\" data-bs-slide=\"prev\">\n                <span class=\"carousel-control-prev-icon\" aria-hidden=\"true\"><\/span>\n                <span class=\"visually-hidden\">Previous<\/span>\n            <\/button>\n            <button class=\"carousel-control-next\" type=\"button\" data-bs-target=\"#property_unit_carousel_69f566ccb042f\" data-bs-slide=\"next\">\n                <span class=\"carousel-control-next-icon\" aria-hidden=\"true\"><\/span>\n                <span class=\"visually-hidden\">Next<\/span>\n            <\/button>\n            <\/div>\n    <div class=\"tag-wrapper\">\n    <div class=\"status-wrapper\">\n    <div class=\"action_tag_wrapper For lease\">For lease<\/div><\/div>\n<\/div>\n<div class=\"listing_actions\">\n                    <div class=\"share_unit\">\n            <a href=\"https:\/\/www.facebook.com\/sharer.php?u=https:\/\/bluuglass.com\/en\/proprietes\/commercial-for-lease-at-valleyfield\/&#038;t=Commercial+for+lease+at+Valleyfield\" target=\"_blank\" rel=\"noreferrer\" class=\"social_facebook\"><\/a>\n            <a href=\"https:\/\/twitter.com\/intent\/tweet?text=Commercial+for+lease+at+Valleyfield+https%3A%2F%2Fbluuglass.com%2Fen%2Fproprietes%2Fcommercial-for-lease-at-valleyfield%2F\" class=\"social_tweet\" rel=\"noreferrer\" target=\"_blank\"><\/a>\n            <a href=\"https:\/\/pinterest.com\/pin\/create\/button\/?url=https:\/\/bluuglass.com\/en\/proprietes\/commercial-for-lease-at-valleyfield\/&#038;media=https:\/\/bluuglass.com\/wp-content\/uploads\/2023\/04\/3-scaled.png&#038;description=Commercial+for+lease+at+Valleyfield\" target=\"_blank\" rel=\"noreferrer\" class=\"social_pinterest\"><\/a>\n            <a href=\"https:\/\/wa.me\/?text=Commercial%20for%20lease%20at%20Valleyfield%20https:\/\/bluuglass.com\/en\/proprietes\/commercial-for-lease-at-valleyfield\/\" class=\"social_whatsup\" rel=\"noreferrer\" target=\"_blank\"><\/a>\n            <a href=\"mailto:?&#115;&#117;&#98;jec&#116;=&#67;&#111;&#109;&#109;&#101;rcia&#108;+for&#43;leas&#101;+&#97;t&#43;Val&#108;ey&#102;i&#101;&#108;d&#38;a&#109;p&#59;b&#111;dy=&#104;&#116;tp&#115;%3&#65;%&#50;&#70;&#37;&#50;Fbl&#117;u&#103;lass.&#99;&#111;&#109;&#37;&#50;&#70;en&#37;&#50;&#70;pro&#112;riete&#115;%&#50;&#70;&#99;o&#109;m&#101;&#114;c&#105;&#97;&#108;-f&#111;r&#45;l&#101;&#97;se&#45;a&#116;&#45;va&#108;l&#101;y&#102;iel&#100;&#37;&#50;F\" data-action=\"share email\" class=\"social_email\"><\/a>\n        <\/div>\n                <span class=\"share_list\" data-bs-toggle=\"tooltip\" title=\"share\"><\/span>\n    \n            <span class=\"icon-fav icon-fav-off\" \n            data-bs-toggle=\"tooltip\" \n            title=\"add to favorites\" \n            data-postid=\"23614\">\n        <\/span>\n    \n            <span class=\"compare-action\" \n            data-bs-toggle=\"tooltip\"\n            title=\"compare\" \n            data-pimage=\"https:\/\/bluuglass.com\/wp-content\/uploads\/2023\/04\/3-143x83.png\" \n            data-pid=\"23614\">\n        <\/span>\n    <\/div>\n            <\/div>\n\n            <div class=\"property-unit-information-wrapper\">\n                <h4>\n  <a href=\"https:\/\/bluuglass.com\/en\/proprietes\/commercial-for-lease-at-valleyfield\/\" >Commercial for lease at Valleyfield<\/a>\n<\/h4><div class=\"property_listing_details\">\n    <\/div>\n    <div class=\"listing_details the_list_view\">\n        Situated strategically on one of the main thoroughfares of Salaberry-de-Valleyfield, this commercial <a href=\"https:\/\/bluuglass.com\/en\/proprietes\/commercial-for-lease-at-valleyfield\/\" class=\"unit_more_x\"> ...<\/a>    <\/div>\n            <\/div>\n            <\/div>\n<\/div><\/div><div class=\"wpestate_listing_sh_loader\"><div class=\"new_prelader\"><\/div><\/div><div class=\"listinglink-wrapper_sh_listings exclude-rtl\"><span class=\"wpresidence_button wpestate_item_list_sh\">load more listings<\/span><\/div><\/div>\t\t\t\t<\/div>\n\t\t\t\t<\/div>\n\t\t\t\t<\/div>\n\t\t\t\t\t<\/div>\n\t\t\t\t<\/div>\n\t\t\t\t<section class=\"elementor-section elementor-top-section elementor-element elementor-element-9d28c4a elementor-hidden-desktop elementor-hidden-tablet elementor-hidden-mobile elementor-section-boxed elementor-section-height-default elementor-section-height-default\" data-id=\"9d28c4a\" data-element_type=\"section\" data-e-type=\"section\">\n\t\t\t\t\t\t<div class=\"elementor-container elementor-column-gap-default\">\n\t\t\t\t\t<div class=\"elementor-column elementor-col-100 elementor-top-column elementor-element elementor-element-075da23\" data-id=\"075da23\" data-element_type=\"column\" data-e-type=\"column\">\n\t\t\t<div class=\"elementor-widget-wrap elementor-element-populated\">\n\t\t\t\t\t\t<div class=\"elementor-element elementor-element-24728ba elementor-widget elementor-widget-WpResidence_Items_List_card_v5\" data-id=\"24728ba\" data-element_type=\"widget\" data-e-type=\"widget\" data-widget_type=\"WpResidence_Items_List_card_v5.default\">\n\t\t\t\t<div class=\"elementor-widget-container\">\n\t\t\t\t\t<div id=\"wpestate_sh_anime_676\" class=\"wpresidence_shortcode_listings_wrapper wpestate_anime wpestate_latest_listings_sh bottom-estate_property \" data-type=\"estate_property\" data-category_ids=\"\" data-action_ids=\"\" data-city_ids=\"\" data-area_ids=\"\" data-state_ids=\"\" data-status_ids=\"\" data-features_ids=\"\" data-number=\"50\" data-row-number=\"3\" data-card-version=\"4\" data-align=\"vertical\" data-show_featured_only=\"no\" data-random_pick=\"no\" data-featured_first=\"no\" data-sort-by=\"0\" data-display-grid=\"no\" data-agent-id=\"\" data-page=\"1\"><h2 class=\"shortcode_title\">Derni\u00e8res opportunit\u00e9s<\/h2><div class=\"items_shortcode_wrapper row\">\n<div class=\"col-lg-4 col-12 col-sm-6 col-md-6   listing_wrapper  property_unit_type4\"\n    data-org=\"4\"\n    data-main-modal=\"https:\/\/bluuglass.com\/wp-content\/uploads\/2026\/02\/IMG_1084-HDR-835x467.jpg\"\n    data-modal-title=\"Strategic commercial building with an operating optical store\"\n    data-modal-link=\"https:\/\/bluuglass.com\/en\/proprietes\/strategic-commercial-building-with-an-operating-optical-store\/\"\n    data-listid=\"36612\">\n\n    <div class=\"property_listing property_unit_type4 \"\n         data-link=\"\">\n\n                    <div class=\"listing-unit-img-wrapper\">\n                <div class=\"featured_gradient\"><\/div>\n                    <div id=\"property_unit_carousel_69f566ccb14b5\" class=\"carousel property_unit_carousel slide\" data-bs-interval=\"false\">\n        <div class=\"carousel-inner\">\n           \n            <div class=\"carousel-item active\">\n                <a href=\"https:\/\/bluuglass.com\/en\/proprietes\/strategic-commercial-building-with-an-operating-optical-store\/\" target=\"_self\">\n                    <img decoding=\"async\" width=\"525px\" height=\"328px\" src=\"https:\/\/bluuglass.com\/wp-content\/uploads\/2026\/02\/IMG_1084-HDR-525x328.jpg\" alt=\"Strategic commercial building with an operating optical store\" class=\"d-block w-100 img-fluid\" loading=\"lazy\" \/>\n                <\/a>\n            <\/div>        <\/div>\n                    <button class=\"carousel-control-prev\" type=\"button\" data-bs-target=\"#property_unit_carousel_69f566ccb14b5\" data-bs-slide=\"prev\">\n                <span class=\"carousel-control-prev-icon\" aria-hidden=\"true\"><\/span>\n                <span class=\"visually-hidden\">Previous<\/span>\n            <\/button>\n            <button class=\"carousel-control-next\" type=\"button\" data-bs-target=\"#property_unit_carousel_69f566ccb14b5\" data-bs-slide=\"next\">\n                <span class=\"carousel-control-next-icon\" aria-hidden=\"true\"><\/span>\n                <span class=\"visually-hidden\">Next<\/span>\n            <\/button>\n            <\/div>\n    <div class=\"tag-wrapper\">\n    <div class=\"status-wrapper\">\n    <div class=\"action_tag_wrapper For sale\">For sale<\/div><\/div>\n<\/div>\n<div class=\"listing_actions\">\n                    <div class=\"share_unit\">\n            <a href=\"https:\/\/www.facebook.com\/sharer.php?u=https:\/\/bluuglass.com\/en\/proprietes\/strategic-commercial-building-with-an-operating-optical-store\/&#038;t=Strategic+commercial+building+with+an+operating+optical+store\" target=\"_blank\" rel=\"noreferrer\" class=\"social_facebook\"><\/a>\n            <a href=\"https:\/\/twitter.com\/intent\/tweet?text=Strategic+commercial+building+with+an+operating+optical+store+https%3A%2F%2Fbluuglass.com%2Fen%2Fproprietes%2Fstrategic-commercial-building-with-an-operating-optical-store%2F\" class=\"social_tweet\" rel=\"noreferrer\" target=\"_blank\"><\/a>\n            <a href=\"https:\/\/pinterest.com\/pin\/create\/button\/?url=https:\/\/bluuglass.com\/en\/proprietes\/strategic-commercial-building-with-an-operating-optical-store\/&#038;media=https:\/\/bluuglass.com\/wp-content\/uploads\/2026\/02\/IMG_1084-HDR-scaled.jpg&#038;description=Strategic+commercial+building+with+an+operating+optical+store\" target=\"_blank\" rel=\"noreferrer\" class=\"social_pinterest\"><\/a>\n            <a href=\"https:\/\/wa.me\/?text=Strategic%20commercial%20building%20with%20an%20operating%20optical%20store%20https:\/\/bluuglass.com\/en\/proprietes\/strategic-commercial-building-with-an-operating-optical-store\/\" class=\"social_whatsup\" rel=\"noreferrer\" target=\"_blank\"><\/a>\n            <a href=\"mailto:?&#115;ubjec&#116;&#61;S&#116;&#114;ategi&#99;+commerci&#97;l+b&#117;il&#100;&#105;&#110;&#103;+&#119;&#105;&#116;&#104;+a&#110;+&#111;&#112;e&#114;&#97;ting&#43;&#111;&#112;t&#105;&#99;&#97;&#108;&#43;s&#116;&#111;&#114;&#101;&#38;a&#109;p&#59;&#98;&#111;d&#121;&#61;h&#116;&#116;p&#115;%&#51;&#65;%&#50;&#70;%2&#70;bluug&#108;&#97;ss&#46;&#99;&#111;&#109;&#37;2F&#101;&#110;&#37;2&#70;&#112;&#114;&#111;pri&#101;t&#101;&#115;%&#50;&#70;&#115;t&#114;&#97;tegic&#45;co&#109;m&#101;&#114;ci&#97;&#108;&#45;&#98;&#117;i&#108;&#100;&#105;&#110;&#103;&#45;&#119;&#105;t&#104;&#45;a&#110;&#45;&#111;per&#97;&#116;i&#110;&#103;-o&#112;t&#105;&#99;&#97;&#108;&#45;s&#116;o&#114;&#101;%&#50;F\" data-action=\"share email\" class=\"social_email\"><\/a>\n        <\/div>\n                <span class=\"share_list\" data-bs-toggle=\"tooltip\" title=\"share\"><\/span>\n    \n            <span class=\"icon-fav icon-fav-off\" \n            data-bs-toggle=\"tooltip\" \n            title=\"add to favorites\" \n            data-postid=\"36612\">\n        <\/span>\n    \n            <span class=\"compare-action\" \n            data-bs-toggle=\"tooltip\"\n            title=\"compare\" \n            data-pimage=\"https:\/\/bluuglass.com\/wp-content\/uploads\/2026\/02\/IMG_1084-HDR-143x83.jpg\" \n            data-pid=\"36612\">\n        <\/span>\n    <\/div>\n            <\/div>\n\n            <div class=\"property-unit-information-wrapper\">\n                <h4>\n  <a href=\"https:\/\/bluuglass.com\/en\/proprietes\/strategic-commercial-building-with-an-operating-optical-store\/\" >Strategic commercial building with an operat...<\/a>\n<\/h4><div class=\"property_listing_details\">\n    <\/div>\n    <div class=\"listing_details the_list_view\">\n        Located at 96 Cur\u00e9-Labelle Boulevard in Sainte-Th\u00e9r\u00e8se, this commercial property benefits from a pri <a href=\"https:\/\/bluuglass.com\/en\/proprietes\/strategic-commercial-building-with-an-operating-optical-store\/\" class=\"unit_more_x\"> ...<\/a>    <\/div>\n            <\/div>\n            <\/div>\n<\/div>\n<div class=\"col-lg-4 col-12 col-sm-6 col-md-6   listing_wrapper  property_unit_type4\"\n    data-org=\"4\"\n    data-main-modal=\"\"\n    data-modal-title=\"Commercial building in the heart of downtown Drummondville\"\n    data-modal-link=\"https:\/\/bluuglass.com\/en\/proprietes\/commercial-building-in-the-heart-of-downtown-drummondville\/\"\n    data-listid=\"36606\">\n\n    <div class=\"property_listing property_unit_type4 \"\n         data-link=\"\">\n\n                    <div class=\"listing-unit-img-wrapper\">\n                <div class=\"featured_gradient\"><\/div>\n                    <div id=\"property_unit_carousel_69f566ccb1945\" class=\"carousel property_unit_carousel slide\" data-bs-interval=\"false\">\n        <div class=\"carousel-inner\">\n           \n            <div class=\"carousel-item active\">\n                <a href=\"https:\/\/bluuglass.com\/en\/proprietes\/commercial-building-in-the-heart-of-downtown-drummondville\/\" target=\"_self\">\n                    <img decoding=\"async\" width=\"1px\" height=\"1px\" src=\"https:\/\/bluuglass.com\/wp-content\/uploads\/2026\/02\/IMG_1406-HDR.jpg\" alt=\"Commercial building in the heart of downtown Drummondville\" class=\"d-block w-100 img-fluid\" loading=\"lazy\" \/>\n                <\/a>\n            <\/div>        <\/div>\n                    <button class=\"carousel-control-prev\" type=\"button\" data-bs-target=\"#property_unit_carousel_69f566ccb1945\" data-bs-slide=\"prev\">\n                <span class=\"carousel-control-prev-icon\" aria-hidden=\"true\"><\/span>\n                <span class=\"visually-hidden\">Previous<\/span>\n            <\/button>\n            <button class=\"carousel-control-next\" type=\"button\" data-bs-target=\"#property_unit_carousel_69f566ccb1945\" data-bs-slide=\"next\">\n                <span class=\"carousel-control-next-icon\" aria-hidden=\"true\"><\/span>\n                <span class=\"visually-hidden\">Next<\/span>\n            <\/button>\n            <\/div>\n    <div class=\"tag-wrapper\">\n    <div class=\"status-wrapper\">\n    <div class=\"action_tag_wrapper For sale\">For sale<\/div><\/div>\n<\/div>\n<div class=\"listing_actions\">\n                    <div class=\"share_unit\">\n            <a href=\"https:\/\/www.facebook.com\/sharer.php?u=https:\/\/bluuglass.com\/en\/proprietes\/commercial-building-in-the-heart-of-downtown-drummondville\/&#038;t=Commercial+building+in+the+heart+of+downtown+Drummondville\" target=\"_blank\" rel=\"noreferrer\" class=\"social_facebook\"><\/a>\n            <a href=\"https:\/\/twitter.com\/intent\/tweet?text=Commercial+building+in+the+heart+of+downtown+Drummondville+https%3A%2F%2Fbluuglass.com%2Fen%2Fproprietes%2Fcommercial-building-in-the-heart-of-downtown-drummondville%2F\" class=\"social_tweet\" rel=\"noreferrer\" target=\"_blank\"><\/a>\n            <a href=\"https:\/\/pinterest.com\/pin\/create\/button\/?url=https:\/\/bluuglass.com\/en\/proprietes\/commercial-building-in-the-heart-of-downtown-drummondville\/&#038;media=https:\/\/bluuglass.com\/wp-content\/uploads\/2026\/02\/IMG_1406-HDR.jpg&#038;description=Commercial+building+in+the+heart+of+downtown+Drummondville\" target=\"_blank\" rel=\"noreferrer\" class=\"social_pinterest\"><\/a>\n            <a href=\"https:\/\/wa.me\/?text=Commercial%20building%20in%20the%20heart%20of%20downtown%20Drummondville%20https:\/\/bluuglass.com\/en\/proprietes\/commercial-building-in-the-heart-of-downtown-drummondville\/\" class=\"social_whatsup\" rel=\"noreferrer\" target=\"_blank\"><\/a>\n            <a href=\"mailto:?&#115;&#117;&#98;j&#101;&#99;&#116;&#61;&#67;&#111;mmer&#99;&#105;al+&#98;&#117;i&#108;&#100;i&#110;g&#43;&#105;&#110;&#43;th&#101;+heart&#43;of&#43;&#100;own&#116;own+&#68;rumm&#111;n&#100;vi&#108;&#108;e&#38;am&#112;&#59;b&#111;&#100;&#121;&#61;&#104;&#116;&#116;ps%3&#65;&#37;&#50;F%2&#70;bl&#117;&#117;&#103;&#108;&#97;&#115;&#115;&#46;&#99;&#111;&#109;%&#50;&#70;en&#37;2F&#112;roprie&#116;&#101;s&#37;2F&#99;o&#109;&#109;&#101;rc&#105;a&#108;-&#98;u&#105;&#108;di&#110;g-&#105;&#110;&#45;&#116;&#104;e&#45;hea&#114;t&#45;of&#45;d&#111;&#119;nt&#111;&#119;&#110;-dru&#109;m&#111;ndvi&#108;&#108;&#101;&#37;2&#70;\" data-action=\"share email\" class=\"social_email\"><\/a>\n        <\/div>\n                <span class=\"share_list\" data-bs-toggle=\"tooltip\" title=\"share\"><\/span>\n    \n            <span class=\"icon-fav icon-fav-off\" \n            data-bs-toggle=\"tooltip\" \n            title=\"add to favorites\" \n            data-postid=\"36606\">\n        <\/span>\n    \n            <span class=\"compare-action\" \n            data-bs-toggle=\"tooltip\"\n            title=\"compare\" \n            data-pimage=\"\" \n            data-pid=\"36606\">\n        <\/span>\n    <\/div>\n            <\/div>\n\n            <div class=\"property-unit-information-wrapper\">\n                <h4>\n  <a href=\"https:\/\/bluuglass.com\/en\/proprietes\/commercial-building-in-the-heart-of-downtown-drummondville\/\" >Commercial building in the heart of downtown...<\/a>\n<\/h4><div class=\"property_listing_details\">\n    <\/div>\n    <div class=\"listing_details the_list_view\">\n        High-quality commercial building ideally located at the corner of Saint-Georges and Lindsay streets, <a href=\"https:\/\/bluuglass.com\/en\/proprietes\/commercial-building-in-the-heart-of-downtown-drummondville\/\" class=\"unit_more_x\"> ...<\/a>    <\/div>\n            <\/div>\n            <\/div>\n<\/div>\n<div class=\"col-lg-4 col-12 col-sm-6 col-md-6   listing_wrapper  property_unit_type4\"\n    data-org=\"4\"\n    data-main-modal=\"https:\/\/bluuglass.com\/wp-content\/uploads\/2026\/01\/pexels-tima-miroshnichenko-6235231-1-835x467.jpg\"\n    data-modal-title=\"Veterinary clinic with building \u2013 located in Estrie\"\n    data-modal-link=\"https:\/\/bluuglass.com\/en\/proprietes\/veterinary-clinic-with-building-located-in-estrie\/\"\n    data-listid=\"36576\">\n\n    <div class=\"property_listing property_unit_type4 \"\n         data-link=\"\">\n\n                    <div class=\"listing-unit-img-wrapper\">\n                <div class=\"featured_gradient\"><\/div>\n                    <div id=\"property_unit_carousel_69f566ccb1cc4\" class=\"carousel property_unit_carousel slide\" data-bs-interval=\"false\">\n        <div class=\"carousel-inner\">\n           \n            <div class=\"carousel-item active\">\n                <a href=\"https:\/\/bluuglass.com\/en\/proprietes\/veterinary-clinic-with-building-located-in-estrie\/\" target=\"_self\">\n                    <img decoding=\"async\" width=\"525px\" height=\"328px\" src=\"https:\/\/bluuglass.com\/wp-content\/uploads\/2026\/01\/pexels-tima-miroshnichenko-6235231-1-525x328.jpg\" alt=\"Veterinary clinic with building \u2013 located in Estrie\" class=\"d-block w-100 img-fluid\" loading=\"lazy\" \/>\n                <\/a>\n            <\/div>        <\/div>\n                    <button class=\"carousel-control-prev\" type=\"button\" data-bs-target=\"#property_unit_carousel_69f566ccb1cc4\" data-bs-slide=\"prev\">\n                <span class=\"carousel-control-prev-icon\" aria-hidden=\"true\"><\/span>\n                <span class=\"visually-hidden\">Previous<\/span>\n            <\/button>\n            <button class=\"carousel-control-next\" type=\"button\" data-bs-target=\"#property_unit_carousel_69f566ccb1cc4\" data-bs-slide=\"next\">\n                <span class=\"carousel-control-next-icon\" aria-hidden=\"true\"><\/span>\n                <span class=\"visually-hidden\">Next<\/span>\n            <\/button>\n            <\/div>\n    <div class=\"tag-wrapper\">\n    <div class=\"status-wrapper\">\n    <div class=\"action_tag_wrapper For sale\">For sale<\/div><\/div>\n<\/div>\n<div class=\"listing_actions\">\n                    <div class=\"share_unit\">\n            <a href=\"https:\/\/www.facebook.com\/sharer.php?u=https:\/\/bluuglass.com\/en\/proprietes\/veterinary-clinic-with-building-located-in-estrie\/&#038;t=Veterinary+clinic+with+building+%E2%80%93+located+in+Estrie\" target=\"_blank\" rel=\"noreferrer\" class=\"social_facebook\"><\/a>\n            <a href=\"https:\/\/twitter.com\/intent\/tweet?text=Veterinary+clinic+with+building+%E2%80%93+located+in+Estrie+https%3A%2F%2Fbluuglass.com%2Fen%2Fproprietes%2Fveterinary-clinic-with-building-located-in-estrie%2F\" class=\"social_tweet\" rel=\"noreferrer\" target=\"_blank\"><\/a>\n            <a href=\"https:\/\/pinterest.com\/pin\/create\/button\/?url=https:\/\/bluuglass.com\/en\/proprietes\/veterinary-clinic-with-building-located-in-estrie\/&#038;media=https:\/\/bluuglass.com\/wp-content\/uploads\/2026\/01\/pexels-tima-miroshnichenko-6235231-1.jpg&#038;description=Veterinary+clinic+with+building+%E2%80%93+located+in+Estrie\" target=\"_blank\" rel=\"noreferrer\" class=\"social_pinterest\"><\/a>\n            <a href=\"https:\/\/wa.me\/?text=Veterinary%20clinic%20with%20building%20\u2013%20located%20in%20Estrie%20https:\/\/bluuglass.com\/en\/proprietes\/veterinary-clinic-with-building-located-in-estrie\/\" class=\"social_whatsup\" rel=\"noreferrer\" target=\"_blank\"><\/a>\n            <a href=\"mailto:?subj&#101;ct=Veterin&#97;ry+&#99;lin&#105;&#99;&#43;&#119;ith+b&#117;i&#108;&#100;ing+&#37;E&#50;%80%&#57;3+&#108;o&#99;ate&#100;&#43;&#105;&#110;+&#69;&#115;&#116;&#114;&#105;e&#38;amp&#59;&#98;o&#100;&#121;=htt&#112;&#115;%3&#65;%&#50;F&#37;2Fb&#108;&#117;uglass.com%&#50;Fen&#37;&#50;&#70;p&#114;op&#114;&#105;&#101;&#116;es&#37;&#50;&#70;ve&#116;&#101;&#114;i&#110;ar&#121;-&#99;l&#105;&#110;&#105;c-w&#105;&#116;&#104;-&#98;&#117;ildin&#103;&#45;lo&#99;a&#116;ed&#45;&#105;&#110;&#45;e&#115;&#116;&#114;i&#101;&#37;&#50;&#70;\" data-action=\"share email\" class=\"social_email\"><\/a>\n        <\/div>\n                <span class=\"share_list\" data-bs-toggle=\"tooltip\" title=\"share\"><\/span>\n    \n            <span class=\"icon-fav icon-fav-off\" \n            data-bs-toggle=\"tooltip\" \n            title=\"add to favorites\" \n            data-postid=\"36576\">\n        <\/span>\n    \n            <span class=\"compare-action\" \n            data-bs-toggle=\"tooltip\"\n            title=\"compare\" \n            data-pimage=\"https:\/\/bluuglass.com\/wp-content\/uploads\/2026\/01\/pexels-tima-miroshnichenko-6235231-1-143x83.jpg\" \n            data-pid=\"36576\">\n        <\/span>\n    <\/div>\n            <\/div>\n\n            <div class=\"property-unit-information-wrapper\">\n                <h4>\n  <a href=\"https:\/\/bluuglass.com\/en\/proprietes\/veterinary-clinic-with-building-located-in-estrie\/\" >Veterinary clinic with building \u2013 located in...<\/a>\n<\/h4><div class=\"property_listing_details\">\n    <\/div>\n    <div class=\"listing_details the_list_view\">\n        Founded in 1988 and fully renovated in 2016, this small-animal veterinary clinic is a well-establish <a href=\"https:\/\/bluuglass.com\/en\/proprietes\/veterinary-clinic-with-building-located-in-estrie\/\" class=\"unit_more_x\"> ...<\/a>    <\/div>\n            <\/div>\n            <\/div>\n<\/div>\n<div class=\"col-lg-4 col-12 col-sm-6 col-md-6   listing_wrapper  property_unit_type4\"\n    data-org=\"4\"\n    data-main-modal=\"https:\/\/bluuglass.com\/wp-content\/uploads\/2025\/06\/IMG_5073-Avec-accentuation-Bruit-835x467.jpg\"\n    data-modal-title=\"Commercial property for sale in Old Montreal\"\n    data-modal-link=\"https:\/\/bluuglass.com\/en\/proprietes\/commercial-property-for-sale-in-old-montreal\/\"\n    data-listid=\"36563\">\n\n    <div class=\"property_listing property_unit_type4 \"\n         data-link=\"\">\n\n                    <div class=\"listing-unit-img-wrapper\">\n                <div class=\"featured_gradient\"><\/div>\n                    <div id=\"property_unit_carousel_69f566ccb2066\" class=\"carousel property_unit_carousel slide\" data-bs-interval=\"false\">\n        <div class=\"carousel-inner\">\n           \n            <div class=\"carousel-item active\">\n                <a href=\"https:\/\/bluuglass.com\/en\/proprietes\/commercial-property-for-sale-in-old-montreal\/\" target=\"_self\">\n                    <img decoding=\"async\" width=\"525px\" height=\"328px\" src=\"https:\/\/bluuglass.com\/wp-content\/uploads\/2025\/06\/IMG_5073-Avec-accentuation-Bruit-525x328.jpg\" alt=\"Commercial property for sale in Old Montreal\" class=\"d-block w-100 img-fluid\" loading=\"lazy\" \/>\n                <\/a>\n            <\/div>        <\/div>\n                    <button class=\"carousel-control-prev\" type=\"button\" data-bs-target=\"#property_unit_carousel_69f566ccb2066\" data-bs-slide=\"prev\">\n                <span class=\"carousel-control-prev-icon\" aria-hidden=\"true\"><\/span>\n                <span class=\"visually-hidden\">Previous<\/span>\n            <\/button>\n            <button class=\"carousel-control-next\" type=\"button\" data-bs-target=\"#property_unit_carousel_69f566ccb2066\" data-bs-slide=\"next\">\n                <span class=\"carousel-control-next-icon\" aria-hidden=\"true\"><\/span>\n                <span class=\"visually-hidden\">Next<\/span>\n            <\/button>\n            <\/div>\n    <div class=\"tag-wrapper\">\n    <div class=\"status-wrapper\">\n    <div class=\"action_tag_wrapper For sale\">For sale<\/div><\/div>\n<\/div>\n<div class=\"listing_actions\">\n                    <div class=\"share_unit\">\n            <a href=\"https:\/\/www.facebook.com\/sharer.php?u=https:\/\/bluuglass.com\/en\/proprietes\/commercial-property-for-sale-in-old-montreal\/&#038;t=Commercial+property+for+sale+in+Old+Montreal\" target=\"_blank\" rel=\"noreferrer\" class=\"social_facebook\"><\/a>\n            <a href=\"https:\/\/twitter.com\/intent\/tweet?text=Commercial+property+for+sale+in+Old+Montreal+https%3A%2F%2Fbluuglass.com%2Fen%2Fproprietes%2Fcommercial-property-for-sale-in-old-montreal%2F\" class=\"social_tweet\" rel=\"noreferrer\" target=\"_blank\"><\/a>\n            <a href=\"https:\/\/pinterest.com\/pin\/create\/button\/?url=https:\/\/bluuglass.com\/en\/proprietes\/commercial-property-for-sale-in-old-montreal\/&#038;media=https:\/\/bluuglass.com\/wp-content\/uploads\/2025\/06\/IMG_5073-Avec-accentuation-Bruit-scaled.jpg&#038;description=Commercial+property+for+sale+in+Old+Montreal\" target=\"_blank\" rel=\"noreferrer\" class=\"social_pinterest\"><\/a>\n            <a href=\"https:\/\/wa.me\/?text=Commercial%20property%20for%20sale%20in%20Old%20Montreal%20https:\/\/bluuglass.com\/en\/proprietes\/commercial-property-for-sale-in-old-montreal\/\" class=\"social_whatsup\" rel=\"noreferrer\" target=\"_blank\"><\/a>\n            <a href=\"mailto:?subje&#99;t&#61;&#67;o&#109;&#109;&#101;r&#99;i&#97;&#108;+&#112;&#114;o&#112;&#101;r&#116;y+f&#111;&#114;+&#115;&#97;&#108;e+&#105;n+O&#108;&#100;+&#77;ontreal&#38;am&#112;&#59;b&#111;d&#121;=&#104;t&#116;&#112;s%&#51;A&#37;2F%&#50;Fbluugl&#97;&#115;s.c&#111;m%&#50;&#70;&#101;n%&#50;F&#112;&#114;&#111;&#112;rie&#116;es%&#50;&#70;c&#111;mm&#101;&#114;&#99;&#105;&#97;&#108;-p&#114;o&#112;e&#114;t&#121;-&#102;or-s&#97;&#108;e-in-o&#108;&#100;&#45;m&#111;ntr&#101;a&#108;&#37;&#50;&#70;\" data-action=\"share email\" class=\"social_email\"><\/a>\n        <\/div>\n                <span class=\"share_list\" data-bs-toggle=\"tooltip\" title=\"share\"><\/span>\n    \n            <span class=\"icon-fav icon-fav-off\" \n            data-bs-toggle=\"tooltip\" \n            title=\"add to favorites\" \n            data-postid=\"36563\">\n        <\/span>\n    \n            <span class=\"compare-action\" \n            data-bs-toggle=\"tooltip\"\n            title=\"compare\" \n            data-pimage=\"https:\/\/bluuglass.com\/wp-content\/uploads\/2025\/06\/IMG_5073-Avec-accentuation-Bruit-143x83.jpg\" \n            data-pid=\"36563\">\n        <\/span>\n    <\/div>\n            <\/div>\n\n            <div class=\"property-unit-information-wrapper\">\n                <h4>\n  <a href=\"https:\/\/bluuglass.com\/en\/proprietes\/commercial-property-for-sale-in-old-montreal\/\" >Commercial property for sale in Old Montreal<\/a>\n<\/h4><div class=\"property_listing_details\">\n    <\/div>\n    <div class=\"listing_details the_list_view\">\n        Located in the heart of Old Montreal, 368-372 Saint-Paul Street West offers a rare opportunity to ac <a href=\"https:\/\/bluuglass.com\/en\/proprietes\/commercial-property-for-sale-in-old-montreal\/\" class=\"unit_more_x\"> ...<\/a>    <\/div>\n            <\/div>\n            <\/div>\n<\/div>\n<div class=\"col-lg-4 col-12 col-sm-6 col-md-6   listing_wrapper  property_unit_type4\"\n    data-org=\"4\"\n    data-main-modal=\"https:\/\/bluuglass.com\/wp-content\/uploads\/2026\/01\/Mangal-Toronto-Cover-835x467.png\"\n    data-modal-title=\"Well-established restaurant in Saint-L\u00e9onard\"\n    data-modal-link=\"https:\/\/bluuglass.com\/en\/proprietes\/well-established-restaurant-in-saint-leonard\/\"\n    data-listid=\"36559\">\n\n    <div class=\"property_listing property_unit_type4 \"\n         data-link=\"\">\n\n                    <div class=\"listing-unit-img-wrapper\">\n                <div class=\"featured_gradient\"><\/div>\n                    <div id=\"property_unit_carousel_69f566ccb256c\" class=\"carousel property_unit_carousel slide\" data-bs-interval=\"false\">\n        <div class=\"carousel-inner\">\n           \n            <div class=\"carousel-item active\">\n                <a href=\"https:\/\/bluuglass.com\/en\/proprietes\/well-established-restaurant-in-saint-leonard\/\" target=\"_self\">\n                    <img decoding=\"async\" width=\"525px\" height=\"328px\" src=\"https:\/\/bluuglass.com\/wp-content\/uploads\/2026\/01\/Mangal-Toronto-Cover-525x328.png\" alt=\"Well-established restaurant in Saint-L\u00e9onard\" class=\"d-block w-100 img-fluid\" loading=\"lazy\" \/>\n                <\/a>\n            <\/div>        <\/div>\n                    <button class=\"carousel-control-prev\" type=\"button\" data-bs-target=\"#property_unit_carousel_69f566ccb256c\" data-bs-slide=\"prev\">\n                <span class=\"carousel-control-prev-icon\" aria-hidden=\"true\"><\/span>\n                <span class=\"visually-hidden\">Previous<\/span>\n            <\/button>\n            <button class=\"carousel-control-next\" type=\"button\" data-bs-target=\"#property_unit_carousel_69f566ccb256c\" data-bs-slide=\"next\">\n                <span class=\"carousel-control-next-icon\" aria-hidden=\"true\"><\/span>\n                <span class=\"visually-hidden\">Next<\/span>\n            <\/button>\n            <\/div>\n    <div class=\"tag-wrapper\">\n    <div class=\"status-wrapper\">\n    <div class=\"action_tag_wrapper For sale\">For sale<\/div><\/div>\n<\/div>\n<div class=\"listing_actions\">\n                    <div class=\"share_unit\">\n            <a href=\"https:\/\/www.facebook.com\/sharer.php?u=https:\/\/bluuglass.com\/en\/proprietes\/well-established-restaurant-in-saint-leonard\/&#038;t=Well-established+restaurant+in+Saint-L%C3%A9onard\" target=\"_blank\" rel=\"noreferrer\" class=\"social_facebook\"><\/a>\n            <a href=\"https:\/\/twitter.com\/intent\/tweet?text=Well-established+restaurant+in+Saint-L%C3%A9onard+https%3A%2F%2Fbluuglass.com%2Fen%2Fproprietes%2Fwell-established-restaurant-in-saint-leonard%2F\" class=\"social_tweet\" rel=\"noreferrer\" target=\"_blank\"><\/a>\n            <a href=\"https:\/\/pinterest.com\/pin\/create\/button\/?url=https:\/\/bluuglass.com\/en\/proprietes\/well-established-restaurant-in-saint-leonard\/&#038;media=https:\/\/bluuglass.com\/wp-content\/uploads\/2026\/01\/Mangal-Toronto-Cover.png&#038;description=Well-established+restaurant+in+Saint-L%C3%A9onard\" target=\"_blank\" rel=\"noreferrer\" class=\"social_pinterest\"><\/a>\n            <a href=\"https:\/\/wa.me\/?text=Well-established%20restaurant%20in%20Saint-L\u00e9onard%20https:\/\/bluuglass.com\/en\/proprietes\/well-established-restaurant-in-saint-leonard\/\" class=\"social_whatsup\" rel=\"noreferrer\" target=\"_blank\"><\/a>\n            <a href=\"mailto:?&#115;ubj&#101;c&#116;=&#87;e&#108;l&#45;&#101;stabli&#115;&#104;e&#100;&#43;&#114;&#101;&#115;t&#97;ur&#97;nt+in+&#83;aint&#45;L%C3%A&#57;&#111;n&#97;&#114;d&#38;am&#112;;&#98;&#111;dy&#61;&#104;&#116;&#116;ps%&#51;&#65;%&#50;F%&#50;&#70;bl&#117;ug&#108;&#97;ss&#46;co&#109;&#37;&#50;F&#101;n&#37;2Fpr&#111;&#112;r&#105;&#101;&#116;es%2&#70;wel&#108;&#45;&#101;&#115;&#116;&#97;&#98;l&#105;&#115;&#104;e&#100;-&#114;est&#97;ura&#110;t-i&#110;-&#115;a&#105;n&#116;&#45;&#108;eonard&#37;2F\" data-action=\"share email\" class=\"social_email\"><\/a>\n        <\/div>\n                <span class=\"share_list\" data-bs-toggle=\"tooltip\" title=\"share\"><\/span>\n    \n            <span class=\"icon-fav icon-fav-off\" \n            data-bs-toggle=\"tooltip\" \n            title=\"add to favorites\" \n            data-postid=\"36559\">\n        <\/span>\n    \n            <span class=\"compare-action\" \n            data-bs-toggle=\"tooltip\"\n            title=\"compare\" \n            data-pimage=\"https:\/\/bluuglass.com\/wp-content\/uploads\/2026\/01\/Mangal-Toronto-Cover-143x83.png\" \n            data-pid=\"36559\">\n        <\/span>\n    <\/div>\n            <\/div>\n\n            <div class=\"property-unit-information-wrapper\">\n                <h4>\n  <a href=\"https:\/\/bluuglass.com\/en\/proprietes\/well-established-restaurant-in-saint-leonard\/\" >Well-established restaurant in Saint-L\u00e9onard<\/a>\n<\/h4><div class=\"property_listing_details\">\n    <\/div>\n    <div class=\"listing_details the_list_view\">\n        A well-established restaurant benefiting from a large space of over 3,800 sq. ft., featuring a spaci <a href=\"https:\/\/bluuglass.com\/en\/proprietes\/well-established-restaurant-in-saint-leonard\/\" class=\"unit_more_x\"> ...<\/a>    <\/div>\n            <\/div>\n            <\/div>\n<\/div>\n<div class=\"col-lg-4 col-12 col-sm-6 col-md-6   listing_wrapper  property_unit_type4\"\n    data-org=\"4\"\n    data-main-modal=\"https:\/\/bluuglass.com\/wp-content\/uploads\/2025\/12\/an-elegant-table-with-white-tablecloth-and-a-vase-2024-12-13-08-38-15-utc-835x467.jpg\"\n    data-modal-title=\"Restaurant in the heart of Old Montr\u00e9al\"\n    data-modal-link=\"https:\/\/bluuglass.com\/en\/proprietes\/restaurant-in-the-heart-of-old-montreal\/\"\n    data-listid=\"36546\">\n\n    <div class=\"property_listing property_unit_type4 \"\n         data-link=\"\">\n\n                    <div class=\"listing-unit-img-wrapper\">\n                <div class=\"featured_gradient\"><\/div>\n                    <div id=\"property_unit_carousel_69f566ccb283b\" class=\"carousel property_unit_carousel slide\" data-bs-interval=\"false\">\n        <div class=\"carousel-inner\">\n           \n            <div class=\"carousel-item active\">\n                <a href=\"https:\/\/bluuglass.com\/en\/proprietes\/restaurant-in-the-heart-of-old-montreal\/\" target=\"_self\">\n                    <img decoding=\"async\" width=\"525px\" height=\"328px\" src=\"https:\/\/bluuglass.com\/wp-content\/uploads\/2025\/12\/an-elegant-table-with-white-tablecloth-and-a-vase-2024-12-13-08-38-15-utc-525x328.jpg\" alt=\"Restaurant in the heart of Old Montr\u00e9al\" class=\"d-block w-100 img-fluid\" loading=\"lazy\" \/>\n                <\/a>\n            <\/div>        <\/div>\n                    <button class=\"carousel-control-prev\" type=\"button\" data-bs-target=\"#property_unit_carousel_69f566ccb283b\" data-bs-slide=\"prev\">\n                <span class=\"carousel-control-prev-icon\" aria-hidden=\"true\"><\/span>\n                <span class=\"visually-hidden\">Previous<\/span>\n            <\/button>\n            <button class=\"carousel-control-next\" type=\"button\" data-bs-target=\"#property_unit_carousel_69f566ccb283b\" data-bs-slide=\"next\">\n                <span class=\"carousel-control-next-icon\" aria-hidden=\"true\"><\/span>\n                <span class=\"visually-hidden\">Next<\/span>\n            <\/button>\n            <\/div>\n    <div class=\"tag-wrapper\">\n    <div class=\"status-wrapper\">\n    <div class=\"action_tag_wrapper For sale\">For sale<\/div><\/div>\n<\/div>\n<div class=\"listing_actions\">\n                    <div class=\"share_unit\">\n            <a href=\"https:\/\/www.facebook.com\/sharer.php?u=https:\/\/bluuglass.com\/en\/proprietes\/restaurant-in-the-heart-of-old-montreal\/&#038;t=Restaurant+in+the+heart+of+Old+Montr%C3%A9al\" target=\"_blank\" rel=\"noreferrer\" class=\"social_facebook\"><\/a>\n            <a href=\"https:\/\/twitter.com\/intent\/tweet?text=Restaurant+in+the+heart+of+Old+Montr%C3%A9al+https%3A%2F%2Fbluuglass.com%2Fen%2Fproprietes%2Frestaurant-in-the-heart-of-old-montreal%2F\" class=\"social_tweet\" rel=\"noreferrer\" target=\"_blank\"><\/a>\n            <a href=\"https:\/\/pinterest.com\/pin\/create\/button\/?url=https:\/\/bluuglass.com\/en\/proprietes\/restaurant-in-the-heart-of-old-montreal\/&#038;media=https:\/\/bluuglass.com\/wp-content\/uploads\/2025\/12\/an-elegant-table-with-white-tablecloth-and-a-vase-2024-12-13-08-38-15-utc-scaled.jpg&#038;description=Restaurant+in+the+heart+of+Old+Montr%C3%A9al\" target=\"_blank\" rel=\"noreferrer\" class=\"social_pinterest\"><\/a>\n            <a href=\"https:\/\/wa.me\/?text=Restaurant%20in%20the%20heart%20of%20Old%20Montr\u00e9al%20https:\/\/bluuglass.com\/en\/proprietes\/restaurant-in-the-heart-of-old-montreal\/\" class=\"social_whatsup\" rel=\"noreferrer\" target=\"_blank\"><\/a>\n            <a href=\"mailto:?su&#98;&#106;&#101;&#99;&#116;=&#82;&#101;s&#116;au&#114;&#97;&#110;&#116;+&#105;&#110;+&#116;he&#43;&#104;e&#97;&#114;&#116;+&#111;&#102;&#43;&#79;l&#100;+M&#111;n&#116;&#114;&#37;&#67;&#51;&#37;A&#57;&#97;l&#38;&#97;&#109;p&#59;&#98;&#111;d&#121;=&#104;&#116;&#116;p&#115;%3&#65;&#37;2&#70;%&#50;&#70;b&#108;&#117;u&#103;l&#97;&#115;&#115;&#46;c&#111;&#109;%2F&#101;&#110;%2Fpropri&#101;&#116;&#101;s&#37;2&#70;r&#101;s&#116;aur&#97;&#110;t-i&#110;-&#116;&#104;e&#45;&#104;e&#97;rt-&#111;&#102;-&#111;l&#100;-mont&#114;&#101;&#97;&#108;&#37;2F\" data-action=\"share email\" class=\"social_email\"><\/a>\n        <\/div>\n                <span class=\"share_list\" data-bs-toggle=\"tooltip\" title=\"share\"><\/span>\n    \n            <span class=\"icon-fav icon-fav-off\" \n            data-bs-toggle=\"tooltip\" \n            title=\"add to favorites\" \n            data-postid=\"36546\">\n        <\/span>\n    \n            <span class=\"compare-action\" \n            data-bs-toggle=\"tooltip\"\n            title=\"compare\" \n            data-pimage=\"https:\/\/bluuglass.com\/wp-content\/uploads\/2025\/12\/an-elegant-table-with-white-tablecloth-and-a-vase-2024-12-13-08-38-15-utc-143x83.jpg\" \n            data-pid=\"36546\">\n        <\/span>\n    <\/div>\n            <\/div>\n\n            <div class=\"property-unit-information-wrapper\">\n                <h4>\n  <a href=\"https:\/\/bluuglass.com\/en\/proprietes\/restaurant-in-the-heart-of-old-montreal\/\" >Restaurant in the heart of Old Montr\u00e9al<\/a>\n<\/h4><div class=\"property_listing_details\">\n    <\/div>\n    <div class=\"listing_details the_list_view\">\n        Located in one of Montr\u00e9al\u2019s most sought-after areas, this 97-seat restaurant offers an elegant and  <a href=\"https:\/\/bluuglass.com\/en\/proprietes\/restaurant-in-the-heart-of-old-montreal\/\" class=\"unit_more_x\"> ...<\/a>    <\/div>\n            <\/div>\n            <\/div>\n<\/div>\n<div class=\"col-lg-4 col-12 col-sm-6 col-md-6   listing_wrapper  property_unit_type4\"\n    data-org=\"4\"\n    data-main-modal=\"https:\/\/bluuglass.com\/wp-content\/uploads\/2025\/11\/VENDU-SOLD-835x467.png\"\n    data-modal-title=\"Tzatzi-qui Restaurant\"\n    data-modal-link=\"https:\/\/bluuglass.com\/en\/proprietes\/tzatzi-qui-restaurant\/\"\n    data-listid=\"36509\">\n\n    <div class=\"property_listing property_unit_type4 \"\n         data-link=\"\">\n\n                    <div class=\"listing-unit-img-wrapper\">\n                <div class=\"featured_gradient\"><\/div>\n                    <div id=\"property_unit_carousel_69f566ccb2aee\" class=\"carousel property_unit_carousel slide\" data-bs-interval=\"false\">\n        <div class=\"carousel-inner\">\n           \n            <div class=\"carousel-item active\">\n                <a href=\"https:\/\/bluuglass.com\/en\/proprietes\/tzatzi-qui-restaurant\/\" target=\"_self\">\n                    <img decoding=\"async\" width=\"525px\" height=\"328px\" src=\"https:\/\/bluuglass.com\/wp-content\/uploads\/2025\/11\/VENDU-SOLD-525x328.png\" alt=\"Tzatzi-qui Restaurant\" class=\"d-block w-100 img-fluid\" loading=\"lazy\" \/>\n                <\/a>\n            <\/div>        <\/div>\n                    <button class=\"carousel-control-prev\" type=\"button\" data-bs-target=\"#property_unit_carousel_69f566ccb2aee\" data-bs-slide=\"prev\">\n                <span class=\"carousel-control-prev-icon\" aria-hidden=\"true\"><\/span>\n                <span class=\"visually-hidden\">Previous<\/span>\n            <\/button>\n            <button class=\"carousel-control-next\" type=\"button\" data-bs-target=\"#property_unit_carousel_69f566ccb2aee\" data-bs-slide=\"next\">\n                <span class=\"carousel-control-next-icon\" aria-hidden=\"true\"><\/span>\n                <span class=\"visually-hidden\">Next<\/span>\n            <\/button>\n            <\/div>\n    <div class=\"tag-wrapper\">\n    <div class=\"status-wrapper\">\n    <div class=\"action_tag_wrapper Sold\">Sold<\/div><\/div>\n<\/div>\n<div class=\"listing_actions\">\n                    <div class=\"share_unit\">\n            <a href=\"https:\/\/www.facebook.com\/sharer.php?u=https:\/\/bluuglass.com\/en\/proprietes\/tzatzi-qui-restaurant\/&#038;t=Tzatzi-qui+Restaurant\" target=\"_blank\" rel=\"noreferrer\" class=\"social_facebook\"><\/a>\n            <a href=\"https:\/\/twitter.com\/intent\/tweet?text=Tzatzi-qui+Restaurant+https%3A%2F%2Fbluuglass.com%2Fen%2Fproprietes%2Ftzatzi-qui-restaurant%2F\" class=\"social_tweet\" rel=\"noreferrer\" target=\"_blank\"><\/a>\n            <a href=\"https:\/\/pinterest.com\/pin\/create\/button\/?url=https:\/\/bluuglass.com\/en\/proprietes\/tzatzi-qui-restaurant\/&#038;media=https:\/\/bluuglass.com\/wp-content\/uploads\/2025\/11\/VENDU-SOLD-scaled.png&#038;description=Tzatzi-qui+Restaurant\" target=\"_blank\" rel=\"noreferrer\" class=\"social_pinterest\"><\/a>\n            <a href=\"https:\/\/wa.me\/?text=Tzatzi-qui%20Restaurant%20https:\/\/bluuglass.com\/en\/proprietes\/tzatzi-qui-restaurant\/\" class=\"social_whatsup\" rel=\"noreferrer\" target=\"_blank\"><\/a>\n            <a href=\"mailto:?&#115;u&#98;&#106;e&#99;t&#61;&#84;&#122;&#97;tz&#105;-&#113;ui&#43;&#82;&#101;&#115;&#116;&#97;&#117;rant&#38;am&#112;&#59;b&#111;dy=http&#115;%&#51;&#65;%&#50;&#70;&#37;&#50;F&#98;l&#117;ug&#108;&#97;&#115;&#115;&#46;&#99;&#111;m&#37;2F&#101;n&#37;2&#70;propriete&#115;&#37;2&#70;&#116;&#122;at&#122;i&#45;q&#117;&#105;-&#114;&#101;s&#116;a&#117;&#114;&#97;n&#116;%2F\" data-action=\"share email\" class=\"social_email\"><\/a>\n        <\/div>\n                <span class=\"share_list\" data-bs-toggle=\"tooltip\" title=\"share\"><\/span>\n    \n            <span class=\"icon-fav icon-fav-off\" \n            data-bs-toggle=\"tooltip\" \n            title=\"add to favorites\" \n            data-postid=\"36509\">\n        <\/span>\n    \n            <span class=\"compare-action\" \n            data-bs-toggle=\"tooltip\"\n            title=\"compare\" \n            data-pimage=\"https:\/\/bluuglass.com\/wp-content\/uploads\/2025\/11\/VENDU-SOLD-143x83.png\" \n            data-pid=\"36509\">\n        <\/span>\n    <\/div>\n            <\/div>\n\n            <div class=\"property-unit-information-wrapper\">\n                <h4>\n  <a href=\"https:\/\/bluuglass.com\/en\/proprietes\/tzatzi-qui-restaurant\/\" >Tzatzi-qui Restaurant<\/a>\n<\/h4><div class=\"property_listing_details\">\n    <\/div>\n    <div class=\"listing_details the_list_view\">\n        This beautifully appointed restaurant is located in the heart of the Old Port at 351 Place d\u2019Youvill <a href=\"https:\/\/bluuglass.com\/en\/proprietes\/tzatzi-qui-restaurant\/\" class=\"unit_more_x\"> ...<\/a>    <\/div>\n            <\/div>\n            <\/div>\n<\/div>\n<div class=\"col-lg-4 col-12 col-sm-6 col-md-6   listing_wrapper  property_unit_type4\"\n    data-org=\"4\"\n    data-main-modal=\"https:\/\/bluuglass.com\/wp-content\/uploads\/2025\/11\/IMG_9829-HDR-835x467.jpg\"\n    data-modal-title=\"Exceptional restaurant located in Old Montreal\"\n    data-modal-link=\"https:\/\/bluuglass.com\/en\/proprietes\/exceptional-restaurant-located-in-old-montreal\/\"\n    data-listid=\"36502\">\n\n    <div class=\"property_listing property_unit_type4 \"\n         data-link=\"\">\n\n                    <div class=\"listing-unit-img-wrapper\">\n                <div class=\"featured_gradient\"><\/div>\n                    <div id=\"property_unit_carousel_69f566ccb2d76\" class=\"carousel property_unit_carousel slide\" data-bs-interval=\"false\">\n        <div class=\"carousel-inner\">\n           \n            <div class=\"carousel-item active\">\n                <a href=\"https:\/\/bluuglass.com\/en\/proprietes\/exceptional-restaurant-located-in-old-montreal\/\" target=\"_self\">\n                    <img decoding=\"async\" width=\"525px\" height=\"328px\" src=\"https:\/\/bluuglass.com\/wp-content\/uploads\/2025\/11\/IMG_9829-HDR-525x328.jpg\" alt=\"Exceptional restaurant located in Old Montreal\" class=\"d-block w-100 img-fluid\" loading=\"lazy\" \/>\n                <\/a>\n            <\/div>        <\/div>\n                    <button class=\"carousel-control-prev\" type=\"button\" data-bs-target=\"#property_unit_carousel_69f566ccb2d76\" data-bs-slide=\"prev\">\n                <span class=\"carousel-control-prev-icon\" aria-hidden=\"true\"><\/span>\n                <span class=\"visually-hidden\">Previous<\/span>\n            <\/button>\n            <button class=\"carousel-control-next\" type=\"button\" data-bs-target=\"#property_unit_carousel_69f566ccb2d76\" data-bs-slide=\"next\">\n                <span class=\"carousel-control-next-icon\" aria-hidden=\"true\"><\/span>\n                <span class=\"visually-hidden\">Next<\/span>\n            <\/button>\n            <\/div>\n    <div class=\"tag-wrapper\">\n    <div class=\"status-wrapper\">\n    <div class=\"action_tag_wrapper For sale\">For sale<\/div><\/div>\n<\/div>\n<div class=\"listing_actions\">\n                    <div class=\"share_unit\">\n            <a href=\"https:\/\/www.facebook.com\/sharer.php?u=https:\/\/bluuglass.com\/en\/proprietes\/exceptional-restaurant-located-in-old-montreal\/&#038;t=Exceptional+restaurant+located+in+Old+Montreal\" target=\"_blank\" rel=\"noreferrer\" class=\"social_facebook\"><\/a>\n            <a href=\"https:\/\/twitter.com\/intent\/tweet?text=Exceptional+restaurant+located+in+Old+Montreal+https%3A%2F%2Fbluuglass.com%2Fen%2Fproprietes%2Fexceptional-restaurant-located-in-old-montreal%2F\" class=\"social_tweet\" rel=\"noreferrer\" target=\"_blank\"><\/a>\n            <a href=\"https:\/\/pinterest.com\/pin\/create\/button\/?url=https:\/\/bluuglass.com\/en\/proprietes\/exceptional-restaurant-located-in-old-montreal\/&#038;media=https:\/\/bluuglass.com\/wp-content\/uploads\/2025\/11\/IMG_9829-HDR-scaled.jpg&#038;description=Exceptional+restaurant+located+in+Old+Montreal\" target=\"_blank\" rel=\"noreferrer\" class=\"social_pinterest\"><\/a>\n            <a href=\"https:\/\/wa.me\/?text=Exceptional%20restaurant%20located%20in%20Old%20Montreal%20https:\/\/bluuglass.com\/en\/proprietes\/exceptional-restaurant-located-in-old-montreal\/\" class=\"social_whatsup\" rel=\"noreferrer\" target=\"_blank\"><\/a>\n            <a href=\"mailto:?s&#117;&#98;ject&#61;&#69;xcepti&#111;&#110;a&#108;&#43;re&#115;&#116;a&#117;ran&#116;+&#108;&#111;c&#97;&#116;ed&#43;&#105;n+Old+Montr&#101;&#97;l&&#97;mp;&#98;&#111;dy&#61;&#104;&#116;&#116;ps&#37;3A%&#50;&#70;&#37;&#50;Fbl&#117;ug&#108;a&#115;s.&#99;om&#37;&#50;&#70;en&#37;2&#70;pr&#111;&#112;riet&#101;s&#37;2F&#101;&#120;&#99;&#101;pt&#105;&#111;n&#97;l-&#114;es&#116;&#97;&#117;&#114;an&#116;-l&#111;c&#97;&#116;&#101;d&#45;&#105;n-ol&#100;-mon&#116;r&#101;&#97;&#108;%2F\" data-action=\"share email\" class=\"social_email\"><\/a>\n        <\/div>\n                <span class=\"share_list\" data-bs-toggle=\"tooltip\" title=\"share\"><\/span>\n    \n            <span class=\"icon-fav icon-fav-off\" \n            data-bs-toggle=\"tooltip\" \n            title=\"add to favorites\" \n            data-postid=\"36502\">\n        <\/span>\n    \n            <span class=\"compare-action\" \n            data-bs-toggle=\"tooltip\"\n            title=\"compare\" \n            data-pimage=\"https:\/\/bluuglass.com\/wp-content\/uploads\/2025\/11\/IMG_9829-HDR-143x83.jpg\" \n            data-pid=\"36502\">\n        <\/span>\n    <\/div>\n            <\/div>\n\n            <div class=\"property-unit-information-wrapper\">\n                <h4>\n  <a href=\"https:\/\/bluuglass.com\/en\/proprietes\/exceptional-restaurant-located-in-old-montreal\/\" >Exceptional restaurant located in Old Montre...<\/a>\n<\/h4><div class=\"property_listing_details\">\n    <\/div>\n    <div class=\"listing_details the_list_view\">\n        Located in the heart of Old Montreal at 351 Place Royale, Seasalt is an exceptional restaurant and b <a href=\"https:\/\/bluuglass.com\/en\/proprietes\/exceptional-restaurant-located-in-old-montreal\/\" class=\"unit_more_x\"> ...<\/a>    <\/div>\n            <\/div>\n            <\/div>\n<\/div>\n<div class=\"col-lg-4 col-12 col-sm-6 col-md-6   listing_wrapper  property_unit_type4\"\n    data-org=\"4\"\n    data-main-modal=\"https:\/\/bluuglass.com\/wp-content\/uploads\/2025\/10\/iStock-1141603522-1-1-835x467.jpg\"\n    data-modal-title=\"Commercial flat roofing company\"\n    data-modal-link=\"https:\/\/bluuglass.com\/en\/proprietes\/commercial-flat-roofing-company\/\"\n    data-listid=\"36489\">\n\n    <div class=\"property_listing property_unit_type4 \"\n         data-link=\"\">\n\n                    <div class=\"listing-unit-img-wrapper\">\n                <div class=\"featured_gradient\"><\/div>\n                    <div id=\"property_unit_carousel_69f566ccb3016\" class=\"carousel property_unit_carousel slide\" data-bs-interval=\"false\">\n        <div class=\"carousel-inner\">\n           \n            <div class=\"carousel-item active\">\n                <a href=\"https:\/\/bluuglass.com\/en\/proprietes\/commercial-flat-roofing-company\/\" target=\"_self\">\n                    <img decoding=\"async\" width=\"525px\" height=\"328px\" src=\"https:\/\/bluuglass.com\/wp-content\/uploads\/2025\/10\/iStock-1141603522-1-1-525x328.jpg\" alt=\"Commercial flat roofing company\" class=\"d-block w-100 img-fluid\" loading=\"lazy\" \/>\n                <\/a>\n            <\/div>        <\/div>\n                    <button class=\"carousel-control-prev\" type=\"button\" data-bs-target=\"#property_unit_carousel_69f566ccb3016\" data-bs-slide=\"prev\">\n                <span class=\"carousel-control-prev-icon\" aria-hidden=\"true\"><\/span>\n                <span class=\"visually-hidden\">Previous<\/span>\n            <\/button>\n            <button class=\"carousel-control-next\" type=\"button\" data-bs-target=\"#property_unit_carousel_69f566ccb3016\" data-bs-slide=\"next\">\n                <span class=\"carousel-control-next-icon\" aria-hidden=\"true\"><\/span>\n                <span class=\"visually-hidden\">Next<\/span>\n            <\/button>\n            <\/div>\n    <div class=\"tag-wrapper\">\n    <div class=\"status-wrapper\">\n    <div class=\"action_tag_wrapper For sale\">For sale<\/div><\/div>\n<\/div>\n<div class=\"listing_actions\">\n                    <div class=\"share_unit\">\n            <a href=\"https:\/\/www.facebook.com\/sharer.php?u=https:\/\/bluuglass.com\/en\/proprietes\/commercial-flat-roofing-company\/&#038;t=Commercial+flat+roofing+company\" target=\"_blank\" rel=\"noreferrer\" class=\"social_facebook\"><\/a>\n            <a href=\"https:\/\/twitter.com\/intent\/tweet?text=Commercial+flat+roofing+company+https%3A%2F%2Fbluuglass.com%2Fen%2Fproprietes%2Fcommercial-flat-roofing-company%2F\" class=\"social_tweet\" rel=\"noreferrer\" target=\"_blank\"><\/a>\n            <a href=\"https:\/\/pinterest.com\/pin\/create\/button\/?url=https:\/\/bluuglass.com\/en\/proprietes\/commercial-flat-roofing-company\/&#038;media=https:\/\/bluuglass.com\/wp-content\/uploads\/2025\/10\/iStock-1141603522-1-1.jpg&#038;description=Commercial+flat+roofing+company\" target=\"_blank\" rel=\"noreferrer\" class=\"social_pinterest\"><\/a>\n            <a href=\"https:\/\/wa.me\/?text=Commercial%20flat%20roofing%20company%20https:\/\/bluuglass.com\/en\/proprietes\/commercial-flat-roofing-company\/\" class=\"social_whatsup\" rel=\"noreferrer\" target=\"_blank\"><\/a>\n            <a href=\"mailto:?&#115;ub&#106;&#101;&#99;&#116;=C&#111;&#109;&#109;er&#99;ia&#108;&#43;f&#108;a&#116;&#43;&#114;&#111;of&#105;n&#103;&#43;&#99;&#111;&#109;p&#97;&#110;&#121;&a&#109;p;&#98;od&#121;=&#104;&#116;t&#112;s&#37;3&#65;&#37;&#50;F&#37;&#50;F&#98;luug&#108;&#97;&#115;s.&#99;&#111;&#109;&#37;&#50;&#70;&#101;n%&#50;F&#112;&#114;&#111;&#112;r&#105;e&#116;e&#115;&#37;2Fcom&#109;e&#114;c&#105;a&#108;&#45;fl&#97;&#116;-&#114;o&#111;fing-c&#111;&#109;&#112;an&#121;%2F\" data-action=\"share email\" class=\"social_email\"><\/a>\n        <\/div>\n                <span class=\"share_list\" data-bs-toggle=\"tooltip\" title=\"share\"><\/span>\n    \n            <span class=\"icon-fav icon-fav-off\" \n            data-bs-toggle=\"tooltip\" \n            title=\"add to favorites\" \n            data-postid=\"36489\">\n        <\/span>\n    \n            <span class=\"compare-action\" \n            data-bs-toggle=\"tooltip\"\n            title=\"compare\" \n            data-pimage=\"https:\/\/bluuglass.com\/wp-content\/uploads\/2025\/10\/iStock-1141603522-1-1-143x83.jpg\" \n            data-pid=\"36489\">\n        <\/span>\n    <\/div>\n            <\/div>\n\n            <div class=\"property-unit-information-wrapper\">\n                <h4>\n  <a href=\"https:\/\/bluuglass.com\/en\/proprietes\/commercial-flat-roofing-company\/\" >Commercial flat roofing company<\/a>\n<\/h4><div class=\"property_listing_details\">\n    <\/div>\n    <div class=\"listing_details the_list_view\">\n        Established company specializing in the construction, restoration, and maintenance of flat roofs, re <a href=\"https:\/\/bluuglass.com\/en\/proprietes\/commercial-flat-roofing-company\/\" class=\"unit_more_x\"> ...<\/a>    <\/div>\n            <\/div>\n            <\/div>\n<\/div>\n<div class=\"col-lg-4 col-12 col-sm-6 col-md-6   listing_wrapper  property_unit_type4\"\n    data-org=\"4\"\n    data-main-modal=\"https:\/\/bluuglass.com\/wp-content\/uploads\/2025\/10\/david-goldman-27G8PF-fjrs-unsplash-1-835x467.jpg\"\n    data-modal-title=\"Award-winning craft distillery Mont\u00e9r\u00e9gie region\"\n    data-modal-link=\"https:\/\/bluuglass.com\/en\/proprietes\/award-winning-craft-distillery-monteregie-region\/\"\n    data-listid=\"36485\">\n\n    <div class=\"property_listing property_unit_type4 \"\n         data-link=\"\">\n\n                    <div class=\"listing-unit-img-wrapper\">\n                <div class=\"featured_gradient\"><\/div>\n                    <div id=\"property_unit_carousel_69f566ccb32b2\" class=\"carousel property_unit_carousel slide\" data-bs-interval=\"false\">\n        <div class=\"carousel-inner\">\n           \n            <div class=\"carousel-item active\">\n                <a href=\"https:\/\/bluuglass.com\/en\/proprietes\/award-winning-craft-distillery-monteregie-region\/\" target=\"_self\">\n                    <img decoding=\"async\" width=\"525px\" height=\"328px\" src=\"https:\/\/bluuglass.com\/wp-content\/uploads\/2025\/10\/david-goldman-27G8PF-fjrs-unsplash-1-525x328.jpg\" alt=\"Award-winning craft distillery Mont\u00e9r\u00e9gie region\" class=\"d-block w-100 img-fluid\" loading=\"lazy\" \/>\n                <\/a>\n            <\/div>        <\/div>\n                    <button class=\"carousel-control-prev\" type=\"button\" data-bs-target=\"#property_unit_carousel_69f566ccb32b2\" data-bs-slide=\"prev\">\n                <span class=\"carousel-control-prev-icon\" aria-hidden=\"true\"><\/span>\n                <span class=\"visually-hidden\">Previous<\/span>\n            <\/button>\n            <button class=\"carousel-control-next\" type=\"button\" data-bs-target=\"#property_unit_carousel_69f566ccb32b2\" data-bs-slide=\"next\">\n                <span class=\"carousel-control-next-icon\" aria-hidden=\"true\"><\/span>\n                <span class=\"visually-hidden\">Next<\/span>\n            <\/button>\n            <\/div>\n    <div class=\"tag-wrapper\">\n    <div class=\"status-wrapper\">\n    <div class=\"action_tag_wrapper For sale\">For sale<\/div><\/div>\n<\/div>\n<div class=\"listing_actions\">\n                    <div class=\"share_unit\">\n            <a href=\"https:\/\/www.facebook.com\/sharer.php?u=https:\/\/bluuglass.com\/en\/proprietes\/award-winning-craft-distillery-monteregie-region\/&#038;t=Award-winning+craft+distillery+Mont%C3%A9r%C3%A9gie+region\" target=\"_blank\" rel=\"noreferrer\" class=\"social_facebook\"><\/a>\n            <a href=\"https:\/\/twitter.com\/intent\/tweet?text=Award-winning+craft+distillery+Mont%C3%A9r%C3%A9gie+region+https%3A%2F%2Fbluuglass.com%2Fen%2Fproprietes%2Faward-winning-craft-distillery-monteregie-region%2F\" class=\"social_tweet\" rel=\"noreferrer\" target=\"_blank\"><\/a>\n            <a href=\"https:\/\/pinterest.com\/pin\/create\/button\/?url=https:\/\/bluuglass.com\/en\/proprietes\/award-winning-craft-distillery-monteregie-region\/&#038;media=https:\/\/bluuglass.com\/wp-content\/uploads\/2025\/10\/david-goldman-27G8PF-fjrs-unsplash-1.jpg&#038;description=Award-winning+craft+distillery+Mont%C3%A9r%C3%A9gie+region\" target=\"_blank\" rel=\"noreferrer\" class=\"social_pinterest\"><\/a>\n            <a href=\"https:\/\/wa.me\/?text=Award-winning%20craft%20distillery%20Mont\u00e9r\u00e9gie%20region%20https:\/\/bluuglass.com\/en\/proprietes\/award-winning-craft-distillery-monteregie-region\/\" class=\"social_whatsup\" rel=\"noreferrer\" target=\"_blank\"><\/a>\n            <a href=\"mailto:?&#115;&#117;&#98;&#106;&#101;&#99;t&#61;&#65;w&#97;&#114;&#100;&#45;&#119;in&#110;i&#110;&#103;+&#99;&#114;&#97;f&#116;&#43;dis&#116;ille&#114;&#121;&#43;Mont&#37;&#67;3%&#65;9r%C&#51;%A9gi&#101;+&#114;e&#103;i&#111;&#110;&#38;&#97;mp&#59;&#98;&#111;&#100;y&#61;h&#116;t&#112;s&#37;&#51;A%2&#70;&#37;&#50;&#70;bl&#117;ug&#108;&#97;&#115;&#115;.c&#111;&#109;%&#50;&#70;&#101;&#110;%&#50;&#70;&#112;r&#111;pr&#105;e&#116;es%2F&#97;w&#97;rd-winni&#110;&#103;-&#99;raf&#116;&#45;d&#105;&#115;t&#105;&#108;l&#101;r&#121;-mon&#116;e&#114;eg&#105;&#101;&#45;&#114;&#101;gi&#111;n&#37;&#50;F\" data-action=\"share email\" class=\"social_email\"><\/a>\n        <\/div>\n                <span class=\"share_list\" data-bs-toggle=\"tooltip\" title=\"share\"><\/span>\n    \n            <span class=\"icon-fav icon-fav-off\" \n            data-bs-toggle=\"tooltip\" \n            title=\"add to favorites\" \n            data-postid=\"36485\">\n        <\/span>\n    \n            <span class=\"compare-action\" \n            data-bs-toggle=\"tooltip\"\n            title=\"compare\" \n            data-pimage=\"https:\/\/bluuglass.com\/wp-content\/uploads\/2025\/10\/david-goldman-27G8PF-fjrs-unsplash-1-143x83.jpg\" \n            data-pid=\"36485\">\n        <\/span>\n    <\/div>\n            <\/div>\n\n            <div class=\"property-unit-information-wrapper\">\n                <h4>\n  <a href=\"https:\/\/bluuglass.com\/en\/proprietes\/award-winning-craft-distillery-monteregie-region\/\" >Award-winning craft distillery Mont\u00e9r\u00e9gie re...<\/a>\n<\/h4><div class=\"property_listing_details\">\n    <\/div>\n    <div class=\"listing_details the_list_view\">\n        A distillery renowned for the exceptional quality of its spirits. This Qu\u00e9bec microdistillery stands <a href=\"https:\/\/bluuglass.com\/en\/proprietes\/award-winning-craft-distillery-monteregie-region\/\" class=\"unit_more_x\"> ...<\/a>    <\/div>\n            <\/div>\n            <\/div>\n<\/div>\n<div class=\"col-lg-4 col-12 col-sm-6 col-md-6   listing_wrapper  property_unit_type4\"\n    data-org=\"4\"\n    data-main-modal=\"https:\/\/bluuglass.com\/wp-content\/uploads\/2025\/10\/Entreprise-a-vendre-1-835x467.jpg\"\n    data-modal-title=\"Technical Clothing Manufacturing Workshop\"\n    data-modal-link=\"https:\/\/bluuglass.com\/en\/proprietes\/technical-clothing-manufacturing-workshop\/\"\n    data-listid=\"36477\">\n\n    <div class=\"property_listing property_unit_type4 \"\n         data-link=\"\">\n\n                    <div class=\"listing-unit-img-wrapper\">\n                <div class=\"featured_gradient\"><\/div>\n                    <div id=\"property_unit_carousel_69f566ccb353a\" class=\"carousel property_unit_carousel slide\" data-bs-interval=\"false\">\n        <div class=\"carousel-inner\">\n           \n            <div class=\"carousel-item active\">\n                <a href=\"https:\/\/bluuglass.com\/en\/proprietes\/technical-clothing-manufacturing-workshop\/\" target=\"_self\">\n                    <img decoding=\"async\" width=\"525px\" height=\"328px\" src=\"https:\/\/bluuglass.com\/wp-content\/uploads\/2025\/10\/Entreprise-a-vendre-1-525x328.jpg\" alt=\"Technical Clothing Manufacturing Workshop\" class=\"d-block w-100 img-fluid\" loading=\"lazy\" \/>\n                <\/a>\n            <\/div>        <\/div>\n                    <button class=\"carousel-control-prev\" type=\"button\" data-bs-target=\"#property_unit_carousel_69f566ccb353a\" data-bs-slide=\"prev\">\n                <span class=\"carousel-control-prev-icon\" aria-hidden=\"true\"><\/span>\n                <span class=\"visually-hidden\">Previous<\/span>\n            <\/button>\n            <button class=\"carousel-control-next\" type=\"button\" data-bs-target=\"#property_unit_carousel_69f566ccb353a\" data-bs-slide=\"next\">\n                <span class=\"carousel-control-next-icon\" aria-hidden=\"true\"><\/span>\n                <span class=\"visually-hidden\">Next<\/span>\n            <\/button>\n            <\/div>\n    <div class=\"tag-wrapper\">\n    <div class=\"status-wrapper\">\n    <div class=\"action_tag_wrapper For sale\">For sale<\/div><\/div>\n<\/div>\n<div class=\"listing_actions\">\n                    <div class=\"share_unit\">\n            <a href=\"https:\/\/www.facebook.com\/sharer.php?u=https:\/\/bluuglass.com\/en\/proprietes\/technical-clothing-manufacturing-workshop\/&#038;t=Technical+Clothing+Manufacturing+Workshop\" target=\"_blank\" rel=\"noreferrer\" class=\"social_facebook\"><\/a>\n            <a href=\"https:\/\/twitter.com\/intent\/tweet?text=Technical+Clothing+Manufacturing+Workshop+https%3A%2F%2Fbluuglass.com%2Fen%2Fproprietes%2Ftechnical-clothing-manufacturing-workshop%2F\" class=\"social_tweet\" rel=\"noreferrer\" target=\"_blank\"><\/a>\n            <a href=\"https:\/\/pinterest.com\/pin\/create\/button\/?url=https:\/\/bluuglass.com\/en\/proprietes\/technical-clothing-manufacturing-workshop\/&#038;media=https:\/\/bluuglass.com\/wp-content\/uploads\/2025\/10\/Entreprise-a-vendre-1.jpg&#038;description=Technical+Clothing+Manufacturing+Workshop\" target=\"_blank\" rel=\"noreferrer\" class=\"social_pinterest\"><\/a>\n            <a href=\"https:\/\/wa.me\/?text=Technical%20Clothing%20Manufacturing%20Workshop%20https:\/\/bluuglass.com\/en\/proprietes\/technical-clothing-manufacturing-workshop\/\" class=\"social_whatsup\" rel=\"noreferrer\" target=\"_blank\"><\/a>\n            <a href=\"mailto:?&#115;ubj&#101;ct=&#84;&#101;&#99;&#104;n&#105;ca&#108;&#43;C&#108;o&#116;&#104;in&#103;&#43;&#77;&#97;&#110;&#117;&#102;ac&#116;u&#114;ing+&#87;ork&#115;h&#111;p&&#97;m&#112;;&#98;od&#121;=&#104;ttps&#37;3A%2F&#37;&#50;F&#98;luu&#103;l&#97;ss.&#99;o&#109;%2F&#101;&#110;%2F&#112;&#114;&#111;pr&#105;e&#116;e&#115;&#37;&#50;F&#116;ec&#104;nic&#97;&#108;-&#99;&#108;&#111;t&#104;in&#103;-&#109;&#97;n&#117;factu&#114;&#105;&#110;&#103;-work&#115;hop&#37;2&#70;\" data-action=\"share email\" class=\"social_email\"><\/a>\n        <\/div>\n                <span class=\"share_list\" data-bs-toggle=\"tooltip\" title=\"share\"><\/span>\n    \n            <span class=\"icon-fav icon-fav-off\" \n            data-bs-toggle=\"tooltip\" \n            title=\"add to favorites\" \n            data-postid=\"36477\">\n        <\/span>\n    \n            <span class=\"compare-action\" \n            data-bs-toggle=\"tooltip\"\n            title=\"compare\" \n            data-pimage=\"https:\/\/bluuglass.com\/wp-content\/uploads\/2025\/10\/Entreprise-a-vendre-1-143x83.jpg\" \n            data-pid=\"36477\">\n        <\/span>\n    <\/div>\n            <\/div>\n\n            <div class=\"property-unit-information-wrapper\">\n                <h4>\n  <a href=\"https:\/\/bluuglass.com\/en\/proprietes\/technical-clothing-manufacturing-workshop\/\" >Technical Clothing Manufacturing Workshop<\/a>\n<\/h4><div class=\"property_listing_details\">\n    <\/div>\n    <div class=\"listing_details the_list_view\">\n        About the Company Family-owned and well-established for nearly 30 years, this company specializes in <a href=\"https:\/\/bluuglass.com\/en\/proprietes\/technical-clothing-manufacturing-workshop\/\" class=\"unit_more_x\"> ...<\/a>    <\/div>\n            <\/div>\n            <\/div>\n<\/div>\n<div class=\"col-lg-4 col-12 col-sm-6 col-md-6   listing_wrapper  property_unit_type4\"\n    data-org=\"4\"\n    data-main-modal=\"https:\/\/bluuglass.com\/wp-content\/uploads\/2025\/09\/Bistro-a-vendre-1-835x467.jpg\"\n    data-modal-title=\"Bistronomic Restaurant \u2013 Exceptional profitability Laval\"\n    data-modal-link=\"https:\/\/bluuglass.com\/en\/proprietes\/bistronomic-restaurant-exceptional-profitability-laval\/\"\n    data-listid=\"36475\">\n\n    <div class=\"property_listing property_unit_type4 \"\n         data-link=\"\">\n\n                    <div class=\"listing-unit-img-wrapper\">\n                <div class=\"featured_gradient\"><\/div>\n                    <div id=\"property_unit_carousel_69f566ccb37e0\" class=\"carousel property_unit_carousel slide\" data-bs-interval=\"false\">\n        <div class=\"carousel-inner\">\n           \n            <div class=\"carousel-item active\">\n                <a href=\"https:\/\/bluuglass.com\/en\/proprietes\/bistronomic-restaurant-exceptional-profitability-laval\/\" target=\"_self\">\n                    <img decoding=\"async\" width=\"525px\" height=\"328px\" src=\"https:\/\/bluuglass.com\/wp-content\/uploads\/2025\/09\/Bistro-a-vendre-1-525x328.jpg\" alt=\"Bistronomic Restaurant \u2013 Exceptional profitability Laval\" class=\"d-block w-100 img-fluid\" loading=\"lazy\" \/>\n                <\/a>\n            <\/div>        <\/div>\n                    <button class=\"carousel-control-prev\" type=\"button\" data-bs-target=\"#property_unit_carousel_69f566ccb37e0\" data-bs-slide=\"prev\">\n                <span class=\"carousel-control-prev-icon\" aria-hidden=\"true\"><\/span>\n                <span class=\"visually-hidden\">Previous<\/span>\n            <\/button>\n            <button class=\"carousel-control-next\" type=\"button\" data-bs-target=\"#property_unit_carousel_69f566ccb37e0\" data-bs-slide=\"next\">\n                <span class=\"carousel-control-next-icon\" aria-hidden=\"true\"><\/span>\n                <span class=\"visually-hidden\">Next<\/span>\n            <\/button>\n            <\/div>\n    <div class=\"tag-wrapper\">\n    <div class=\"status-wrapper\">\n    <div class=\"action_tag_wrapper For sale\">For sale<\/div><\/div>\n<\/div>\n<div class=\"listing_actions\">\n                    <div class=\"share_unit\">\n            <a href=\"https:\/\/www.facebook.com\/sharer.php?u=https:\/\/bluuglass.com\/en\/proprietes\/bistronomic-restaurant-exceptional-profitability-laval\/&#038;t=Bistronomic+Restaurant+%E2%80%93+Exceptional+profitability+Laval\" target=\"_blank\" rel=\"noreferrer\" class=\"social_facebook\"><\/a>\n            <a href=\"https:\/\/twitter.com\/intent\/tweet?text=Bistronomic+Restaurant+%E2%80%93+Exceptional+profitability+Laval+https%3A%2F%2Fbluuglass.com%2Fen%2Fproprietes%2Fbistronomic-restaurant-exceptional-profitability-laval%2F\" class=\"social_tweet\" rel=\"noreferrer\" target=\"_blank\"><\/a>\n            <a href=\"https:\/\/pinterest.com\/pin\/create\/button\/?url=https:\/\/bluuglass.com\/en\/proprietes\/bistronomic-restaurant-exceptional-profitability-laval\/&#038;media=https:\/\/bluuglass.com\/wp-content\/uploads\/2025\/09\/Bistro-a-vendre-1.jpg&#038;description=Bistronomic+Restaurant+%E2%80%93+Exceptional+profitability+Laval\" target=\"_blank\" rel=\"noreferrer\" class=\"social_pinterest\"><\/a>\n            <a href=\"https:\/\/wa.me\/?text=Bistronomic%20Restaurant%20\u2013%20Exceptional%20profitability%20Laval%20https:\/\/bluuglass.com\/en\/proprietes\/bistronomic-restaurant-exceptional-profitability-laval\/\" class=\"social_whatsup\" rel=\"noreferrer\" target=\"_blank\"><\/a>\n            <a href=\"mailto:?sub&#106;&#101;ct=B&#105;s&#116;&#114;&#111;&#110;omi&#99;&#43;Re&#115;tau&#114;&#97;nt+%&#69;&#50;&#37;&#56;&#48;&#37;93+Ex&#99;&#101;ptio&#110;al+pro&#102;i&#116;a&#98;&#105;l&#105;t&#121;&#43;L&#97;val&#38;&#97;&#109;&#112;&#59;b&#111;dy&#61;&#104;&#116;&#116;&#112;&#115;%&#51;A&#37;2&#70;%2&#70;b&#108;uu&#103;&#108;a&#115;&#115;&#46;c&#111;m%&#50;&#70;en&#37;2F&#112;r&#111;&#112;r&#105;et&#101;s&#37;2F&#98;i&#115;tr&#111;&#110;o&#109;&#105;c&#45;re&#115;&#116;&#97;&#117;rant&#45;&#101;&#120;ce&#112;t&#105;o&#110;&#97;&#108;-pr&#111;&#102;it&#97;bili&#116;y-l&#97;&#118;al&#37;&#50;&#70;\" data-action=\"share email\" class=\"social_email\"><\/a>\n        <\/div>\n                <span class=\"share_list\" data-bs-toggle=\"tooltip\" title=\"share\"><\/span>\n    \n            <span class=\"icon-fav icon-fav-off\" \n            data-bs-toggle=\"tooltip\" \n            title=\"add to favorites\" \n            data-postid=\"36475\">\n        <\/span>\n    \n            <span class=\"compare-action\" \n            data-bs-toggle=\"tooltip\"\n            title=\"compare\" \n            data-pimage=\"https:\/\/bluuglass.com\/wp-content\/uploads\/2025\/09\/Bistro-a-vendre-1-143x83.jpg\" \n            data-pid=\"36475\">\n        <\/span>\n    <\/div>\n            <\/div>\n\n            <div class=\"property-unit-information-wrapper\">\n                <h4>\n  <a href=\"https:\/\/bluuglass.com\/en\/proprietes\/bistronomic-restaurant-exceptional-profitability-laval\/\" >Bistronomic Restaurant \u2013 Exceptional profita...<\/a>\n<\/h4><div class=\"property_listing_details\">\n    <\/div>\n    <div class=\"listing_details the_list_view\">\n        Located in a high-demand area of Laval, this well-established bistro is known for its comforting cui <a href=\"https:\/\/bluuglass.com\/en\/proprietes\/bistronomic-restaurant-exceptional-profitability-laval\/\" class=\"unit_more_x\"> ...<\/a>    <\/div>\n            <\/div>\n            <\/div>\n<\/div>\n<div class=\"col-lg-4 col-12 col-sm-6 col-md-6   listing_wrapper  property_unit_type4\"\n    data-org=\"4\"\n    data-main-modal=\"\"\n    data-modal-title=\"Bistro in a Vibrant Montr\u00e9al Neighborhood\"\n    data-modal-link=\"https:\/\/bluuglass.com\/en\/proprietes\/bistro-in-a-vibrant-montreal-neighborhood\/\"\n    data-listid=\"36463\">\n\n    <div class=\"property_listing property_unit_type4 \"\n         data-link=\"\">\n\n                    <div class=\"listing-unit-img-wrapper\">\n                <div class=\"featured_gradient\"><\/div>\n                    <div id=\"property_unit_carousel_69f566ccb3bf5\" class=\"carousel property_unit_carousel slide\" data-bs-interval=\"false\">\n        <div class=\"carousel-inner\">\n           \n            <div class=\"carousel-item active\">\n                <a href=\"https:\/\/bluuglass.com\/en\/proprietes\/bistro-in-a-vibrant-montreal-neighborhood\/\" target=\"_self\">\n                    <img decoding=\"async\" width=\"492px\" height=\"328px\" src=\"https:\/\/bluuglass.com\/wp-content\/uploads\/2025\/09\/Walter-vendu-scaled.png\" alt=\"Bistro in a Vibrant Montr\u00e9al Neighborhood\" class=\"d-block w-100 img-fluid\" loading=\"lazy\" \/>\n                <\/a>\n            <\/div><div class=\"carousel-item \">\n                <a href=\"https:\/\/bluuglass.com\/en\/proprietes\/bistro-in-a-vibrant-montreal-neighborhood\/\" target=\"_self\">\n                    <img decoding=\"async\" width=\"525px\" height=\"328px\" src=\"https:\/\/bluuglass.com\/wp-content\/uploads\/2025\/09\/Walter-1-525x328.jpg\" alt=\"Bistro in a Vibrant Montr\u00e9al Neighborhood\" class=\"d-block w-100 img-fluid\" loading=\"lazy\" \/>\n                <\/a>\n            <\/div>        <\/div>\n                    <button class=\"carousel-control-prev\" type=\"button\" data-bs-target=\"#property_unit_carousel_69f566ccb3bf5\" data-bs-slide=\"prev\">\n                <span class=\"carousel-control-prev-icon\" aria-hidden=\"true\"><\/span>\n                <span class=\"visually-hidden\">Previous<\/span>\n            <\/button>\n            <button class=\"carousel-control-next\" type=\"button\" data-bs-target=\"#property_unit_carousel_69f566ccb3bf5\" data-bs-slide=\"next\">\n                <span class=\"carousel-control-next-icon\" aria-hidden=\"true\"><\/span>\n                <span class=\"visually-hidden\">Next<\/span>\n            <\/button>\n            <\/div>\n    <div class=\"tag-wrapper\">\n    <div class=\"status-wrapper\">\n    <\/div>\n<\/div>\n<div class=\"listing_actions\">\n                    <div class=\"share_unit\">\n            <a href=\"https:\/\/www.facebook.com\/sharer.php?u=https:\/\/bluuglass.com\/en\/proprietes\/bistro-in-a-vibrant-montreal-neighborhood\/&#038;t=Bistro+in+a+Vibrant+Montr%C3%A9al+Neighborhood\" target=\"_blank\" rel=\"noreferrer\" class=\"social_facebook\"><\/a>\n            <a href=\"https:\/\/twitter.com\/intent\/tweet?text=Bistro+in+a+Vibrant+Montr%C3%A9al+Neighborhood+https%3A%2F%2Fbluuglass.com%2Fen%2Fproprietes%2Fbistro-in-a-vibrant-montreal-neighborhood%2F\" class=\"social_tweet\" rel=\"noreferrer\" target=\"_blank\"><\/a>\n            <a href=\"https:\/\/pinterest.com\/pin\/create\/button\/?url=https:\/\/bluuglass.com\/en\/proprietes\/bistro-in-a-vibrant-montreal-neighborhood\/&#038;media=https:\/\/bluuglass.com\/wp-content\/uploads\/2025\/09\/Walter-vendu-scaled.png&#038;description=Bistro+in+a+Vibrant+Montr%C3%A9al+Neighborhood\" target=\"_blank\" rel=\"noreferrer\" class=\"social_pinterest\"><\/a>\n            <a href=\"https:\/\/wa.me\/?text=Bistro%20in%20a%20Vibrant%20Montr\u00e9al%20Neighborhood%20https:\/\/bluuglass.com\/en\/proprietes\/bistro-in-a-vibrant-montreal-neighborhood\/\" class=\"social_whatsup\" rel=\"noreferrer\" target=\"_blank\"><\/a>\n            <a href=\"mailto:?&#115;&#117;&#98;je&#99;&#116;&#61;Bi&#115;&#116;r&#111;&#43;&#105;n+&#97;+Vibr&#97;nt&#43;&#77;&#111;&#110;t&#114;%&#67;3&#37;&#65;&#57;&#97;&#108;+&#78;&#101;&#105;g&#104;&#98;o&#114;hoo&#100;&am&#112;;b&#111;dy&#61;&#104;&#116;t&#112;&#115;%3A%2F%&#50;Fbl&#117;&#117;g&#108;a&#115;s&#46;&#99;om&#37;2&#70;en&#37;&#50;&#70;&#112;&#114;&#111;&#112;riet&#101;&#115;&#37;2F&#98;&#105;st&#114;&#111;&#45;&#105;n&#45;&#97;-v&#105;&#98;rant&#45;m&#111;&#110;t&#114;&#101;&#97;l&#45;&#110;ei&#103;h&#98;o&#114;hood&#37;&#50;&#70;\" data-action=\"share email\" class=\"social_email\"><\/a>\n        <\/div>\n                <span class=\"share_list\" data-bs-toggle=\"tooltip\" title=\"share\"><\/span>\n    \n            <span class=\"icon-fav icon-fav-off\" \n            data-bs-toggle=\"tooltip\" \n            title=\"add to favorites\" \n            data-postid=\"36463\">\n        <\/span>\n    \n            <span class=\"compare-action\" \n            data-bs-toggle=\"tooltip\"\n            title=\"compare\" \n            data-pimage=\"https:\/\/bluuglass.com\/wp-content\/uploads\/2025\/09\/Walter-vendu-143x83.png\" \n            data-pid=\"36463\">\n        <\/span>\n    <\/div>\n            <\/div>\n\n            <div class=\"property-unit-information-wrapper\">\n                <h4>\n  <a href=\"https:\/\/bluuglass.com\/en\/proprietes\/bistro-in-a-vibrant-montreal-neighborhood\/\" >Bistro in a Vibrant Montr\u00e9al Neighborhood<\/a>\n<\/h4><div class=\"property_listing_details\">\n    <\/div>\n    <div class=\"listing_details the_list_view\">\n        Turnkey Bistro\/Restaurant for Sale in a Sought-After Montreal Neighborhood. This well-established bi <a href=\"https:\/\/bluuglass.com\/en\/proprietes\/bistro-in-a-vibrant-montreal-neighborhood\/\" class=\"unit_more_x\"> ...<\/a>    <\/div>\n            <\/div>\n            <\/div>\n<\/div>\n<div class=\"col-lg-4 col-12 col-sm-6 col-md-6   listing_wrapper  property_unit_type4\"\n    data-org=\"4\"\n    data-main-modal=\"https:\/\/bluuglass.com\/wp-content\/uploads\/2025\/08\/Guichet-Immobilier-1172-Kilmar-18-1-835x467.jpg\"\n    data-modal-title=\"High-end rental chalet estate with private lake in the Laurentides\"\n    data-modal-link=\"https:\/\/bluuglass.com\/en\/proprietes\/high-end-rental-chalet-estate-with-private-lake-in-the-laurentides\/\"\n    data-listid=\"36451\">\n\n    <div class=\"property_listing property_unit_type4 \"\n         data-link=\"\">\n\n                    <div class=\"listing-unit-img-wrapper\">\n                <div class=\"featured_gradient\"><\/div>\n                    <div id=\"property_unit_carousel_69f566ccb3ee6\" class=\"carousel property_unit_carousel slide\" data-bs-interval=\"false\">\n        <div class=\"carousel-inner\">\n           \n            <div class=\"carousel-item active\">\n                <a href=\"https:\/\/bluuglass.com\/en\/proprietes\/high-end-rental-chalet-estate-with-private-lake-in-the-laurentides\/\" target=\"_self\">\n                    <img decoding=\"async\" width=\"525px\" height=\"328px\" src=\"https:\/\/bluuglass.com\/wp-content\/uploads\/2025\/08\/Guichet-Immobilier-1172-Kilmar-18-1-525x328.jpg\" alt=\"High-end rental chalet estate with private lake in the Laurentides\" class=\"d-block w-100 img-fluid\" loading=\"lazy\" \/>\n                <\/a>\n            <\/div>        <\/div>\n                    <button class=\"carousel-control-prev\" type=\"button\" data-bs-target=\"#property_unit_carousel_69f566ccb3ee6\" data-bs-slide=\"prev\">\n                <span class=\"carousel-control-prev-icon\" aria-hidden=\"true\"><\/span>\n                <span class=\"visually-hidden\">Previous<\/span>\n            <\/button>\n            <button class=\"carousel-control-next\" type=\"button\" data-bs-target=\"#property_unit_carousel_69f566ccb3ee6\" data-bs-slide=\"next\">\n                <span class=\"carousel-control-next-icon\" aria-hidden=\"true\"><\/span>\n                <span class=\"visually-hidden\">Next<\/span>\n            <\/button>\n            <\/div>\n    <div class=\"tag-wrapper\">\n    <div class=\"status-wrapper\">\n    <div class=\"action_tag_wrapper For sale\">For sale<\/div><\/div>\n<\/div>\n<div class=\"listing_actions\">\n                    <div class=\"share_unit\">\n            <a href=\"https:\/\/www.facebook.com\/sharer.php?u=https:\/\/bluuglass.com\/en\/proprietes\/high-end-rental-chalet-estate-with-private-lake-in-the-laurentides\/&#038;t=High-end+rental+chalet+estate+with+private+lake+in+the+Laurentides\" target=\"_blank\" rel=\"noreferrer\" class=\"social_facebook\"><\/a>\n            <a href=\"https:\/\/twitter.com\/intent\/tweet?text=High-end+rental+chalet+estate+with+private+lake+in+the+Laurentides+https%3A%2F%2Fbluuglass.com%2Fen%2Fproprietes%2Fhigh-end-rental-chalet-estate-with-private-lake-in-the-laurentides%2F\" class=\"social_tweet\" rel=\"noreferrer\" target=\"_blank\"><\/a>\n            <a href=\"https:\/\/pinterest.com\/pin\/create\/button\/?url=https:\/\/bluuglass.com\/en\/proprietes\/high-end-rental-chalet-estate-with-private-lake-in-the-laurentides\/&#038;media=https:\/\/bluuglass.com\/wp-content\/uploads\/2025\/08\/Guichet-Immobilier-1172-Kilmar-18-1.jpg&#038;description=High-end+rental+chalet+estate+with+private+lake+in+the+Laurentides\" target=\"_blank\" rel=\"noreferrer\" class=\"social_pinterest\"><\/a>\n            <a href=\"https:\/\/wa.me\/?text=High-end%20rental%20chalet%20estate%20with%20private%20lake%20in%20the%20Laurentides%20https:\/\/bluuglass.com\/en\/proprietes\/high-end-rental-chalet-estate-with-private-lake-in-the-laurentides\/\" class=\"social_whatsup\" rel=\"noreferrer\" target=\"_blank\"><\/a>\n            <a href=\"mailto:?&#115;ub&#106;&#101;c&#116;=&#72;&#105;&#103;h&#45;en&#100;+rent&#97;&#108;&#43;&#99;ha&#108;e&#116;+e&#115;&#116;&#97;&#116;e&#43;&#119;&#105;t&#104;&#43;p&#114;ivate+l&#97;k&#101;&#43;in+&#116;&#104;&#101;+&#76;&#97;ur&#101;ntid&#101;&#115;&a&#109;&#112;&#59;b&#111;&#100;y&#61;https&#37;&#51;&#65;%2&#70;%&#50;&#70;blu&#117;&#103;la&#115;s.&#99;o&#109;&#37;2F&#101;&#110;&#37;&#50;Fp&#114;opr&#105;&#101;t&#101;&#115;%&#50;&#70;&#104;&#105;&#103;&#104;&#45;e&#110;&#100;&#45;r&#101;&#110;&#116;&#97;l-c&#104;&#97;let-&#101;&#115;&#116;&#97;&#116;e-w&#105;&#116;&#104;-pr&#105;vat&#101;&#45;la&#107;e&#45;&#105;n&#45;&#116;&#104;e-laur&#101;&#110;t&#105;&#100;es&#37;&#50;F\" data-action=\"share email\" class=\"social_email\"><\/a>\n        <\/div>\n                <span class=\"share_list\" data-bs-toggle=\"tooltip\" title=\"share\"><\/span>\n    \n            <span class=\"icon-fav icon-fav-off\" \n            data-bs-toggle=\"tooltip\" \n            title=\"add to favorites\" \n            data-postid=\"36451\">\n        <\/span>\n    \n            <span class=\"compare-action\" \n            data-bs-toggle=\"tooltip\"\n            title=\"compare\" \n            data-pimage=\"https:\/\/bluuglass.com\/wp-content\/uploads\/2025\/08\/Guichet-Immobilier-1172-Kilmar-18-1-143x83.jpg\" \n            data-pid=\"36451\">\n        <\/span>\n    <\/div>\n            <\/div>\n\n            <div class=\"property-unit-information-wrapper\">\n                <h4>\n  <a href=\"https:\/\/bluuglass.com\/en\/proprietes\/high-end-rental-chalet-estate-with-private-lake-in-the-laurentides\/\" >High-end rental chalet estate with private l...<\/a>\n<\/h4><div class=\"property_listing_details\">\n    <\/div>\n    <div class=\"listing_details the_list_view\">\n        Exceptional estate for sale in the Laurentians! Just an hour from Montreal and Ottawa, this estate o <a href=\"https:\/\/bluuglass.com\/en\/proprietes\/high-end-rental-chalet-estate-with-private-lake-in-the-laurentides\/\" class=\"unit_more_x\"> ...<\/a>    <\/div>\n            <\/div>\n            <\/div>\n<\/div>\n<div class=\"col-lg-4 col-12 col-sm-6 col-md-6   listing_wrapper  property_unit_type4\"\n    data-org=\"4\"\n    data-main-modal=\"https:\/\/bluuglass.com\/wp-content\/uploads\/2025\/07\/IMG_6340-835x467.jpg\"\n    data-modal-title=\"Restaurant located on Mont-Royal Avenue\"\n    data-modal-link=\"https:\/\/bluuglass.com\/en\/proprietes\/restaurant-located-on-mont-royal-avenue\/\"\n    data-listid=\"36435\">\n\n    <div class=\"property_listing property_unit_type4 \"\n         data-link=\"\">\n\n                    <div class=\"listing-unit-img-wrapper\">\n                <div class=\"featured_gradient\"><\/div>\n                    <div id=\"property_unit_carousel_69f566ccb4181\" class=\"carousel property_unit_carousel slide\" data-bs-interval=\"false\">\n        <div class=\"carousel-inner\">\n           \n            <div class=\"carousel-item active\">\n                <a href=\"https:\/\/bluuglass.com\/en\/proprietes\/restaurant-located-on-mont-royal-avenue\/\" target=\"_self\">\n                    <img decoding=\"async\" width=\"525px\" height=\"328px\" src=\"https:\/\/bluuglass.com\/wp-content\/uploads\/2025\/07\/IMG_6340-525x328.jpg\" alt=\"Restaurant located on Mont-Royal Avenue\" class=\"d-block w-100 img-fluid\" loading=\"lazy\" \/>\n                <\/a>\n            <\/div>        <\/div>\n                    <button class=\"carousel-control-prev\" type=\"button\" data-bs-target=\"#property_unit_carousel_69f566ccb4181\" data-bs-slide=\"prev\">\n                <span class=\"carousel-control-prev-icon\" aria-hidden=\"true\"><\/span>\n                <span class=\"visually-hidden\">Previous<\/span>\n            <\/button>\n            <button class=\"carousel-control-next\" type=\"button\" data-bs-target=\"#property_unit_carousel_69f566ccb4181\" data-bs-slide=\"next\">\n                <span class=\"carousel-control-next-icon\" aria-hidden=\"true\"><\/span>\n                <span class=\"visually-hidden\">Next<\/span>\n            <\/button>\n            <\/div>\n    <div class=\"tag-wrapper\">\n    <div class=\"status-wrapper\">\n    <div class=\"action_tag_wrapper For sale\">For sale<\/div><\/div>\n<\/div>\n<div class=\"listing_actions\">\n                    <div class=\"share_unit\">\n            <a href=\"https:\/\/www.facebook.com\/sharer.php?u=https:\/\/bluuglass.com\/en\/proprietes\/restaurant-located-on-mont-royal-avenue\/&#038;t=Restaurant+located+on+Mont-Royal+Avenue\" target=\"_blank\" rel=\"noreferrer\" class=\"social_facebook\"><\/a>\n            <a href=\"https:\/\/twitter.com\/intent\/tweet?text=Restaurant+located+on+Mont-Royal+Avenue+https%3A%2F%2Fbluuglass.com%2Fen%2Fproprietes%2Frestaurant-located-on-mont-royal-avenue%2F\" class=\"social_tweet\" rel=\"noreferrer\" target=\"_blank\"><\/a>\n            <a href=\"https:\/\/pinterest.com\/pin\/create\/button\/?url=https:\/\/bluuglass.com\/en\/proprietes\/restaurant-located-on-mont-royal-avenue\/&#038;media=https:\/\/bluuglass.com\/wp-content\/uploads\/2025\/07\/IMG_6340-scaled.jpg&#038;description=Restaurant+located+on+Mont-Royal+Avenue\" target=\"_blank\" rel=\"noreferrer\" class=\"social_pinterest\"><\/a>\n            <a href=\"https:\/\/wa.me\/?text=Restaurant%20located%20on%20Mont-Royal%20Avenue%20https:\/\/bluuglass.com\/en\/proprietes\/restaurant-located-on-mont-royal-avenue\/\" class=\"social_whatsup\" rel=\"noreferrer\" target=\"_blank\"><\/a>\n            <a href=\"mailto:?&#115;ub&#106;ec&#116;&#61;R&#101;s&#116;&#97;&#117;r&#97;nt&#43;&#108;&#111;c&#97;&#116;ed+&#111;&#110;+Mon&#116;&#45;Roy&#97;&#108;&#43;Avenue&&#97;mp;&#98;ody=&#104;&#116;t&#112;&#115;%&#51;&#65;&#37;2&#70;%2&#70;bluugla&#115;s&#46;&#99;om%2F&#101;&#110;&#37;2&#70;&#112;&#114;&#111;&#112;r&#105;&#101;t&#101;&#115;%&#50;F&#114;es&#116;a&#117;rant-&#108;oc&#97;t&#101;d-on-&#109;o&#110;&#116;-&#114;oy&#97;&#108;-aven&#117;e&#37;2F\" data-action=\"share email\" class=\"social_email\"><\/a>\n        <\/div>\n                <span class=\"share_list\" data-bs-toggle=\"tooltip\" title=\"share\"><\/span>\n    \n            <span class=\"icon-fav icon-fav-off\" \n            data-bs-toggle=\"tooltip\" \n            title=\"add to favorites\" \n            data-postid=\"36435\">\n        <\/span>\n    \n            <span class=\"compare-action\" \n            data-bs-toggle=\"tooltip\"\n            title=\"compare\" \n            data-pimage=\"https:\/\/bluuglass.com\/wp-content\/uploads\/2025\/07\/IMG_6340-143x83.jpg\" \n            data-pid=\"36435\">\n        <\/span>\n    <\/div>\n            <\/div>\n\n            <div class=\"property-unit-information-wrapper\">\n                <h4>\n  <a href=\"https:\/\/bluuglass.com\/en\/proprietes\/restaurant-located-on-mont-royal-avenue\/\" >Restaurant located on Mont-Royal Avenue<\/a>\n<\/h4><div class=\"property_listing_details\">\n    <\/div>\n    <div class=\"listing_details the_list_view\">\n        Located on Mont-Royal Avenue, this business benefits from high natural foot traffic and a loyal cust <a href=\"https:\/\/bluuglass.com\/en\/proprietes\/restaurant-located-on-mont-royal-avenue\/\" class=\"unit_more_x\"> ...<\/a>    <\/div>\n            <\/div>\n            <\/div>\n<\/div>\n<div class=\"col-lg-4 col-12 col-sm-6 col-md-6   listing_wrapper  property_unit_type4\"\n    data-org=\"4\"\n    data-main-modal=\"https:\/\/bluuglass.com\/wp-content\/uploads\/2025\/07\/pexels-anthony-rahayel-125801377-835x467.png\"\n    data-modal-title=\"Artisanal Italian Bakery + Building in Montreal\"\n    data-modal-link=\"https:\/\/bluuglass.com\/en\/proprietes\/artisanal-italian-bakery-building-in-montreal\/\"\n    data-listid=\"36410\">\n\n    <div class=\"property_listing property_unit_type4 \"\n         data-link=\"\">\n\n                    <div class=\"listing-unit-img-wrapper\">\n                <div class=\"featured_gradient\"><\/div>\n                    <div id=\"property_unit_carousel_69f566ccb4410\" class=\"carousel property_unit_carousel slide\" data-bs-interval=\"false\">\n        <div class=\"carousel-inner\">\n           \n            <div class=\"carousel-item active\">\n                <a href=\"https:\/\/bluuglass.com\/en\/proprietes\/artisanal-italian-bakery-building-in-montreal\/\" target=\"_self\">\n                    <img decoding=\"async\" width=\"525px\" height=\"328px\" src=\"https:\/\/bluuglass.com\/wp-content\/uploads\/2025\/07\/pexels-anthony-rahayel-125801377-525x328.png\" alt=\"Artisanal Italian Bakery + Building in Montreal\" class=\"d-block w-100 img-fluid\" loading=\"lazy\" \/>\n                <\/a>\n            <\/div>        <\/div>\n                    <button class=\"carousel-control-prev\" type=\"button\" data-bs-target=\"#property_unit_carousel_69f566ccb4410\" data-bs-slide=\"prev\">\n                <span class=\"carousel-control-prev-icon\" aria-hidden=\"true\"><\/span>\n                <span class=\"visually-hidden\">Previous<\/span>\n            <\/button>\n            <button class=\"carousel-control-next\" type=\"button\" data-bs-target=\"#property_unit_carousel_69f566ccb4410\" data-bs-slide=\"next\">\n                <span class=\"carousel-control-next-icon\" aria-hidden=\"true\"><\/span>\n                <span class=\"visually-hidden\">Next<\/span>\n            <\/button>\n            <\/div>\n    <div class=\"tag-wrapper\">\n    <div class=\"status-wrapper\">\n    <div class=\"action_tag_wrapper For sale\">For sale<\/div><\/div>\n<\/div>\n<div class=\"listing_actions\">\n                    <div class=\"share_unit\">\n            <a href=\"https:\/\/www.facebook.com\/sharer.php?u=https:\/\/bluuglass.com\/en\/proprietes\/artisanal-italian-bakery-building-in-montreal\/&#038;t=Artisanal+Italian+Bakery+%2B+Building+in+Montreal\" target=\"_blank\" rel=\"noreferrer\" class=\"social_facebook\"><\/a>\n            <a href=\"https:\/\/twitter.com\/intent\/tweet?text=Artisanal+Italian+Bakery+%2B+Building+in+Montreal+https%3A%2F%2Fbluuglass.com%2Fen%2Fproprietes%2Fartisanal-italian-bakery-building-in-montreal%2F\" class=\"social_tweet\" rel=\"noreferrer\" target=\"_blank\"><\/a>\n            <a href=\"https:\/\/pinterest.com\/pin\/create\/button\/?url=https:\/\/bluuglass.com\/en\/proprietes\/artisanal-italian-bakery-building-in-montreal\/&#038;media=https:\/\/bluuglass.com\/wp-content\/uploads\/2025\/07\/pexels-anthony-rahayel-125801377.png&#038;description=Artisanal+Italian+Bakery+%2B+Building+in+Montreal\" target=\"_blank\" rel=\"noreferrer\" class=\"social_pinterest\"><\/a>\n            <a href=\"https:\/\/wa.me\/?text=Artisanal%20Italian%20Bakery%20+%20Building%20in%20Montreal%20https:\/\/bluuglass.com\/en\/proprietes\/artisanal-italian-bakery-building-in-montreal\/\" class=\"social_whatsup\" rel=\"noreferrer\" target=\"_blank\"><\/a>\n            <a href=\"mailto:?subj&#101;&#99;&#116;&#61;&#65;rt&#105;&#115;an&#97;l+I&#116;&#97;l&#105;a&#110;&#43;Bake&#114;&#121;&#43;&#37;2B&#43;Buildin&#103;+&#105;n+&#77;&#111;n&#116;&#114;&#101;a&#108;&&#97;m&#112;;&#98;ody&#61;&#104;&#116;tps%3&#65;%2&#70;%2&#70;b&#108;uu&#103;la&#115;&#115;&#46;c&#111;&#109;%&#50;F&#101;&#110;&#37;2F&#112;ro&#112;rie&#116;es&#37;&#50;&#70;a&#114;&#116;&#105;sa&#110;al&#45;&#105;t&#97;&#108;&#105;&#97;n-&#98;&#97;&#107;e&#114;&#121;&#45;&#98;&#117;&#105;&#108;d&#105;n&#103;-in&#45;m&#111;&#110;&#116;real&#37;2&#70;\" data-action=\"share email\" class=\"social_email\"><\/a>\n        <\/div>\n                <span class=\"share_list\" data-bs-toggle=\"tooltip\" title=\"share\"><\/span>\n    \n            <span class=\"icon-fav icon-fav-off\" \n            data-bs-toggle=\"tooltip\" \n            title=\"add to favorites\" \n            data-postid=\"36410\">\n        <\/span>\n    \n            <span class=\"compare-action\" \n            data-bs-toggle=\"tooltip\"\n            title=\"compare\" \n            data-pimage=\"https:\/\/bluuglass.com\/wp-content\/uploads\/2025\/07\/pexels-anthony-rahayel-125801377-143x83.png\" \n            data-pid=\"36410\">\n        <\/span>\n    <\/div>\n            <\/div>\n\n            <div class=\"property-unit-information-wrapper\">\n                <h4>\n  <a href=\"https:\/\/bluuglass.com\/en\/proprietes\/artisanal-italian-bakery-building-in-montreal\/\" >Artisanal Italian Bakery + Building in Montr...<\/a>\n<\/h4><div class=\"property_listing_details\">\n    <\/div>\n    <div class=\"listing_details the_list_view\">\n        This bakery is an iconic artisanal business located in the heart of Little Italy in Montreal. This c <a href=\"https:\/\/bluuglass.com\/en\/proprietes\/artisanal-italian-bakery-building-in-montreal\/\" class=\"unit_more_x\"> ...<\/a>    <\/div>\n            <\/div>\n            <\/div>\n<\/div>\n<div class=\"col-lg-4 col-12 col-sm-6 col-md-6   listing_wrapper  property_unit_type4\"\n    data-org=\"4\"\n    data-main-modal=\"https:\/\/bluuglass.com\/wp-content\/uploads\/2025\/06\/LOUE-LEASED-835x467.png\"\n    data-modal-title=\"Commercial spaces for rent in old Montreal\"\n    data-modal-link=\"https:\/\/bluuglass.com\/en\/proprietes\/commercial-spaces-for-rent-in-old-montreal\/\"\n    data-listid=\"36328\">\n\n    <div class=\"property_listing property_unit_type4 \"\n         data-link=\"\">\n\n                    <div class=\"listing-unit-img-wrapper\">\n                <div class=\"featured_gradient\"><\/div>\n                    <div id=\"property_unit_carousel_69f566ccb46ab\" class=\"carousel property_unit_carousel slide\" data-bs-interval=\"false\">\n        <div class=\"carousel-inner\">\n           \n            <div class=\"carousel-item active\">\n                <a href=\"https:\/\/bluuglass.com\/en\/proprietes\/commercial-spaces-for-rent-in-old-montreal\/\" target=\"_self\">\n                    <img decoding=\"async\" width=\"525px\" height=\"328px\" src=\"https:\/\/bluuglass.com\/wp-content\/uploads\/2025\/06\/LOUE-LEASED-525x328.png\" alt=\"Commercial spaces for rent in old Montreal\" class=\"d-block w-100 img-fluid\" loading=\"lazy\" \/>\n                <\/a>\n            <\/div>        <\/div>\n                    <button class=\"carousel-control-prev\" type=\"button\" data-bs-target=\"#property_unit_carousel_69f566ccb46ab\" data-bs-slide=\"prev\">\n                <span class=\"carousel-control-prev-icon\" aria-hidden=\"true\"><\/span>\n                <span class=\"visually-hidden\">Previous<\/span>\n            <\/button>\n            <button class=\"carousel-control-next\" type=\"button\" data-bs-target=\"#property_unit_carousel_69f566ccb46ab\" data-bs-slide=\"next\">\n                <span class=\"carousel-control-next-icon\" aria-hidden=\"true\"><\/span>\n                <span class=\"visually-hidden\">Next<\/span>\n            <\/button>\n            <\/div>\n    <div class=\"tag-wrapper\">\n    <div class=\"status-wrapper\">\n    <div class=\"action_tag_wrapper Leased\">Leased<\/div><\/div>\n<\/div>\n<div class=\"listing_actions\">\n                    <div class=\"share_unit\">\n            <a href=\"https:\/\/www.facebook.com\/sharer.php?u=https:\/\/bluuglass.com\/en\/proprietes\/commercial-spaces-for-rent-in-old-montreal\/&#038;t=Commercial+spaces+for+rent+in+old+Montreal\" target=\"_blank\" rel=\"noreferrer\" class=\"social_facebook\"><\/a>\n            <a href=\"https:\/\/twitter.com\/intent\/tweet?text=Commercial+spaces+for+rent+in+old+Montreal+https%3A%2F%2Fbluuglass.com%2Fen%2Fproprietes%2Fcommercial-spaces-for-rent-in-old-montreal%2F\" class=\"social_tweet\" rel=\"noreferrer\" target=\"_blank\"><\/a>\n            <a href=\"https:\/\/pinterest.com\/pin\/create\/button\/?url=https:\/\/bluuglass.com\/en\/proprietes\/commercial-spaces-for-rent-in-old-montreal\/&#038;media=https:\/\/bluuglass.com\/wp-content\/uploads\/2025\/06\/LOUE-LEASED-scaled.png&#038;description=Commercial+spaces+for+rent+in+old+Montreal\" target=\"_blank\" rel=\"noreferrer\" class=\"social_pinterest\"><\/a>\n            <a href=\"https:\/\/wa.me\/?text=Commercial%20spaces%20for%20rent%20in%20old%20Montreal%20https:\/\/bluuglass.com\/en\/proprietes\/commercial-spaces-for-rent-in-old-montreal\/\" class=\"social_whatsup\" rel=\"noreferrer\" target=\"_blank\"><\/a>\n            <a href=\"mailto:?s&#117;b&#106;&#101;ct&#61;Com&#109;e&#114;cial&#43;&#115;&#112;&#97;c&#101;&#115;+f&#111;&#114;&#43;&#114;ent&#43;i&#110;+&#111;l&#100;&#43;&#77;&#111;&#110;&#116;re&#97;&#108;&&#97;&#109;&#112;;&#98;&#111;dy&#61;htt&#112;s%&#51;A%2&#70;&#37;2F&#98;&#108;&#117;ugl&#97;s&#115;.c&#111;&#109;&#37;&#50;Fen&#37;&#50;&#70;p&#114;op&#114;i&#101;t&#101;&#115;&#37;&#50;&#70;&#99;ommer&#99;&#105;&#97;l&#45;s&#112;&#97;ce&#115;&#45;f&#111;&#114;-&#114;&#101;&#110;&#116;-i&#110;&#45;&#111;l&#100;&#45;m&#111;n&#116;&#114;&#101;a&#108;&#37;2F\" data-action=\"share email\" class=\"social_email\"><\/a>\n        <\/div>\n                <span class=\"share_list\" data-bs-toggle=\"tooltip\" title=\"share\"><\/span>\n    \n            <span class=\"icon-fav icon-fav-off\" \n            data-bs-toggle=\"tooltip\" \n            title=\"add to favorites\" \n            data-postid=\"36328\">\n        <\/span>\n    \n            <span class=\"compare-action\" \n            data-bs-toggle=\"tooltip\"\n            title=\"compare\" \n            data-pimage=\"https:\/\/bluuglass.com\/wp-content\/uploads\/2025\/06\/LOUE-LEASED-143x83.png\" \n            data-pid=\"36328\">\n        <\/span>\n    <\/div>\n            <\/div>\n\n            <div class=\"property-unit-information-wrapper\">\n                <h4>\n  <a href=\"https:\/\/bluuglass.com\/en\/proprietes\/commercial-spaces-for-rent-in-old-montreal\/\" >Commercial spaces for rent in old Montreal<\/a>\n<\/h4><div class=\"property_listing_details\">\n    <\/div>\n    <div class=\"listing_details the_list_view\">\n        Located in Old Montreal, these spaces offer numerous leasing advantages for a business looking to es <a href=\"https:\/\/bluuglass.com\/en\/proprietes\/commercial-spaces-for-rent-in-old-montreal\/\" class=\"unit_more_x\"> ...<\/a>    <\/div>\n            <\/div>\n            <\/div>\n<\/div>\n<div class=\"col-lg-4 col-12 col-sm-6 col-md-6   listing_wrapper  property_unit_type4\"\n    data-org=\"4\"\n    data-main-modal=\"https:\/\/bluuglass.com\/wp-content\/uploads\/2025\/04\/IMG_4373-835x467.png\"\n    data-modal-title=\"Commercial Building in L\u00e9ry\"\n    data-modal-link=\"https:\/\/bluuglass.com\/en\/proprietes\/commercial-building-in-lery\/\"\n    data-listid=\"36272\">\n\n    <div class=\"property_listing property_unit_type4 \"\n         data-link=\"\">\n\n                    <div class=\"listing-unit-img-wrapper\">\n                <div class=\"featured_gradient\"><\/div>\n                    <div id=\"property_unit_carousel_69f566ccb493b\" class=\"carousel property_unit_carousel slide\" data-bs-interval=\"false\">\n        <div class=\"carousel-inner\">\n           \n            <div class=\"carousel-item active\">\n                <a href=\"https:\/\/bluuglass.com\/en\/proprietes\/commercial-building-in-lery\/\" target=\"_self\">\n                    <img decoding=\"async\" width=\"525px\" height=\"328px\" src=\"https:\/\/bluuglass.com\/wp-content\/uploads\/2025\/04\/IMG_4373-525x328.png\" alt=\"Commercial Building in L\u00e9ry\" class=\"d-block w-100 img-fluid\" loading=\"lazy\" \/>\n                <\/a>\n            <\/div>        <\/div>\n                    <button class=\"carousel-control-prev\" type=\"button\" data-bs-target=\"#property_unit_carousel_69f566ccb493b\" data-bs-slide=\"prev\">\n                <span class=\"carousel-control-prev-icon\" aria-hidden=\"true\"><\/span>\n                <span class=\"visually-hidden\">Previous<\/span>\n            <\/button>\n            <button class=\"carousel-control-next\" type=\"button\" data-bs-target=\"#property_unit_carousel_69f566ccb493b\" data-bs-slide=\"next\">\n                <span class=\"carousel-control-next-icon\" aria-hidden=\"true\"><\/span>\n                <span class=\"visually-hidden\">Next<\/span>\n            <\/button>\n            <\/div>\n    <div class=\"tag-wrapper\">\n    <div class=\"status-wrapper\">\n    <div class=\"action_tag_wrapper For sale\">For sale<\/div><\/div>\n<\/div>\n<div class=\"listing_actions\">\n                    <div class=\"share_unit\">\n            <a href=\"https:\/\/www.facebook.com\/sharer.php?u=https:\/\/bluuglass.com\/en\/proprietes\/commercial-building-in-lery\/&#038;t=Commercial+Building+in+L%C3%A9ry\" target=\"_blank\" rel=\"noreferrer\" class=\"social_facebook\"><\/a>\n            <a href=\"https:\/\/twitter.com\/intent\/tweet?text=Commercial+Building+in+L%C3%A9ry+https%3A%2F%2Fbluuglass.com%2Fen%2Fproprietes%2Fcommercial-building-in-lery%2F\" class=\"social_tweet\" rel=\"noreferrer\" target=\"_blank\"><\/a>\n            <a href=\"https:\/\/pinterest.com\/pin\/create\/button\/?url=https:\/\/bluuglass.com\/en\/proprietes\/commercial-building-in-lery\/&#038;media=https:\/\/bluuglass.com\/wp-content\/uploads\/2025\/04\/IMG_4373-scaled.png&#038;description=Commercial+Building+in+L%C3%A9ry\" target=\"_blank\" rel=\"noreferrer\" class=\"social_pinterest\"><\/a>\n            <a href=\"https:\/\/wa.me\/?text=Commercial%20Building%20in%20L\u00e9ry%20https:\/\/bluuglass.com\/en\/proprietes\/commercial-building-in-lery\/\" class=\"social_whatsup\" rel=\"noreferrer\" target=\"_blank\"><\/a>\n            <a href=\"mailto:?s&#117;&#98;ject&#61;Co&#109;&#109;&#101;r&#99;ial+&#66;&#117;i&#108;di&#110;&#103;&#43;i&#110;&#43;&#76;&#37;C&#51;&#37;A&#57;&#114;&#121;&#38;am&#112;;b&#111;&#100;y=&#104;&#116;&#116;p&#115;%&#51;A%2&#70;&#37;&#50;&#70;blu&#117;&#103;las&#115;.c&#111;&#109;%2&#70;en%2F&#112;&#114;o&#112;&#114;ie&#116;es&#37;2Fco&#109;&#109;&#101;&#114;cial-bu&#105;l&#100;&#105;n&#103;&#45;&#105;n-&#108;&#101;ry%2&#70;\" data-action=\"share email\" class=\"social_email\"><\/a>\n        <\/div>\n                <span class=\"share_list\" data-bs-toggle=\"tooltip\" title=\"share\"><\/span>\n    \n            <span class=\"icon-fav icon-fav-off\" \n            data-bs-toggle=\"tooltip\" \n            title=\"add to favorites\" \n            data-postid=\"36272\">\n        <\/span>\n    \n            <span class=\"compare-action\" \n            data-bs-toggle=\"tooltip\"\n            title=\"compare\" \n            data-pimage=\"https:\/\/bluuglass.com\/wp-content\/uploads\/2025\/04\/IMG_4373-143x83.png\" \n            data-pid=\"36272\">\n        <\/span>\n    <\/div>\n            <\/div>\n\n            <div class=\"property-unit-information-wrapper\">\n                <h4>\n  <a href=\"https:\/\/bluuglass.com\/en\/proprietes\/commercial-building-in-lery\/\" >Commercial Building in L\u00e9ry<\/a>\n<\/h4><div class=\"property_listing_details\">\n    <\/div>\n    <div class=\"listing_details the_list_view\">\n        Located in the heart of a mature residential neighborhood, near numerous multi-residential propertie <a href=\"https:\/\/bluuglass.com\/en\/proprietes\/commercial-building-in-lery\/\" class=\"unit_more_x\"> ...<\/a>    <\/div>\n            <\/div>\n            <\/div>\n<\/div>\n<div class=\"col-lg-4 col-12 col-sm-6 col-md-6   listing_wrapper  property_unit_type4\"\n    data-org=\"4\"\n    data-main-modal=\"https:\/\/bluuglass.com\/wp-content\/uploads\/2025\/04\/St-Jean-Picture-835x467.png\"\n    data-modal-title=\"Commercial Building in Saint-Jean-sur-Richelieu\"\n    data-modal-link=\"https:\/\/bluuglass.com\/en\/proprietes\/commercial-building-in-saint-jean-sur-richelieu\/\"\n    data-listid=\"36267\">\n\n    <div class=\"property_listing property_unit_type4 \"\n         data-link=\"\">\n\n                    <div class=\"listing-unit-img-wrapper\">\n                <div class=\"featured_gradient\"><\/div>\n                    <div id=\"property_unit_carousel_69f566ccb4bcc\" class=\"carousel property_unit_carousel slide\" data-bs-interval=\"false\">\n        <div class=\"carousel-inner\">\n           \n            <div class=\"carousel-item active\">\n                <a href=\"https:\/\/bluuglass.com\/en\/proprietes\/commercial-building-in-saint-jean-sur-richelieu\/\" target=\"_self\">\n                    <img decoding=\"async\" width=\"525px\" height=\"328px\" src=\"https:\/\/bluuglass.com\/wp-content\/uploads\/2025\/04\/St-Jean-Picture-525x328.png\" alt=\"Commercial Building in Saint-Jean-sur-Richelieu\" class=\"d-block w-100 img-fluid\" loading=\"lazy\" \/>\n                <\/a>\n            <\/div>        <\/div>\n                    <button class=\"carousel-control-prev\" type=\"button\" data-bs-target=\"#property_unit_carousel_69f566ccb4bcc\" data-bs-slide=\"prev\">\n                <span class=\"carousel-control-prev-icon\" aria-hidden=\"true\"><\/span>\n                <span class=\"visually-hidden\">Previous<\/span>\n            <\/button>\n            <button class=\"carousel-control-next\" type=\"button\" data-bs-target=\"#property_unit_carousel_69f566ccb4bcc\" data-bs-slide=\"next\">\n                <span class=\"carousel-control-next-icon\" aria-hidden=\"true\"><\/span>\n                <span class=\"visually-hidden\">Next<\/span>\n            <\/button>\n            <\/div>\n    <div class=\"tag-wrapper\">\n    <div class=\"status-wrapper\">\n    <div class=\"action_tag_wrapper For sale\">For sale<\/div><\/div>\n<\/div>\n<div class=\"listing_actions\">\n                    <div class=\"share_unit\">\n            <a href=\"https:\/\/www.facebook.com\/sharer.php?u=https:\/\/bluuglass.com\/en\/proprietes\/commercial-building-in-saint-jean-sur-richelieu\/&#038;t=Commercial+Building+in+Saint-Jean-sur-Richelieu\" target=\"_blank\" rel=\"noreferrer\" class=\"social_facebook\"><\/a>\n            <a href=\"https:\/\/twitter.com\/intent\/tweet?text=Commercial+Building+in+Saint-Jean-sur-Richelieu+https%3A%2F%2Fbluuglass.com%2Fen%2Fproprietes%2Fcommercial-building-in-saint-jean-sur-richelieu%2F\" class=\"social_tweet\" rel=\"noreferrer\" target=\"_blank\"><\/a>\n            <a href=\"https:\/\/pinterest.com\/pin\/create\/button\/?url=https:\/\/bluuglass.com\/en\/proprietes\/commercial-building-in-saint-jean-sur-richelieu\/&#038;media=https:\/\/bluuglass.com\/wp-content\/uploads\/2025\/04\/St-Jean-Picture-scaled.png&#038;description=Commercial+Building+in+Saint-Jean-sur-Richelieu\" target=\"_blank\" rel=\"noreferrer\" class=\"social_pinterest\"><\/a>\n            <a href=\"https:\/\/wa.me\/?text=Commercial%20Building%20in%20Saint-Jean-sur-Richelieu%20https:\/\/bluuglass.com\/en\/proprietes\/commercial-building-in-saint-jean-sur-richelieu\/\" class=\"social_whatsup\" rel=\"noreferrer\" target=\"_blank\"><\/a>\n            <a href=\"mailto:?&#115;&#117;&#98;j&#101;&#99;t=Com&#109;er&#99;&#105;al&#43;&#66;u&#105;l&#100;&#105;&#110;&#103;&#43;in&#43;Saint&#45;&#74;e&#97;n&#45;&#115;&#117;&#114;&#45;&#82;ic&#104;el&#105;&#101;&#117;&&#97;&#109;&#112;&#59;&#98;&#111;d&#121;&#61;h&#116;tps%3A&#37;2F%&#50;&#70;bl&#117;u&#103;la&#115;&#115;&#46;com%&#50;&#70;&#101;&#110;%2&#70;p&#114;o&#112;rie&#116;es&#37;&#50;&#70;&#99;&#111;m&#109;&#101;r&#99;&#105;al&#45;&#98;&#117;&#105;&#108;&#100;&#105;ng-in-&#115;ain&#116;-&#106;ea&#110;-s&#117;r&#45;&#114;ich&#101;&#108;&#105;e&#117;&#37;&#50;F\" data-action=\"share email\" class=\"social_email\"><\/a>\n        <\/div>\n                <span class=\"share_list\" data-bs-toggle=\"tooltip\" title=\"share\"><\/span>\n    \n            <span class=\"icon-fav icon-fav-off\" \n            data-bs-toggle=\"tooltip\" \n            title=\"add to favorites\" \n            data-postid=\"36267\">\n        <\/span>\n    \n            <span class=\"compare-action\" \n            data-bs-toggle=\"tooltip\"\n            title=\"compare\" \n            data-pimage=\"https:\/\/bluuglass.com\/wp-content\/uploads\/2025\/04\/St-Jean-Picture-143x83.png\" \n            data-pid=\"36267\">\n        <\/span>\n    <\/div>\n            <\/div>\n\n            <div class=\"property-unit-information-wrapper\">\n                <h4>\n  <a href=\"https:\/\/bluuglass.com\/en\/proprietes\/commercial-building-in-saint-jean-sur-richelieu\/\" >Commercial Building in Saint-Jean-sur-Richel...<\/a>\n<\/h4><div class=\"property_listing_details\">\n    <\/div>\n    <div class=\"listing_details the_list_view\">\n        Discover this recent building in excellent condition, located in the heart of a densely populated re <a href=\"https:\/\/bluuglass.com\/en\/proprietes\/commercial-building-in-saint-jean-sur-richelieu\/\" class=\"unit_more_x\"> ...<\/a>    <\/div>\n            <\/div>\n            <\/div>\n<\/div>\n<div class=\"col-lg-4 col-12 col-sm-6 col-md-6   listing_wrapper  property_unit_type4\"\n    data-org=\"4\"\n    data-main-modal=\"https:\/\/bluuglass.com\/wp-content\/uploads\/2025\/04\/IMG_2034-vendu-1-835x467.png\"\n    data-modal-title=\"Two Gourmet Establishments and a Food Truck in Montreal\"\n    data-modal-link=\"https:\/\/bluuglass.com\/en\/proprietes\/two-gourmet-establishments-and-a-food-truck-in-montreal\/\"\n    data-listid=\"36244\">\n\n    <div class=\"property_listing property_unit_type4 \"\n         data-link=\"\">\n\n                    <div class=\"listing-unit-img-wrapper\">\n                <div class=\"featured_gradient\"><\/div>\n                    <div id=\"property_unit_carousel_69f566ccb4e74\" class=\"carousel property_unit_carousel slide\" data-bs-interval=\"false\">\n        <div class=\"carousel-inner\">\n           \n            <div class=\"carousel-item active\">\n                <a href=\"https:\/\/bluuglass.com\/en\/proprietes\/two-gourmet-establishments-and-a-food-truck-in-montreal\/\" target=\"_self\">\n                    <img decoding=\"async\" width=\"525px\" height=\"328px\" src=\"https:\/\/bluuglass.com\/wp-content\/uploads\/2025\/04\/IMG_2034-vendu-1-525x328.png\" alt=\"Two Gourmet Establishments and a Food Truck in Montreal\" class=\"d-block w-100 img-fluid\" loading=\"lazy\" \/>\n                <\/a>\n            <\/div><div class=\"carousel-item \">\n                <a href=\"https:\/\/bluuglass.com\/en\/proprietes\/two-gourmet-establishments-and-a-food-truck-in-montreal\/\" target=\"_self\">\n                    <img decoding=\"async\" width=\"525px\" height=\"328px\" src=\"https:\/\/bluuglass.com\/wp-content\/uploads\/2025\/04\/IMG_2034-Copie-525x328.jpg\" alt=\"Two Gourmet Establishments and a Food Truck in Montreal\" class=\"d-block w-100 img-fluid\" loading=\"lazy\" \/>\n                <\/a>\n            <\/div>        <\/div>\n                    <button class=\"carousel-control-prev\" type=\"button\" data-bs-target=\"#property_unit_carousel_69f566ccb4e74\" data-bs-slide=\"prev\">\n                <span class=\"carousel-control-prev-icon\" aria-hidden=\"true\"><\/span>\n                <span class=\"visually-hidden\">Previous<\/span>\n            <\/button>\n            <button class=\"carousel-control-next\" type=\"button\" data-bs-target=\"#property_unit_carousel_69f566ccb4e74\" data-bs-slide=\"next\">\n                <span class=\"carousel-control-next-icon\" aria-hidden=\"true\"><\/span>\n                <span class=\"visually-hidden\">Next<\/span>\n            <\/button>\n            <\/div>\n    <div class=\"tag-wrapper\">\n    <div class=\"status-wrapper\">\n    <\/div>\n<\/div>\n<div class=\"listing_actions\">\n                    <div class=\"share_unit\">\n            <a href=\"https:\/\/www.facebook.com\/sharer.php?u=https:\/\/bluuglass.com\/en\/proprietes\/two-gourmet-establishments-and-a-food-truck-in-montreal\/&#038;t=Two+Gourmet+Establishments+and+a+Food+Truck+in+Montreal\" target=\"_blank\" rel=\"noreferrer\" class=\"social_facebook\"><\/a>\n            <a href=\"https:\/\/twitter.com\/intent\/tweet?text=Two+Gourmet+Establishments+and+a+Food+Truck+in+Montreal+https%3A%2F%2Fbluuglass.com%2Fen%2Fproprietes%2Ftwo-gourmet-establishments-and-a-food-truck-in-montreal%2F\" class=\"social_tweet\" rel=\"noreferrer\" target=\"_blank\"><\/a>\n            <a href=\"https:\/\/pinterest.com\/pin\/create\/button\/?url=https:\/\/bluuglass.com\/en\/proprietes\/two-gourmet-establishments-and-a-food-truck-in-montreal\/&#038;media=https:\/\/bluuglass.com\/wp-content\/uploads\/2025\/04\/IMG_2034-vendu-1-scaled.png&#038;description=Two+Gourmet+Establishments+and+a+Food+Truck+in+Montreal\" target=\"_blank\" rel=\"noreferrer\" class=\"social_pinterest\"><\/a>\n            <a href=\"https:\/\/wa.me\/?text=Two%20Gourmet%20Establishments%20and%20a%20Food%20Truck%20in%20Montreal%20https:\/\/bluuglass.com\/en\/proprietes\/two-gourmet-establishments-and-a-food-truck-in-montreal\/\" class=\"social_whatsup\" rel=\"noreferrer\" target=\"_blank\"><\/a>\n            <a href=\"mailto:?s&#117;&#98;j&#101;&#99;t=&#84;&#119;&#111;+&#71;our&#109;&#101;&#116;&#43;&#69;sta&#98;l&#105;s&#104;m&#101;&#110;ts+a&#110;&#100;&#43;a&#43;Fo&#111;&#100;+&#84;ruc&#107;&#43;&#105;&#110;&#43;Mo&#110;treal&#38;a&#109;p;&#98;od&#121;=&#104;ttp&#115;%3A%2F&#37;2&#70;b&#108;&#117;&#117;g&#108;ass.c&#111;m%2F&#101;n%&#50;Fpr&#111;&#112;&#114;&#105;et&#101;s&#37;2&#70;&#116;&#119;o-g&#111;ur&#109;e&#116;-est&#97;&#98;l&#105;&#115;&#104;me&#110;t&#115;&#45;&#97;n&#100;&#45;a-&#102;oo&#100;-t&#114;&#117;c&#107;&#45;&#105;&#110;&#45;&#109;&#111;n&#116;&#114;&#101;&#97;&#108;%2F\" data-action=\"share email\" class=\"social_email\"><\/a>\n        <\/div>\n                <span class=\"share_list\" data-bs-toggle=\"tooltip\" title=\"share\"><\/span>\n    \n            <span class=\"icon-fav icon-fav-off\" \n            data-bs-toggle=\"tooltip\" \n            title=\"add to favorites\" \n            data-postid=\"36244\">\n        <\/span>\n    \n            <span class=\"compare-action\" \n            data-bs-toggle=\"tooltip\"\n            title=\"compare\" \n            data-pimage=\"https:\/\/bluuglass.com\/wp-content\/uploads\/2025\/04\/IMG_2034-vendu-1-143x83.png\" \n            data-pid=\"36244\">\n        <\/span>\n    <\/div>\n            <\/div>\n\n            <div class=\"property-unit-information-wrapper\">\n                <h4>\n  <a href=\"https:\/\/bluuglass.com\/en\/proprietes\/two-gourmet-establishments-and-a-food-truck-in-montreal\/\" >Two Gourmet Establishments and a Food Truck ...<\/a>\n<\/h4><div class=\"property_listing_details\">\n    <\/div>\n    <div class=\"listing_details the_list_view\">\n        Well-Established Montreal Business for Sale \u2013 Famous for Offering the \u201cBest Churros &amp; Nougat in  <a href=\"https:\/\/bluuglass.com\/en\/proprietes\/two-gourmet-establishments-and-a-food-truck-in-montreal\/\" class=\"unit_more_x\"> ...<\/a>    <\/div>\n            <\/div>\n            <\/div>\n<\/div>\n<div class=\"col-lg-4 col-12 col-sm-6 col-md-6   listing_wrapper  property_unit_type4\"\n    data-org=\"4\"\n    data-main-modal=\"https:\/\/bluuglass.com\/wp-content\/uploads\/2025\/04\/pexels-hasan-huseyin-korkmaz-1913416231-30808559-1-835x467.jpg\"\n    data-modal-title=\"Dental Laboratory in Montreal\"\n    data-modal-link=\"https:\/\/bluuglass.com\/en\/proprietes\/dental-laboratory-in-montreal\/\"\n    data-listid=\"36240\">\n\n    <div class=\"property_listing property_unit_type4 \"\n         data-link=\"\">\n\n                    <div class=\"listing-unit-img-wrapper\">\n                <div class=\"featured_gradient\"><\/div>\n                    <div id=\"property_unit_carousel_69f566ccb514e\" class=\"carousel property_unit_carousel slide\" data-bs-interval=\"false\">\n        <div class=\"carousel-inner\">\n           \n            <div class=\"carousel-item active\">\n                <a href=\"https:\/\/bluuglass.com\/en\/proprietes\/dental-laboratory-in-montreal\/\" target=\"_self\">\n                    <img decoding=\"async\" width=\"525px\" height=\"328px\" src=\"https:\/\/bluuglass.com\/wp-content\/uploads\/2025\/04\/pexels-hasan-huseyin-korkmaz-1913416231-30808559-1-525x328.jpg\" alt=\"Dental Laboratory in Montreal\" class=\"d-block w-100 img-fluid\" loading=\"lazy\" \/>\n                <\/a>\n            <\/div>        <\/div>\n                    <button class=\"carousel-control-prev\" type=\"button\" data-bs-target=\"#property_unit_carousel_69f566ccb514e\" data-bs-slide=\"prev\">\n                <span class=\"carousel-control-prev-icon\" aria-hidden=\"true\"><\/span>\n                <span class=\"visually-hidden\">Previous<\/span>\n            <\/button>\n            <button class=\"carousel-control-next\" type=\"button\" data-bs-target=\"#property_unit_carousel_69f566ccb514e\" data-bs-slide=\"next\">\n                <span class=\"carousel-control-next-icon\" aria-hidden=\"true\"><\/span>\n                <span class=\"visually-hidden\">Next<\/span>\n            <\/button>\n            <\/div>\n    <div class=\"tag-wrapper\">\n    <div class=\"status-wrapper\">\n    <div class=\"action_tag_wrapper For sale\">For sale<\/div><\/div>\n<\/div>\n<div class=\"listing_actions\">\n                    <div class=\"share_unit\">\n            <a href=\"https:\/\/www.facebook.com\/sharer.php?u=https:\/\/bluuglass.com\/en\/proprietes\/dental-laboratory-in-montreal\/&#038;t=Dental+Laboratory+in+Montreal\" target=\"_blank\" rel=\"noreferrer\" class=\"social_facebook\"><\/a>\n            <a href=\"https:\/\/twitter.com\/intent\/tweet?text=Dental+Laboratory+in+Montreal+https%3A%2F%2Fbluuglass.com%2Fen%2Fproprietes%2Fdental-laboratory-in-montreal%2F\" class=\"social_tweet\" rel=\"noreferrer\" target=\"_blank\"><\/a>\n            <a href=\"https:\/\/pinterest.com\/pin\/create\/button\/?url=https:\/\/bluuglass.com\/en\/proprietes\/dental-laboratory-in-montreal\/&#038;media=https:\/\/bluuglass.com\/wp-content\/uploads\/2025\/04\/pexels-hasan-huseyin-korkmaz-1913416231-30808559-1.jpg&#038;description=Dental+Laboratory+in+Montreal\" target=\"_blank\" rel=\"noreferrer\" class=\"social_pinterest\"><\/a>\n            <a href=\"https:\/\/wa.me\/?text=Dental%20Laboratory%20in%20Montreal%20https:\/\/bluuglass.com\/en\/proprietes\/dental-laboratory-in-montreal\/\" class=\"social_whatsup\" rel=\"noreferrer\" target=\"_blank\"><\/a>\n            <a href=\"mailto:?s&#117;bje&#99;&#116;&#61;D&#101;&#110;ta&#108;+Labora&#116;ory&#43;&#105;n+&#77;o&#110;t&#114;ea&#108;&&#97;&#109;&#112;;b&#111;dy=&#104;&#116;&#116;&#112;&#115;%3A&#37;&#50;&#70;&#37;2&#70;&#98;&#108;&#117;u&#103;&#108;as&#115;&#46;c&#111;m%2Fen&#37;2Fpro&#112;r&#105;et&#101;&#115;&#37;2&#70;&#100;&#101;n&#116;al-&#108;&#97;&#98;&#111;&#114;at&#111;&#114;y&#45;&#105;&#110;-mon&#116;&#114;&#101;&#97;&#108;&#37;2F\" data-action=\"share email\" class=\"social_email\"><\/a>\n        <\/div>\n                <span class=\"share_list\" data-bs-toggle=\"tooltip\" title=\"share\"><\/span>\n    \n            <span class=\"icon-fav icon-fav-off\" \n            data-bs-toggle=\"tooltip\" \n            title=\"add to favorites\" \n            data-postid=\"36240\">\n        <\/span>\n    \n            <span class=\"compare-action\" \n            data-bs-toggle=\"tooltip\"\n            title=\"compare\" \n            data-pimage=\"https:\/\/bluuglass.com\/wp-content\/uploads\/2025\/04\/pexels-hasan-huseyin-korkmaz-1913416231-30808559-1-143x83.jpg\" \n            data-pid=\"36240\">\n        <\/span>\n    <\/div>\n            <\/div>\n\n            <div class=\"property-unit-information-wrapper\">\n                <h4>\n  <a href=\"https:\/\/bluuglass.com\/en\/proprietes\/dental-laboratory-in-montreal\/\" >Dental Laboratory in Montreal<\/a>\n<\/h4><div class=\"property_listing_details\">\n    <\/div>\n    <div class=\"listing_details the_list_view\">\n        Founded in 1996, this laboratory has over two decades of experience and expertise. The company has b <a href=\"https:\/\/bluuglass.com\/en\/proprietes\/dental-laboratory-in-montreal\/\" class=\"unit_more_x\"> ...<\/a>    <\/div>\n            <\/div>\n            <\/div>\n<\/div>\n<div class=\"col-lg-4 col-12 col-sm-6 col-md-6   listing_wrapper  property_unit_type4\"\n    data-org=\"4\"\n    data-main-modal=\"https:\/\/bluuglass.com\/wp-content\/uploads\/2025\/04\/getty-images-VYJUFNh6Mvk-unsplash-scaled-1-835x467.jpg\"\n    data-modal-title=\"Veterinary Clinic for Sale \u2013 South Shore of Montreal\"\n    data-modal-link=\"https:\/\/bluuglass.com\/en\/proprietes\/veterinary-clinic-for-sale-south-shore-of-montreal\/\"\n    data-listid=\"36230\">\n\n    <div class=\"property_listing property_unit_type4 \"\n         data-link=\"\">\n\n                    <div class=\"listing-unit-img-wrapper\">\n                <div class=\"featured_gradient\"><\/div>\n                    <div id=\"property_unit_carousel_69f566ccb53db\" class=\"carousel property_unit_carousel slide\" data-bs-interval=\"false\">\n        <div class=\"carousel-inner\">\n           \n            <div class=\"carousel-item active\">\n                <a href=\"https:\/\/bluuglass.com\/en\/proprietes\/veterinary-clinic-for-sale-south-shore-of-montreal\/\" target=\"_self\">\n                    <img decoding=\"async\" width=\"525px\" height=\"328px\" src=\"https:\/\/bluuglass.com\/wp-content\/uploads\/2025\/04\/getty-images-VYJUFNh6Mvk-unsplash-scaled-1-525x328.jpg\" alt=\"Veterinary Clinic for Sale \u2013 South Shore of Montreal\" class=\"d-block w-100 img-fluid\" loading=\"lazy\" \/>\n                <\/a>\n            <\/div>        <\/div>\n                    <button class=\"carousel-control-prev\" type=\"button\" data-bs-target=\"#property_unit_carousel_69f566ccb53db\" data-bs-slide=\"prev\">\n                <span class=\"carousel-control-prev-icon\" aria-hidden=\"true\"><\/span>\n                <span class=\"visually-hidden\">Previous<\/span>\n            <\/button>\n            <button class=\"carousel-control-next\" type=\"button\" data-bs-target=\"#property_unit_carousel_69f566ccb53db\" data-bs-slide=\"next\">\n                <span class=\"carousel-control-next-icon\" aria-hidden=\"true\"><\/span>\n                <span class=\"visually-hidden\">Next<\/span>\n            <\/button>\n            <\/div>\n    <div class=\"tag-wrapper\">\n    <div class=\"status-wrapper\">\n    <div class=\"action_tag_wrapper For sale\">For sale<\/div><\/div>\n<\/div>\n<div class=\"listing_actions\">\n                    <div class=\"share_unit\">\n            <a href=\"https:\/\/www.facebook.com\/sharer.php?u=https:\/\/bluuglass.com\/en\/proprietes\/veterinary-clinic-for-sale-south-shore-of-montreal\/&#038;t=Veterinary+Clinic+for+Sale+%E2%80%93+South+Shore+of+Montreal\" target=\"_blank\" rel=\"noreferrer\" class=\"social_facebook\"><\/a>\n            <a href=\"https:\/\/twitter.com\/intent\/tweet?text=Veterinary+Clinic+for+Sale+%E2%80%93+South+Shore+of+Montreal+https%3A%2F%2Fbluuglass.com%2Fen%2Fproprietes%2Fveterinary-clinic-for-sale-south-shore-of-montreal%2F\" class=\"social_tweet\" rel=\"noreferrer\" target=\"_blank\"><\/a>\n            <a href=\"https:\/\/pinterest.com\/pin\/create\/button\/?url=https:\/\/bluuglass.com\/en\/proprietes\/veterinary-clinic-for-sale-south-shore-of-montreal\/&#038;media=https:\/\/bluuglass.com\/wp-content\/uploads\/2025\/04\/getty-images-VYJUFNh6Mvk-unsplash-scaled-1.jpg&#038;description=Veterinary+Clinic+for+Sale+%E2%80%93+South+Shore+of+Montreal\" target=\"_blank\" rel=\"noreferrer\" class=\"social_pinterest\"><\/a>\n            <a href=\"https:\/\/wa.me\/?text=Veterinary%20Clinic%20for%20Sale%20\u2013%20South%20Shore%20of%20Montreal%20https:\/\/bluuglass.com\/en\/proprietes\/veterinary-clinic-for-sale-south-shore-of-montreal\/\" class=\"social_whatsup\" rel=\"noreferrer\" target=\"_blank\"><\/a>\n            <a href=\"mailto:?&#115;u&#98;&#106;&#101;&#99;t=&#86;&#101;&#116;&#101;r&#105;n&#97;ry+&#67;&#108;&#105;&#110;ic&#43;&#102;&#111;r+Sal&#101;+&#37;E2&#37;8&#48;%&#57;&#51;&#43;S&#111;u&#116;&#104;+Sh&#111;re+of+M&#111;&#110;&#116;re&#97;&#108;&am&#112;&#59;&#98;&#111;&#100;&#121;&#61;ht&#116;ps&#37;&#51;&#65;&#37;2&#70;&#37;&#50;&#70;bluug&#108;&#97;ss.&#99;&#111;m%2Fen%&#50;Fpr&#111;&#112;&#114;&#105;&#101;te&#115;%&#50;F&#118;e&#116;er&#105;n&#97;&#114;y&#45;&#99;&#108;&#105;n&#105;c&#45;f&#111;&#114;-sa&#108;e&#45;s&#111;&#117;th-s&#104;&#111;&#114;&#101;&#45;&#111;f&#45;m&#111;&#110;&#116;r&#101;a&#108;%&#50;&#70;\" data-action=\"share email\" class=\"social_email\"><\/a>\n        <\/div>\n                <span class=\"share_list\" data-bs-toggle=\"tooltip\" title=\"share\"><\/span>\n    \n            <span class=\"icon-fav icon-fav-off\" \n            data-bs-toggle=\"tooltip\" \n            title=\"add to favorites\" \n            data-postid=\"36230\">\n        <\/span>\n    \n            <span class=\"compare-action\" \n            data-bs-toggle=\"tooltip\"\n            title=\"compare\" \n            data-pimage=\"https:\/\/bluuglass.com\/wp-content\/uploads\/2025\/04\/getty-images-VYJUFNh6Mvk-unsplash-scaled-1-143x83.jpg\" \n            data-pid=\"36230\">\n        <\/span>\n    <\/div>\n            <\/div>\n\n            <div class=\"property-unit-information-wrapper\">\n                <h4>\n  <a href=\"https:\/\/bluuglass.com\/en\/proprietes\/veterinary-clinic-for-sale-south-shore-of-montreal\/\" >Veterinary Clinic for Sale \u2013 South Shore of ...<\/a>\n<\/h4><div class=\"property_listing_details\">\n    <\/div>\n    <div class=\"listing_details the_list_view\">\n        This veterinary clinic offers a complete range of services for dogs and cats, including: General exa <a href=\"https:\/\/bluuglass.com\/en\/proprietes\/veterinary-clinic-for-sale-south-shore-of-montreal\/\" class=\"unit_more_x\"> ...<\/a>    <\/div>\n            <\/div>\n            <\/div>\n<\/div>\n<div class=\"col-lg-4 col-12 col-sm-6 col-md-6   listing_wrapper  property_unit_type4\"\n    data-org=\"4\"\n    data-main-modal=\"https:\/\/bluuglass.com\/wp-content\/uploads\/2025\/04\/Traiteur-a-vendre-1-835x467.jpg\"\n    data-modal-title=\"Catering Business for Sale with Two Locations \u2013 South Shore of Montreal\"\n    data-modal-link=\"https:\/\/bluuglass.com\/en\/proprietes\/catering-business-for-sale-with-two-locations-south-shore-of-montreal\/\"\n    data-listid=\"36226\">\n\n    <div class=\"property_listing property_unit_type4 \"\n         data-link=\"\">\n\n                    <div class=\"listing-unit-img-wrapper\">\n                <div class=\"featured_gradient\"><\/div>\n                    <div id=\"property_unit_carousel_69f566ccb5686\" class=\"carousel property_unit_carousel slide\" data-bs-interval=\"false\">\n        <div class=\"carousel-inner\">\n           \n            <div class=\"carousel-item active\">\n                <a href=\"https:\/\/bluuglass.com\/en\/proprietes\/catering-business-for-sale-with-two-locations-south-shore-of-montreal\/\" target=\"_self\">\n                    <img decoding=\"async\" width=\"525px\" height=\"328px\" src=\"https:\/\/bluuglass.com\/wp-content\/uploads\/2025\/04\/Traiteur-a-vendre-1-525x328.jpg\" alt=\"Catering Business for Sale with Two Locations \u2013 South Shore of Montreal\" class=\"d-block w-100 img-fluid\" loading=\"lazy\" \/>\n                <\/a>\n            <\/div>        <\/div>\n                    <button class=\"carousel-control-prev\" type=\"button\" data-bs-target=\"#property_unit_carousel_69f566ccb5686\" data-bs-slide=\"prev\">\n                <span class=\"carousel-control-prev-icon\" aria-hidden=\"true\"><\/span>\n                <span class=\"visually-hidden\">Previous<\/span>\n            <\/button>\n            <button class=\"carousel-control-next\" type=\"button\" data-bs-target=\"#property_unit_carousel_69f566ccb5686\" data-bs-slide=\"next\">\n                <span class=\"carousel-control-next-icon\" aria-hidden=\"true\"><\/span>\n                <span class=\"visually-hidden\">Next<\/span>\n            <\/button>\n            <\/div>\n    <div class=\"tag-wrapper\">\n    <div class=\"status-wrapper\">\n    <div class=\"action_tag_wrapper For sale\">For sale<\/div><\/div>\n<\/div>\n<div class=\"listing_actions\">\n                    <div class=\"share_unit\">\n            <a href=\"https:\/\/www.facebook.com\/sharer.php?u=https:\/\/bluuglass.com\/en\/proprietes\/catering-business-for-sale-with-two-locations-south-shore-of-montreal\/&#038;t=Catering+Business+for+Sale+with+Two+Locations+%E2%80%93+South+Shore+of+Montreal\" target=\"_blank\" rel=\"noreferrer\" class=\"social_facebook\"><\/a>\n            <a href=\"https:\/\/twitter.com\/intent\/tweet?text=Catering+Business+for+Sale+with+Two+Locations+%E2%80%93+South+Shore+of+Montreal+https%3A%2F%2Fbluuglass.com%2Fen%2Fproprietes%2Fcatering-business-for-sale-with-two-locations-south-shore-of-montreal%2F\" class=\"social_tweet\" rel=\"noreferrer\" target=\"_blank\"><\/a>\n            <a href=\"https:\/\/pinterest.com\/pin\/create\/button\/?url=https:\/\/bluuglass.com\/en\/proprietes\/catering-business-for-sale-with-two-locations-south-shore-of-montreal\/&#038;media=https:\/\/bluuglass.com\/wp-content\/uploads\/2025\/04\/Traiteur-a-vendre-1.jpg&#038;description=Catering+Business+for+Sale+with+Two+Locations+%E2%80%93+South+Shore+of+Montreal\" target=\"_blank\" rel=\"noreferrer\" class=\"social_pinterest\"><\/a>\n            <a href=\"https:\/\/wa.me\/?text=Catering%20Business%20for%20Sale%20with%20Two%20Locations%20\u2013%20South%20Shore%20of%20Montreal%20https:\/\/bluuglass.com\/en\/proprietes\/catering-business-for-sale-with-two-locations-south-shore-of-montreal\/\" class=\"social_whatsup\" rel=\"noreferrer\" target=\"_blank\"><\/a>\n            <a href=\"mailto:?&#115;u&#98;je&#99;t&#61;Ca&#116;&#101;r&#105;&#110;&#103;+Bus&#105;&#110;&#101;s&#115;&#43;f&#111;r+S&#97;l&#101;+&#119;ith+Tw&#111;&#43;&#76;oca&#116;&#105;ons&#43;&#37;&#69;&#50;%80%&#57;3&#43;So&#117;&#116;h&#43;Sh&#111;r&#101;+&#111;&#102;+&#77;o&#110;&#116;r&#101;al&a&#109;p;&#98;o&#100;y=&#104;t&#116;&#112;&#115;&#37;3A&#37;&#50;&#70;%2Fbl&#117;&#117;&#103;la&#115;&#115;.&#99;o&#109;%&#50;F&#101;n&#37;&#50;&#70;pr&#111;&#112;ri&#101;&#116;&#101;&#115;%2&#70;&#99;a&#116;e&#114;in&#103;&#45;&#98;&#117;s&#105;&#110;&#101;ss&#45;for&#45;sal&#101;&#45;w&#105;&#116;h&#45;&#116;&#119;&#111;-loca&#116;&#105;&#111;&#110;s&#45;sout&#104;-&#115;&#104;&#111;re-o&#102;-&#109;&#111;&#110;tre&#97;l%2&#70;\" data-action=\"share email\" class=\"social_email\"><\/a>\n        <\/div>\n                <span class=\"share_list\" data-bs-toggle=\"tooltip\" title=\"share\"><\/span>\n    \n            <span class=\"icon-fav icon-fav-off\" \n            data-bs-toggle=\"tooltip\" \n            title=\"add to favorites\" \n            data-postid=\"36226\">\n        <\/span>\n    \n            <span class=\"compare-action\" \n            data-bs-toggle=\"tooltip\"\n            title=\"compare\" \n            data-pimage=\"https:\/\/bluuglass.com\/wp-content\/uploads\/2025\/04\/Traiteur-a-vendre-1-143x83.jpg\" \n            data-pid=\"36226\">\n        <\/span>\n    <\/div>\n            <\/div>\n\n            <div class=\"property-unit-information-wrapper\">\n                <h4>\n  <a href=\"https:\/\/bluuglass.com\/en\/proprietes\/catering-business-for-sale-with-two-locations-south-shore-of-montreal\/\" >Catering Business for Sale with Two Location...<\/a>\n<\/h4><div class=\"property_listing_details\">\n    <\/div>\n    <div class=\"listing_details the_list_view\">\n        This catering company, located in Mont\u00e9r\u00e9gie, is for sale and specializes in the preparation of read <a href=\"https:\/\/bluuglass.com\/en\/proprietes\/catering-business-for-sale-with-two-locations-south-shore-of-montreal\/\" class=\"unit_more_x\"> ...<\/a>    <\/div>\n            <\/div>\n            <\/div>\n<\/div>\n<div class=\"col-lg-4 col-12 col-sm-6 col-md-6   listing_wrapper  property_unit_type4\"\n    data-org=\"4\"\n    data-main-modal=\"https:\/\/bluuglass.com\/wp-content\/uploads\/2025\/02\/toon-lambrechts-TpNA_02AzXY-unsplash-1-835x467.jpg\"\n    data-modal-title=\"Commercial cleaning in Quebec\"\n    data-modal-link=\"https:\/\/bluuglass.com\/en\/proprietes\/commercial-cleaning-in-quebec\/\"\n    data-listid=\"35874\">\n\n    <div class=\"property_listing property_unit_type4 \"\n         data-link=\"\">\n\n                    <div class=\"listing-unit-img-wrapper\">\n                <div class=\"featured_gradient\"><\/div>\n                    <div id=\"property_unit_carousel_69f566ccb591c\" class=\"carousel property_unit_carousel slide\" data-bs-interval=\"false\">\n        <div class=\"carousel-inner\">\n           \n            <div class=\"carousel-item active\">\n                <a href=\"https:\/\/bluuglass.com\/en\/proprietes\/commercial-cleaning-in-quebec\/\" target=\"_self\">\n                    <img decoding=\"async\" width=\"525px\" height=\"328px\" src=\"https:\/\/bluuglass.com\/wp-content\/uploads\/2025\/02\/toon-lambrechts-TpNA_02AzXY-unsplash-1-525x328.jpg\" alt=\"Commercial cleaning in Quebec\" class=\"d-block w-100 img-fluid\" loading=\"lazy\" \/>\n                <\/a>\n            <\/div>        <\/div>\n                    <button class=\"carousel-control-prev\" type=\"button\" data-bs-target=\"#property_unit_carousel_69f566ccb591c\" data-bs-slide=\"prev\">\n                <span class=\"carousel-control-prev-icon\" aria-hidden=\"true\"><\/span>\n                <span class=\"visually-hidden\">Previous<\/span>\n            <\/button>\n            <button class=\"carousel-control-next\" type=\"button\" data-bs-target=\"#property_unit_carousel_69f566ccb591c\" data-bs-slide=\"next\">\n                <span class=\"carousel-control-next-icon\" aria-hidden=\"true\"><\/span>\n                <span class=\"visually-hidden\">Next<\/span>\n            <\/button>\n            <\/div>\n    <div class=\"tag-wrapper\">\n    <div class=\"status-wrapper\">\n    <\/div>\n<\/div>\n<div class=\"listing_actions\">\n                    <div class=\"share_unit\">\n            <a href=\"https:\/\/www.facebook.com\/sharer.php?u=https:\/\/bluuglass.com\/en\/proprietes\/commercial-cleaning-in-quebec\/&#038;t=Commercial+cleaning+in+Quebec\" target=\"_blank\" rel=\"noreferrer\" class=\"social_facebook\"><\/a>\n            <a href=\"https:\/\/twitter.com\/intent\/tweet?text=Commercial+cleaning+in+Quebec+https%3A%2F%2Fbluuglass.com%2Fen%2Fproprietes%2Fcommercial-cleaning-in-quebec%2F\" class=\"social_tweet\" rel=\"noreferrer\" target=\"_blank\"><\/a>\n            <a href=\"https:\/\/pinterest.com\/pin\/create\/button\/?url=https:\/\/bluuglass.com\/en\/proprietes\/commercial-cleaning-in-quebec\/&#038;media=https:\/\/bluuglass.com\/wp-content\/uploads\/2025\/02\/toon-lambrechts-TpNA_02AzXY-unsplash-1.jpg&#038;description=Commercial+cleaning+in+Quebec\" target=\"_blank\" rel=\"noreferrer\" class=\"social_pinterest\"><\/a>\n            <a href=\"https:\/\/wa.me\/?text=Commercial%20cleaning%20in%20Quebec%20https:\/\/bluuglass.com\/en\/proprietes\/commercial-cleaning-in-quebec\/\" class=\"social_whatsup\" rel=\"noreferrer\" target=\"_blank\"><\/a>\n            <a href=\"mailto:?s&#117;&#98;je&#99;t&#61;&#67;&#111;mm&#101;rc&#105;&#97;l&#43;&#99;&#108;&#101;&#97;&#110;&#105;&#110;&#103;&#43;&#105;n&#43;Qu&#101;bec&am&#112;;&#98;o&#100;&#121;=&#104;&#116;t&#112;s%&#51;A%2F%2&#70;&#98;lu&#117;g&#108;&#97;s&#115;.c&#111;m%&#50;&#70;&#101;n%2&#70;p&#114;o&#112;r&#105;e&#116;e&#115;&#37;&#50;&#70;com&#109;&#101;&#114;ci&#97;l&#45;&#99;&#108;eanin&#103;&#45;&#105;&#110;&#45;&#113;&#117;eb&#101;&#99;&#37;2&#70;\" data-action=\"share email\" class=\"social_email\"><\/a>\n        <\/div>\n                <span class=\"share_list\" data-bs-toggle=\"tooltip\" title=\"share\"><\/span>\n    \n            <span class=\"icon-fav icon-fav-off\" \n            data-bs-toggle=\"tooltip\" \n            title=\"add to favorites\" \n            data-postid=\"35874\">\n        <\/span>\n    \n            <span class=\"compare-action\" \n            data-bs-toggle=\"tooltip\"\n            title=\"compare\" \n            data-pimage=\"https:\/\/bluuglass.com\/wp-content\/uploads\/2025\/02\/toon-lambrechts-TpNA_02AzXY-unsplash-1-143x83.jpg\" \n            data-pid=\"35874\">\n        <\/span>\n    <\/div>\n            <\/div>\n\n            <div class=\"property-unit-information-wrapper\">\n                <h4>\n  <a href=\"https:\/\/bluuglass.com\/en\/proprietes\/commercial-cleaning-in-quebec\/\" >Commercial cleaning in Quebec<\/a>\n<\/h4><div class=\"property_listing_details\">\n    <\/div>\n    <div class=\"listing_details the_list_view\">\n        Founded in Quebec, this company specializes in commercial cleaning and the maintenance of common are <a href=\"https:\/\/bluuglass.com\/en\/proprietes\/commercial-cleaning-in-quebec\/\" class=\"unit_more_x\"> ...<\/a>    <\/div>\n            <\/div>\n            <\/div>\n<\/div>\n<div class=\"col-lg-4 col-12 col-sm-6 col-md-6   listing_wrapper  property_unit_type4\"\n    data-org=\"4\"\n    data-main-modal=\"https:\/\/bluuglass.com\/wp-content\/uploads\/2025\/02\/VENDU-SOLD-TEMPLATE-835x467.png\"\n    data-modal-title=\"Turnkey Beauty Salon for Sale\"\n    data-modal-link=\"https:\/\/bluuglass.com\/en\/proprietes\/turnkey-beauty-salon-for-sale\/\"\n    data-listid=\"35821\">\n\n    <div class=\"property_listing property_unit_type4 \"\n         data-link=\"\">\n\n                    <div class=\"listing-unit-img-wrapper\">\n                <div class=\"featured_gradient\"><\/div>\n                    <div id=\"property_unit_carousel_69f566ccb5bba\" class=\"carousel property_unit_carousel slide\" data-bs-interval=\"false\">\n        <div class=\"carousel-inner\">\n           \n            <div class=\"carousel-item active\">\n                <a href=\"https:\/\/bluuglass.com\/en\/proprietes\/turnkey-beauty-salon-for-sale\/\" target=\"_self\">\n                    <img decoding=\"async\" width=\"525px\" height=\"328px\" src=\"https:\/\/bluuglass.com\/wp-content\/uploads\/2025\/02\/VENDU-SOLD-TEMPLATE-525x328.png\" alt=\"Turnkey Beauty Salon for Sale\" class=\"d-block w-100 img-fluid\" loading=\"lazy\" \/>\n                <\/a>\n            <\/div><div class=\"carousel-item \">\n                <a href=\"https:\/\/bluuglass.com\/en\/proprietes\/turnkey-beauty-salon-for-sale\/\" target=\"_self\">\n                    <img decoding=\"async\" width=\"525px\" height=\"328px\" src=\"https:\/\/bluuglass.com\/wp-content\/uploads\/2025\/02\/image14-1-525x328.jpeg\" alt=\"Turnkey Beauty Salon for Sale\" class=\"d-block w-100 img-fluid\" loading=\"lazy\" \/>\n                <\/a>\n            <\/div>        <\/div>\n                    <button class=\"carousel-control-prev\" type=\"button\" data-bs-target=\"#property_unit_carousel_69f566ccb5bba\" data-bs-slide=\"prev\">\n                <span class=\"carousel-control-prev-icon\" aria-hidden=\"true\"><\/span>\n                <span class=\"visually-hidden\">Previous<\/span>\n            <\/button>\n            <button class=\"carousel-control-next\" type=\"button\" data-bs-target=\"#property_unit_carousel_69f566ccb5bba\" data-bs-slide=\"next\">\n                <span class=\"carousel-control-next-icon\" aria-hidden=\"true\"><\/span>\n                <span class=\"visually-hidden\">Next<\/span>\n            <\/button>\n            <\/div>\n    <div class=\"tag-wrapper\">\n    <div class=\"status-wrapper\">\n    <div class=\"action_tag_wrapper Sold\">Sold<\/div><\/div>\n<\/div>\n<div class=\"listing_actions\">\n                    <div class=\"share_unit\">\n            <a href=\"https:\/\/www.facebook.com\/sharer.php?u=https:\/\/bluuglass.com\/en\/proprietes\/turnkey-beauty-salon-for-sale\/&#038;t=Turnkey+Beauty+Salon+for+Sale\" target=\"_blank\" rel=\"noreferrer\" class=\"social_facebook\"><\/a>\n            <a href=\"https:\/\/twitter.com\/intent\/tweet?text=Turnkey+Beauty+Salon+for+Sale+https%3A%2F%2Fbluuglass.com%2Fen%2Fproprietes%2Fturnkey-beauty-salon-for-sale%2F\" class=\"social_tweet\" rel=\"noreferrer\" target=\"_blank\"><\/a>\n            <a href=\"https:\/\/pinterest.com\/pin\/create\/button\/?url=https:\/\/bluuglass.com\/en\/proprietes\/turnkey-beauty-salon-for-sale\/&#038;media=https:\/\/bluuglass.com\/wp-content\/uploads\/2025\/02\/VENDU-SOLD-TEMPLATE-scaled.png&#038;description=Turnkey+Beauty+Salon+for+Sale\" target=\"_blank\" rel=\"noreferrer\" class=\"social_pinterest\"><\/a>\n            <a href=\"https:\/\/wa.me\/?text=Turnkey%20Beauty%20Salon%20for%20Sale%20https:\/\/bluuglass.com\/en\/proprietes\/turnkey-beauty-salon-for-sale\/\" class=\"social_whatsup\" rel=\"noreferrer\" target=\"_blank\"><\/a>\n            <a href=\"mailto:?&#115;&#117;bj&#101;&#99;t&#61;Tur&#110;k&#101;y&#43;&#66;&#101;a&#117;ty&#43;S&#97;&#108;&#111;n+&#102;o&#114;&#43;Sale&&#97;m&#112;;&#98;&#111;&#100;&#121;=h&#116;&#116;ps%&#51;A%2&#70;&#37;2&#70;bl&#117;ugl&#97;&#115;s&#46;&#99;o&#109;&#37;&#50;&#70;en%2&#70;&#112;r&#111;&#112;&#114;&#105;&#101;&#116;&#101;s&#37;2&#70;tu&#114;&#110;&#107;e&#121;-b&#101;a&#117;ty&#45;&#115;&#97;l&#111;&#110;-f&#111;r-&#115;&#97;&#108;&#101;&#37;&#50;F\" data-action=\"share email\" class=\"social_email\"><\/a>\n        <\/div>\n                <span class=\"share_list\" data-bs-toggle=\"tooltip\" title=\"share\"><\/span>\n    \n            <span class=\"icon-fav icon-fav-off\" \n            data-bs-toggle=\"tooltip\" \n            title=\"add to favorites\" \n            data-postid=\"35821\">\n        <\/span>\n    \n            <span class=\"compare-action\" \n            data-bs-toggle=\"tooltip\"\n            title=\"compare\" \n            data-pimage=\"https:\/\/bluuglass.com\/wp-content\/uploads\/2025\/02\/VENDU-SOLD-TEMPLATE-143x83.png\" \n            data-pid=\"35821\">\n        <\/span>\n    <\/div>\n            <\/div>\n\n            <div class=\"property-unit-information-wrapper\">\n                <h4>\n  <a href=\"https:\/\/bluuglass.com\/en\/proprietes\/turnkey-beauty-salon-for-sale\/\" >Turnkey Beauty Salon for Sale<\/a>\n<\/h4><div class=\"property_listing_details\">\n    <\/div>\n    <div class=\"listing_details the_list_view\">\n        Opportunity to acquire a complete beauty salon offering facial care, microdermabrasion, peels, resur <a href=\"https:\/\/bluuglass.com\/en\/proprietes\/turnkey-beauty-salon-for-sale\/\" class=\"unit_more_x\"> ...<\/a>    <\/div>\n            <\/div>\n            <\/div>\n<\/div>\n<div class=\"col-lg-4 col-12 col-sm-6 col-md-6   listing_wrapper  property_unit_type4\"\n    data-org=\"4\"\n    data-main-modal=\"https:\/\/bluuglass.com\/wp-content\/uploads\/2025\/02\/VENDU-SOLD-TEMPLATE-1-835x467.png\"\n    data-modal-title=\"Bakery, pastry, prepared meals Montreal\"\n    data-modal-link=\"https:\/\/bluuglass.com\/en\/proprietes\/bakery-pastry-prepared-meals-montreal\/\"\n    data-listid=\"35809\">\n\n    <div class=\"property_listing property_unit_type4 \"\n         data-link=\"\">\n\n                    <div class=\"listing-unit-img-wrapper\">\n                <div class=\"featured_gradient\"><\/div>\n                    <div id=\"property_unit_carousel_69f566ccb5e91\" class=\"carousel property_unit_carousel slide\" data-bs-interval=\"false\">\n        <div class=\"carousel-inner\">\n           \n            <div class=\"carousel-item active\">\n                <a href=\"https:\/\/bluuglass.com\/en\/proprietes\/bakery-pastry-prepared-meals-montreal\/\" target=\"_self\">\n                    <img decoding=\"async\" width=\"525px\" height=\"328px\" src=\"https:\/\/bluuglass.com\/wp-content\/uploads\/2025\/02\/VENDU-SOLD-TEMPLATE-1-525x328.png\" alt=\"Bakery, pastry, prepared meals Montreal\" class=\"d-block w-100 img-fluid\" loading=\"lazy\" \/>\n                <\/a>\n            <\/div><div class=\"carousel-item \">\n                <a href=\"https:\/\/bluuglass.com\/en\/proprietes\/bakery-pastry-prepared-meals-montreal\/\" target=\"_self\">\n                    <img decoding=\"async\" width=\"509px\" height=\"328px\" src=\"https:\/\/bluuglass.com\/wp-content\/uploads\/2025\/02\/Boulangerie-a-vendre-509x328.png\" alt=\"Bakery, pastry, prepared meals Montreal\" class=\"d-block w-100 img-fluid\" loading=\"lazy\" \/>\n                <\/a>\n            <\/div>        <\/div>\n                    <button class=\"carousel-control-prev\" type=\"button\" data-bs-target=\"#property_unit_carousel_69f566ccb5e91\" data-bs-slide=\"prev\">\n                <span class=\"carousel-control-prev-icon\" aria-hidden=\"true\"><\/span>\n                <span class=\"visually-hidden\">Previous<\/span>\n            <\/button>\n            <button class=\"carousel-control-next\" type=\"button\" data-bs-target=\"#property_unit_carousel_69f566ccb5e91\" data-bs-slide=\"next\">\n                <span class=\"carousel-control-next-icon\" aria-hidden=\"true\"><\/span>\n                <span class=\"visually-hidden\">Next<\/span>\n            <\/button>\n            <\/div>\n    <div class=\"tag-wrapper\">\n    <div class=\"status-wrapper\">\n    <div class=\"action_tag_wrapper Sold\">Sold<\/div><\/div>\n<\/div>\n<div class=\"listing_actions\">\n                    <div class=\"share_unit\">\n            <a href=\"https:\/\/www.facebook.com\/sharer.php?u=https:\/\/bluuglass.com\/en\/proprietes\/bakery-pastry-prepared-meals-montreal\/&#038;t=Bakery%2C+pastry%2C+prepared+meals+Montreal\" target=\"_blank\" rel=\"noreferrer\" class=\"social_facebook\"><\/a>\n            <a href=\"https:\/\/twitter.com\/intent\/tweet?text=Bakery%2C+pastry%2C+prepared+meals+Montreal+https%3A%2F%2Fbluuglass.com%2Fen%2Fproprietes%2Fbakery-pastry-prepared-meals-montreal%2F\" class=\"social_tweet\" rel=\"noreferrer\" target=\"_blank\"><\/a>\n            <a href=\"https:\/\/pinterest.com\/pin\/create\/button\/?url=https:\/\/bluuglass.com\/en\/proprietes\/bakery-pastry-prepared-meals-montreal\/&#038;media=https:\/\/bluuglass.com\/wp-content\/uploads\/2025\/02\/VENDU-SOLD-TEMPLATE-1-scaled.png&#038;description=Bakery%2C+pastry%2C+prepared+meals+Montreal\" target=\"_blank\" rel=\"noreferrer\" class=\"social_pinterest\"><\/a>\n            <a href=\"https:\/\/wa.me\/?text=Bakery,%20pastry,%20prepared%20meals%20Montreal%20https:\/\/bluuglass.com\/en\/proprietes\/bakery-pastry-prepared-meals-montreal\/\" class=\"social_whatsup\" rel=\"noreferrer\" target=\"_blank\"><\/a>\n            <a href=\"mailto:?&#115;&#117;&#98;j&#101;c&#116;&#61;&#66;&#97;&#107;ery%&#50;C+&#112;ast&#114;y&#37;2&#67;&#43;&#112;re&#112;&#97;r&#101;&#100;+&#109;ea&#108;s&#43;M&#111;nt&#114;&#101;&#97;l&#38;&#97;m&#112;&#59;&#98;o&#100;y&#61;&#104;&#116;&#116;ps%&#51;&#65;%&#50;F%&#50;&#70;&#98;luug&#108;&#97;&#115;&#115;&#46;&#99;&#111;&#109;%2&#70;&#101;n&#37;2Fp&#114;&#111;p&#114;&#105;&#101;&#116;&#101;&#115;%&#50;&#70;b&#97;&#107;e&#114;y-&#112;a&#115;t&#114;y&#45;&#112;&#114;&#101;par&#101;d-&#109;&#101;&#97;&#108;s-&#109;&#111;n&#116;real&#37;2&#70;\" data-action=\"share email\" class=\"social_email\"><\/a>\n        <\/div>\n                <span class=\"share_list\" data-bs-toggle=\"tooltip\" title=\"share\"><\/span>\n    \n            <span class=\"icon-fav icon-fav-off\" \n            data-bs-toggle=\"tooltip\" \n            title=\"add to favorites\" \n            data-postid=\"35809\">\n        <\/span>\n    \n            <span class=\"compare-action\" \n            data-bs-toggle=\"tooltip\"\n            title=\"compare\" \n            data-pimage=\"https:\/\/bluuglass.com\/wp-content\/uploads\/2025\/02\/VENDU-SOLD-TEMPLATE-1-143x83.png\" \n            data-pid=\"35809\">\n        <\/span>\n    <\/div>\n            <\/div>\n\n            <div class=\"property-unit-information-wrapper\">\n                <h4>\n  <a href=\"https:\/\/bluuglass.com\/en\/proprietes\/bakery-pastry-prepared-meals-montreal\/\" >Bakery, pastry, prepared meals Montreal<\/a>\n<\/h4><div class=\"property_listing_details\">\n    <\/div>\n    <div class=\"listing_details the_list_view\">\n        This French-style bakery and pastry shop is a company recognized for its varied offering of artisana <a href=\"https:\/\/bluuglass.com\/en\/proprietes\/bakery-pastry-prepared-meals-montreal\/\" class=\"unit_more_x\"> ...<\/a>    <\/div>\n            <\/div>\n            <\/div>\n<\/div>\n<div class=\"col-lg-4 col-12 col-sm-6 col-md-6   listing_wrapper  property_unit_type4\"\n    data-org=\"4\"\n    data-main-modal=\"https:\/\/bluuglass.com\/wp-content\/uploads\/2024\/11\/IMG_0003-835x467.png\"\n    data-modal-title=\"Commercial building in the former Molson bank\"\n    data-modal-link=\"https:\/\/bluuglass.com\/en\/proprietes\/commercial-building-in-the-former-molson-bank\/\"\n    data-listid=\"35508\">\n\n    <div class=\"property_listing property_unit_type4 \"\n         data-link=\"\">\n\n                    <div class=\"listing-unit-img-wrapper\">\n                <div class=\"featured_gradient\"><\/div>\n                    <div id=\"property_unit_carousel_69f566ccb616d\" class=\"carousel property_unit_carousel slide\" data-bs-interval=\"false\">\n        <div class=\"carousel-inner\">\n           \n            <div class=\"carousel-item active\">\n                <a href=\"https:\/\/bluuglass.com\/en\/proprietes\/commercial-building-in-the-former-molson-bank\/\" target=\"_self\">\n                    <img decoding=\"async\" width=\"525px\" height=\"328px\" src=\"https:\/\/bluuglass.com\/wp-content\/uploads\/2024\/11\/IMG_0003-525x328.png\" alt=\"Commercial building in the former Molson bank\" class=\"d-block w-100 img-fluid\" loading=\"lazy\" \/>\n                <\/a>\n            <\/div>        <\/div>\n                    <button class=\"carousel-control-prev\" type=\"button\" data-bs-target=\"#property_unit_carousel_69f566ccb616d\" data-bs-slide=\"prev\">\n                <span class=\"carousel-control-prev-icon\" aria-hidden=\"true\"><\/span>\n                <span class=\"visually-hidden\">Previous<\/span>\n            <\/button>\n            <button class=\"carousel-control-next\" type=\"button\" data-bs-target=\"#property_unit_carousel_69f566ccb616d\" data-bs-slide=\"next\">\n                <span class=\"carousel-control-next-icon\" aria-hidden=\"true\"><\/span>\n                <span class=\"visually-hidden\">Next<\/span>\n            <\/button>\n            <\/div>\n    <div class=\"tag-wrapper\">\n    <div class=\"status-wrapper\">\n    <div class=\"action_tag_wrapper For sale\">For sale<\/div><\/div>\n<\/div>\n<div class=\"listing_actions\">\n                    <div class=\"share_unit\">\n            <a href=\"https:\/\/www.facebook.com\/sharer.php?u=https:\/\/bluuglass.com\/en\/proprietes\/commercial-building-in-the-former-molson-bank\/&#038;t=Commercial+building+in+the+former+Molson+bank\" target=\"_blank\" rel=\"noreferrer\" class=\"social_facebook\"><\/a>\n            <a href=\"https:\/\/twitter.com\/intent\/tweet?text=Commercial+building+in+the+former+Molson+bank+https%3A%2F%2Fbluuglass.com%2Fen%2Fproprietes%2Fcommercial-building-in-the-former-molson-bank%2F\" class=\"social_tweet\" rel=\"noreferrer\" target=\"_blank\"><\/a>\n            <a href=\"https:\/\/pinterest.com\/pin\/create\/button\/?url=https:\/\/bluuglass.com\/en\/proprietes\/commercial-building-in-the-former-molson-bank\/&#038;media=https:\/\/bluuglass.com\/wp-content\/uploads\/2024\/11\/IMG_0003.png&#038;description=Commercial+building+in+the+former+Molson+bank\" target=\"_blank\" rel=\"noreferrer\" class=\"social_pinterest\"><\/a>\n            <a href=\"https:\/\/wa.me\/?text=Commercial%20building%20in%20the%20former%20Molson%20bank%20https:\/\/bluuglass.com\/en\/proprietes\/commercial-building-in-the-former-molson-bank\/\" class=\"social_whatsup\" rel=\"noreferrer\" target=\"_blank\"><\/a>\n            <a href=\"mailto:?s&#117;b&#106;ect&#61;&#67;ommer&#99;&#105;&#97;l&#43;&#98;u&#105;l&#100;i&#110;&#103;+i&#110;+the&#43;&#102;&#111;r&#109;e&#114;&#43;M&#111;ls&#111;&#110;&#43;&#98;&#97;&#110;&#107;&am&#112;;bo&#100;&#121;&#61;&#104;&#116;t&#112;s%3&#65;%2F%&#50;F&#98;luu&#103;las&#115;&#46;&#99;&#111;&#109;%2F&#101;&#110;&#37;&#50;&#70;pr&#111;&#112;&#114;i&#101;&#116;&#101;&#115;%2Fcomm&#101;r&#99;i&#97;l&#45;&#98;&#117;&#105;&#108;ding&#45;&#105;n-t&#104;&#101;-for&#109;e&#114;-molson-bank&#37;2&#70;\" data-action=\"share email\" class=\"social_email\"><\/a>\n        <\/div>\n                <span class=\"share_list\" data-bs-toggle=\"tooltip\" title=\"share\"><\/span>\n    \n            <span class=\"icon-fav icon-fav-off\" \n            data-bs-toggle=\"tooltip\" \n            title=\"add to favorites\" \n            data-postid=\"35508\">\n        <\/span>\n    \n            <span class=\"compare-action\" \n            data-bs-toggle=\"tooltip\"\n            title=\"compare\" \n            data-pimage=\"https:\/\/bluuglass.com\/wp-content\/uploads\/2024\/11\/IMG_0003-143x83.png\" \n            data-pid=\"35508\">\n        <\/span>\n    <\/div>\n            <\/div>\n\n            <div class=\"property-unit-information-wrapper\">\n                <h4>\n  <a href=\"https:\/\/bluuglass.com\/en\/proprietes\/commercial-building-in-the-former-molson-bank\/\" >Commercial building in the former Molson ban...<\/a>\n<\/h4><div class=\"property_listing_details\">\n    <\/div>\n    <div class=\"listing_details the_list_view\">\n        Recognized as the former Molson bank, the building boasts an impressive facade! It offers excellent  <a href=\"https:\/\/bluuglass.com\/en\/proprietes\/commercial-building-in-the-former-molson-bank\/\" class=\"unit_more_x\"> ...<\/a>    <\/div>\n            <\/div>\n            <\/div>\n<\/div>\n<div class=\"col-lg-4 col-12 col-sm-6 col-md-6   listing_wrapper  property_unit_type4\"\n    data-org=\"4\"\n    data-main-modal=\"https:\/\/bluuglass.com\/wp-content\/uploads\/2024\/10\/VENDU-SOLD-835x467.png\"\n    data-modal-title=\"Semi-commercial building\"\n    data-modal-link=\"https:\/\/bluuglass.com\/en\/proprietes\/semi-commercial-building\/\"\n    data-listid=\"35479\">\n\n    <div class=\"property_listing property_unit_type4 \"\n         data-link=\"\">\n\n                    <div class=\"listing-unit-img-wrapper\">\n                <div class=\"featured_gradient\"><\/div>\n                    <div id=\"property_unit_carousel_69f566ccb63f8\" class=\"carousel property_unit_carousel slide\" data-bs-interval=\"false\">\n        <div class=\"carousel-inner\">\n           \n            <div class=\"carousel-item active\">\n                <a href=\"https:\/\/bluuglass.com\/en\/proprietes\/semi-commercial-building\/\" target=\"_self\">\n                    <img decoding=\"async\" width=\"525px\" height=\"328px\" src=\"https:\/\/bluuglass.com\/wp-content\/uploads\/2024\/10\/VENDU-SOLD-525x328.png\" alt=\"Semi-commercial building\" class=\"d-block w-100 img-fluid\" loading=\"lazy\" \/>\n                <\/a>\n            <\/div>        <\/div>\n                    <button class=\"carousel-control-prev\" type=\"button\" data-bs-target=\"#property_unit_carousel_69f566ccb63f8\" data-bs-slide=\"prev\">\n                <span class=\"carousel-control-prev-icon\" aria-hidden=\"true\"><\/span>\n                <span class=\"visually-hidden\">Previous<\/span>\n            <\/button>\n            <button class=\"carousel-control-next\" type=\"button\" data-bs-target=\"#property_unit_carousel_69f566ccb63f8\" data-bs-slide=\"next\">\n                <span class=\"carousel-control-next-icon\" aria-hidden=\"true\"><\/span>\n                <span class=\"visually-hidden\">Next<\/span>\n            <\/button>\n            <\/div>\n    <div class=\"tag-wrapper\">\n    <div class=\"status-wrapper\">\n    <div class=\"action_tag_wrapper Sold\">Sold<\/div><\/div>\n<\/div>\n<div class=\"listing_actions\">\n                    <div class=\"share_unit\">\n            <a href=\"https:\/\/www.facebook.com\/sharer.php?u=https:\/\/bluuglass.com\/en\/proprietes\/semi-commercial-building\/&#038;t=Semi-commercial+building\" target=\"_blank\" rel=\"noreferrer\" class=\"social_facebook\"><\/a>\n            <a href=\"https:\/\/twitter.com\/intent\/tweet?text=Semi-commercial+building+https%3A%2F%2Fbluuglass.com%2Fen%2Fproprietes%2Fsemi-commercial-building%2F\" class=\"social_tweet\" rel=\"noreferrer\" target=\"_blank\"><\/a>\n            <a href=\"https:\/\/pinterest.com\/pin\/create\/button\/?url=https:\/\/bluuglass.com\/en\/proprietes\/semi-commercial-building\/&#038;media=https:\/\/bluuglass.com\/wp-content\/uploads\/2024\/10\/VENDU-SOLD-scaled.png&#038;description=Semi-commercial+building\" target=\"_blank\" rel=\"noreferrer\" class=\"social_pinterest\"><\/a>\n            <a href=\"https:\/\/wa.me\/?text=Semi-commercial%20building%20https:\/\/bluuglass.com\/en\/proprietes\/semi-commercial-building\/\" class=\"social_whatsup\" rel=\"noreferrer\" target=\"_blank\"><\/a>\n            <a href=\"mailto:?s&#117;b&#106;e&#99;&#116;=Se&#109;&#105;-co&#109;me&#114;ci&#97;&#108;+bui&#108;&#100;i&#110;&#103;&#38;am&#112;;&#98;o&#100;&#121;=h&#116;&#116;p&#115;&#37;3&#65;%&#50;&#70;&#37;&#50;Fb&#108;uu&#103;&#108;&#97;ss.&#99;o&#109;&#37;&#50;Fen%&#50;&#70;pr&#111;pri&#101;t&#101;&#115;%&#50;&#70;s&#101;m&#105;-&#99;&#111;&#109;&#109;&#101;rc&#105;a&#108;-&#98;&#117;ild&#105;n&#103;&#37;2&#70;\" data-action=\"share email\" class=\"social_email\"><\/a>\n        <\/div>\n                <span class=\"share_list\" data-bs-toggle=\"tooltip\" title=\"share\"><\/span>\n    \n            <span class=\"icon-fav icon-fav-off\" \n            data-bs-toggle=\"tooltip\" \n            title=\"add to favorites\" \n            data-postid=\"35479\">\n        <\/span>\n    \n            <span class=\"compare-action\" \n            data-bs-toggle=\"tooltip\"\n            title=\"compare\" \n            data-pimage=\"https:\/\/bluuglass.com\/wp-content\/uploads\/2024\/10\/VENDU-SOLD-143x83.png\" \n            data-pid=\"35479\">\n        <\/span>\n    <\/div>\n            <\/div>\n\n            <div class=\"property-unit-information-wrapper\">\n                <h4>\n  <a href=\"https:\/\/bluuglass.com\/en\/proprietes\/semi-commercial-building\/\" >Semi-commercial building<\/a>\n<\/h4><div class=\"property_listing_details\">\n    <\/div>\n    <div class=\"listing_details the_list_view\">\n        Semi-commercial building very well located between Papineau and de Lorimier, featuring a commercial  <a href=\"https:\/\/bluuglass.com\/en\/proprietes\/semi-commercial-building\/\" class=\"unit_more_x\"> ...<\/a>    <\/div>\n            <\/div>\n            <\/div>\n<\/div>\n<div class=\"col-lg-4 col-12 col-sm-6 col-md-6   listing_wrapper  property_unit_type4\"\n    data-org=\"4\"\n    data-main-modal=\"https:\/\/bluuglass.com\/wp-content\/uploads\/2024\/10\/VENDU-SOLD-TEMPLATE-835x467.png\"\n    data-modal-title=\"Dynamic neighborhood grocery store\"\n    data-modal-link=\"https:\/\/bluuglass.com\/en\/proprietes\/dynamic-neighborhood-grocery-store\/\"\n    data-listid=\"35471\">\n\n    <div class=\"property_listing property_unit_type4 \"\n         data-link=\"\">\n\n                    <div class=\"listing-unit-img-wrapper\">\n                <div class=\"featured_gradient\"><\/div>\n                    <div id=\"property_unit_carousel_69f566ccb6694\" class=\"carousel property_unit_carousel slide\" data-bs-interval=\"false\">\n        <div class=\"carousel-inner\">\n           \n            <div class=\"carousel-item active\">\n                <a href=\"https:\/\/bluuglass.com\/en\/proprietes\/dynamic-neighborhood-grocery-store\/\" target=\"_self\">\n                    <img decoding=\"async\" width=\"525px\" height=\"328px\" src=\"https:\/\/bluuglass.com\/wp-content\/uploads\/2024\/10\/VENDU-SOLD-TEMPLATE-525x328.png\" alt=\"Dynamic neighborhood grocery store\" class=\"d-block w-100 img-fluid\" loading=\"lazy\" \/>\n                <\/a>\n            <\/div><div class=\"carousel-item \">\n                <a href=\"https:\/\/bluuglass.com\/en\/proprietes\/dynamic-neighborhood-grocery-store\/\" target=\"_self\">\n                    <img decoding=\"async\" width=\"525px\" height=\"328px\" src=\"https:\/\/bluuglass.com\/wp-content\/uploads\/2024\/10\/1.1-525x328.jpg\" alt=\"Dynamic neighborhood grocery store\" class=\"d-block w-100 img-fluid\" loading=\"lazy\" \/>\n                <\/a>\n            <\/div>        <\/div>\n                    <button class=\"carousel-control-prev\" type=\"button\" data-bs-target=\"#property_unit_carousel_69f566ccb6694\" data-bs-slide=\"prev\">\n                <span class=\"carousel-control-prev-icon\" aria-hidden=\"true\"><\/span>\n                <span class=\"visually-hidden\">Previous<\/span>\n            <\/button>\n            <button class=\"carousel-control-next\" type=\"button\" data-bs-target=\"#property_unit_carousel_69f566ccb6694\" data-bs-slide=\"next\">\n                <span class=\"carousel-control-next-icon\" aria-hidden=\"true\"><\/span>\n                <span class=\"visually-hidden\">Next<\/span>\n            <\/button>\n            <\/div>\n    <div class=\"tag-wrapper\">\n    <div class=\"status-wrapper\">\n    <div class=\"action_tag_wrapper Sold\">Sold<\/div><\/div>\n<\/div>\n<div class=\"listing_actions\">\n                    <div class=\"share_unit\">\n            <a href=\"https:\/\/www.facebook.com\/sharer.php?u=https:\/\/bluuglass.com\/en\/proprietes\/dynamic-neighborhood-grocery-store\/&#038;t=Dynamic+neighborhood+grocery+store\" target=\"_blank\" rel=\"noreferrer\" class=\"social_facebook\"><\/a>\n            <a href=\"https:\/\/twitter.com\/intent\/tweet?text=Dynamic+neighborhood+grocery+store+https%3A%2F%2Fbluuglass.com%2Fen%2Fproprietes%2Fdynamic-neighborhood-grocery-store%2F\" class=\"social_tweet\" rel=\"noreferrer\" target=\"_blank\"><\/a>\n            <a href=\"https:\/\/pinterest.com\/pin\/create\/button\/?url=https:\/\/bluuglass.com\/en\/proprietes\/dynamic-neighborhood-grocery-store\/&#038;media=https:\/\/bluuglass.com\/wp-content\/uploads\/2024\/10\/VENDU-SOLD-TEMPLATE-scaled.png&#038;description=Dynamic+neighborhood+grocery+store\" target=\"_blank\" rel=\"noreferrer\" class=\"social_pinterest\"><\/a>\n            <a href=\"https:\/\/wa.me\/?text=Dynamic%20neighborhood%20grocery%20store%20https:\/\/bluuglass.com\/en\/proprietes\/dynamic-neighborhood-grocery-store\/\" class=\"social_whatsup\" rel=\"noreferrer\" target=\"_blank\"><\/a>\n            <a href=\"mailto:?&#115;&#117;&#98;j&#101;ct&#61;&#68;y&#110;&#97;&#109;&#105;c+n&#101;&#105;&#103;hbo&#114;&#104;ood&#43;g&#114;ocer&#121;&#43;&#115;&#116;ore&#38;a&#109;p;bod&#121;=&#104;&#116;&#116;&#112;&#115;&#37;3&#65;%2&#70;&#37;2Fbl&#117;uglas&#115;&#46;&#99;o&#109;%2F&#101;&#110;%2&#70;&#112;r&#111;&#112;rie&#116;es%&#50;&#70;&#100;ynami&#99;&#45;n&#101;ig&#104;b&#111;r&#104;ood-gr&#111;c&#101;r&#121;-s&#116;o&#114;e%2F\" data-action=\"share email\" class=\"social_email\"><\/a>\n        <\/div>\n                <span class=\"share_list\" data-bs-toggle=\"tooltip\" title=\"share\"><\/span>\n    \n            <span class=\"icon-fav icon-fav-off\" \n            data-bs-toggle=\"tooltip\" \n            title=\"add to favorites\" \n            data-postid=\"35471\">\n        <\/span>\n    \n            <span class=\"compare-action\" \n            data-bs-toggle=\"tooltip\"\n            title=\"compare\" \n            data-pimage=\"https:\/\/bluuglass.com\/wp-content\/uploads\/2024\/10\/VENDU-SOLD-TEMPLATE-143x83.png\" \n            data-pid=\"35471\">\n        <\/span>\n    <\/div>\n            <\/div>\n\n            <div class=\"property-unit-information-wrapper\">\n                <h4>\n  <a href=\"https:\/\/bluuglass.com\/en\/proprietes\/dynamic-neighborhood-grocery-store\/\" >Dynamic neighborhood grocery store<\/a>\n<\/h4><div class=\"property_listing_details\">\n    <\/div>\n    <div class=\"listing_details the_list_view\">\n        Les Emplettes is a neighborhood grocery store located in the heart of Montreal, which has quickly es <a href=\"https:\/\/bluuglass.com\/en\/proprietes\/dynamic-neighborhood-grocery-store\/\" class=\"unit_more_x\"> ...<\/a>    <\/div>\n            <\/div>\n            <\/div>\n<\/div>\n<div class=\"col-lg-4 col-12 col-sm-6 col-md-6   listing_wrapper  property_unit_type4\"\n    data-org=\"4\"\n    data-main-modal=\"https:\/\/bluuglass.com\/wp-content\/uploads\/2024\/10\/DSC_7605-835x467.png\"\n    data-modal-title=\"Seafood restaurant with bar license\"\n    data-modal-link=\"https:\/\/bluuglass.com\/en\/proprietes\/seafood-restaurant-with-bar-license\/\"\n    data-listid=\"35460\">\n\n    <div class=\"property_listing property_unit_type4 \"\n         data-link=\"\">\n\n                    <div class=\"listing-unit-img-wrapper\">\n                <div class=\"featured_gradient\"><\/div>\n                    <div id=\"property_unit_carousel_69f566ccb6960\" class=\"carousel property_unit_carousel slide\" data-bs-interval=\"false\">\n        <div class=\"carousel-inner\">\n           \n            <div class=\"carousel-item active\">\n                <a href=\"https:\/\/bluuglass.com\/en\/proprietes\/seafood-restaurant-with-bar-license\/\" target=\"_self\">\n                    <img decoding=\"async\" width=\"525px\" height=\"328px\" src=\"https:\/\/bluuglass.com\/wp-content\/uploads\/2024\/10\/DSC_7605-525x328.png\" alt=\"Seafood restaurant with bar license\" class=\"d-block w-100 img-fluid\" loading=\"lazy\" \/>\n                <\/a>\n            <\/div>        <\/div>\n                    <button class=\"carousel-control-prev\" type=\"button\" data-bs-target=\"#property_unit_carousel_69f566ccb6960\" data-bs-slide=\"prev\">\n                <span class=\"carousel-control-prev-icon\" aria-hidden=\"true\"><\/span>\n                <span class=\"visually-hidden\">Previous<\/span>\n            <\/button>\n            <button class=\"carousel-control-next\" type=\"button\" data-bs-target=\"#property_unit_carousel_69f566ccb6960\" data-bs-slide=\"next\">\n                <span class=\"carousel-control-next-icon\" aria-hidden=\"true\"><\/span>\n                <span class=\"visually-hidden\">Next<\/span>\n            <\/button>\n            <\/div>\n    <div class=\"tag-wrapper\">\n    <div class=\"status-wrapper\">\n    <div class=\"action_tag_wrapper For sale\">For sale<\/div><\/div>\n<\/div>\n<div class=\"listing_actions\">\n                    <div class=\"share_unit\">\n            <a href=\"https:\/\/www.facebook.com\/sharer.php?u=https:\/\/bluuglass.com\/en\/proprietes\/seafood-restaurant-with-bar-license\/&#038;t=Seafood+restaurant+with+bar+license\" target=\"_blank\" rel=\"noreferrer\" class=\"social_facebook\"><\/a>\n            <a href=\"https:\/\/twitter.com\/intent\/tweet?text=Seafood+restaurant+with+bar+license+https%3A%2F%2Fbluuglass.com%2Fen%2Fproprietes%2Fseafood-restaurant-with-bar-license%2F\" class=\"social_tweet\" rel=\"noreferrer\" target=\"_blank\"><\/a>\n            <a href=\"https:\/\/pinterest.com\/pin\/create\/button\/?url=https:\/\/bluuglass.com\/en\/proprietes\/seafood-restaurant-with-bar-license\/&#038;media=https:\/\/bluuglass.com\/wp-content\/uploads\/2024\/10\/DSC_7605.png&#038;description=Seafood+restaurant+with+bar+license\" target=\"_blank\" rel=\"noreferrer\" class=\"social_pinterest\"><\/a>\n            <a href=\"https:\/\/wa.me\/?text=Seafood%20restaurant%20with%20bar%20license%20https:\/\/bluuglass.com\/en\/proprietes\/seafood-restaurant-with-bar-license\/\" class=\"social_whatsup\" rel=\"noreferrer\" target=\"_blank\"><\/a>\n            <a href=\"mailto:?&#115;&#117;b&#106;&#101;&#99;&#116;=S&#101;a&#102;o&#111;d+&#114;e&#115;ta&#117;&#114;ant&#43;&#119;it&#104;&#43;&#98;&#97;&#114;&#43;&#108;&#105;cense&#38;amp&#59;bo&#100;y&#61;&#104;&#116;&#116;&#112;s&#37;3&#65;&#37;&#50;&#70;%2&#70;b&#108;uug&#108;&#97;&#115;s&#46;&#99;&#111;m&#37;&#50;Fe&#110;&#37;&#50;Fp&#114;&#111;pr&#105;&#101;te&#115;&#37;2&#70;&#115;eafo&#111;&#100;&#45;re&#115;t&#97;&#117;ran&#116;&#45;&#119;ith&#45;&#98;a&#114;-&#108;ic&#101;&#110;se%&#50;&#70;\" data-action=\"share email\" class=\"social_email\"><\/a>\n        <\/div>\n                <span class=\"share_list\" data-bs-toggle=\"tooltip\" title=\"share\"><\/span>\n    \n            <span class=\"icon-fav icon-fav-off\" \n            data-bs-toggle=\"tooltip\" \n            title=\"add to favorites\" \n            data-postid=\"35460\">\n        <\/span>\n    \n            <span class=\"compare-action\" \n            data-bs-toggle=\"tooltip\"\n            title=\"compare\" \n            data-pimage=\"https:\/\/bluuglass.com\/wp-content\/uploads\/2024\/10\/DSC_7605-143x83.png\" \n            data-pid=\"35460\">\n        <\/span>\n    <\/div>\n            <\/div>\n\n            <div class=\"property-unit-information-wrapper\">\n                <h4>\n  <a href=\"https:\/\/bluuglass.com\/en\/proprietes\/seafood-restaurant-with-bar-license\/\" >Seafood restaurant with bar license<\/a>\n<\/h4><div class=\"property_listing_details\">\n    <\/div>\n    <div class=\"listing_details the_list_view\">\n        Opportunity to acquire a restaurant with a bar license on a commercial street at the junction of sev <a href=\"https:\/\/bluuglass.com\/en\/proprietes\/seafood-restaurant-with-bar-license\/\" class=\"unit_more_x\"> ...<\/a>    <\/div>\n            <\/div>\n            <\/div>\n<\/div>\n<div class=\"col-lg-4 col-12 col-sm-6 col-md-6   listing_wrapper  property_unit_type4\"\n    data-org=\"4\"\n    data-main-modal=\"\"\n    data-modal-title=\"La Belle &#038; La B\u0153uf Restaurant\"\n    data-modal-link=\"https:\/\/bluuglass.com\/en\/proprietes\/la-belle-la-boeuf-restaurant\/\"\n    data-listid=\"35391\">\n\n    <div class=\"property_listing property_unit_type4 \"\n         data-link=\"\">\n\n                    <div class=\"listing-unit-img-wrapper\">\n                <div class=\"featured_gradient\"><\/div>\n                    <div id=\"property_unit_carousel_69f566ccb6d6b\" class=\"carousel property_unit_carousel slide\" data-bs-interval=\"false\">\n        <div class=\"carousel-inner\">\n           \n            <div class=\"carousel-item active\">\n                <a href=\"https:\/\/bluuglass.com\/en\/proprietes\/la-belle-la-boeuf-restaurant\/\" target=\"_self\">\n                    <img decoding=\"async\" width=\"1px\" height=\"1px\" src=\"https:\/\/bluuglass.com\/wp-content\/uploads\/2024\/07\/VENDU-SOLD-TEMPLATE.png\" alt=\"La Belle &#038; La B\u0153uf Restaurant\" class=\"d-block w-100 img-fluid\" loading=\"lazy\" \/>\n                <\/a>\n            <\/div><div class=\"carousel-item \">\n                <a href=\"https:\/\/bluuglass.com\/en\/proprietes\/la-belle-la-boeuf-restaurant\/\" target=\"_self\">\n                    <img decoding=\"async\" width=\"525px\" height=\"328px\" src=\"https:\/\/bluuglass.com\/wp-content\/uploads\/2024\/07\/IMG_2819-HDR-525x328.jpg\" alt=\"La Belle &#038; La B\u0153uf Restaurant\" class=\"d-block w-100 img-fluid\" loading=\"lazy\" \/>\n                <\/a>\n            <\/div>        <\/div>\n                    <button class=\"carousel-control-prev\" type=\"button\" data-bs-target=\"#property_unit_carousel_69f566ccb6d6b\" data-bs-slide=\"prev\">\n                <span class=\"carousel-control-prev-icon\" aria-hidden=\"true\"><\/span>\n                <span class=\"visually-hidden\">Previous<\/span>\n            <\/button>\n            <button class=\"carousel-control-next\" type=\"button\" data-bs-target=\"#property_unit_carousel_69f566ccb6d6b\" data-bs-slide=\"next\">\n                <span class=\"carousel-control-next-icon\" aria-hidden=\"true\"><\/span>\n                <span class=\"visually-hidden\">Next<\/span>\n            <\/button>\n            <\/div>\n    <div class=\"tag-wrapper\">\n    <div class=\"status-wrapper\">\n    <div class=\"action_tag_wrapper Sold\">Sold<\/div><\/div>\n<\/div>\n<div class=\"listing_actions\">\n                    <div class=\"share_unit\">\n            <a href=\"https:\/\/www.facebook.com\/sharer.php?u=https:\/\/bluuglass.com\/en\/proprietes\/la-belle-la-boeuf-restaurant\/&#038;t=La+Belle+%26%23038%3B+La+B%C5%93uf+Restaurant\" target=\"_blank\" rel=\"noreferrer\" class=\"social_facebook\"><\/a>\n            <a href=\"https:\/\/twitter.com\/intent\/tweet?text=La+Belle+%26%23038%3B+La+B%C5%93uf+Restaurant+https%3A%2F%2Fbluuglass.com%2Fen%2Fproprietes%2Fla-belle-la-boeuf-restaurant%2F\" class=\"social_tweet\" rel=\"noreferrer\" target=\"_blank\"><\/a>\n            <a href=\"https:\/\/pinterest.com\/pin\/create\/button\/?url=https:\/\/bluuglass.com\/en\/proprietes\/la-belle-la-boeuf-restaurant\/&#038;media=https:\/\/bluuglass.com\/wp-content\/uploads\/2024\/07\/VENDU-SOLD-TEMPLATE.png&#038;description=La+Belle+%26%23038%3B+La+B%C5%93uf+Restaurant\" target=\"_blank\" rel=\"noreferrer\" class=\"social_pinterest\"><\/a>\n            <a href=\"https:\/\/wa.me\/?text=La%20Belle%20&#038;%20La%20B\u0153uf%20Restaurant%20https:\/\/bluuglass.com\/en\/proprietes\/la-belle-la-boeuf-restaurant\/\" class=\"social_whatsup\" rel=\"noreferrer\" target=\"_blank\"><\/a>\n            <a href=\"mailto:?su&#98;ject&#61;L&#97;+B&#101;&#108;l&#101;&#43;%2&#54;%23&#48;38%&#51;B&#43;La&#43;B%C&#53;%&#57;&#51;&#117;f+&#82;es&#116;&#97;ura&#110;t&&#97;&#109;&#112;;&#98;od&#121;&#61;&#104;&#116;tps&#37;&#51;A%&#50;F%2F&#98;lu&#117;&#103;&#108;a&#115;&#115;.&#99;o&#109;%&#50;Fen%&#50;F&#112;r&#111;&#112;rietes&#37;&#50;F&#108;&#97;&#45;b&#101;l&#108;&#101;-&#108;a&#45;&#98;oe&#117;f-&#114;e&#115;tau&#114;&#97;nt&#37;2&#70;\" data-action=\"share email\" class=\"social_email\"><\/a>\n        <\/div>\n                <span class=\"share_list\" data-bs-toggle=\"tooltip\" title=\"share\"><\/span>\n    \n            <span class=\"icon-fav icon-fav-off\" \n            data-bs-toggle=\"tooltip\" \n            title=\"add to favorites\" \n            data-postid=\"35391\">\n        <\/span>\n    \n            <span class=\"compare-action\" \n            data-bs-toggle=\"tooltip\"\n            title=\"compare\" \n            data-pimage=\"\" \n            data-pid=\"35391\">\n        <\/span>\n    <\/div>\n            <\/div>\n\n            <div class=\"property-unit-information-wrapper\">\n                <h4>\n  <a href=\"https:\/\/bluuglass.com\/en\/proprietes\/la-belle-la-boeuf-restaurant\/\" >La Belle &#038; La B\u0153uf Restaurant<\/a>\n<\/h4><div class=\"property_listing_details\">\n    <\/div>\n    <div class=\"listing_details the_list_view\">\n        The restaurant located near Concordia University enjoys an excellent location on a very busy street, <a href=\"https:\/\/bluuglass.com\/en\/proprietes\/la-belle-la-boeuf-restaurant\/\" class=\"unit_more_x\"> ...<\/a>    <\/div>\n            <\/div>\n            <\/div>\n<\/div>\n<div class=\"col-lg-4 col-12 col-sm-6 col-md-6   listing_wrapper  property_unit_type4\"\n    data-org=\"4\"\n    data-main-modal=\"https:\/\/bluuglass.com\/wp-content\/uploads\/2023\/12\/IMG_6925-4-835x467.png\"\n    data-modal-title=\"Commercial\/industrial spaces for lease\"\n    data-modal-link=\"https:\/\/bluuglass.com\/en\/proprietes\/commercial-industrial-spaces-for-lease\/\"\n    data-listid=\"29086\">\n\n    <div class=\"property_listing property_unit_type4 \"\n         data-link=\"\">\n\n                    <div class=\"listing-unit-img-wrapper\">\n                <div class=\"featured_gradient\"><\/div>\n                    <div id=\"property_unit_carousel_69f566ccb7045\" class=\"carousel property_unit_carousel slide\" data-bs-interval=\"false\">\n        <div class=\"carousel-inner\">\n           \n            <div class=\"carousel-item active\">\n                <a href=\"https:\/\/bluuglass.com\/en\/proprietes\/commercial-industrial-spaces-for-lease\/\" target=\"_self\">\n                    <img decoding=\"async\" width=\"525px\" height=\"328px\" src=\"https:\/\/bluuglass.com\/wp-content\/uploads\/2023\/12\/IMG_6925-4-525x328.png\" alt=\"Commercial\/industrial spaces for lease\" class=\"d-block w-100 img-fluid\" loading=\"lazy\" \/>\n                <\/a>\n            <\/div>        <\/div>\n                    <button class=\"carousel-control-prev\" type=\"button\" data-bs-target=\"#property_unit_carousel_69f566ccb7045\" data-bs-slide=\"prev\">\n                <span class=\"carousel-control-prev-icon\" aria-hidden=\"true\"><\/span>\n                <span class=\"visually-hidden\">Previous<\/span>\n            <\/button>\n            <button class=\"carousel-control-next\" type=\"button\" data-bs-target=\"#property_unit_carousel_69f566ccb7045\" data-bs-slide=\"next\">\n                <span class=\"carousel-control-next-icon\" aria-hidden=\"true\"><\/span>\n                <span class=\"visually-hidden\">Next<\/span>\n            <\/button>\n            <\/div>\n    <div class=\"tag-wrapper\">\n    <div class=\"status-wrapper\">\n    <div class=\"action_tag_wrapper For lease\">For lease<\/div><\/div>\n<\/div>\n<div class=\"listing_actions\">\n                    <div class=\"share_unit\">\n            <a href=\"https:\/\/www.facebook.com\/sharer.php?u=https:\/\/bluuglass.com\/en\/proprietes\/commercial-industrial-spaces-for-lease\/&#038;t=Commercial%2Findustrial+spaces+for+lease\" target=\"_blank\" rel=\"noreferrer\" class=\"social_facebook\"><\/a>\n            <a href=\"https:\/\/twitter.com\/intent\/tweet?text=Commercial%2Findustrial+spaces+for+lease+https%3A%2F%2Fbluuglass.com%2Fen%2Fproprietes%2Fcommercial-industrial-spaces-for-lease%2F\" class=\"social_tweet\" rel=\"noreferrer\" target=\"_blank\"><\/a>\n            <a href=\"https:\/\/pinterest.com\/pin\/create\/button\/?url=https:\/\/bluuglass.com\/en\/proprietes\/commercial-industrial-spaces-for-lease\/&#038;media=https:\/\/bluuglass.com\/wp-content\/uploads\/2023\/12\/IMG_6925-4.png&#038;description=Commercial%2Findustrial+spaces+for+lease\" target=\"_blank\" rel=\"noreferrer\" class=\"social_pinterest\"><\/a>\n            <a href=\"https:\/\/wa.me\/?text=Commercial\/industrial%20spaces%20for%20lease%20https:\/\/bluuglass.com\/en\/proprietes\/commercial-industrial-spaces-for-lease\/\" class=\"social_whatsup\" rel=\"noreferrer\" target=\"_blank\"><\/a>\n            <a href=\"mailto:?su&#98;&#106;&#101;c&#116;&#61;&#67;&#111;mm&#101;&#114;c&#105;al%&#50;Find&#117;&#115;&#116;&#114;&#105;&#97;&#108;&#43;space&#115;&#43;f&#111;&#114;&#43;&#108;e&#97;s&#101;&&#97;mp&#59;b&#111;&#100;&#121;&#61;&#104;&#116;&#116;p&#115;%&#51;&#65;%2&#70;%&#50;F&#98;&#108;&#117;u&#103;l&#97;&#115;s.&#99;&#111;&#109;%&#50;&#70;e&#110;&#37;&#50;&#70;&#112;&#114;&#111;&#112;r&#105;&#101;te&#115;%&#50;&#70;&#99;om&#109;&#101;r&#99;ial-&#105;&#110;&#100;&#117;s&#116;&#114;i&#97;l&#45;&#115;pa&#99;es&#45;fo&#114;-lea&#115;&#101;%2F\" data-action=\"share email\" class=\"social_email\"><\/a>\n        <\/div>\n                <span class=\"share_list\" data-bs-toggle=\"tooltip\" title=\"share\"><\/span>\n    \n            <span class=\"icon-fav icon-fav-off\" \n            data-bs-toggle=\"tooltip\" \n            title=\"add to favorites\" \n            data-postid=\"29086\">\n        <\/span>\n    \n            <span class=\"compare-action\" \n            data-bs-toggle=\"tooltip\"\n            title=\"compare\" \n            data-pimage=\"https:\/\/bluuglass.com\/wp-content\/uploads\/2023\/12\/IMG_6925-4-143x83.png\" \n            data-pid=\"29086\">\n        <\/span>\n    <\/div>\n            <\/div>\n\n            <div class=\"property-unit-information-wrapper\">\n                <h4>\n  <a href=\"https:\/\/bluuglass.com\/en\/proprietes\/commercial-industrial-spaces-for-lease\/\" >Commercial\/industrial spaces for lease<\/a>\n<\/h4><div class=\"property_listing_details\">\n    <\/div>\n    <div class=\"listing_details the_list_view\">\n        Take advantage of this opportunity to set up your business in a perfectly located commercial\/industr <a href=\"https:\/\/bluuglass.com\/en\/proprietes\/commercial-industrial-spaces-for-lease\/\" class=\"unit_more_x\"> ...<\/a>    <\/div>\n            <\/div>\n            <\/div>\n<\/div>\n<div class=\"col-lg-4 col-12 col-sm-6 col-md-6   listing_wrapper  property_unit_type4\"\n    data-org=\"4\"\n    data-main-modal=\"https:\/\/bluuglass.com\/wp-content\/uploads\/2023\/03\/2110-206_JC_Valleyfield_Appel-doffre_V1R2-scaled-1-835x467.jpg\"\n    data-modal-title=\"Commercial space for lease &#8211; Valleyfield\"\n    data-modal-link=\"https:\/\/bluuglass.com\/en\/proprietes\/commercial-space-for-lease-valleyfield\/\"\n    data-listid=\"23677\">\n\n    <div class=\"property_listing property_unit_type4 \"\n         data-link=\"\">\n\n                    <div class=\"listing-unit-img-wrapper\">\n                <div class=\"featured_gradient\"><\/div>\n                    <div id=\"property_unit_carousel_69f566ccb72e4\" class=\"carousel property_unit_carousel slide\" data-bs-interval=\"false\">\n        <div class=\"carousel-inner\">\n           \n            <div class=\"carousel-item active\">\n                <a href=\"https:\/\/bluuglass.com\/en\/proprietes\/commercial-space-for-lease-valleyfield\/\" target=\"_self\">\n                    <img decoding=\"async\" width=\"525px\" height=\"328px\" src=\"https:\/\/bluuglass.com\/wp-content\/uploads\/2023\/03\/2110-206_JC_Valleyfield_Appel-doffre_V1R2-scaled-1-525x328.jpg\" alt=\"Commercial space for lease &#8211; Valleyfield\" class=\"d-block w-100 img-fluid\" loading=\"lazy\" \/>\n                <\/a>\n            <\/div>        <\/div>\n                    <button class=\"carousel-control-prev\" type=\"button\" data-bs-target=\"#property_unit_carousel_69f566ccb72e4\" data-bs-slide=\"prev\">\n                <span class=\"carousel-control-prev-icon\" aria-hidden=\"true\"><\/span>\n                <span class=\"visually-hidden\">Previous<\/span>\n            <\/button>\n            <button class=\"carousel-control-next\" type=\"button\" data-bs-target=\"#property_unit_carousel_69f566ccb72e4\" data-bs-slide=\"next\">\n                <span class=\"carousel-control-next-icon\" aria-hidden=\"true\"><\/span>\n                <span class=\"visually-hidden\">Next<\/span>\n            <\/button>\n            <\/div>\n    <div class=\"tag-wrapper\">\n    <div class=\"status-wrapper\">\n    <div class=\"action_tag_wrapper For lease\">For lease<\/div><\/div>\n<\/div>\n<div class=\"listing_actions\">\n                    <div class=\"share_unit\">\n            <a href=\"https:\/\/www.facebook.com\/sharer.php?u=https:\/\/bluuglass.com\/en\/proprietes\/commercial-space-for-lease-valleyfield\/&#038;t=Commercial+space+for+lease+%26%238211%3B+Valleyfield\" target=\"_blank\" rel=\"noreferrer\" class=\"social_facebook\"><\/a>\n            <a href=\"https:\/\/twitter.com\/intent\/tweet?text=Commercial+space+for+lease+%26%238211%3B+Valleyfield+https%3A%2F%2Fbluuglass.com%2Fen%2Fproprietes%2Fcommercial-space-for-lease-valleyfield%2F\" class=\"social_tweet\" rel=\"noreferrer\" target=\"_blank\"><\/a>\n            <a href=\"https:\/\/pinterest.com\/pin\/create\/button\/?url=https:\/\/bluuglass.com\/en\/proprietes\/commercial-space-for-lease-valleyfield\/&#038;media=https:\/\/bluuglass.com\/wp-content\/uploads\/2023\/03\/2110-206_JC_Valleyfield_Appel-doffre_V1R2-scaled-1.jpg&#038;description=Commercial+space+for+lease+%26%238211%3B+Valleyfield\" target=\"_blank\" rel=\"noreferrer\" class=\"social_pinterest\"><\/a>\n            <a href=\"https:\/\/wa.me\/?text=Commercial%20space%20for%20lease%20&#8211;%20Valleyfield%20https:\/\/bluuglass.com\/en\/proprietes\/commercial-space-for-lease-valleyfield\/\" class=\"social_whatsup\" rel=\"noreferrer\" target=\"_blank\"><\/a>\n            <a href=\"mailto:?&#115;u&#98;j&#101;&#99;&#116;&#61;Co&#109;m&#101;&#114;c&#105;&#97;l&#43;&#115;p&#97;&#99;e+&#102;&#111;&#114;+&#108;e&#97;se+&#37;&#50;&#54;%&#50;&#51;8&#50;&#49;&#49;&#37;3&#66;&#43;V&#97;&#108;l&#101;&#121;fi&#101;&#108;&#100;&a&#109;&#112;&#59;&#98;&#111;d&#121;&#61;&#104;tt&#112;s%3&#65;&#37;2&#70;%2&#70;bl&#117;uglass.&#99;om%2Fen%2Fpro&#112;rietes&#37;2&#70;&#99;om&#109;&#101;rc&#105;&#97;l-&#115;&#112;&#97;c&#101;-for&#45;&#108;ea&#115;&#101;&#45;&#118;al&#108;&#101;yfiel&#100;%&#50;&#70;\" data-action=\"share email\" class=\"social_email\"><\/a>\n        <\/div>\n                <span class=\"share_list\" data-bs-toggle=\"tooltip\" title=\"share\"><\/span>\n    \n            <span class=\"icon-fav icon-fav-off\" \n            data-bs-toggle=\"tooltip\" \n            title=\"add to favorites\" \n            data-postid=\"23677\">\n        <\/span>\n    \n            <span class=\"compare-action\" \n            data-bs-toggle=\"tooltip\"\n            title=\"compare\" \n            data-pimage=\"https:\/\/bluuglass.com\/wp-content\/uploads\/2023\/03\/2110-206_JC_Valleyfield_Appel-doffre_V1R2-scaled-1-143x83.jpg\" \n            data-pid=\"23677\">\n        <\/span>\n    <\/div>\n            <\/div>\n\n            <div class=\"property-unit-information-wrapper\">\n                <h4>\n  <a href=\"https:\/\/bluuglass.com\/en\/proprietes\/commercial-space-for-lease-valleyfield\/\" >Commercial space for lease &#8211; Valleyfie...<\/a>\n<\/h4><div class=\"property_listing_details\">\n    <\/div>\n    <div class=\"listing_details the_list_view\">\n        Commercial spaces from 1500 sq. ft. to 10 000 sq. ft. very well located in downtown Valleyfield in f <a href=\"https:\/\/bluuglass.com\/en\/proprietes\/commercial-space-for-lease-valleyfield\/\" class=\"unit_more_x\"> ...<\/a>    <\/div>\n            <\/div>\n            <\/div>\n<\/div>\n<div class=\"col-lg-4 col-12 col-sm-6 col-md-6   listing_wrapper  property_unit_type4\"\n    data-org=\"4\"\n    data-main-modal=\"https:\/\/bluuglass.com\/wp-content\/uploads\/2023\/03\/Capture-835x467.jpg\"\n    data-modal-title=\"FOR RENT \/ COMMERCIAL OR OFFICE \/ ST-JEAN SUR RICHELIEU\"\n    data-modal-link=\"https:\/\/bluuglass.com\/en\/proprietes\/for-rent-commercial-or-office-st-jean-sur-richelieu\/\"\n    data-listid=\"23622\">\n\n    <div class=\"property_listing property_unit_type4 \"\n         data-link=\"\">\n\n                    <div class=\"listing-unit-img-wrapper\">\n                <div class=\"featured_gradient\"><\/div>\n                    <div id=\"property_unit_carousel_69f566ccb75a6\" class=\"carousel property_unit_carousel slide\" data-bs-interval=\"false\">\n        <div class=\"carousel-inner\">\n           \n            <div class=\"carousel-item active\">\n                <a href=\"https:\/\/bluuglass.com\/en\/proprietes\/for-rent-commercial-or-office-st-jean-sur-richelieu\/\" target=\"_self\">\n                    <img decoding=\"async\" width=\"525px\" height=\"328px\" src=\"https:\/\/bluuglass.com\/wp-content\/uploads\/2023\/03\/Capture-525x328.jpg\" alt=\"FOR RENT \/ COMMERCIAL OR OFFICE \/ ST-JEAN SUR RICHELIEU\" class=\"d-block w-100 img-fluid\" loading=\"lazy\" \/>\n                <\/a>\n            <\/div>        <\/div>\n                    <button class=\"carousel-control-prev\" type=\"button\" data-bs-target=\"#property_unit_carousel_69f566ccb75a6\" data-bs-slide=\"prev\">\n                <span class=\"carousel-control-prev-icon\" aria-hidden=\"true\"><\/span>\n                <span class=\"visually-hidden\">Previous<\/span>\n            <\/button>\n            <button class=\"carousel-control-next\" type=\"button\" data-bs-target=\"#property_unit_carousel_69f566ccb75a6\" data-bs-slide=\"next\">\n                <span class=\"carousel-control-next-icon\" aria-hidden=\"true\"><\/span>\n                <span class=\"visually-hidden\">Next<\/span>\n            <\/button>\n            <\/div>\n    <div class=\"tag-wrapper\">\n    <div class=\"status-wrapper\">\n    <div class=\"action_tag_wrapper For lease\">For lease<\/div><\/div>\n<\/div>\n<div class=\"listing_actions\">\n                    <div class=\"share_unit\">\n            <a href=\"https:\/\/www.facebook.com\/sharer.php?u=https:\/\/bluuglass.com\/en\/proprietes\/for-rent-commercial-or-office-st-jean-sur-richelieu\/&#038;t=FOR+RENT+%2F+COMMERCIAL+OR+OFFICE+%2F+ST-JEAN+SUR+RICHELIEU\" target=\"_blank\" rel=\"noreferrer\" class=\"social_facebook\"><\/a>\n            <a href=\"https:\/\/twitter.com\/intent\/tweet?text=FOR+RENT+%2F+COMMERCIAL+OR+OFFICE+%2F+ST-JEAN+SUR+RICHELIEU+https%3A%2F%2Fbluuglass.com%2Fen%2Fproprietes%2Ffor-rent-commercial-or-office-st-jean-sur-richelieu%2F\" class=\"social_tweet\" rel=\"noreferrer\" target=\"_blank\"><\/a>\n            <a href=\"https:\/\/pinterest.com\/pin\/create\/button\/?url=https:\/\/bluuglass.com\/en\/proprietes\/for-rent-commercial-or-office-st-jean-sur-richelieu\/&#038;media=https:\/\/bluuglass.com\/wp-content\/uploads\/2023\/03\/Capture.jpg&#038;description=FOR+RENT+%2F+COMMERCIAL+OR+OFFICE+%2F+ST-JEAN+SUR+RICHELIEU\" target=\"_blank\" rel=\"noreferrer\" class=\"social_pinterest\"><\/a>\n            <a href=\"https:\/\/wa.me\/?text=FOR%20RENT%20\/%20COMMERCIAL%20OR%20OFFICE%20\/%20ST-JEAN%20SUR%20RICHELIEU%20https:\/\/bluuglass.com\/en\/proprietes\/for-rent-commercial-or-office-st-jean-sur-richelieu\/\" class=\"social_whatsup\" rel=\"noreferrer\" target=\"_blank\"><\/a>\n            <a href=\"mailto:?&#115;u&#98;&#106;ect=&#70;&#79;&#82;&#43;R&#69;&#78;T+&#37;&#50;&#70;+CO&#77;&#77;&#69;RCI&#65;L+O&#82;+&#79;&#70;FICE&#43;&#37;&#50;&#70;+S&#84;&#45;JEAN&#43;S&#85;R&#43;R&#73;&#67;HE&#76;IEU&#38;&#97;m&#112;&#59;&#98;o&#100;y=&#104;t&#116;ps&#37;3&#65;%&#50;&#70;%&#50;F&#98;l&#117;ugl&#97;&#115;s.co&#109;%2F&#101;&#110;&#37;&#50;&#70;p&#114;&#111;&#112;&#114;&#105;&#101;te&#115;&#37;&#50;&#70;f&#111;r-r&#101;n&#116;-&#99;&#111;&#109;&#109;&#101;&#114;c&#105;al-&#111;r-o&#102;&#102;i&#99;e-st-&#106;e&#97;&#110;&#45;s&#117;r&#45;&#114;i&#99;&#104;e&#108;&#105;&#101;u%2&#70;\" data-action=\"share email\" class=\"social_email\"><\/a>\n        <\/div>\n                <span class=\"share_list\" data-bs-toggle=\"tooltip\" title=\"share\"><\/span>\n    \n            <span class=\"icon-fav icon-fav-off\" \n            data-bs-toggle=\"tooltip\" \n            title=\"add to favorites\" \n            data-postid=\"23622\">\n        <\/span>\n    \n            <span class=\"compare-action\" \n            data-bs-toggle=\"tooltip\"\n            title=\"compare\" \n            data-pimage=\"https:\/\/bluuglass.com\/wp-content\/uploads\/2023\/03\/Capture-143x83.jpg\" \n            data-pid=\"23622\">\n        <\/span>\n    <\/div>\n            <\/div>\n\n            <div class=\"property-unit-information-wrapper\">\n                <h4>\n  <a href=\"https:\/\/bluuglass.com\/en\/proprietes\/for-rent-commercial-or-office-st-jean-sur-richelieu\/\" >FOR RENT \/ COMMERCIAL OR OFFICE \/ ST-JEAN SU...<\/a>\n<\/h4><div class=\"property_listing_details\">\n    <\/div>\n    <div class=\"listing_details the_list_view\">\n        Space from 1434sqft to 7120sqft. Some premises can be combined. Quality building near IGA, Super C,  <a href=\"https:\/\/bluuglass.com\/en\/proprietes\/for-rent-commercial-or-office-st-jean-sur-richelieu\/\" class=\"unit_more_x\"> ...<\/a>    <\/div>\n            <\/div>\n            <\/div>\n<\/div>\n<div class=\"col-lg-4 col-12 col-sm-6 col-md-6   listing_wrapper  property_unit_type4\"\n    data-org=\"4\"\n    data-main-modal=\"https:\/\/bluuglass.com\/wp-content\/uploads\/2023\/03\/2018-03-25-1-Dufferin-Salaberry-de-Valleyfield-109-835x467.jpg\"\n    data-modal-title=\"COMMERCIAL SPACES FOR RENT | VALLEYFIELD\"\n    data-modal-link=\"https:\/\/bluuglass.com\/en\/proprietes\/commercial-spaces-for-rent-valleyfield\/\"\n    data-listid=\"23617\">\n\n    <div class=\"property_listing property_unit_type4 \"\n         data-link=\"\">\n\n                    <div class=\"listing-unit-img-wrapper\">\n                <div class=\"featured_gradient\"><\/div>\n                    <div id=\"property_unit_carousel_69f566ccb7835\" class=\"carousel property_unit_carousel slide\" data-bs-interval=\"false\">\n        <div class=\"carousel-inner\">\n           \n            <div class=\"carousel-item active\">\n                <a href=\"https:\/\/bluuglass.com\/en\/proprietes\/commercial-spaces-for-rent-valleyfield\/\" target=\"_self\">\n                    <img decoding=\"async\" width=\"525px\" height=\"328px\" src=\"https:\/\/bluuglass.com\/wp-content\/uploads\/2023\/03\/2018-03-25-1-Dufferin-Salaberry-de-Valleyfield-109-525x328.jpg\" alt=\"COMMERCIAL SPACES FOR RENT | VALLEYFIELD\" class=\"d-block w-100 img-fluid\" loading=\"lazy\" \/>\n                <\/a>\n            <\/div><div class=\"carousel-item \">\n                <a href=\"https:\/\/bluuglass.com\/en\/proprietes\/commercial-spaces-for-rent-valleyfield\/\" target=\"_self\">\n                    <img decoding=\"async\" width=\"525px\" height=\"328px\" src=\"https:\/\/bluuglass.com\/wp-content\/uploads\/2023\/04\/2018-03-25-1-Dufferin-Salaberry-de-Valleyfield-109-525x328.jpg\" alt=\"COMMERCIAL SPACES FOR RENT | VALLEYFIELD\" class=\"d-block w-100 img-fluid\" loading=\"lazy\" \/>\n                <\/a>\n            <\/div>        <\/div>\n                    <button class=\"carousel-control-prev\" type=\"button\" data-bs-target=\"#property_unit_carousel_69f566ccb7835\" data-bs-slide=\"prev\">\n                <span class=\"carousel-control-prev-icon\" aria-hidden=\"true\"><\/span>\n                <span class=\"visually-hidden\">Previous<\/span>\n            <\/button>\n            <button class=\"carousel-control-next\" type=\"button\" data-bs-target=\"#property_unit_carousel_69f566ccb7835\" data-bs-slide=\"next\">\n                <span class=\"carousel-control-next-icon\" aria-hidden=\"true\"><\/span>\n                <span class=\"visually-hidden\">Next<\/span>\n            <\/button>\n            <\/div>\n    <div class=\"tag-wrapper\">\n    <div class=\"status-wrapper\">\n    <div class=\"action_tag_wrapper For lease\">For lease<\/div><\/div>\n<\/div>\n<div class=\"listing_actions\">\n                    <div class=\"share_unit\">\n            <a href=\"https:\/\/www.facebook.com\/sharer.php?u=https:\/\/bluuglass.com\/en\/proprietes\/commercial-spaces-for-rent-valleyfield\/&#038;t=COMMERCIAL+SPACES+FOR+RENT+%7C+VALLEYFIELD\" target=\"_blank\" rel=\"noreferrer\" class=\"social_facebook\"><\/a>\n            <a href=\"https:\/\/twitter.com\/intent\/tweet?text=COMMERCIAL+SPACES+FOR+RENT+%7C+VALLEYFIELD+https%3A%2F%2Fbluuglass.com%2Fen%2Fproprietes%2Fcommercial-spaces-for-rent-valleyfield%2F\" class=\"social_tweet\" rel=\"noreferrer\" target=\"_blank\"><\/a>\n            <a href=\"https:\/\/pinterest.com\/pin\/create\/button\/?url=https:\/\/bluuglass.com\/en\/proprietes\/commercial-spaces-for-rent-valleyfield\/&#038;media=https:\/\/bluuglass.com\/wp-content\/uploads\/2023\/03\/2018-03-25-1-Dufferin-Salaberry-de-Valleyfield-109.jpg&#038;description=COMMERCIAL+SPACES+FOR+RENT+%7C+VALLEYFIELD\" target=\"_blank\" rel=\"noreferrer\" class=\"social_pinterest\"><\/a>\n            <a href=\"https:\/\/wa.me\/?text=COMMERCIAL%20SPACES%20FOR%20RENT%20|%20VALLEYFIELD%20https:\/\/bluuglass.com\/en\/proprietes\/commercial-spaces-for-rent-valleyfield\/\" class=\"social_whatsup\" rel=\"noreferrer\" target=\"_blank\"><\/a>\n            <a href=\"mailto:?s&#117;b&#106;&#101;&#99;t=COMME&#82;&#67;I&#65;L&#43;&#83;&#80;A&#67;E&#83;+FO&#82;+RE&#78;&#84;&#43;&#37;7&#67;+VA&#76;&#76;EY&#70;&#73;&#69;L&#68;&#38;am&#112;;bod&#121;=&#104;tt&#112;s&#37;3&#65;&#37;2F%2&#70;bl&#117;u&#103;la&#115;&#115;&#46;com%2F&#101;&#110;&#37;&#50;Fp&#114;&#111;pr&#105;ete&#115;&#37;&#50;&#70;&#99;&#111;mm&#101;r&#99;&#105;a&#108;-&#115;&#112;&#97;c&#101;s-&#102;o&#114;&#45;&#114;&#101;nt&#45;&#118;&#97;&#108;le&#121;f&#105;&#101;&#108;&#100;&#37;&#50;F\" data-action=\"share email\" class=\"social_email\"><\/a>\n        <\/div>\n                <span class=\"share_list\" data-bs-toggle=\"tooltip\" title=\"share\"><\/span>\n    \n            <span class=\"icon-fav icon-fav-off\" \n            data-bs-toggle=\"tooltip\" \n            title=\"add to favorites\" \n            data-postid=\"23617\">\n        <\/span>\n    \n            <span class=\"compare-action\" \n            data-bs-toggle=\"tooltip\"\n            title=\"compare\" \n            data-pimage=\"https:\/\/bluuglass.com\/wp-content\/uploads\/2023\/03\/2018-03-25-1-Dufferin-Salaberry-de-Valleyfield-109-143x83.jpg\" \n            data-pid=\"23617\">\n        <\/span>\n    <\/div>\n            <\/div>\n\n            <div class=\"property-unit-information-wrapper\">\n                <h4>\n  <a href=\"https:\/\/bluuglass.com\/en\/proprietes\/commercial-spaces-for-rent-valleyfield\/\" >COMMERCIAL SPACES FOR RENT | VALLEYFIELD<\/a>\n<\/h4><div class=\"property_listing_details\">\n    <\/div>\n    <div class=\"listing_details the_list_view\">\n        IN RECENT YEARS, THE CITY OF SALABERRY-DE VALLEYFIELD HAS EXPERIENCED EXCEPTIONAL ECONOMIC GROWTH. N <a href=\"https:\/\/bluuglass.com\/en\/proprietes\/commercial-spaces-for-rent-valleyfield\/\" class=\"unit_more_x\"> ...<\/a>    <\/div>\n            <\/div>\n            <\/div>\n<\/div>\n<div class=\"col-lg-4 col-12 col-sm-6 col-md-6   listing_wrapper  property_unit_type4\"\n    data-org=\"4\"\n    data-main-modal=\"https:\/\/bluuglass.com\/wp-content\/uploads\/2023\/04\/3-835x467.png\"\n    data-modal-title=\"Commercial for lease at Valleyfield\"\n    data-modal-link=\"https:\/\/bluuglass.com\/en\/proprietes\/commercial-for-lease-at-valleyfield\/\"\n    data-listid=\"23614\">\n\n    <div class=\"property_listing property_unit_type4 \"\n         data-link=\"\">\n\n                    <div class=\"listing-unit-img-wrapper\">\n                <div class=\"featured_gradient\"><\/div>\n                    <div id=\"property_unit_carousel_69f566ccb7afa\" class=\"carousel property_unit_carousel slide\" data-bs-interval=\"false\">\n        <div class=\"carousel-inner\">\n           \n            <div class=\"carousel-item active\">\n                <a href=\"https:\/\/bluuglass.com\/en\/proprietes\/commercial-for-lease-at-valleyfield\/\" target=\"_self\">\n                    <img decoding=\"async\" width=\"525px\" height=\"328px\" src=\"https:\/\/bluuglass.com\/wp-content\/uploads\/2023\/04\/3-525x328.png\" alt=\"Commercial for lease at Valleyfield\" class=\"d-block w-100 img-fluid\" loading=\"lazy\" \/>\n                <\/a>\n            <\/div><div class=\"carousel-item \">\n                <a href=\"https:\/\/bluuglass.com\/en\/proprietes\/commercial-for-lease-at-valleyfield\/\" target=\"_self\">\n                    <img decoding=\"async\" width=\"525px\" height=\"328px\" src=\"https:\/\/bluuglass.com\/wp-content\/uploads\/2023\/04\/005-16606-tea-001-525x328.jpg\" alt=\"Commercial for lease at Valleyfield\" class=\"d-block w-100 img-fluid\" loading=\"lazy\" \/>\n                <\/a>\n            <\/div><div class=\"carousel-item \">\n                <a href=\"https:\/\/bluuglass.com\/en\/proprietes\/commercial-for-lease-at-valleyfield\/\" target=\"_self\">\n                    <img decoding=\"async\" width=\"525px\" height=\"328px\" src=\"https:\/\/bluuglass.com\/wp-content\/uploads\/2023\/03\/Pic-1-google-map-525x328.jpg\" alt=\"Commercial for lease at Valleyfield\" class=\"d-block w-100 img-fluid\" loading=\"lazy\" \/>\n                <\/a>\n            <\/div>        <\/div>\n                    <button class=\"carousel-control-prev\" type=\"button\" data-bs-target=\"#property_unit_carousel_69f566ccb7afa\" data-bs-slide=\"prev\">\n                <span class=\"carousel-control-prev-icon\" aria-hidden=\"true\"><\/span>\n                <span class=\"visually-hidden\">Previous<\/span>\n            <\/button>\n            <button class=\"carousel-control-next\" type=\"button\" data-bs-target=\"#property_unit_carousel_69f566ccb7afa\" data-bs-slide=\"next\">\n                <span class=\"carousel-control-next-icon\" aria-hidden=\"true\"><\/span>\n                <span class=\"visually-hidden\">Next<\/span>\n            <\/button>\n            <\/div>\n    <div class=\"tag-wrapper\">\n    <div class=\"status-wrapper\">\n    <div class=\"action_tag_wrapper For lease\">For lease<\/div><\/div>\n<\/div>\n<div class=\"listing_actions\">\n                    <div class=\"share_unit\">\n            <a href=\"https:\/\/www.facebook.com\/sharer.php?u=https:\/\/bluuglass.com\/en\/proprietes\/commercial-for-lease-at-valleyfield\/&#038;t=Commercial+for+lease+at+Valleyfield\" target=\"_blank\" rel=\"noreferrer\" class=\"social_facebook\"><\/a>\n            <a href=\"https:\/\/twitter.com\/intent\/tweet?text=Commercial+for+lease+at+Valleyfield+https%3A%2F%2Fbluuglass.com%2Fen%2Fproprietes%2Fcommercial-for-lease-at-valleyfield%2F\" class=\"social_tweet\" rel=\"noreferrer\" target=\"_blank\"><\/a>\n            <a href=\"https:\/\/pinterest.com\/pin\/create\/button\/?url=https:\/\/bluuglass.com\/en\/proprietes\/commercial-for-lease-at-valleyfield\/&#038;media=https:\/\/bluuglass.com\/wp-content\/uploads\/2023\/04\/3-scaled.png&#038;description=Commercial+for+lease+at+Valleyfield\" target=\"_blank\" rel=\"noreferrer\" class=\"social_pinterest\"><\/a>\n            <a href=\"https:\/\/wa.me\/?text=Commercial%20for%20lease%20at%20Valleyfield%20https:\/\/bluuglass.com\/en\/proprietes\/commercial-for-lease-at-valleyfield\/\" class=\"social_whatsup\" rel=\"noreferrer\" target=\"_blank\"><\/a>\n            <a href=\"mailto:?&#115;u&#98;&#106;ec&#116;&#61;&#67;&#111;&#109;m&#101;&#114;&#99;i&#97;l&#43;fo&#114;+leas&#101;+&#97;&#116;+Va&#108;&#108;&#101;&#121;fi&#101;&#108;&#100;&#38;&#97;&#109;&#112;;bo&#100;&#121;&#61;h&#116;&#116;&#112;s&#37;3A&#37;2F&#37;2&#70;b&#108;uu&#103;&#108;&#97;s&#115;.c&#111;&#109;&#37;&#50;Fen%&#50;Fpr&#111;&#112;r&#105;et&#101;s&#37;2Fcom&#109;e&#114;c&#105;al&#45;f&#111;r-&#108;&#101;&#97;&#115;e-&#97;t-&#118;&#97;l&#108;&#101;&#121;f&#105;eld&#37;2F\" data-action=\"share email\" class=\"social_email\"><\/a>\n        <\/div>\n                <span class=\"share_list\" data-bs-toggle=\"tooltip\" title=\"share\"><\/span>\n    \n            <span class=\"icon-fav icon-fav-off\" \n            data-bs-toggle=\"tooltip\" \n            title=\"add to favorites\" \n            data-postid=\"23614\">\n        <\/span>\n    \n            <span class=\"compare-action\" \n            data-bs-toggle=\"tooltip\"\n            title=\"compare\" \n            data-pimage=\"https:\/\/bluuglass.com\/wp-content\/uploads\/2023\/04\/3-143x83.png\" \n            data-pid=\"23614\">\n        <\/span>\n    <\/div>\n            <\/div>\n\n            <div class=\"property-unit-information-wrapper\">\n                <h4>\n  <a href=\"https:\/\/bluuglass.com\/en\/proprietes\/commercial-for-lease-at-valleyfield\/\" >Commercial for lease at Valleyfield<\/a>\n<\/h4><div class=\"property_listing_details\">\n    <\/div>\n    <div class=\"listing_details the_list_view\">\n        Situated strategically on one of the main thoroughfares of Salaberry-de-Valleyfield, this commercial <a href=\"https:\/\/bluuglass.com\/en\/proprietes\/commercial-for-lease-at-valleyfield\/\" class=\"unit_more_x\"> ...<\/a>    <\/div>\n            <\/div>\n            <\/div>\n<\/div><\/div><div class=\"wpestate_listing_sh_loader\"><div class=\"new_prelader\"><\/div><\/div><div class=\"listinglink-wrapper_sh_listings exclude-rtl\"><span class=\"wpresidence_button wpestate_item_list_sh\">load more listings<\/span><\/div><\/div>\t\t\t\t<\/div>\n\t\t\t\t<\/div>\n\t\t\t\t\t<\/div>\n\t\t<\/div>\n\t\t\t\t\t<\/div>\n\t\t<\/section>\n\t\t\t\t<\/div>\n\t\t","protected":false},"excerpt":{"rendered":"<p>Opportunities Derni\u00e8res opportunit\u00e9s Previous Next \u00c0 vendre Entreprise de logiciel (SaaS) et formations &#8230; Entreprise innovante offrant des solutions cl\u00e9 en main dans le domaine de la conformit\u00e9 r\u00e9glementair &#8230; 1 090 000 $ Previous Next \u00c0 vendre Milton B &#8211; Restaurant-Caf\u00e9t\u00e9ria urbain&#8230; Caf\u00e9 urbain situ\u00e9 au c\u0153ur d\u2019un secteur achaland\u00e9 de Montr\u00e9al, cet \u00e9tablissement b\u00e9n\u00e9ficie d\u2019un empla &#8230; 745 000 $ Previous Next &#8230;<\/p>\n","protected":false},"author":4,"featured_media":0,"parent":0,"menu_order":0,"comment_status":"closed","ping_status":"closed","template":"","meta":{"_acf_changed":false,"footnotes":""},"class_list":["post-35710","page","type-page","status-publish","hentry"],"acf":[],"_links":{"self":[{"href":"https:\/\/bluuglass.com\/en\/wp-json\/wp\/v2\/pages\/35710","targetHints":{"allow":["GET"]}}],"collection":[{"href":"https:\/\/bluuglass.com\/en\/wp-json\/wp\/v2\/pages"}],"about":[{"href":"https:\/\/bluuglass.com\/en\/wp-json\/wp\/v2\/types\/page"}],"author":[{"embeddable":true,"href":"https:\/\/bluuglass.com\/en\/wp-json\/wp\/v2\/users\/4"}],"replies":[{"embeddable":true,"href":"https:\/\/bluuglass.com\/en\/wp-json\/wp\/v2\/comments?post=35710"}],"version-history":[{"count":3,"href":"https:\/\/bluuglass.com\/en\/wp-json\/wp\/v2\/pages\/35710\/revisions"}],"predecessor-version":[{"id":35737,"href":"https:\/\/bluuglass.com\/en\/wp-json\/wp\/v2\/pages\/35710\/revisions\/35737"}],"wp:attachment":[{"href":"https:\/\/bluuglass.com\/en\/wp-json\/wp\/v2\/media?parent=35710"}],"curies":[{"name":"wp","href":"https:\/\/api.w.org\/{rel}","templated":true}]}}